{"id":2986,"date":"2026-01-15T09:46:51","date_gmt":"2026-01-15T12:46:51","guid":{"rendered":"https:\/\/sesisenai.inf.br\/?page_id=2986"},"modified":"2026-01-16T13:39:33","modified_gmt":"2026-01-16T16:39:33","slug":"psicologia-educacional","status":"publish","type":"page","link":"https:\/\/extralibris.net\/sesisenai\/psicologia-educacional\/","title":{"rendered":"PSICOLOGIA EDUCACIONAL"},"content":{"rendered":"\n<h3 class=\"wp-block-heading has-text-align-center has-text-color has-link-color wp-elements-1\" style=\"color:#164194\"><strong>O N\u00facleo de Psicologia Escolar e Educacional<\/strong><\/h3>\n\n\n\n<hr class=\"wp-block-separator has-text-color has-alpha-channel-opacity has-background is-style-wide\" style=\"background-color:#52ae32;color:#52ae32\"\/>\n\n\n<div class=\"wp-block-image\">\n<figure class=\"aligncenter size-full\"><img loading=\"lazy\" decoding=\"async\" width=\"960\" height=\"540\" src=\"https:\/\/sesisenai.inf.br\/wp-content\/uploads\/sites\/2\/2026\/01\/NUCLEPSIQRCODE.jpg\" alt=\"\" class=\"wp-image-3026\" srcset=\"https:\/\/extralibris.net\/sesisenai\/wp-content\/uploads\/sites\/2\/2026\/01\/NUCLEPSIQRCODE.jpg 960w, https:\/\/extralibris.net\/sesisenai\/wp-content\/uploads\/sites\/2\/2026\/01\/NUCLEPSIQRCODE-300x169.jpg 300w, https:\/\/extralibris.net\/sesisenai\/wp-content\/uploads\/sites\/2\/2026\/01\/NUCLEPSIQRCODE-768x432.jpg 768w\" sizes=\"auto, (max-width: 960px) 100vw, 960px\" \/><\/figure>\n<\/div>\n\n\n<p class=\"has-medium-font-size wp-block-paragraph\">O N\u00facleo de Psicologia Escolar e Educacional do SESI Goi\u00e1s atua como um parceiro essencial no dia a dia das nossas unidades, cuidando para que o aprendizado caminhe sempre de m\u00e3os dadas com o bem-estar emocional. Nosso papel vai muito al\u00e9m de resolver e mediar dificuldades pontuais; trabalhamos para criar um contexto acolhedor no qual estudantes, fam\u00edlias e professores se sintam ouvidos e apoiados. Acreditamos que, para o estudante desenvolver todo o seu potencial e as compet\u00eancias do futuro, ele precisa sentir-se acolhido, confiante e seguro no espa\u00e7o escolar. Por isso, estamos presentes orientando os professores, mediando conversas com os pais e, principalmente, fortalecendo a autonomia e as habilidades socioemocionais dos nossos jovens.<\/p>\n\n\n\n<p class=\"has-medium-font-size wp-block-paragraph\">Para que esse cuidado chegue a todos, o n\u00facleo promove campanhas fundamentais ao longo do ano. Come\u00e7amos com o Janeiro Branco, que nos lembra da import\u00e2ncia de cuidar da sa\u00fade mental. No Abril Azul, o foco \u00e9 a inclus\u00e3o, sensibilizando toda a comunidade sobre o respeito e o apoio aos colegas com autismo. Com o Setembro Amarelo, abrimos canais de escuta sens\u00edvel para valorizar a vida e prevenir o sofrimento emocional, enquanto nossa Campanha Anti-bullying trabalha diariamente para que a empatia e o respeito combatam qualquer forma de viol\u00eancia ou preconceito.<\/p>\n\n\n\n<p class=\"has-medium-font-size wp-block-paragraph\">Al\u00e9m dessas grandes mobiliza\u00e7\u00f5es, o n\u00facleo desenvolve outros projetos que fazem a diferen\u00e7a na forma\u00e7\u00e3o dos estudantes. Atuamos no Projeto de Vida, ajudando os estudantes a descobrirem seus talentos e planejarem suas carreiras, e realizamos oficinas sobre o uso consciente das redes sociais e tecnologias. Tamb\u00e9m promovemos o acolhimento direto \u00e0s fam\u00edlias por meio de orienta\u00e7\u00f5es que ajudam os pais a lidarem com os desafios da educa\u00e7\u00e3o atual. Assim, o SESI Goi\u00e1s reafirma seu compromisso com uma educa\u00e7\u00e3o que vai al\u00e9m do desenvolvimento intelectual, promovendo a forma\u00e7\u00e3o integral do estudante.<\/p>\n\n\n\n<div style=\"height:25px\" aria-hidden=\"true\" class=\"wp-block-spacer\"><\/div>\n\n\n\n<h3 class=\"wp-block-heading has-text-align-center has-text-color has-link-color wp-elements-2\" style=\"color:#164194\"><strong>Profissionais de Atendimento<\/strong><\/h3>\n\n\n\n<hr class=\"wp-block-separator has-text-color has-alpha-channel-opacity has-background is-style-wide\" style=\"background-color:#52ae32;color:#52ae32\"\/>\n\n\n\n<p class=\"has-text-align-center wp-block-paragraph\"><div class=\"collections\"><div class=\"collection\"><article class=\"2846 books type-books status-publish has-post-thumbnail book-series-artes entry genesis-author-pro-book\" itemscope=\"\" itemtype=\"https:\/\/schema.org\/CreativeWork\">      <div class=\"entry-content\" itemprop=\"text\">          <a href=\"https:\/\/extralibris.net\/sesisenai\/item\/kelen-alves-guimaraes-gouveia\/\"><img decoding=\"async\" src=\"https:\/\/extralibris.net\/sesisenai\/wp-content\/uploads\/sites\/2\/2025\/09\/KELEN_GUIMARAES-1.jpg\" style=\"width:80%;\" \/><\/a>          <a href=\"https:\/\/extralibris.net\/sesisenai\/item\/kelen-alves-guimaraes-gouveia\/\" rel=\"bookmark\" style=\"display:none;\"><span>Kelen Alves Guimar\u00e3es Gouveia<\/span>          <\/a>      <\/div><\/article><article class=\"2734 books type-books status-publish has-post-thumbnail book-series-artes entry genesis-author-pro-book\" itemscope=\"\" itemtype=\"https:\/\/schema.org\/CreativeWork\">      <div class=\"entry-content\" itemprop=\"text\">          <a href=\"https:\/\/extralibris.net\/sesisenai\/item\/ana-paula-xavier-machado\/\"><img decoding=\"async\" src=\"https:\/\/extralibris.net\/sesisenai\/wp-content\/uploads\/sites\/2\/2025\/09\/ANA_PAULA_MACHADO-1.jpg\" style=\"width:80%;\" \/><\/a>          <a href=\"https:\/\/extralibris.net\/sesisenai\/item\/ana-paula-xavier-machado\/\" rel=\"bookmark\" style=\"display:none;\"><span>Ana Paula Xavier Machado<\/span>          <\/a>      <\/div><\/article><article class=\"2743 books type-books status-publish has-post-thumbnail book-series-artes entry genesis-author-pro-book\" itemscope=\"\" itemtype=\"https:\/\/schema.org\/CreativeWork\">      <div class=\"entry-content\" itemprop=\"text\">          <a href=\"https:\/\/extralibris.net\/sesisenai\/item\/camila-lopes-rodrigues\/\"><img decoding=\"async\" src=\"https:\/\/extralibris.net\/sesisenai\/wp-content\/uploads\/sites\/2\/2025\/09\/CAMILA_LOPES-2.jpg\" style=\"width:80%;\" \/><\/a>          <a href=\"https:\/\/extralibris.net\/sesisenai\/item\/camila-lopes-rodrigues\/\" rel=\"bookmark\" style=\"display:none;\"><span>Camila Lopes Rodrigues<\/span>          <\/a>      <\/div><\/article><article class=\"2722 books type-books status-publish has-post-thumbnail book-series-artes entry genesis-author-pro-book\" itemscope=\"\" itemtype=\"https:\/\/schema.org\/CreativeWork\">      <div class=\"entry-content\" itemprop=\"text\">          <a href=\"https:\/\/extralibris.net\/sesisenai\/item\/camilla-de-paula-maciel\/\"><img decoding=\"async\" src=\"https:\/\/extralibris.net\/sesisenai\/wp-content\/uploads\/sites\/2\/2025\/09\/CAMILLA_MACIEL.jpg\" style=\"width:80%;\" \/><\/a>          <a href=\"https:\/\/extralibris.net\/sesisenai\/item\/camilla-de-paula-maciel\/\" rel=\"bookmark\" style=\"display:none;\"><span>Camilla de Paula Maciel<\/span>          <\/a>      <\/div><\/article><article class=\"2720 books type-books status-publish has-post-thumbnail book-series-artes entry genesis-author-pro-book\" itemscope=\"\" itemtype=\"https:\/\/schema.org\/CreativeWork\">      <div class=\"entry-content\" itemprop=\"text\">          <a href=\"https:\/\/extralibris.net\/sesisenai\/item\/caroline-s-oliveira\/\"><img decoding=\"async\" src=\"https:\/\/extralibris.net\/sesisenai\/wp-content\/uploads\/sites\/2\/2025\/09\/CAROLINE_OLIVEIRA-1.jpg\" style=\"width:80%;\" \/><\/a>          <a href=\"https:\/\/extralibris.net\/sesisenai\/item\/caroline-s-oliveira\/\" rel=\"bookmark\" style=\"display:none;\"><span>Caroline S. Oliveira<\/span>          <\/a>      <\/div><\/article><article class=\"2730 books type-books status-publish has-post-thumbnail book-series-artes entry genesis-author-pro-book\" itemscope=\"\" itemtype=\"https:\/\/schema.org\/CreativeWork\">      <div class=\"entry-content\" itemprop=\"text\">          <a href=\"https:\/\/extralibris.net\/sesisenai\/item\/daiana-fonseca\/\"><img decoding=\"async\" src=\"https:\/\/extralibris.net\/sesisenai\/wp-content\/uploads\/sites\/2\/2025\/09\/DAIANA_FONSECA-1.jpg\" style=\"width:80%;\" \/><\/a>          <a href=\"https:\/\/extralibris.net\/sesisenai\/item\/daiana-fonseca\/\" rel=\"bookmark\" style=\"display:none;\"><span>Daiana Fonseca<\/span>          <\/a>      <\/div><\/article><article class=\"3002 books type-books status-publish has-post-thumbnail book-series-artes entry genesis-author-pro-book\" itemscope=\"\" itemtype=\"https:\/\/schema.org\/CreativeWork\">      <div class=\"entry-content\" itemprop=\"text\">          <a href=\"https:\/\/extralibris.net\/sesisenai\/item\/gabryel-batista\/\"><img decoding=\"async\" src=\"https:\/\/extralibris.net\/sesisenai\/wp-content\/uploads\/sites\/2\/2026\/01\/SESIPSICOLOGIA_GABRYEL_BATISTA.jpg\" style=\"width:80%;\" \/><\/a>          <a href=\"https:\/\/extralibris.net\/sesisenai\/item\/gabryel-batista\/\" rel=\"bookmark\" style=\"display:none;\"><span>Gabryel Batista<\/span>          <\/a>      <\/div><\/article><article class=\"2728 books type-books status-publish has-post-thumbnail book-series-artes entry genesis-author-pro-book\" itemscope=\"\" itemtype=\"https:\/\/schema.org\/CreativeWork\">      <div class=\"entry-content\" itemprop=\"text\">          <a href=\"https:\/\/extralibris.net\/sesisenai\/item\/karina-da-silva\/\"><img decoding=\"async\" src=\"https:\/\/extralibris.net\/sesisenai\/wp-content\/uploads\/sites\/2\/2025\/09\/KARINA_DA_SILVA-1.jpg\" style=\"width:80%;\" \/><\/a>          <a href=\"https:\/\/extralibris.net\/sesisenai\/item\/karina-da-silva\/\" rel=\"bookmark\" style=\"display:none;\"><span>Karina da Silva<\/span>          <\/a>      <\/div><\/article><article class=\"2739 books type-books status-publish has-post-thumbnail book-series-artes entry genesis-author-pro-book\" itemscope=\"\" itemtype=\"https:\/\/schema.org\/CreativeWork\">      <div class=\"entry-content\" itemprop=\"text\">          <a href=\"https:\/\/extralibris.net\/sesisenai\/item\/larissa-ferlin-moura-de-lima\/\"><img decoding=\"async\" src=\"https:\/\/extralibris.net\/sesisenai\/wp-content\/uploads\/sites\/2\/2025\/09\/LARISSA_FERLIN-1.jpg\" style=\"width:80%;\" \/><\/a>          <a href=\"https:\/\/extralibris.net\/sesisenai\/item\/larissa-ferlin-moura-de-lima\/\" rel=\"bookmark\" style=\"display:none;\"><span>Larissa Ferlin Moura de Lima<\/span>          <\/a>      <\/div><\/article><article class=\"3000 books type-books status-publish has-post-thumbnail book-series-artes entry genesis-author-pro-book\" itemscope=\"\" itemtype=\"https:\/\/schema.org\/CreativeWork\">      <div class=\"entry-content\" itemprop=\"text\">          <a href=\"https:\/\/extralibris.net\/sesisenai\/item\/laryssa-angelica-de-morais\/\"><img decoding=\"async\" src=\"https:\/\/extralibris.net\/sesisenai\/wp-content\/uploads\/sites\/2\/2026\/01\/SESIPSICOLOGIA_LARISSA_MORAIS.jpg\" style=\"width:80%;\" \/><\/a>          <a href=\"https:\/\/extralibris.net\/sesisenai\/item\/laryssa-angelica-de-morais\/\" rel=\"bookmark\" style=\"display:none;\"><span>Laryssa Ang\u00e9lica de Morais<\/span>          <\/a>      <\/div><\/article><article class=\"2741 books type-books status-publish has-post-thumbnail book-series-artes entry genesis-author-pro-book\" itemscope=\"\" itemtype=\"https:\/\/schema.org\/CreativeWork\">      <div class=\"entry-content\" itemprop=\"text\">          <a href=\"https:\/\/extralibris.net\/sesisenai\/item\/lorrainy-leao\/\"><img decoding=\"async\" src=\"https:\/\/extralibris.net\/sesisenai\/wp-content\/uploads\/sites\/2\/2025\/09\/LORRAINY_LEAO-1.jpg\" style=\"width:80%;\" \/><\/a>          <a href=\"https:\/\/extralibris.net\/sesisenai\/item\/lorrainy-leao\/\" rel=\"bookmark\" style=\"display:none;\"><span>Lorrainy Le\u00e3o<\/span>          <\/a>      <\/div><\/article><article class=\"2824 books type-books status-publish has-post-thumbnail book-series-artes entry genesis-author-pro-book\" itemscope=\"\" itemtype=\"https:\/\/schema.org\/CreativeWork\">      <div class=\"entry-content\" itemprop=\"text\">          <a href=\"https:\/\/extralibris.net\/sesisenai\/item\/mara-ramos\/\"><img decoding=\"async\" src=\"https:\/\/extralibris.net\/sesisenai\/wp-content\/uploads\/sites\/2\/2025\/09\/MARA_RAMOS.jpg\" style=\"width:80%;\" \/><\/a>          <a href=\"https:\/\/extralibris.net\/sesisenai\/item\/mara-ramos\/\" rel=\"bookmark\" style=\"display:none;\"><span>Mara Ramos<\/span>          <\/a>      <\/div><\/article><article class=\"2732 books type-books status-publish has-post-thumbnail book-series-artes entry genesis-author-pro-book\" itemscope=\"\" itemtype=\"https:\/\/schema.org\/CreativeWork\">      <div class=\"entry-content\" itemprop=\"text\">          <a href=\"https:\/\/extralibris.net\/sesisenai\/item\/maria-zilda-bessa\/\"><img decoding=\"async\" src=\"https:\/\/extralibris.net\/sesisenai\/wp-content\/uploads\/sites\/2\/2025\/09\/MARIA_BESSA-1.jpg\" style=\"width:80%;\" \/><\/a>          <a href=\"https:\/\/extralibris.net\/sesisenai\/item\/maria-zilda-bessa\/\" rel=\"bookmark\" style=\"display:none;\"><span>Maria Zilda Bessa<\/span>          <\/a>      <\/div><\/article><article class=\"2726 books type-books status-publish has-post-thumbnail book-series-artes entry genesis-author-pro-book\" itemscope=\"\" itemtype=\"https:\/\/schema.org\/CreativeWork\">      <div class=\"entry-content\" itemprop=\"text\">          <a href=\"https:\/\/extralibris.net\/sesisenai\/item\/mireli-pinto-medeiros\/\"><img decoding=\"async\" src=\"https:\/\/extralibris.net\/sesisenai\/wp-content\/uploads\/sites\/2\/2025\/09\/MIRELI_MEDEIROS-1.jpg\" style=\"width:80%;\" \/><\/a>          <a href=\"https:\/\/extralibris.net\/sesisenai\/item\/mireli-pinto-medeiros\/\" rel=\"bookmark\" style=\"display:none;\"><span>Mireli Pinto Medeiros<\/span>          <\/a>      <\/div><\/article><article class=\"2718 books type-books status-publish has-post-thumbnail book-series-artes entry genesis-author-pro-book\" itemscope=\"\" itemtype=\"https:\/\/schema.org\/CreativeWork\">      <div class=\"entry-content\" itemprop=\"text\">          <a href=\"https:\/\/extralibris.net\/sesisenai\/item\/naise-cristina-guimaraes-dos-santos\/\"><img decoding=\"async\" src=\"https:\/\/extralibris.net\/sesisenai\/wp-content\/uploads\/sites\/2\/2025\/09\/NAISE_GUIMARAES-1.jpg\" style=\"width:80%;\" \/><\/a>          <a href=\"https:\/\/extralibris.net\/sesisenai\/item\/naise-cristina-guimaraes-dos-santos\/\" rel=\"bookmark\" style=\"display:none;\"><span>N\u00e1ise Cristina Guimar\u00e3es dos Santos<\/span>          <\/a>      <\/div><\/article><article class=\"2810 books type-books status-publish has-post-thumbnail book-series-artes entry genesis-author-pro-book\" itemscope=\"\" itemtype=\"https:\/\/schema.org\/CreativeWork\">      <div class=\"entry-content\" itemprop=\"text\">          <a href=\"https:\/\/extralibris.net\/sesisenai\/item\/reino-nunes\/\"><img decoding=\"async\" src=\"https:\/\/extralibris.net\/sesisenai\/wp-content\/uploads\/sites\/2\/2025\/09\/REINO_NUNES.jpg\" style=\"width:80%;\" \/><\/a>          <a href=\"https:\/\/extralibris.net\/sesisenai\/item\/reino-nunes\/\" rel=\"bookmark\" style=\"display:none;\"><span>Reino Nunes<\/span>          <\/a>      <\/div><\/article><article class=\"2724 books type-books status-publish has-post-thumbnail book-series-artes entry genesis-author-pro-book\" itemscope=\"\" itemtype=\"https:\/\/schema.org\/CreativeWork\">      <div class=\"entry-content\" itemprop=\"text\">          <a href=\"https:\/\/extralibris.net\/sesisenai\/item\/yuri-peixoto\/\"><img decoding=\"async\" src=\"https:\/\/extralibris.net\/sesisenai\/wp-content\/uploads\/sites\/2\/2025\/09\/YURI_PEIXOTO-1.jpg\" style=\"width:80%;\" \/><\/a>          <a href=\"https:\/\/extralibris.net\/sesisenai\/item\/yuri-peixoto\/\" rel=\"bookmark\" style=\"display:none;\"><span>Yuri Peixoto<\/span>          <\/a>      <\/div><\/article><article class=\"2649 books type-books status-publish has-post-thumbnail book-series-artes entry genesis-author-pro-book\" itemscope=\"\" itemtype=\"https:\/\/schema.org\/CreativeWork\">      <div class=\"entry-content\" itemprop=\"text\">          <a href=\"https:\/\/extralibris.net\/sesisenai\/item\/alex-pereira-leite\/\"><img decoding=\"async\" src=\"https:\/\/extralibris.net\/sesisenai\/wp-content\/uploads\/sites\/2\/2025\/09\/ALEX_PEREIRA_LEITE_NUCLEO.jpg\" style=\"width:80%;\" \/><\/a>          <a href=\"https:\/\/extralibris.net\/sesisenai\/item\/alex-pereira-leite\/\" rel=\"bookmark\" style=\"display:none;\"><span>Alex Pereira Leite<\/span>          <\/a>      <\/div><\/article><\/div><\/div>\n","protected":false},"excerpt":{"rendered":"<p>N\u00facleo de Psicologia Escolar e Educacional das Escolas SESI<\/p>\n","protected":false},"author":1,"featured_media":0,"parent":0,"menu_order":3,"comment_status":"closed","ping_status":"closed","template":"templates\/full-width.php","meta":{"_genesis_hide_title":false,"_genesis_hide_breadcrumbs":false,"_genesis_hide_singular_image":false,"_genesis_hide_footer_widgets":false,"_genesis_custom_body_class":"","_genesis_custom_post_class":"","_genesis_layout":"","footnotes":""},"class_list":["post-2986","page","type-page","status-publish","entry"],"yoast_head":"<!-- This site is optimized with the Yoast SEO plugin v28.3 - https:\/\/yoast.com\/product\/yoast-seo-wordpress\/ -->\n<title>PSICOLOGIA EDUCACIONAL - SESI SENAI Goi\u00e1s<\/title>\n<meta name=\"robots\" content=\"index, follow, max-snippet:-1, max-image-preview:large, max-video-preview:-1\" \/>\n<link rel=\"canonical\" href=\"https:\/\/extralibris.net\/sesisenai\/psicologia-educacional\/\" \/>\n<meta property=\"og:locale\" content=\"pt_BR\" \/>\n<meta property=\"og:type\" content=\"article\" \/>\n<meta property=\"og:title\" content=\"PSICOLOGIA EDUCACIONAL - SESI SENAI Goi\u00e1s\" \/>\n<meta property=\"og:description\" content=\"N\u00facleo de Psicologia Escolar e Educacional das Escolas SESI\" \/>\n<meta property=\"og:url\" content=\"https:\/\/extralibris.net\/sesisenai\/psicologia-educacional\/\" \/>\n<meta property=\"og:site_name\" content=\"SESI SENAI Goi\u00e1s\" \/>\n<meta property=\"article:modified_time\" content=\"2026-01-16T16:39:33+00:00\" \/>\n<meta property=\"og:image\" content=\"https:\/\/sesisenai.inf.br\/wp-content\/uploads\/sites\/2\/2026\/01\/NUCLEPSIQRCODE.jpg\" \/>\n<meta name=\"twitter:card\" content=\"summary_large_image\" \/>\n<meta name=\"twitter:label1\" content=\"Est. tempo de leitura\" \/>\n\t<meta name=\"twitter:data1\" content=\"2 minutos\" \/>\n<script type=\"application\/ld+json\" class=\"yoast-schema-graph\">{\"@context\":\"https:\\\/\\\/schema.org\",\"@graph\":[{\"@type\":\"WebPage\",\"@id\":\"https:\\\/\\\/extralibris.net\\\/sesisenai\\\/psicologia-educacional\\\/\",\"url\":\"https:\\\/\\\/extralibris.net\\\/sesisenai\\\/psicologia-educacional\\\/\",\"name\":\"PSICOLOGIA EDUCACIONAL - SESI SENAI Goi\u00e1s\",\"isPartOf\":{\"@id\":\"https:\\\/\\\/extralibris.net\\\/sesisenai\\\/#website\"},\"primaryImageOfPage\":{\"@id\":\"https:\\\/\\\/extralibris.net\\\/sesisenai\\\/psicologia-educacional\\\/#primaryimage\"},\"image\":{\"@id\":\"https:\\\/\\\/extralibris.net\\\/sesisenai\\\/psicologia-educacional\\\/#primaryimage\"},\"thumbnailUrl\":\"https:\\\/\\\/sesisenai.inf.br\\\/wp-content\\\/uploads\\\/sites\\\/2\\\/2026\\\/01\\\/NUCLEPSIQRCODE.jpg\",\"datePublished\":\"2026-01-15T12:46:51+00:00\",\"dateModified\":\"2026-01-16T16:39:33+00:00\",\"breadcrumb\":{\"@id\":\"https:\\\/\\\/extralibris.net\\\/sesisenai\\\/psicologia-educacional\\\/#breadcrumb\"},\"inLanguage\":\"pt-BR\",\"potentialAction\":[{\"@type\":\"ReadAction\",\"target\":[\"https:\\\/\\\/extralibris.net\\\/sesisenai\\\/psicologia-educacional\\\/\"]}]},{\"@type\":\"ImageObject\",\"inLanguage\":\"pt-BR\",\"@id\":\"https:\\\/\\\/extralibris.net\\\/sesisenai\\\/psicologia-educacional\\\/#primaryimage\",\"url\":\"https:\\\/\\\/sesisenai.inf.br\\\/wp-content\\\/uploads\\\/sites\\\/2\\\/2026\\\/01\\\/NUCLEPSIQRCODE.jpg\",\"contentUrl\":\"https:\\\/\\\/sesisenai.inf.br\\\/wp-content\\\/uploads\\\/sites\\\/2\\\/2026\\\/01\\\/NUCLEPSIQRCODE.jpg\"},{\"@type\":\"BreadcrumbList\",\"@id\":\"https:\\\/\\\/extralibris.net\\\/sesisenai\\\/psicologia-educacional\\\/#breadcrumb\",\"itemListElement\":[{\"@type\":\"ListItem\",\"position\":1,\"name\":\"In\u00edcio\",\"item\":\"https:\\\/\\\/extralibris.net\\\/sesisenai\\\/\"},{\"@type\":\"ListItem\",\"position\":2,\"name\":\"PSICOLOGIA EDUCACIONAL\"}]},{\"@type\":\"WebSite\",\"@id\":\"https:\\\/\\\/extralibris.net\\\/sesisenai\\\/#website\",\"url\":\"https:\\\/\\\/extralibris.net\\\/sesisenai\\\/\",\"name\":\"SESI SENAI Goi\u00e1s\",\"description\":\"Curadoria Figital\",\"publisher\":{\"@id\":\"https:\\\/\\\/extralibris.net\\\/sesisenai\\\/#organization\"},\"potentialAction\":[{\"@type\":\"SearchAction\",\"target\":{\"@type\":\"EntryPoint\",\"urlTemplate\":\"https:\\\/\\\/extralibris.net\\\/sesisenai\\\/?s={search_term_string}\"},\"query-input\":{\"@type\":\"PropertyValueSpecification\",\"valueRequired\":true,\"valueName\":\"search_term_string\"}}],\"inLanguage\":\"pt-BR\"},{\"@type\":\"Organization\",\"@id\":\"https:\\\/\\\/extralibris.net\\\/sesisenai\\\/#organization\",\"name\":\"SESI SENAI Goi\u00e1s\",\"url\":\"https:\\\/\\\/extralibris.net\\\/sesisenai\\\/\",\"logo\":{\"@type\":\"ImageObject\",\"inLanguage\":\"pt-BR\",\"@id\":\"https:\\\/\\\/extralibris.net\\\/sesisenai\\\/#\\\/schema\\\/logo\\\/image\\\/\",\"url\":\"https:\\\/\\\/extralibris.net\\\/sesisenai\\\/wp-content\\\/uploads\\\/sites\\\/2\\\/2025\\\/05\\\/cropped-cropped-THUMB_SesiSenai_Colorida-1.jpg\",\"contentUrl\":\"https:\\\/\\\/extralibris.net\\\/sesisenai\\\/wp-content\\\/uploads\\\/sites\\\/2\\\/2025\\\/05\\\/cropped-cropped-THUMB_SesiSenai_Colorida-1.jpg\",\"width\":512,\"height\":256,\"caption\":\"SESI SENAI Goi\u00e1s\"},\"image\":{\"@id\":\"https:\\\/\\\/extralibris.net\\\/sesisenai\\\/#\\\/schema\\\/logo\\\/image\\\/\"}}]}<\/script>\n<!-- \/ Yoast SEO plugin. -->","yoast_head_json":{"title":"PSICOLOGIA EDUCACIONAL - SESI SENAI Goi\u00e1s","robots":{"index":"index","follow":"follow","max-snippet":"max-snippet:-1","max-image-preview":"max-image-preview:large","max-video-preview":"max-video-preview:-1"},"canonical":"https:\/\/extralibris.net\/sesisenai\/psicologia-educacional\/","og_locale":"pt_BR","og_type":"article","og_title":"PSICOLOGIA EDUCACIONAL - SESI SENAI Goi\u00e1s","og_description":"N\u00facleo de Psicologia Escolar e Educacional das Escolas SESI","og_url":"https:\/\/extralibris.net\/sesisenai\/psicologia-educacional\/","og_site_name":"SESI SENAI Goi\u00e1s","article_modified_time":"2026-01-16T16:39:33+00:00","og_image":[{"url":"https:\/\/sesisenai.inf.br\/wp-content\/uploads\/sites\/2\/2026\/01\/NUCLEPSIQRCODE.jpg","type":"","width":"","height":""}],"twitter_card":"summary_large_image","twitter_misc":{"Est. tempo de leitura":"2 minutos"},"schema":{"@context":"https:\/\/schema.org","@graph":[{"@type":"WebPage","@id":"https:\/\/extralibris.net\/sesisenai\/psicologia-educacional\/","url":"https:\/\/extralibris.net\/sesisenai\/psicologia-educacional\/","name":"PSICOLOGIA EDUCACIONAL - SESI SENAI Goi\u00e1s","isPartOf":{"@id":"https:\/\/extralibris.net\/sesisenai\/#website"},"primaryImageOfPage":{"@id":"https:\/\/extralibris.net\/sesisenai\/psicologia-educacional\/#primaryimage"},"image":{"@id":"https:\/\/extralibris.net\/sesisenai\/psicologia-educacional\/#primaryimage"},"thumbnailUrl":"https:\/\/sesisenai.inf.br\/wp-content\/uploads\/sites\/2\/2026\/01\/NUCLEPSIQRCODE.jpg","datePublished":"2026-01-15T12:46:51+00:00","dateModified":"2026-01-16T16:39:33+00:00","breadcrumb":{"@id":"https:\/\/extralibris.net\/sesisenai\/psicologia-educacional\/#breadcrumb"},"inLanguage":"pt-BR","potentialAction":[{"@type":"ReadAction","target":["https:\/\/extralibris.net\/sesisenai\/psicologia-educacional\/"]}]},{"@type":"ImageObject","inLanguage":"pt-BR","@id":"https:\/\/extralibris.net\/sesisenai\/psicologia-educacional\/#primaryimage","url":"https:\/\/sesisenai.inf.br\/wp-content\/uploads\/sites\/2\/2026\/01\/NUCLEPSIQRCODE.jpg","contentUrl":"https:\/\/sesisenai.inf.br\/wp-content\/uploads\/sites\/2\/2026\/01\/NUCLEPSIQRCODE.jpg"},{"@type":"BreadcrumbList","@id":"https:\/\/extralibris.net\/sesisenai\/psicologia-educacional\/#breadcrumb","itemListElement":[{"@type":"ListItem","position":1,"name":"In\u00edcio","item":"https:\/\/extralibris.net\/sesisenai\/"},{"@type":"ListItem","position":2,"name":"PSICOLOGIA EDUCACIONAL"}]},{"@type":"WebSite","@id":"https:\/\/extralibris.net\/sesisenai\/#website","url":"https:\/\/extralibris.net\/sesisenai\/","name":"SESI SENAI Goi\u00e1s","description":"Curadoria Figital","publisher":{"@id":"https:\/\/extralibris.net\/sesisenai\/#organization"},"potentialAction":[{"@type":"SearchAction","target":{"@type":"EntryPoint","urlTemplate":"https:\/\/extralibris.net\/sesisenai\/?s={search_term_string}"},"query-input":{"@type":"PropertyValueSpecification","valueRequired":true,"valueName":"search_term_string"}}],"inLanguage":"pt-BR"},{"@type":"Organization","@id":"https:\/\/extralibris.net\/sesisenai\/#organization","name":"SESI SENAI Goi\u00e1s","url":"https:\/\/extralibris.net\/sesisenai\/","logo":{"@type":"ImageObject","inLanguage":"pt-BR","@id":"https:\/\/extralibris.net\/sesisenai\/#\/schema\/logo\/image\/","url":"https:\/\/extralibris.net\/sesisenai\/wp-content\/uploads\/sites\/2\/2025\/05\/cropped-cropped-THUMB_SesiSenai_Colorida-1.jpg","contentUrl":"https:\/\/extralibris.net\/sesisenai\/wp-content\/uploads\/sites\/2\/2025\/05\/cropped-cropped-THUMB_SesiSenai_Colorida-1.jpg","width":512,"height":256,"caption":"SESI SENAI Goi\u00e1s"},"image":{"@id":"https:\/\/extralibris.net\/sesisenai\/#\/schema\/logo\/image\/"}}]}},"featured_image_src":null,"featured_image_src_square":null,"_links":{"self":[{"href":"https:\/\/extralibris.net\/sesisenai\/wp-json\/wp\/v2\/pages\/2986","targetHints":{"allow":["GET"]}}],"collection":[{"href":"https:\/\/extralibris.net\/sesisenai\/wp-json\/wp\/v2\/pages"}],"about":[{"href":"https:\/\/extralibris.net\/sesisenai\/wp-json\/wp\/v2\/types\/page"}],"author":[{"embeddable":true,"href":"https:\/\/extralibris.net\/sesisenai\/wp-json\/wp\/v2\/users\/1"}],"replies":[{"embeddable":true,"href":"https:\/\/extralibris.net\/sesisenai\/wp-json\/wp\/v2\/comments?post=2986"}],"version-history":[{"count":21,"href":"https:\/\/extralibris.net\/sesisenai\/wp-json\/wp\/v2\/pages\/2986\/revisions"}],"predecessor-version":[{"id":3027,"href":"https:\/\/extralibris.net\/sesisenai\/wp-json\/wp\/v2\/pages\/2986\/revisions\/3027"}],"wp:attachment":[{"href":"https:\/\/extralibris.net\/sesisenai\/wp-json\/wp\/v2\/media?parent=2986"}],"curies":[{"name":"wp","href":"https:\/\/api.w.org\/{rel}","templated":true}]}}