{"id":2556,"date":"2025-08-19T16:53:22","date_gmt":"2025-08-19T19:53:22","guid":{"rendered":"https:\/\/sesisenai.inf.br\/?page_id=2556"},"modified":"2026-08-30T06:23:04","modified_gmt":"2026-08-30T09:23:04","slug":"seminario-de-educacao-inclusiva-sesi-goias-2025","status":"publish","type":"page","link":"https:\/\/extralibris.net\/sesisenai\/seminario-de-educacao-inclusiva-sesi-goias-2025\/","title":{"rendered":"Semin\u00e1rio de Educa\u00e7\u00e3o Inclusiva"},"content":{"rendered":"\n<h3 class=\"wp-block-heading has-text-align-center has-text-color has-link-color wp-elements-1\" style=\"color:#164194\"><strong>19 de Setembro de 2025 &#8211; Casa da Ind\u00fastria &#8211; Das 8 \u00e0s 17 horas<\/strong><\/h3>\n\n\n\n<hr class=\"wp-block-separator has-text-color has-alpha-channel-opacity has-background is-style-wide\" style=\"background-color:#52ae32;color:#52ae32\"\/>\n\n\n\n<h5 class=\"wp-block-heading has-text-align-center has-text-color has-link-color wp-elements-2\" style=\"color:#164194\">Clique para acessar a cobertura fotogr\u00e1fica<\/h5>\n\n\n<div class=\"wp-block-image is-style-rounded\">\n<figure class=\"aligncenter size-full\"><a href=\"https:\/\/drive.google.com\/drive\/folders\/13V5canQa6f9aRuj-K555gvLPdcN-WZcP\"><img loading=\"lazy\" decoding=\"async\" width=\"1200\" height=\"675\" src=\"https:\/\/sesisenai.inf.br\/wp-content\/uploads\/sites\/2\/2025\/09\/SESI_SEI_2025_ENCERRAMENTO.jpg\" alt=\"\" class=\"wp-image-2948\" style=\"aspect-ratio:16\/9;object-fit:cover\" srcset=\"https:\/\/extralibris.net\/sesisenai\/wp-content\/uploads\/sites\/2\/2025\/09\/SESI_SEI_2025_ENCERRAMENTO.jpg 1200w, https:\/\/extralibris.net\/sesisenai\/wp-content\/uploads\/sites\/2\/2025\/09\/SESI_SEI_2025_ENCERRAMENTO-300x169.jpg 300w, https:\/\/extralibris.net\/sesisenai\/wp-content\/uploads\/sites\/2\/2025\/09\/SESI_SEI_2025_ENCERRAMENTO-1024x576.jpg 1024w, https:\/\/extralibris.net\/sesisenai\/wp-content\/uploads\/sites\/2\/2025\/09\/SESI_SEI_2025_ENCERRAMENTO-768x432.jpg 768w\" sizes=\"auto, (max-width: 1200px) 100vw, 1200px\" \/><\/a><\/figure>\n<\/div>\n\n\n<div style=\"height:25px\" aria-hidden=\"true\" class=\"wp-block-spacer\"><\/div>\n\n\n\n<h3 class=\"wp-block-heading has-text-align-center has-text-color has-link-color wp-elements-3\" style=\"color:#164194\"><strong>Programa\u00e7\u00e3o<\/strong><\/h3>\n\n\n\n<hr class=\"wp-block-separator has-text-color has-alpha-channel-opacity has-background is-style-wide\" style=\"background-color:#52ae32;color:#52ae32\"\/>\n\n\n\n<p class=\"has-text-align-center wp-block-paragraph\"><div class=\"collections\"><div class=\"collection\"><article class=\"2639 books type-books status-publish has-post-thumbnail book-series-artes entry genesis-author-pro-book\" itemscope=\"\" itemtype=\"https:\/\/schema.org\/CreativeWork\">      <div class=\"entry-content\" itemprop=\"text\">          <a href=\"https:\/\/extralibris.net\/sesisenai\/item\/seminario-de-educacao-inclusiva-e-programacao\/\"><img decoding=\"async\" src=\"https:\/\/extralibris.net\/sesisenai\/wp-content\/uploads\/sites\/2\/2025\/09\/SESI_SEI_2025_PROGRAMACAO.jpg\" style=\"width:80%;\" \/><\/a>          <a href=\"https:\/\/extralibris.net\/sesisenai\/item\/seminario-de-educacao-inclusiva-e-programacao\/\" rel=\"bookmark\" style=\"display:none;\"><span>Programa\u00e7\u00e3o do Evento<\/span>          <\/a>      <\/div><\/article><article class=\"2864 books type-books status-publish has-post-thumbnail book-series-artes entry genesis-author-pro-book\" itemscope=\"\" itemtype=\"https:\/\/schema.org\/CreativeWork\">      <div class=\"entry-content\" itemprop=\"text\">          <a href=\"https:\/\/extralibris.net\/sesisenai\/item\/sobre-o-nucleo-de-psicologia\/\"><img decoding=\"async\" src=\"https:\/\/extralibris.net\/sesisenai\/wp-content\/uploads\/sites\/2\/2025\/09\/NUCLEO_DE_PSICOLOGIA.jpg\" style=\"width:80%;\" \/><\/a>          <a href=\"https:\/\/extralibris.net\/sesisenai\/item\/sobre-o-nucleo-de-psicologia\/\" rel=\"bookmark\" style=\"display:none;\"><span>20 anos de Psicologia Escolar na Rede SESI de Educa\u00e7\u00e3o<\/span>          <\/a>      <\/div><\/article><article class=\"2967 books type-books status-publish has-post-thumbnail book-series-artes entry genesis-author-pro-book\" itemscope=\"\" itemtype=\"https:\/\/schema.org\/CreativeWork\">      <div class=\"entry-content\" itemprop=\"text\">          <a href=\"https:\/\/extralibris.net\/sesisenai\/item\/toda-comunicacao-deve-ser-acessivel-e-inclusiva-claudia-werneck\/\"><img decoding=\"async\" src=\"https:\/\/extralibris.net\/sesisenai\/wp-content\/uploads\/sites\/2\/2025\/09\/CLAUDIA_WERNECK.jpg\" style=\"width:80%;\" \/><\/a>          <a href=\"https:\/\/extralibris.net\/sesisenai\/item\/toda-comunicacao-deve-ser-acessivel-e-inclusiva-claudia-werneck\/\" rel=\"bookmark\" style=\"display:none;\"><span>Toda comunica\u00e7\u00e3o deve ser acess\u00edvel e inclusiva | Claudia Werneck<\/span>          <\/a>      <\/div><\/article><article class=\"2875 books type-books status-publish has-post-thumbnail book-series-artes entry genesis-author-pro-book\" itemscope=\"\" itemtype=\"https:\/\/schema.org\/CreativeWork\">      <div class=\"entry-content\" itemprop=\"text\">          <a href=\"https:\/\/extralibris.net\/sesisenai\/item\/os-lanternas\/\"><img decoding=\"async\" src=\"https:\/\/extralibris.net\/sesisenai\/wp-content\/uploads\/sites\/2\/2025\/09\/OS_LANTERNAS-1.jpg\" style=\"width:80%;\" \/><\/a>          <a href=\"https:\/\/extralibris.net\/sesisenai\/item\/os-lanternas\/\" rel=\"bookmark\" style=\"display:none;\"><span>Banda Os Lanternas<\/span>          <\/a>      <\/div><\/article><article class=\"2910 books type-books status-publish has-post-thumbnail book-series-artes entry genesis-author-pro-book\" itemscope=\"\" itemtype=\"https:\/\/schema.org\/CreativeWork\">      <div class=\"entry-content\" itemprop=\"text\">          <a href=\"https:\/\/extralibris.net\/sesisenai\/item\/exposicao-de-arte-inclusiva\/\"><img decoding=\"async\" src=\"https:\/\/extralibris.net\/sesisenai\/wp-content\/uploads\/sites\/2\/2025\/09\/SESI_SEI_ARTE_INCLUSIVA.jpg\" style=\"width:80%;\" \/><\/a>          <a href=\"https:\/\/extralibris.net\/sesisenai\/item\/exposicao-de-arte-inclusiva\/\" rel=\"bookmark\" style=\"display:none;\"><span>Exposi\u00e7\u00e3o de Arte Inclusiva<\/span>          <\/a>      <\/div><\/article><article class=\"2929 books type-books status-publish has-post-thumbnail book-series-artes entry genesis-author-pro-book\" itemscope=\"\" itemtype=\"https:\/\/schema.org\/CreativeWork\">      <div class=\"entry-content\" itemprop=\"text\">          <a href=\"https:\/\/extralibris.net\/sesisenai\/item\/dirtrizes-de-educacao-inclusiva-para-a-educacao-basica\/\"><img decoding=\"async\" src=\"https:\/\/extralibris.net\/sesisenai\/wp-content\/uploads\/sites\/2\/2025\/09\/SESI_SEI_2025_DIRETRIZES.jpg\" style=\"width:80%;\" \/><\/a>          <a href=\"https:\/\/extralibris.net\/sesisenai\/item\/dirtrizes-de-educacao-inclusiva-para-a-educacao-basica\/\" rel=\"bookmark\" style=\"display:none;\"><span>Dirtrizes de Educa\u00e7\u00e3o Inclusiva para a Educa\u00e7\u00e3o B\u00e1sica<\/span>          <\/a>      <\/div><\/article><\/div><\/div>\n\n\n\n<div style=\"height:25px\" aria-hidden=\"true\" class=\"wp-block-spacer\"><\/div>\n\n\n\n<h3 class=\"wp-block-heading has-text-align-center has-text-color has-link-color wp-elements-4\" style=\"color:#164194\"><strong>Palestrantes &amp; Mediadores<\/strong><\/h3>\n\n\n\n<hr class=\"wp-block-separator has-text-color has-alpha-channel-opacity has-background is-style-wide\" style=\"background-color:#52ae32;color:#52ae32\"\/>\n\n\n\n<p class=\"has-text-align-center wp-block-paragraph\"><div class=\"collections\"><div class=\"collection\"><article class=\"2658 books type-books status-publish has-post-thumbnail book-series-artes entry genesis-author-pro-book\" itemscope=\"\" itemtype=\"https:\/\/schema.org\/CreativeWork\">      <div class=\"entry-content\" itemprop=\"text\">          <a href=\"https:\/\/extralibris.net\/sesisenai\/item\/fernando-lauria\/\"><img decoding=\"async\" src=\"https:\/\/extralibris.net\/sesisenai\/wp-content\/uploads\/sites\/2\/2025\/09\/DR_FERNANDO_LAURIA-1.jpg\" style=\"width:80%;\" \/><\/a>          <a href=\"https:\/\/extralibris.net\/sesisenai\/item\/fernando-lauria\/\" rel=\"bookmark\" style=\"display:none;\"><span>Fernando Lauria<\/span>          <\/a>      <\/div><\/article><article class=\"2660 books type-books status-publish has-post-thumbnail book-series-artes entry genesis-author-pro-book\" itemscope=\"\" itemtype=\"https:\/\/schema.org\/CreativeWork\">      <div class=\"entry-content\" itemprop=\"text\">          <a href=\"https:\/\/extralibris.net\/sesisenai\/item\/katia-aparecida-maragon-barbosa\/\"><img decoding=\"async\" src=\"https:\/\/extralibris.net\/sesisenai\/wp-content\/uploads\/sites\/2\/2025\/09\/KATIA_MARANGON-1.jpg\" style=\"width:80%;\" \/><\/a>          <a href=\"https:\/\/extralibris.net\/sesisenai\/item\/katia-aparecida-maragon-barbosa\/\" rel=\"bookmark\" style=\"display:none;\"><span>K\u00e1tia Aparecida Maragon Barbosa<\/span>          <\/a>      <\/div><\/article><article class=\"2646 books type-books status-publish has-post-thumbnail book-series-artes entry genesis-author-pro-book\" itemscope=\"\" itemtype=\"https:\/\/schema.org\/CreativeWork\">      <div class=\"entry-content\" itemprop=\"text\">          <a href=\"https:\/\/extralibris.net\/sesisenai\/item\/lavini-castro\/\"><img decoding=\"async\" src=\"https:\/\/extralibris.net\/sesisenai\/wp-content\/uploads\/sites\/2\/2025\/09\/LAVINI_CASTRO-1.jpg\" style=\"width:80%;\" \/><\/a>          <a href=\"https:\/\/extralibris.net\/sesisenai\/item\/lavini-castro\/\" rel=\"bookmark\" style=\"display:none;\"><span>Lavini Castro<\/span>          <\/a>      <\/div><\/article><article class=\"2656 books type-books status-publish has-post-thumbnail book-series-artes entry genesis-author-pro-book\" itemscope=\"\" itemtype=\"https:\/\/schema.org\/CreativeWork\">      <div class=\"entry-content\" itemprop=\"text\">          <a href=\"https:\/\/extralibris.net\/sesisenai\/item\/prof-dr-rezende-bruno-de-avelar\/\"><img decoding=\"async\" src=\"https:\/\/extralibris.net\/sesisenai\/wp-content\/uploads\/sites\/2\/2025\/09\/PRO_DR_REZENDE_AVELAR-1.jpg\" style=\"width:80%;\" \/><\/a>          <a href=\"https:\/\/extralibris.net\/sesisenai\/item\/prof-dr-rezende-bruno-de-avelar\/\" rel=\"bookmark\" style=\"display:none;\"><span>Prof. Dr. Rezende Bruno de Avelar<\/span>          <\/a>      <\/div><\/article><article class=\"2649 books type-books status-publish has-post-thumbnail book-series-artes entry genesis-author-pro-book\" itemscope=\"\" itemtype=\"https:\/\/schema.org\/CreativeWork\">      <div class=\"entry-content\" itemprop=\"text\">          <a href=\"https:\/\/extralibris.net\/sesisenai\/item\/alex-pereira-leite\/\"><img decoding=\"async\" src=\"https:\/\/extralibris.net\/sesisenai\/wp-content\/uploads\/sites\/2\/2025\/09\/ALEX_PEREIRA_LEITE_NUCLEO.jpg\" style=\"width:80%;\" \/><\/a>          <a href=\"https:\/\/extralibris.net\/sesisenai\/item\/alex-pereira-leite\/\" rel=\"bookmark\" style=\"display:none;\"><span>Alex Pereira Leite<\/span>          <\/a>      <\/div><\/article><article class=\"2654 books type-books status-publish has-post-thumbnail book-series-artes entry genesis-author-pro-book\" itemscope=\"\" itemtype=\"https:\/\/schema.org\/CreativeWork\">      <div class=\"entry-content\" itemprop=\"text\">          <a href=\"https:\/\/extralibris.net\/sesisenai\/item\/fernanda-carla-custodio-neto\/\"><img decoding=\"async\" src=\"https:\/\/extralibris.net\/sesisenai\/wp-content\/uploads\/sites\/2\/2025\/09\/FERNANDA_CARLA_NETO_NUCLEO.jpg\" style=\"width:80%;\" \/><\/a>          <a href=\"https:\/\/extralibris.net\/sesisenai\/item\/fernanda-carla-custodio-neto\/\" rel=\"bookmark\" style=\"display:none;\"><span>Fernanda Carla Cust\u00f3dio Neto<\/span>          <\/a>      <\/div><\/article><\/div><\/div>\n\n\n\n<div style=\"height:25px\" aria-hidden=\"true\" class=\"wp-block-spacer\"><\/div>\n\n\n\n<h3 class=\"wp-block-heading has-text-align-center has-text-color has-link-color wp-elements-5\" style=\"color:#164194\"><strong>N\u00facleo de Psicologia Educacional<\/strong><\/h3>\n\n\n\n<hr class=\"wp-block-separator has-text-color has-alpha-channel-opacity has-background is-style-wide\" style=\"background-color:#52ae32;color:#52ae32\"\/>\n\n\n\n<p class=\"has-text-align-center wp-block-paragraph\"><div class=\"collections\"><div class=\"collection\"><article class=\"2846 books type-books status-publish has-post-thumbnail book-series-artes entry genesis-author-pro-book\" itemscope=\"\" itemtype=\"https:\/\/schema.org\/CreativeWork\">      <div class=\"entry-content\" itemprop=\"text\">          <a href=\"https:\/\/extralibris.net\/sesisenai\/item\/kelen-alves-guimaraes-gouveia\/\"><img decoding=\"async\" src=\"https:\/\/extralibris.net\/sesisenai\/wp-content\/uploads\/sites\/2\/2025\/09\/KELEN_GUIMARAES-1.jpg\" style=\"width:80%;\" \/><\/a>          <a href=\"https:\/\/extralibris.net\/sesisenai\/item\/kelen-alves-guimaraes-gouveia\/\" rel=\"bookmark\" style=\"display:none;\"><span>Kelen Alves Guimar\u00e3es Gouveia<\/span>          <\/a>      <\/div><\/article><article class=\"2734 books type-books status-publish has-post-thumbnail book-series-artes entry genesis-author-pro-book\" itemscope=\"\" itemtype=\"https:\/\/schema.org\/CreativeWork\">      <div class=\"entry-content\" itemprop=\"text\">          <a href=\"https:\/\/extralibris.net\/sesisenai\/item\/ana-paula-xavier-machado\/\"><img decoding=\"async\" src=\"https:\/\/extralibris.net\/sesisenai\/wp-content\/uploads\/sites\/2\/2025\/09\/ANA_PAULA_MACHADO-1.jpg\" style=\"width:80%;\" \/><\/a>          <a href=\"https:\/\/extralibris.net\/sesisenai\/item\/ana-paula-xavier-machado\/\" rel=\"bookmark\" style=\"display:none;\"><span>Ana Paula Xavier Machado<\/span>          <\/a>      <\/div><\/article><article class=\"2743 books type-books status-publish has-post-thumbnail book-series-artes entry genesis-author-pro-book\" itemscope=\"\" itemtype=\"https:\/\/schema.org\/CreativeWork\">      <div class=\"entry-content\" itemprop=\"text\">          <a href=\"https:\/\/extralibris.net\/sesisenai\/item\/camila-lopes-rodrigues\/\"><img decoding=\"async\" src=\"https:\/\/extralibris.net\/sesisenai\/wp-content\/uploads\/sites\/2\/2025\/09\/CAMILA_LOPES-2.jpg\" style=\"width:80%;\" \/><\/a>          <a href=\"https:\/\/extralibris.net\/sesisenai\/item\/camila-lopes-rodrigues\/\" rel=\"bookmark\" style=\"display:none;\"><span>Camila Lopes Rodrigues<\/span>          <\/a>      <\/div><\/article><article class=\"2722 books type-books status-publish has-post-thumbnail book-series-artes entry genesis-author-pro-book\" itemscope=\"\" itemtype=\"https:\/\/schema.org\/CreativeWork\">      <div class=\"entry-content\" itemprop=\"text\">          <a href=\"https:\/\/extralibris.net\/sesisenai\/item\/camilla-de-paula-maciel\/\"><img decoding=\"async\" src=\"https:\/\/extralibris.net\/sesisenai\/wp-content\/uploads\/sites\/2\/2025\/09\/CAMILLA_MACIEL.jpg\" style=\"width:80%;\" \/><\/a>          <a href=\"https:\/\/extralibris.net\/sesisenai\/item\/camilla-de-paula-maciel\/\" rel=\"bookmark\" style=\"display:none;\"><span>Camilla de Paula Maciel<\/span>          <\/a>      <\/div><\/article><article class=\"2720 books type-books status-publish has-post-thumbnail book-series-artes entry genesis-author-pro-book\" itemscope=\"\" itemtype=\"https:\/\/schema.org\/CreativeWork\">      <div class=\"entry-content\" itemprop=\"text\">          <a href=\"https:\/\/extralibris.net\/sesisenai\/item\/caroline-s-oliveira\/\"><img decoding=\"async\" src=\"https:\/\/extralibris.net\/sesisenai\/wp-content\/uploads\/sites\/2\/2025\/09\/CAROLINE_OLIVEIRA-1.jpg\" style=\"width:80%;\" \/><\/a>          <a href=\"https:\/\/extralibris.net\/sesisenai\/item\/caroline-s-oliveira\/\" rel=\"bookmark\" style=\"display:none;\"><span>Caroline S. Oliveira<\/span>          <\/a>      <\/div><\/article><article class=\"2730 books type-books status-publish has-post-thumbnail book-series-artes entry genesis-author-pro-book\" itemscope=\"\" itemtype=\"https:\/\/schema.org\/CreativeWork\">      <div class=\"entry-content\" itemprop=\"text\">          <a href=\"https:\/\/extralibris.net\/sesisenai\/item\/daiana-fonseca\/\"><img decoding=\"async\" src=\"https:\/\/extralibris.net\/sesisenai\/wp-content\/uploads\/sites\/2\/2025\/09\/DAIANA_FONSECA-1.jpg\" style=\"width:80%;\" \/><\/a>          <a href=\"https:\/\/extralibris.net\/sesisenai\/item\/daiana-fonseca\/\" rel=\"bookmark\" style=\"display:none;\"><span>Daiana Fonseca<\/span>          <\/a>      <\/div><\/article><article class=\"3002 books type-books status-publish has-post-thumbnail book-series-artes entry genesis-author-pro-book\" itemscope=\"\" itemtype=\"https:\/\/schema.org\/CreativeWork\">      <div class=\"entry-content\" itemprop=\"text\">          <a href=\"https:\/\/extralibris.net\/sesisenai\/item\/gabryel-batista\/\"><img decoding=\"async\" src=\"https:\/\/extralibris.net\/sesisenai\/wp-content\/uploads\/sites\/2\/2026\/01\/SESIPSICOLOGIA_GABRYEL_BATISTA.jpg\" style=\"width:80%;\" \/><\/a>          <a href=\"https:\/\/extralibris.net\/sesisenai\/item\/gabryel-batista\/\" rel=\"bookmark\" style=\"display:none;\"><span>Gabryel Batista<\/span>          <\/a>      <\/div><\/article><article class=\"2728 books type-books status-publish has-post-thumbnail book-series-artes entry genesis-author-pro-book\" itemscope=\"\" itemtype=\"https:\/\/schema.org\/CreativeWork\">      <div class=\"entry-content\" itemprop=\"text\">          <a href=\"https:\/\/extralibris.net\/sesisenai\/item\/karina-da-silva\/\"><img decoding=\"async\" src=\"https:\/\/extralibris.net\/sesisenai\/wp-content\/uploads\/sites\/2\/2025\/09\/KARINA_DA_SILVA-1.jpg\" style=\"width:80%;\" \/><\/a>          <a href=\"https:\/\/extralibris.net\/sesisenai\/item\/karina-da-silva\/\" rel=\"bookmark\" style=\"display:none;\"><span>Karina da Silva<\/span>          <\/a>      <\/div><\/article><article class=\"2739 books type-books status-publish has-post-thumbnail book-series-artes entry genesis-author-pro-book\" itemscope=\"\" itemtype=\"https:\/\/schema.org\/CreativeWork\">      <div class=\"entry-content\" itemprop=\"text\">          <a href=\"https:\/\/extralibris.net\/sesisenai\/item\/larissa-ferlin-moura-de-lima\/\"><img decoding=\"async\" src=\"https:\/\/extralibris.net\/sesisenai\/wp-content\/uploads\/sites\/2\/2025\/09\/LARISSA_FERLIN-1.jpg\" style=\"width:80%;\" \/><\/a>          <a href=\"https:\/\/extralibris.net\/sesisenai\/item\/larissa-ferlin-moura-de-lima\/\" rel=\"bookmark\" style=\"display:none;\"><span>Larissa Ferlin Moura de Lima<\/span>          <\/a>      <\/div><\/article><article class=\"3000 books type-books status-publish has-post-thumbnail book-series-artes entry genesis-author-pro-book\" itemscope=\"\" itemtype=\"https:\/\/schema.org\/CreativeWork\">      <div class=\"entry-content\" itemprop=\"text\">          <a href=\"https:\/\/extralibris.net\/sesisenai\/item\/laryssa-angelica-de-morais\/\"><img decoding=\"async\" src=\"https:\/\/extralibris.net\/sesisenai\/wp-content\/uploads\/sites\/2\/2026\/01\/SESIPSICOLOGIA_LARISSA_MORAIS.jpg\" style=\"width:80%;\" \/><\/a>          <a href=\"https:\/\/extralibris.net\/sesisenai\/item\/laryssa-angelica-de-morais\/\" rel=\"bookmark\" style=\"display:none;\"><span>Laryssa Ang\u00e9lica de Morais<\/span>          <\/a>      <\/div><\/article><article class=\"2741 books type-books status-publish has-post-thumbnail book-series-artes entry genesis-author-pro-book\" itemscope=\"\" itemtype=\"https:\/\/schema.org\/CreativeWork\">      <div class=\"entry-content\" itemprop=\"text\">          <a href=\"https:\/\/extralibris.net\/sesisenai\/item\/lorrainy-leao\/\"><img decoding=\"async\" src=\"https:\/\/extralibris.net\/sesisenai\/wp-content\/uploads\/sites\/2\/2025\/09\/LORRAINY_LEAO-1.jpg\" style=\"width:80%;\" \/><\/a>          <a href=\"https:\/\/extralibris.net\/sesisenai\/item\/lorrainy-leao\/\" rel=\"bookmark\" style=\"display:none;\"><span>Lorrainy Le\u00e3o<\/span>          <\/a>      <\/div><\/article><article class=\"2824 books type-books status-publish has-post-thumbnail book-series-artes entry genesis-author-pro-book\" itemscope=\"\" itemtype=\"https:\/\/schema.org\/CreativeWork\">      <div class=\"entry-content\" itemprop=\"text\">          <a href=\"https:\/\/extralibris.net\/sesisenai\/item\/mara-ramos\/\"><img decoding=\"async\" src=\"https:\/\/extralibris.net\/sesisenai\/wp-content\/uploads\/sites\/2\/2025\/09\/MARA_RAMOS.jpg\" style=\"width:80%;\" \/><\/a>          <a href=\"https:\/\/extralibris.net\/sesisenai\/item\/mara-ramos\/\" rel=\"bookmark\" style=\"display:none;\"><span>Mara Ramos<\/span>          <\/a>      <\/div><\/article><article class=\"2732 books type-books status-publish has-post-thumbnail book-series-artes entry genesis-author-pro-book\" itemscope=\"\" itemtype=\"https:\/\/schema.org\/CreativeWork\">      <div class=\"entry-content\" itemprop=\"text\">          <a href=\"https:\/\/extralibris.net\/sesisenai\/item\/maria-zilda-bessa\/\"><img decoding=\"async\" src=\"https:\/\/extralibris.net\/sesisenai\/wp-content\/uploads\/sites\/2\/2025\/09\/MARIA_BESSA-1.jpg\" style=\"width:80%;\" \/><\/a>          <a href=\"https:\/\/extralibris.net\/sesisenai\/item\/maria-zilda-bessa\/\" rel=\"bookmark\" style=\"display:none;\"><span>Maria Zilda Bessa<\/span>          <\/a>      <\/div><\/article><article class=\"2726 books type-books status-publish has-post-thumbnail book-series-artes entry genesis-author-pro-book\" itemscope=\"\" itemtype=\"https:\/\/schema.org\/CreativeWork\">      <div class=\"entry-content\" itemprop=\"text\">          <a href=\"https:\/\/extralibris.net\/sesisenai\/item\/mireli-pinto-medeiros\/\"><img decoding=\"async\" src=\"https:\/\/extralibris.net\/sesisenai\/wp-content\/uploads\/sites\/2\/2025\/09\/MIRELI_MEDEIROS-1.jpg\" style=\"width:80%;\" \/><\/a>          <a href=\"https:\/\/extralibris.net\/sesisenai\/item\/mireli-pinto-medeiros\/\" rel=\"bookmark\" style=\"display:none;\"><span>Mireli Pinto Medeiros<\/span>          <\/a>      <\/div><\/article><article class=\"2718 books type-books status-publish has-post-thumbnail book-series-artes entry genesis-author-pro-book\" itemscope=\"\" itemtype=\"https:\/\/schema.org\/CreativeWork\">      <div class=\"entry-content\" itemprop=\"text\">          <a href=\"https:\/\/extralibris.net\/sesisenai\/item\/naise-cristina-guimaraes-dos-santos\/\"><img decoding=\"async\" src=\"https:\/\/extralibris.net\/sesisenai\/wp-content\/uploads\/sites\/2\/2025\/09\/NAISE_GUIMARAES-1.jpg\" style=\"width:80%;\" \/><\/a>          <a href=\"https:\/\/extralibris.net\/sesisenai\/item\/naise-cristina-guimaraes-dos-santos\/\" rel=\"bookmark\" style=\"display:none;\"><span>N\u00e1ise Cristina Guimar\u00e3es dos Santos<\/span>          <\/a>      <\/div><\/article><article class=\"2810 books type-books status-publish has-post-thumbnail book-series-artes entry genesis-author-pro-book\" itemscope=\"\" itemtype=\"https:\/\/schema.org\/CreativeWork\">      <div class=\"entry-content\" itemprop=\"text\">          <a href=\"https:\/\/extralibris.net\/sesisenai\/item\/reino-nunes\/\"><img decoding=\"async\" src=\"https:\/\/extralibris.net\/sesisenai\/wp-content\/uploads\/sites\/2\/2025\/09\/REINO_NUNES.jpg\" style=\"width:80%;\" \/><\/a>          <a href=\"https:\/\/extralibris.net\/sesisenai\/item\/reino-nunes\/\" rel=\"bookmark\" style=\"display:none;\"><span>Reino Nunes<\/span>          <\/a>      <\/div><\/article><article class=\"2724 books type-books status-publish has-post-thumbnail book-series-artes entry genesis-author-pro-book\" itemscope=\"\" itemtype=\"https:\/\/schema.org\/CreativeWork\">      <div class=\"entry-content\" itemprop=\"text\">          <a href=\"https:\/\/extralibris.net\/sesisenai\/item\/yuri-peixoto\/\"><img decoding=\"async\" src=\"https:\/\/extralibris.net\/sesisenai\/wp-content\/uploads\/sites\/2\/2025\/09\/YURI_PEIXOTO-1.jpg\" style=\"width:80%;\" \/><\/a>          <a href=\"https:\/\/extralibris.net\/sesisenai\/item\/yuri-peixoto\/\" rel=\"bookmark\" style=\"display:none;\"><span>Yuri Peixoto<\/span>          <\/a>      <\/div><\/article><article class=\"2649 books type-books status-publish has-post-thumbnail book-series-artes entry genesis-author-pro-book\" itemscope=\"\" itemtype=\"https:\/\/schema.org\/CreativeWork\">      <div class=\"entry-content\" itemprop=\"text\">          <a href=\"https:\/\/extralibris.net\/sesisenai\/item\/alex-pereira-leite\/\"><img decoding=\"async\" src=\"https:\/\/extralibris.net\/sesisenai\/wp-content\/uploads\/sites\/2\/2025\/09\/ALEX_PEREIRA_LEITE_NUCLEO.jpg\" style=\"width:80%;\" \/><\/a>          <a href=\"https:\/\/extralibris.net\/sesisenai\/item\/alex-pereira-leite\/\" rel=\"bookmark\" style=\"display:none;\"><span>Alex Pereira Leite<\/span>          <\/a>      <\/div><\/article><\/div><\/div>\n\n\n\n<div style=\"height:25px\" aria-hidden=\"true\" class=\"wp-block-spacer\"><\/div>\n\n\n\n<h3 class=\"wp-block-heading has-text-align-center has-text-color has-link-color wp-elements-6\" style=\"color:#164194\"><strong>Produ\u00e7\u00e3o dos Estudantes<\/strong><\/h3>\n\n\n\n<hr class=\"wp-block-separator has-text-color has-alpha-channel-opacity has-background is-style-wide\" style=\"background-color:#52ae32;color:#52ae32\"\/>\n\n\n\n<p class=\"has-text-align-center wp-block-paragraph\"><div class=\"collections\"><div class=\"collection\"><article class=\"2710 books type-books status-publish has-post-thumbnail book-series-artes entry genesis-author-pro-book\" itemscope=\"\" itemtype=\"https:\/\/schema.org\/CreativeWork\">      <div class=\"entry-content\" itemprop=\"text\">          <a href=\"https:\/\/extralibris.net\/sesisenai\/item\/poesias-aparecida\/\"><img decoding=\"async\" src=\"https:\/\/extralibris.net\/sesisenai\/wp-content\/uploads\/sites\/2\/2025\/09\/POESIAS_APARECIDA-1.jpg\" style=\"width:80%;\" \/><\/a>          <a href=\"https:\/\/extralibris.net\/sesisenai\/item\/poesias-aparecida\/\" rel=\"bookmark\" style=\"display:none;\"><span>Poesias &#8211; Aparecida<\/span>          <\/a>      <\/div><\/article><article class=\"2673 books type-books status-publish has-post-thumbnail book-series-artes entry genesis-author-pro-book\" itemscope=\"\" itemtype=\"https:\/\/schema.org\/CreativeWork\">      <div class=\"entry-content\" itemprop=\"text\">          <a href=\"https:\/\/extralibris.net\/sesisenai\/item\/sei-2025-poesias-canaa\/\"><img decoding=\"async\" src=\"https:\/\/extralibris.net\/sesisenai\/wp-content\/uploads\/sites\/2\/2025\/09\/POESIAS_CANAA-1.jpg\" style=\"width:80%;\" \/><\/a>          <a href=\"https:\/\/extralibris.net\/sesisenai\/item\/sei-2025-poesias-canaa\/\" rel=\"bookmark\" style=\"display:none;\"><span>Poesias &#8211; Cana\u00e3<\/span>          <\/a>      <\/div><\/article><article class=\"2671 books type-books status-publish has-post-thumbnail book-series-artes entry genesis-author-pro-book\" itemscope=\"\" itemtype=\"https:\/\/schema.org\/CreativeWork\">      <div class=\"entry-content\" itemprop=\"text\">          <a href=\"https:\/\/extralibris.net\/sesisenai\/item\/sei-2025-poesias-catalao\/\"><img decoding=\"async\" src=\"https:\/\/extralibris.net\/sesisenai\/wp-content\/uploads\/sites\/2\/2025\/09\/POESIAS_CATALAO.jpg\" style=\"width:80%;\" \/><\/a>          <a href=\"https:\/\/extralibris.net\/sesisenai\/item\/sei-2025-poesias-catalao\/\" rel=\"bookmark\" style=\"display:none;\"><span>Poesias &#8211; Catal\u00e3o<\/span>          <\/a>      <\/div><\/article><article class=\"2888 books type-books status-publish has-post-thumbnail book-series-artes entry genesis-author-pro-book\" itemscope=\"\" itemtype=\"https:\/\/schema.org\/CreativeWork\">      <div class=\"entry-content\" itemprop=\"text\">          <a href=\"https:\/\/extralibris.net\/sesisenai\/item\/poesias-charuri\/\"><img decoding=\"async\" src=\"https:\/\/extralibris.net\/sesisenai\/wp-content\/uploads\/sites\/2\/2025\/09\/POESIAS_CHARURI.jpg\" style=\"width:80%;\" \/><\/a>          <a href=\"https:\/\/extralibris.net\/sesisenai\/item\/poesias-charuri\/\" rel=\"bookmark\" style=\"display:none;\"><span>Poesias &#8211; Charuri<\/span>          <\/a>      <\/div><\/article><article class=\"2610 books type-books status-publish has-post-thumbnail book-series-artes entry genesis-author-pro-book\" itemscope=\"\" itemtype=\"https:\/\/schema.org\/CreativeWork\">      <div class=\"entry-content\" itemprop=\"text\">          <a href=\"https:\/\/extralibris.net\/sesisenai\/item\/sei-2025-poesias-colorado\/\"><img decoding=\"async\" src=\"https:\/\/extralibris.net\/sesisenai\/wp-content\/uploads\/sites\/2\/2025\/09\/POESIAS_JARDIM_COLORADO.jpg\" style=\"width:80%;\" \/><\/a>          <a href=\"https:\/\/extralibris.net\/sesisenai\/item\/sei-2025-poesias-colorado\/\" rel=\"bookmark\" style=\"display:none;\"><span>Poesias &#8211; Colorado<\/span>          <\/a>      <\/div><\/article><article class=\"2890 books type-books status-publish has-post-thumbnail book-series-artes entry genesis-author-pro-book\" itemscope=\"\" itemtype=\"https:\/\/schema.org\/CreativeWork\">      <div class=\"entry-content\" itemprop=\"text\">          <a href=\"https:\/\/extralibris.net\/sesisenai\/item\/poesias-crixas\/\"><img decoding=\"async\" src=\"https:\/\/extralibris.net\/sesisenai\/wp-content\/uploads\/sites\/2\/2025\/09\/POESIAS_CRIXAS.jpg\" style=\"width:80%;\" \/><\/a>          <a href=\"https:\/\/extralibris.net\/sesisenai\/item\/poesias-crixas\/\" rel=\"bookmark\" style=\"display:none;\"><span>Poesias &#8211; Crix\u00e1s<\/span>          <\/a>      <\/div><\/article><article class=\"2736 books type-books status-publish has-post-thumbnail book-series-artes entry genesis-author-pro-book\" itemscope=\"\" itemtype=\"https:\/\/schema.org\/CreativeWork\">      <div class=\"entry-content\" itemprop=\"text\">          <a href=\"https:\/\/extralibris.net\/sesisenai\/item\/poesias-itumbiara\/\"><img decoding=\"async\" src=\"https:\/\/extralibris.net\/sesisenai\/wp-content\/uploads\/sites\/2\/2025\/09\/POESIAS_ITUMBIARA.jpg\" style=\"width:80%;\" \/><\/a>          <a href=\"https:\/\/extralibris.net\/sesisenai\/item\/poesias-itumbiara\/\" rel=\"bookmark\" style=\"display:none;\"><span>Poesias &#8211; Itumbiara<\/span>          <\/a>      <\/div><\/article><article class=\"2880 books type-books status-publish has-post-thumbnail book-series-artes entry genesis-author-pro-book\" itemscope=\"\" itemtype=\"https:\/\/schema.org\/CreativeWork\">      <div class=\"entry-content\" itemprop=\"text\">          <a href=\"https:\/\/extralibris.net\/sesisenai\/item\/poesias-jaiara\/\"><img decoding=\"async\" src=\"https:\/\/extralibris.net\/sesisenai\/wp-content\/uploads\/sites\/2\/2025\/09\/POESIAS_JAIARA.jpg\" style=\"width:80%;\" \/><\/a>          <a href=\"https:\/\/extralibris.net\/sesisenai\/item\/poesias-jaiara\/\" rel=\"bookmark\" style=\"display:none;\"><span>Poesias &#8211; Jaiara<\/span>          <\/a>      <\/div><\/article><article class=\"2678 books type-books status-publish has-post-thumbnail book-series-artes entry genesis-author-pro-book\" itemscope=\"\" itemtype=\"https:\/\/schema.org\/CreativeWork\">      <div class=\"entry-content\" itemprop=\"text\">          <a href=\"https:\/\/extralibris.net\/sesisenai\/item\/sei-2025-poesias-jundiai\/\"><img decoding=\"async\" src=\"https:\/\/extralibris.net\/sesisenai\/wp-content\/uploads\/sites\/2\/2025\/09\/POESIAS_JUNDIAI.jpg\" style=\"width:80%;\" \/><\/a>          <a href=\"https:\/\/extralibris.net\/sesisenai\/item\/sei-2025-poesias-jundiai\/\" rel=\"bookmark\" style=\"display:none;\"><span>Poesias &#8211; Jundia\u00ed<\/span>          <\/a>      <\/div><\/article><article class=\"2687 books type-books status-publish has-post-thumbnail book-series-artes entry genesis-author-pro-book\" itemscope=\"\" itemtype=\"https:\/\/schema.org\/CreativeWork\">      <div class=\"entry-content\" itemprop=\"text\">          <a href=\"https:\/\/extralibris.net\/sesisenai\/item\/poesias-luziania\/\"><img decoding=\"async\" src=\"https:\/\/extralibris.net\/sesisenai\/wp-content\/uploads\/sites\/2\/2025\/09\/POESIAS_LUZIANIA.jpg\" style=\"width:80%;\" \/><\/a>          <a href=\"https:\/\/extralibris.net\/sesisenai\/item\/poesias-luziania\/\" rel=\"bookmark\" style=\"display:none;\"><span>Poesias &#8211; Luzi\u00e2nia<\/span>          <\/a>      <\/div><\/article><article class=\"2689 books type-books status-publish has-post-thumbnail book-series-artes entry genesis-author-pro-book\" itemscope=\"\" itemtype=\"https:\/\/schema.org\/CreativeWork\">      <div class=\"entry-content\" itemprop=\"text\">          <a href=\"https:\/\/extralibris.net\/sesisenai\/item\/poesias-minacu\/\"><img decoding=\"async\" src=\"https:\/\/extralibris.net\/sesisenai\/wp-content\/uploads\/sites\/2\/2025\/09\/POESIAS_MINACU.jpg\" style=\"width:80%;\" \/><\/a>          <a href=\"https:\/\/extralibris.net\/sesisenai\/item\/poesias-minacu\/\" rel=\"bookmark\" style=\"display:none;\"><span>Poesias &#8211; Mina\u00e7u<\/span>          <\/a>      <\/div><\/article><article class=\"2692 books type-books status-publish has-post-thumbnail book-series-artes entry genesis-author-pro-book\" itemscope=\"\" itemtype=\"https:\/\/schema.org\/CreativeWork\">      <div class=\"entry-content\" itemprop=\"text\">          <a href=\"https:\/\/extralibris.net\/sesisenai\/item\/sei-2025-poesias-mineiros\/\"><img decoding=\"async\" src=\"https:\/\/extralibris.net\/sesisenai\/wp-content\/uploads\/sites\/2\/2025\/09\/POESIAS_MINEIROS.jpg\" style=\"width:80%;\" \/><\/a>          <a href=\"https:\/\/extralibris.net\/sesisenai\/item\/sei-2025-poesias-mineiros\/\" rel=\"bookmark\" style=\"display:none;\"><span>Poesias &#8211; Mineiros<\/span>          <\/a>      <\/div><\/article><article class=\"2698 books type-books status-publish has-post-thumbnail book-series-artes entry genesis-author-pro-book\" itemscope=\"\" itemtype=\"https:\/\/schema.org\/CreativeWork\">      <div class=\"entry-content\" itemprop=\"text\">          <a href=\"https:\/\/extralibris.net\/sesisenai\/item\/sei-sei-2025-poesias-planalto\/\"><img decoding=\"async\" src=\"https:\/\/extralibris.net\/sesisenai\/wp-content\/uploads\/sites\/2\/2025\/09\/POESIAS_PLANALTO.jpg\" style=\"width:80%;\" \/><\/a>          <a href=\"https:\/\/extralibris.net\/sesisenai\/item\/sei-sei-2025-poesias-planalto\/\" rel=\"bookmark\" style=\"display:none;\"><span>Poesias &#8211; Planalto<\/span>          <\/a>      <\/div><\/article><article class=\"2779 books type-books status-publish has-post-thumbnail book-series-artes entry genesis-author-pro-book\" itemscope=\"\" itemtype=\"https:\/\/schema.org\/CreativeWork\">      <div class=\"entry-content\" itemprop=\"text\">          <a href=\"https:\/\/extralibris.net\/sesisenai\/item\/sesi-sei-2025-poesias-rio-verde\/\"><img decoding=\"async\" src=\"https:\/\/extralibris.net\/sesisenai\/wp-content\/uploads\/sites\/2\/2025\/09\/POESIAS_RIOVERDE.jpg\" style=\"width:80%;\" \/><\/a>          <a href=\"https:\/\/extralibris.net\/sesisenai\/item\/sesi-sei-2025-poesias-rio-verde\/\" rel=\"bookmark\" style=\"display:none;\"><span>Poesias &#8211; Rio Verde<\/span>          <\/a>      <\/div><\/article><article class=\"2700 books type-books status-publish has-post-thumbnail book-series-artes entry genesis-author-pro-book\" itemscope=\"\" itemtype=\"https:\/\/schema.org\/CreativeWork\">      <div class=\"entry-content\" itemprop=\"text\">          <a href=\"https:\/\/extralibris.net\/sesisenai\/item\/sesi-sei-2025-poesias-universitario\/\"><img decoding=\"async\" src=\"https:\/\/extralibris.net\/sesisenai\/wp-content\/uploads\/sites\/2\/2025\/09\/POESIAS_UNIVERSITARIO.jpg\" style=\"width:80%;\" \/><\/a>          <a href=\"https:\/\/extralibris.net\/sesisenai\/item\/sesi-sei-2025-poesias-universitario\/\" rel=\"bookmark\" style=\"display:none;\"><span>Poesias &#8211; Universit\u00e1rio<\/span>          <\/a>      <\/div><\/article><\/div><\/div>\n\n\n\n<div style=\"height:25px\" aria-hidden=\"true\" class=\"wp-block-spacer\"><\/div>\n","protected":false},"excerpt":{"rendered":"<p>Uma educa\u00e7\u00e3o com justi\u00e7a e representatividade<\/p>\n","protected":false},"author":1,"featured_media":0,"parent":0,"menu_order":4,"comment_status":"closed","ping_status":"closed","template":"templates\/full-width.php","meta":{"_genesis_hide_title":false,"_genesis_hide_breadcrumbs":false,"_genesis_hide_singular_image":false,"_genesis_hide_footer_widgets":false,"_genesis_custom_body_class":"","_genesis_custom_post_class":"","_genesis_layout":"","footnotes":""},"class_list":["post-2556","page","type-page","status-publish","entry"],"yoast_head":"<!-- This site is optimized with the Yoast SEO plugin v28.3 - https:\/\/yoast.com\/product\/yoast-seo-wordpress\/ -->\n<title>Semin\u00e1rio de Educa\u00e7\u00e3o Inclusiva - SESI SENAI Goi\u00e1s<\/title>\n<meta name=\"robots\" content=\"index, follow, max-snippet:-1, max-image-preview:large, max-video-preview:-1\" \/>\n<link rel=\"canonical\" href=\"https:\/\/extralibris.net\/sesisenai\/seminario-de-educacao-inclusiva-sesi-goias-2025\/\" \/>\n<meta property=\"og:locale\" content=\"pt_BR\" \/>\n<meta property=\"og:type\" content=\"article\" \/>\n<meta property=\"og:title\" content=\"Semin\u00e1rio de Educa\u00e7\u00e3o Inclusiva - SESI SENAI Goi\u00e1s\" \/>\n<meta property=\"og:description\" content=\"Uma educa\u00e7\u00e3o com justi\u00e7a e representatividade\" \/>\n<meta property=\"og:url\" content=\"https:\/\/extralibris.net\/sesisenai\/seminario-de-educacao-inclusiva-sesi-goias-2025\/\" \/>\n<meta property=\"og:site_name\" content=\"SESI SENAI Goi\u00e1s\" \/>\n<meta property=\"article:modified_time\" content=\"2026-08-30T09:23:04+00:00\" \/>\n<meta property=\"og:image\" content=\"https:\/\/extralibris.net\/sesisenai\/wp-content\/uploads\/sites\/2\/2025\/09\/SESI_SEI_2025_ENCERRAMENTO.jpg\" \/>\n\t<meta property=\"og:image:width\" content=\"1200\" \/>\n\t<meta property=\"og:image:height\" content=\"675\" \/>\n\t<meta property=\"og:image:type\" content=\"image\/jpeg\" \/>\n<meta name=\"twitter:card\" content=\"summary_large_image\" \/>\n<meta name=\"twitter:label1\" content=\"Est. tempo de leitura\" \/>\n\t<meta name=\"twitter:data1\" content=\"1 minuto\" \/>\n<script type=\"application\/ld+json\" class=\"yoast-schema-graph\">{\"@context\":\"https:\\\/\\\/schema.org\",\"@graph\":[{\"@type\":\"WebPage\",\"@id\":\"https:\\\/\\\/extralibris.net\\\/sesisenai\\\/seminario-de-educacao-inclusiva-sesi-goias-2025\\\/\",\"url\":\"https:\\\/\\\/extralibris.net\\\/sesisenai\\\/seminario-de-educacao-inclusiva-sesi-goias-2025\\\/\",\"name\":\"Semin\u00e1rio de Educa\u00e7\u00e3o Inclusiva - SESI SENAI Goi\u00e1s\",\"isPartOf\":{\"@id\":\"https:\\\/\\\/extralibris.net\\\/sesisenai\\\/#website\"},\"primaryImageOfPage\":{\"@id\":\"https:\\\/\\\/extralibris.net\\\/sesisenai\\\/seminario-de-educacao-inclusiva-sesi-goias-2025\\\/#primaryimage\"},\"image\":{\"@id\":\"https:\\\/\\\/extralibris.net\\\/sesisenai\\\/seminario-de-educacao-inclusiva-sesi-goias-2025\\\/#primaryimage\"},\"thumbnailUrl\":\"https:\\\/\\\/sesisenai.inf.br\\\/wp-content\\\/uploads\\\/sites\\\/2\\\/2025\\\/09\\\/SESI_SEI_2025_ENCERRAMENTO.jpg\",\"datePublished\":\"2025-08-19T19:53:22+00:00\",\"dateModified\":\"2026-08-30T09:23:04+00:00\",\"breadcrumb\":{\"@id\":\"https:\\\/\\\/extralibris.net\\\/sesisenai\\\/seminario-de-educacao-inclusiva-sesi-goias-2025\\\/#breadcrumb\"},\"inLanguage\":\"pt-BR\",\"potentialAction\":[{\"@type\":\"ReadAction\",\"target\":[\"https:\\\/\\\/extralibris.net\\\/sesisenai\\\/seminario-de-educacao-inclusiva-sesi-goias-2025\\\/\"]}]},{\"@type\":\"ImageObject\",\"inLanguage\":\"pt-BR\",\"@id\":\"https:\\\/\\\/extralibris.net\\\/sesisenai\\\/seminario-de-educacao-inclusiva-sesi-goias-2025\\\/#primaryimage\",\"url\":\"https:\\\/\\\/sesisenai.inf.br\\\/wp-content\\\/uploads\\\/sites\\\/2\\\/2025\\\/09\\\/SESI_SEI_2025_ENCERRAMENTO.jpg\",\"contentUrl\":\"https:\\\/\\\/sesisenai.inf.br\\\/wp-content\\\/uploads\\\/sites\\\/2\\\/2025\\\/09\\\/SESI_SEI_2025_ENCERRAMENTO.jpg\"},{\"@type\":\"BreadcrumbList\",\"@id\":\"https:\\\/\\\/extralibris.net\\\/sesisenai\\\/seminario-de-educacao-inclusiva-sesi-goias-2025\\\/#breadcrumb\",\"itemListElement\":[{\"@type\":\"ListItem\",\"position\":1,\"name\":\"In\u00edcio\",\"item\":\"https:\\\/\\\/extralibris.net\\\/sesisenai\\\/\"},{\"@type\":\"ListItem\",\"position\":2,\"name\":\"Semin\u00e1rio de Educa\u00e7\u00e3o Inclusiva\"}]},{\"@type\":\"WebSite\",\"@id\":\"https:\\\/\\\/extralibris.net\\\/sesisenai\\\/#website\",\"url\":\"https:\\\/\\\/extralibris.net\\\/sesisenai\\\/\",\"name\":\"SESI SENAI Goi\u00e1s\",\"description\":\"Curadoria Figital\",\"publisher\":{\"@id\":\"https:\\\/\\\/extralibris.net\\\/sesisenai\\\/#organization\"},\"potentialAction\":[{\"@type\":\"SearchAction\",\"target\":{\"@type\":\"EntryPoint\",\"urlTemplate\":\"https:\\\/\\\/extralibris.net\\\/sesisenai\\\/?s={search_term_string}\"},\"query-input\":{\"@type\":\"PropertyValueSpecification\",\"valueRequired\":true,\"valueName\":\"search_term_string\"}}],\"inLanguage\":\"pt-BR\"},{\"@type\":\"Organization\",\"@id\":\"https:\\\/\\\/extralibris.net\\\/sesisenai\\\/#organization\",\"name\":\"SESI SENAI Goi\u00e1s\",\"url\":\"https:\\\/\\\/extralibris.net\\\/sesisenai\\\/\",\"logo\":{\"@type\":\"ImageObject\",\"inLanguage\":\"pt-BR\",\"@id\":\"https:\\\/\\\/extralibris.net\\\/sesisenai\\\/#\\\/schema\\\/logo\\\/image\\\/\",\"url\":\"https:\\\/\\\/extralibris.net\\\/sesisenai\\\/wp-content\\\/uploads\\\/sites\\\/2\\\/2025\\\/05\\\/cropped-cropped-THUMB_SesiSenai_Colorida-1.jpg\",\"contentUrl\":\"https:\\\/\\\/extralibris.net\\\/sesisenai\\\/wp-content\\\/uploads\\\/sites\\\/2\\\/2025\\\/05\\\/cropped-cropped-THUMB_SesiSenai_Colorida-1.jpg\",\"width\":512,\"height\":256,\"caption\":\"SESI SENAI Goi\u00e1s\"},\"image\":{\"@id\":\"https:\\\/\\\/extralibris.net\\\/sesisenai\\\/#\\\/schema\\\/logo\\\/image\\\/\"}}]}<\/script>\n<!-- \/ Yoast SEO plugin. -->","yoast_head_json":{"title":"Semin\u00e1rio de Educa\u00e7\u00e3o Inclusiva - SESI SENAI Goi\u00e1s","robots":{"index":"index","follow":"follow","max-snippet":"max-snippet:-1","max-image-preview":"max-image-preview:large","max-video-preview":"max-video-preview:-1"},"canonical":"https:\/\/extralibris.net\/sesisenai\/seminario-de-educacao-inclusiva-sesi-goias-2025\/","og_locale":"pt_BR","og_type":"article","og_title":"Semin\u00e1rio de Educa\u00e7\u00e3o Inclusiva - SESI SENAI Goi\u00e1s","og_description":"Uma educa\u00e7\u00e3o com justi\u00e7a e representatividade","og_url":"https:\/\/extralibris.net\/sesisenai\/seminario-de-educacao-inclusiva-sesi-goias-2025\/","og_site_name":"SESI SENAI Goi\u00e1s","article_modified_time":"2026-08-30T09:23:04+00:00","og_image":[{"width":1200,"height":675,"url":"https:\/\/extralibris.net\/sesisenai\/wp-content\/uploads\/sites\/2\/2025\/09\/SESI_SEI_2025_ENCERRAMENTO.jpg","type":"image\/jpeg"}],"twitter_card":"summary_large_image","twitter_misc":{"Est. tempo de leitura":"1 minuto"},"schema":{"@context":"https:\/\/schema.org","@graph":[{"@type":"WebPage","@id":"https:\/\/extralibris.net\/sesisenai\/seminario-de-educacao-inclusiva-sesi-goias-2025\/","url":"https:\/\/extralibris.net\/sesisenai\/seminario-de-educacao-inclusiva-sesi-goias-2025\/","name":"Semin\u00e1rio de Educa\u00e7\u00e3o Inclusiva - SESI SENAI Goi\u00e1s","isPartOf":{"@id":"https:\/\/extralibris.net\/sesisenai\/#website"},"primaryImageOfPage":{"@id":"https:\/\/extralibris.net\/sesisenai\/seminario-de-educacao-inclusiva-sesi-goias-2025\/#primaryimage"},"image":{"@id":"https:\/\/extralibris.net\/sesisenai\/seminario-de-educacao-inclusiva-sesi-goias-2025\/#primaryimage"},"thumbnailUrl":"https:\/\/sesisenai.inf.br\/wp-content\/uploads\/sites\/2\/2025\/09\/SESI_SEI_2025_ENCERRAMENTO.jpg","datePublished":"2025-08-19T19:53:22+00:00","dateModified":"2026-08-30T09:23:04+00:00","breadcrumb":{"@id":"https:\/\/extralibris.net\/sesisenai\/seminario-de-educacao-inclusiva-sesi-goias-2025\/#breadcrumb"},"inLanguage":"pt-BR","potentialAction":[{"@type":"ReadAction","target":["https:\/\/extralibris.net\/sesisenai\/seminario-de-educacao-inclusiva-sesi-goias-2025\/"]}]},{"@type":"ImageObject","inLanguage":"pt-BR","@id":"https:\/\/extralibris.net\/sesisenai\/seminario-de-educacao-inclusiva-sesi-goias-2025\/#primaryimage","url":"https:\/\/sesisenai.inf.br\/wp-content\/uploads\/sites\/2\/2025\/09\/SESI_SEI_2025_ENCERRAMENTO.jpg","contentUrl":"https:\/\/sesisenai.inf.br\/wp-content\/uploads\/sites\/2\/2025\/09\/SESI_SEI_2025_ENCERRAMENTO.jpg"},{"@type":"BreadcrumbList","@id":"https:\/\/extralibris.net\/sesisenai\/seminario-de-educacao-inclusiva-sesi-goias-2025\/#breadcrumb","itemListElement":[{"@type":"ListItem","position":1,"name":"In\u00edcio","item":"https:\/\/extralibris.net\/sesisenai\/"},{"@type":"ListItem","position":2,"name":"Semin\u00e1rio de Educa\u00e7\u00e3o Inclusiva"}]},{"@type":"WebSite","@id":"https:\/\/extralibris.net\/sesisenai\/#website","url":"https:\/\/extralibris.net\/sesisenai\/","name":"SESI SENAI Goi\u00e1s","description":"Curadoria Figital","publisher":{"@id":"https:\/\/extralibris.net\/sesisenai\/#organization"},"potentialAction":[{"@type":"SearchAction","target":{"@type":"EntryPoint","urlTemplate":"https:\/\/extralibris.net\/sesisenai\/?s={search_term_string}"},"query-input":{"@type":"PropertyValueSpecification","valueRequired":true,"valueName":"search_term_string"}}],"inLanguage":"pt-BR"},{"@type":"Organization","@id":"https:\/\/extralibris.net\/sesisenai\/#organization","name":"SESI SENAI Goi\u00e1s","url":"https:\/\/extralibris.net\/sesisenai\/","logo":{"@type":"ImageObject","inLanguage":"pt-BR","@id":"https:\/\/extralibris.net\/sesisenai\/#\/schema\/logo\/image\/","url":"https:\/\/extralibris.net\/sesisenai\/wp-content\/uploads\/sites\/2\/2025\/05\/cropped-cropped-THUMB_SesiSenai_Colorida-1.jpg","contentUrl":"https:\/\/extralibris.net\/sesisenai\/wp-content\/uploads\/sites\/2\/2025\/05\/cropped-cropped-THUMB_SesiSenai_Colorida-1.jpg","width":512,"height":256,"caption":"SESI SENAI Goi\u00e1s"},"image":{"@id":"https:\/\/extralibris.net\/sesisenai\/#\/schema\/logo\/image\/"}}]}},"featured_image_src":null,"featured_image_src_square":null,"_links":{"self":[{"href":"https:\/\/extralibris.net\/sesisenai\/wp-json\/wp\/v2\/pages\/2556","targetHints":{"allow":["GET"]}}],"collection":[{"href":"https:\/\/extralibris.net\/sesisenai\/wp-json\/wp\/v2\/pages"}],"about":[{"href":"https:\/\/extralibris.net\/sesisenai\/wp-json\/wp\/v2\/types\/page"}],"author":[{"embeddable":true,"href":"https:\/\/extralibris.net\/sesisenai\/wp-json\/wp\/v2\/users\/1"}],"replies":[{"embeddable":true,"href":"https:\/\/extralibris.net\/sesisenai\/wp-json\/wp\/v2\/comments?post=2556"}],"version-history":[{"count":96,"href":"https:\/\/extralibris.net\/sesisenai\/wp-json\/wp\/v2\/pages\/2556\/revisions"}],"predecessor-version":[{"id":2966,"href":"https:\/\/extralibris.net\/sesisenai\/wp-json\/wp\/v2\/pages\/2556\/revisions\/2966"}],"wp:attachment":[{"href":"https:\/\/extralibris.net\/sesisenai\/wp-json\/wp\/v2\/media?parent=2556"}],"curies":[{"name":"wp","href":"https:\/\/api.w.org\/{rel}","templated":true}]}}