{"id":2417,"date":"2025-06-26T11:06:18","date_gmt":"2025-06-26T14:06:18","guid":{"rendered":"https:\/\/sesisenai.inf.br\/?page_id=2417"},"modified":"2025-08-16T10:26:37","modified_gmt":"2025-08-16T13:26:37","slug":"reuniao-do-conselho-regional-sesi-senai-26-06-25","status":"publish","type":"page","link":"https:\/\/extralibris.net\/sesisenai\/reuniao-do-conselho-regional-sesi-senai-26-06-25\/","title":{"rendered":"REUNI\u00c3O CONSELHO REGIONAL SESI SENAI"},"content":{"rendered":"\n<h3 class=\"wp-block-heading has-text-align-center\"><strong>CURADORIA DOCUMENTAL<\/strong><\/h3>\n\n\n\n<h3 class=\"wp-block-heading has-text-align-center\"><strong>SESI<\/strong><\/h3>\n\n\n\n<div style=\"height:25px\" aria-hidden=\"true\" class=\"wp-block-spacer\"><\/div>\n\n\n\n<p class=\"wp-block-paragraph\"><div class=\"collections\"><div class=\"collection\"><article class=\"2296 books type-books status-publish has-post-thumbnail book-series-artes entry genesis-author-pro-book\" itemscope=\"\" itemtype=\"https:\/\/schema.org\/CreativeWork\">      <div class=\"entry-content\" itemprop=\"text\">          <a href=\"https:\/\/extralibris.net\/sesisenai\/item\/programa-sesi-de-gestao-escolar\/\"><img decoding=\"async\" src=\"https:\/\/extralibris.net\/sesisenai\/wp-content\/uploads\/sites\/2\/2025\/06\/programasesigestaoescolar.jpg\" style=\"width:80%;\" \/><\/a>          <a href=\"https:\/\/extralibris.net\/sesisenai\/item\/programa-sesi-de-gestao-escolar\/\" rel=\"bookmark\" style=\"display:none;\"><span>Programa SESI de Gest\u00e3o Escolar<\/span>          <\/a>      <\/div><\/article><article class=\"2311 books type-books status-publish has-post-thumbnail book-series-artes entry genesis-author-pro-book\" itemscope=\"\" itemtype=\"https:\/\/schema.org\/CreativeWork\">      <div class=\"entry-content\" itemprop=\"text\">          <a href=\"https:\/\/extralibris.net\/sesisenai\/item\/educacao-inclusiva-nas-escolas-da-rede-sesi\/\"><img decoding=\"async\" src=\"https:\/\/extralibris.net\/sesisenai\/wp-content\/uploads\/sites\/2\/2025\/06\/educacaoinclusivanasescolasdaredesesi.jpg\" style=\"width:80%;\" \/><\/a>          <a href=\"https:\/\/extralibris.net\/sesisenai\/item\/educacao-inclusiva-nas-escolas-da-rede-sesi\/\" rel=\"bookmark\" style=\"display:none;\"><span>Educa\u00e7\u00e3o Inclusiva nas Escolas da Rede SESI<\/span>          <\/a>      <\/div><\/article><article class=\"2306 books type-books status-publish has-post-thumbnail book-series-artes entry genesis-author-pro-book\" itemscope=\"\" itemtype=\"https:\/\/schema.org\/CreativeWork\">      <div class=\"entry-content\" itemprop=\"text\">          <a href=\"https:\/\/extralibris.net\/sesisenai\/item\/grau-de-maturidade-tecnologica-dos-professores-da-rede-sesi\/\"><img decoding=\"async\" src=\"https:\/\/extralibris.net\/sesisenai\/wp-content\/uploads\/sites\/2\/2025\/06\/relatorioexecutivodadosnacionais.jpg\" style=\"width:80%;\" \/><\/a>          <a href=\"https:\/\/extralibris.net\/sesisenai\/item\/grau-de-maturidade-tecnologica-dos-professores-da-rede-sesi\/\" rel=\"bookmark\" style=\"display:none;\"><span>Grau de Maturidade Tecnol\u00f3gica dos Professores da Rede SESI<\/span>          <\/a>      <\/div><\/article><article class=\"2332 books type-books status-publish has-post-thumbnail book-series-artes entry genesis-author-pro-book\" itemscope=\"\" itemtype=\"https:\/\/schema.org\/CreativeWork\">      <div class=\"entry-content\" itemprop=\"text\">          <a href=\"https:\/\/extralibris.net\/sesisenai\/item\/matriz-de-avaliacao-das-ciencias-humanas-e-sociais-aplicadas\/\"><img decoding=\"async\" src=\"https:\/\/extralibris.net\/sesisenai\/wp-content\/uploads\/sites\/2\/2025\/06\/areadoconhecimentocienciashumanas.jpg\" style=\"width:80%;\" \/><\/a>          <a href=\"https:\/\/extralibris.net\/sesisenai\/item\/matriz-de-avaliacao-das-ciencias-humanas-e-sociais-aplicadas\/\" rel=\"bookmark\" style=\"display:none;\"><span>Matriz de Avaliac\u0327a\u0303o das Cie\u0302ncias Humanas e Sociais Aplicadas<\/span>          <\/a>      <\/div><\/article><article class=\"2330 books type-books status-publish has-post-thumbnail book-series-artes entry genesis-author-pro-book\" itemscope=\"\" itemtype=\"https:\/\/schema.org\/CreativeWork\">      <div class=\"entry-content\" itemprop=\"text\">          <a href=\"https:\/\/extralibris.net\/sesisenai\/item\/matriz-de-avaliacao-das-ciencias-da-natureza\/\"><img decoding=\"async\" src=\"https:\/\/extralibris.net\/sesisenai\/wp-content\/uploads\/sites\/2\/2025\/06\/areadoconhecimentocienciasdanatureza.jpg\" style=\"width:80%;\" \/><\/a>          <a href=\"https:\/\/extralibris.net\/sesisenai\/item\/matriz-de-avaliacao-das-ciencias-da-natureza\/\" rel=\"bookmark\" style=\"display:none;\"><span>Matriz de Avaliac\u0327a\u0303o das Cie\u0302ncias da Natureza<\/span>          <\/a>      <\/div><\/article><\/div><\/div>\n\n\n\n<p class=\"wp-block-paragraph\"><div class=\"collections\"><div class=\"collection\"><article class=\"2326 books type-books status-publish has-post-thumbnail book-series-artes entry genesis-author-pro-book\" itemscope=\"\" itemtype=\"https:\/\/schema.org\/CreativeWork\">      <div class=\"entry-content\" itemprop=\"text\">          <a href=\"https:\/\/extralibris.net\/sesisenai\/item\/manual-de-marca-e-identidade-visual-sesi-escola-de-referencia\/\"><img decoding=\"async\" src=\"https:\/\/extralibris.net\/sesisenai\/wp-content\/uploads\/sites\/2\/2025\/06\/manualdemarcaeidentidadevisual.jpg\" style=\"width:80%;\" \/><\/a>          <a href=\"https:\/\/extralibris.net\/sesisenai\/item\/manual-de-marca-e-identidade-visual-sesi-escola-de-referencia\/\" rel=\"bookmark\" style=\"display:none;\"><span>Manual de Marca e Identidade Visual &#8211; SESI Escola de Refer\u00eancia<\/span>          <\/a>      <\/div><\/article><article class=\"2328 books type-books status-publish has-post-thumbnail book-series-artes entry genesis-author-pro-book\" itemscope=\"\" itemtype=\"https:\/\/schema.org\/CreativeWork\">      <div class=\"entry-content\" itemprop=\"text\">          <a href=\"https:\/\/extralibris.net\/sesisenai\/item\/manual-de-positivacao-de-salas-escola-sesi-referencia\/\"><img decoding=\"async\" src=\"https:\/\/extralibris.net\/sesisenai\/wp-content\/uploads\/sites\/2\/2025\/06\/manualdepositivacao.jpg\" style=\"width:80%;\" \/><\/a>          <a href=\"https:\/\/extralibris.net\/sesisenai\/item\/manual-de-positivacao-de-salas-escola-sesi-referencia\/\" rel=\"bookmark\" style=\"display:none;\"><span>Manual de Positivac\u0327a\u0303o de Salas &#8211; Escola SESI Refer\u00eancia<\/span>          <\/a>      <\/div><\/article><article class=\"2301 books type-books status-publish has-post-thumbnail book-series-artes entry genesis-author-pro-book\" itemscope=\"\" itemtype=\"https:\/\/schema.org\/CreativeWork\">      <div class=\"entry-content\" itemprop=\"text\">          <a href=\"https:\/\/extralibris.net\/sesisenai\/item\/diretrizes-regionais-dos-programas-de-robotica\/\"><img decoding=\"async\" src=\"https:\/\/extralibris.net\/sesisenai\/wp-content\/uploads\/sites\/2\/2025\/06\/diretrizesregionaisprogramasderobotica.jpg\" style=\"width:80%;\" \/><\/a>          <a href=\"https:\/\/extralibris.net\/sesisenai\/item\/diretrizes-regionais-dos-programas-de-robotica\/\" rel=\"bookmark\" style=\"display:none;\"><span>Diretrizes Regionais dos Programas de Rob\u00f3tica<\/span>          <\/a>      <\/div><\/article><article class=\"2294 books type-books status-publish has-post-thumbnail book-series-artes entry genesis-author-pro-book\" itemscope=\"\" itemtype=\"https:\/\/schema.org\/CreativeWork\">      <div class=\"entry-content\" itemprop=\"text\">          <a href=\"https:\/\/extralibris.net\/sesisenai\/item\/catalogo-de-mobiliario\/\"><img decoding=\"async\" src=\"https:\/\/extralibris.net\/sesisenai\/wp-content\/uploads\/sites\/2\/2025\/06\/catalogodemobiliario.jpg\" style=\"width:80%;\" \/><\/a>          <a href=\"https:\/\/extralibris.net\/sesisenai\/item\/catalogo-de-mobiliario\/\" rel=\"bookmark\" style=\"display:none;\"><span>Cat\u00e1logo de Mobili\u00e1rio<\/span>          <\/a>      <\/div><\/article><article class=\"2324 books type-books status-publish has-post-thumbnail book-series-artes entry genesis-author-pro-book\" itemscope=\"\" itemtype=\"https:\/\/schema.org\/CreativeWork\">      <div class=\"entry-content\" itemprop=\"text\">          <a href=\"https:\/\/extralibris.net\/sesisenai\/item\/manual-de-ambientacao-sala-docente-4-0\/\"><img decoding=\"async\" src=\"https:\/\/extralibris.net\/sesisenai\/wp-content\/uploads\/sites\/2\/2025\/06\/manualdeambientacaosesieducacao.jpg\" style=\"width:80%;\" \/><\/a>          <a href=\"https:\/\/extralibris.net\/sesisenai\/item\/manual-de-ambientacao-sala-docente-4-0\/\" rel=\"bookmark\" style=\"display:none;\"><span>Manual de Ambientac\u0327a\u0303o Sala Docente 4.0<\/span>          <\/a>      <\/div><\/article><\/div><\/div>\n\n\n\n<p class=\"wp-block-paragraph\"><div class=\"collections\"><div class=\"collection\"><article class=\"2391 books type-books status-publish has-post-thumbnail book-series-artes entry genesis-author-pro-book\" itemscope=\"\" itemtype=\"https:\/\/schema.org\/CreativeWork\">      <div class=\"entry-content\" itemprop=\"text\">          <a href=\"https:\/\/extralibris.net\/sesisenai\/item\/projeto-de-cursos-novo-ensino-medio\/\"><img decoding=\"async\" src=\"https:\/\/extralibris.net\/sesisenai\/wp-content\/uploads\/sites\/2\/2025\/06\/projetodecursos.jpg\" style=\"width:80%;\" \/><\/a>          <a href=\"https:\/\/extralibris.net\/sesisenai\/item\/projeto-de-cursos-novo-ensino-medio\/\" rel=\"bookmark\" style=\"display:none;\"><span>Projeto de Cursos Novo Ensino M\u00e9dio<\/span>          <\/a>      <\/div><\/article><article class=\"2388 books type-books status-publish has-post-thumbnail book-series-artes entry genesis-author-pro-book\" itemscope=\"\" itemtype=\"https:\/\/schema.org\/CreativeWork\">      <div class=\"entry-content\" itemprop=\"text\">          <a href=\"https:\/\/extralibris.net\/sesisenai\/item\/programa-sesi-educacao-do-trabalhador\/\"><img decoding=\"async\" src=\"https:\/\/extralibris.net\/sesisenai\/wp-content\/uploads\/sites\/2\/2025\/06\/educacaodotrabalhador.jpg\" style=\"width:80%;\" \/><\/a>          <a href=\"https:\/\/extralibris.net\/sesisenai\/item\/programa-sesi-educacao-do-trabalhador\/\" rel=\"bookmark\" style=\"display:none;\"><span>Programa SESI Educa\u00e7\u00e3o do Trabalhador (EJA)<\/span>          <\/a>      <\/div><\/article><article class=\"2386 books type-books status-publish has-post-thumbnail book-series-artes entry genesis-author-pro-book\" itemscope=\"\" itemtype=\"https:\/\/schema.org\/CreativeWork\">      <div class=\"entry-content\" itemprop=\"text\">          <a href=\"https:\/\/extralibris.net\/sesisenai\/item\/programa-sesi-de-certificacoes-microsoft\/\"><img decoding=\"async\" src=\"https:\/\/extralibris.net\/sesisenai\/wp-content\/uploads\/sites\/2\/2025\/06\/programasesidesertificacoes.jpg\" style=\"width:80%;\" \/><\/a>          <a href=\"https:\/\/extralibris.net\/sesisenai\/item\/programa-sesi-de-certificacoes-microsoft\/\" rel=\"bookmark\" style=\"display:none;\"><span>Programa SESI de Certifica\u00e7\u00f5es Microsoft<\/span>          <\/a>      <\/div><\/article><article class=\"2383 books type-books status-publish has-post-thumbnail book-series-artes entry genesis-author-pro-book\" itemscope=\"\" itemtype=\"https:\/\/schema.org\/CreativeWork\">      <div class=\"entry-content\" itemprop=\"text\">          <a href=\"https:\/\/extralibris.net\/sesisenai\/item\/atividades-de-contraturno\/\"><img decoding=\"async\" src=\"https:\/\/extralibris.net\/sesisenai\/wp-content\/uploads\/sites\/2\/2025\/06\/atividadesdecontraturno.jpg\" style=\"width:80%;\" \/><\/a>          <a href=\"https:\/\/extralibris.net\/sesisenai\/item\/atividades-de-contraturno\/\" rel=\"bookmark\" style=\"display:none;\"><span>Atividades de Contraturno<\/span>          <\/a>      <\/div><\/article><article class=\"2376 books type-books status-publish has-post-thumbnail book-series-artes entry genesis-author-pro-book\" itemscope=\"\" itemtype=\"https:\/\/schema.org\/CreativeWork\">      <div class=\"entry-content\" itemprop=\"text\">          <a href=\"https:\/\/extralibris.net\/sesisenai\/item\/matriz-de-avaliacao-de-matematica\/\"><img decoding=\"async\" src=\"https:\/\/extralibris.net\/sesisenai\/wp-content\/uploads\/sites\/2\/2025\/06\/areadoconhecimentomatematica.jpg\" style=\"width:80%;\" \/><\/a>          <a href=\"https:\/\/extralibris.net\/sesisenai\/item\/matriz-de-avaliacao-de-matematica\/\" rel=\"bookmark\" style=\"display:none;\"><span>Matriz de Avalia\u00e7\u00e3o de Matem\u00e1tica<\/span>          <\/a>      <\/div><\/article><\/div><\/div>\n\n\n\n<p class=\"wp-block-paragraph\"><div class=\"collections\"><div class=\"collection\"><article class=\"2398 books type-books status-publish has-post-thumbnail book-series-artes entry genesis-author-pro-book\" itemscope=\"\" itemtype=\"https:\/\/schema.org\/CreativeWork\">      <div class=\"entry-content\" itemprop=\"text\">          <a href=\"https:\/\/extralibris.net\/sesisenai\/item\/projeto-sala-de-aula-digital-sesi\/\"><img decoding=\"async\" src=\"https:\/\/extralibris.net\/sesisenai\/wp-content\/uploads\/sites\/2\/2025\/06\/projetosaladeauladigitalsesiguiadedisponibilizacaodosnotebooks.jpg\" style=\"width:80%;\" \/><\/a>          <a href=\"https:\/\/extralibris.net\/sesisenai\/item\/projeto-sala-de-aula-digital-sesi\/\" rel=\"bookmark\" style=\"display:none;\"><span>Projeto Sala de Aula Digital SESI<\/span>          <\/a>      <\/div><\/article><article class=\"2393 books type-books status-publish has-post-thumbnail book-series-artes entry genesis-author-pro-book\" itemscope=\"\" itemtype=\"https:\/\/schema.org\/CreativeWork\">      <div class=\"entry-content\" itemprop=\"text\">          <a href=\"https:\/\/extralibris.net\/sesisenai\/item\/regimento-escolar-sesi-e-unidades-integradas\/\"><img decoding=\"async\" src=\"https:\/\/extralibris.net\/sesisenai\/wp-content\/uploads\/sites\/2\/2025\/06\/regimentoescolar.jpg\" style=\"width:80%;\" \/><\/a>          <a href=\"https:\/\/extralibris.net\/sesisenai\/item\/regimento-escolar-sesi-e-unidades-integradas\/\" rel=\"bookmark\" style=\"display:none;\"><span>Regimento Escolar SESI e Unidades Integradas<\/span>          <\/a>      <\/div><\/article><article class=\"2365 books type-books status-publish has-post-thumbnail book-series-artes entry genesis-author-pro-book\" itemscope=\"\" itemtype=\"https:\/\/schema.org\/CreativeWork\">      <div class=\"entry-content\" itemprop=\"text\">          <a href=\"https:\/\/extralibris.net\/sesisenai\/item\/matriz-de-avaliacao-de-linguagens\/\"><img decoding=\"async\" src=\"https:\/\/extralibris.net\/sesisenai\/wp-content\/uploads\/sites\/2\/2025\/06\/areadoconhecimentolinguagens.jpg\" style=\"width:80%;\" \/><\/a>          <a href=\"https:\/\/extralibris.net\/sesisenai\/item\/matriz-de-avaliacao-de-linguagens\/\" rel=\"bookmark\" style=\"display:none;\"><span>Matriz de Avalia\u00e7\u00e3o de Linguagens<\/span>          <\/a>      <\/div><\/article><article class=\"2308 books type-books status-publish has-post-thumbnail book-series-artes entry genesis-author-pro-book\" itemscope=\"\" itemtype=\"https:\/\/schema.org\/CreativeWork\">      <div class=\"entry-content\" itemprop=\"text\">          <a href=\"https:\/\/extralibris.net\/sesisenai\/item\/nucleos-de-formacao-docente-e-mentoria\/\"><img decoding=\"async\" src=\"https:\/\/extralibris.net\/sesisenai\/wp-content\/uploads\/sites\/2\/2025\/06\/nucleosdeformacaodocenteementoria.jpg\" style=\"width:80%;\" \/><\/a>          <a href=\"https:\/\/extralibris.net\/sesisenai\/item\/nucleos-de-formacao-docente-e-mentoria\/\" rel=\"bookmark\" style=\"display:none;\"><span>N\u00facleos de Forma\u00e7\u00e3o Docente e Mentoria<\/span>          <\/a>      <\/div><\/article><article class=\"2322 books type-books status-publish has-post-thumbnail book-series-artes entry genesis-author-pro-book\" itemscope=\"\" itemtype=\"https:\/\/schema.org\/CreativeWork\">      <div class=\"entry-content\" itemprop=\"text\">          <a href=\"https:\/\/extralibris.net\/sesisenai\/item\/guia-de-implementacao-modulo-de-aprendizagem-personalizada\/\"><img decoding=\"async\" src=\"https:\/\/extralibris.net\/sesisenai\/wp-content\/uploads\/sites\/2\/2025\/06\/guiadeimplementacaomodulodeaprendizagempersonalizada.jpg\" style=\"width:80%;\" \/><\/a>          <a href=\"https:\/\/extralibris.net\/sesisenai\/item\/guia-de-implementacao-modulo-de-aprendizagem-personalizada\/\" rel=\"bookmark\" style=\"display:none;\"><span>Guia de Implementac\u0327a\u0303o Mo\u0301dulo de Aprendizagem Personalizada<\/span>          <\/a>      <\/div><\/article><\/div><\/div>\n\n\n\n<div style=\"height:25px\" aria-hidden=\"true\" class=\"wp-block-spacer\"><\/div>\n\n\n\n<h3 class=\"wp-block-heading has-text-align-center\"><strong>CURADORIA DOCUMENTAL<\/strong><\/h3>\n\n\n\n<h3 class=\"wp-block-heading has-text-align-center\"><strong>SENAI<\/strong><\/h3>\n\n\n\n<div style=\"height:25px\" aria-hidden=\"true\" class=\"wp-block-spacer\"><\/div>\n\n\n\n<p class=\"wp-block-paragraph\"><div class=\"collections\"><div class=\"collection\"><article class=\"2345 books type-books status-publish has-post-thumbnail book-series-artes entry genesis-author-pro-book\" itemscope=\"\" itemtype=\"https:\/\/schema.org\/CreativeWork\">      <div class=\"entry-content\" itemprop=\"text\">          <a href=\"https:\/\/extralibris.net\/sesisenai\/item\/manual-de-operacionalizacao-do-mundo-senai-2025\/\"><img decoding=\"async\" src=\"https:\/\/extralibris.net\/sesisenai\/wp-content\/uploads\/sites\/2\/2025\/06\/manualmundosenai2025.jpg\" style=\"width:80%;\" \/><\/a>          <a href=\"https:\/\/extralibris.net\/sesisenai\/item\/manual-de-operacionalizacao-do-mundo-senai-2025\/\" rel=\"bookmark\" style=\"display:none;\"><span>Manual de Operacionalizac\u0327a\u0303o do Mundo SENAI 2025<\/span>          <\/a>      <\/div><\/article><article class=\"2343 books type-books status-publish has-post-thumbnail book-series-artes entry genesis-author-pro-book\" itemscope=\"\" itemtype=\"https:\/\/schema.org\/CreativeWork\">      <div class=\"entry-content\" itemprop=\"text\">          <a href=\"https:\/\/extralibris.net\/sesisenai\/item\/manual-de-aprendizagem-profissional\/\"><img decoding=\"async\" src=\"https:\/\/extralibris.net\/sesisenai\/wp-content\/uploads\/sites\/2\/2025\/06\/manualaprendizagemprofissional.jpg\" style=\"width:80%;\" \/><\/a>          <a href=\"https:\/\/extralibris.net\/sesisenai\/item\/manual-de-aprendizagem-profissional\/\" rel=\"bookmark\" style=\"display:none;\"><span>Manual de Aprendizagem Profissional<\/span>          <\/a>      <\/div><\/article><article class=\"2341 books type-books status-publish has-post-thumbnail book-series-artes entry genesis-author-pro-book\" itemscope=\"\" itemtype=\"https:\/\/schema.org\/CreativeWork\">      <div class=\"entry-content\" itemprop=\"text\">          <a href=\"https:\/\/extralibris.net\/sesisenai\/item\/guia-msep-do-ensino-superior\/\"><img decoding=\"async\" src=\"https:\/\/extralibris.net\/sesisenai\/wp-content\/uploads\/sites\/2\/2025\/06\/guiadeoperacionalizacaoensinosuperior.jpg\" style=\"width:80%;\" \/><\/a>          <a href=\"https:\/\/extralibris.net\/sesisenai\/item\/guia-msep-do-ensino-superior\/\" rel=\"bookmark\" style=\"display:none;\"><span>Guia MSEP do Ensino Superior<\/span>          <\/a>      <\/div><\/article><article class=\"2339 books type-books status-publish has-post-thumbnail book-series-artes entry genesis-author-pro-book\" itemscope=\"\" itemtype=\"https:\/\/schema.org\/CreativeWork\">      <div class=\"entry-content\" itemprop=\"text\">          <a href=\"https:\/\/extralibris.net\/sesisenai\/item\/guia-de-implementacao-do-inova-goias\/\"><img decoding=\"async\" src=\"https:\/\/extralibris.net\/sesisenai\/wp-content\/uploads\/sites\/2\/2025\/06\/guidadeimplementacaoinovagoias.jpg\" style=\"width:80%;\" \/><\/a>          <a href=\"https:\/\/extralibris.net\/sesisenai\/item\/guia-de-implementacao-do-inova-goias\/\" rel=\"bookmark\" style=\"display:none;\"><span>Guia de Implementac\u0327a\u0303o do Inova Goia\u0301s<\/span>          <\/a>      <\/div><\/article><article class=\"2336 books type-books status-publish has-post-thumbnail book-series-artes entry genesis-author-pro-book\" itemscope=\"\" itemtype=\"https:\/\/schema.org\/CreativeWork\">      <div class=\"entry-content\" itemprop=\"text\">          <a href=\"https:\/\/extralibris.net\/sesisenai\/item\/guia-da-implementacao-do-grand-prix-goias-2025\/\"><img decoding=\"async\" src=\"https:\/\/extralibris.net\/sesisenai\/wp-content\/uploads\/sites\/2\/2025\/06\/guiadeimplementacaograndprixgoias.jpg\" style=\"width:80%;\" \/><\/a>          <a href=\"https:\/\/extralibris.net\/sesisenai\/item\/guia-da-implementacao-do-grand-prix-goias-2025\/\" rel=\"bookmark\" style=\"display:none;\"><span>Guia da Implementac\u0327a\u0303o do Grand Prix Goia\u0301s 2025<\/span>          <\/a>      <\/div><\/article><\/div><\/div>\n\n\n\n<p class=\"wp-block-paragraph\"><div class=\"collections\"><div class=\"collection\"><article class=\"2373 books type-books status-publish has-post-thumbnail book-series-artes entry genesis-author-pro-book\" itemscope=\"\" itemtype=\"https:\/\/schema.org\/CreativeWork\">      <div class=\"entry-content\" itemprop=\"text\">          <a href=\"https:\/\/extralibris.net\/sesisenai\/item\/regulamento-worldskills-brasil-seletiva-nacional-2025\/\"><img decoding=\"async\" src=\"https:\/\/extralibris.net\/sesisenai\/wp-content\/uploads\/sites\/2\/2025\/06\/worldskills.jpg\" style=\"width:80%;\" \/><\/a>          <a href=\"https:\/\/extralibris.net\/sesisenai\/item\/regulamento-worldskills-brasil-seletiva-nacional-2025\/\" rel=\"bookmark\" style=\"display:none;\"><span>Regulamento WorldSkills Brasil &#8211; Seletiva Nacional 2025<\/span>          <\/a>      <\/div><\/article><article class=\"2371 books type-books status-publish has-post-thumbnail book-series-artes entry genesis-author-pro-book\" itemscope=\"\" itemtype=\"https:\/\/schema.org\/CreativeWork\">      <div class=\"entry-content\" itemprop=\"text\">          <a href=\"https:\/\/extralibris.net\/sesisenai\/item\/programa-senai-de-acoes-inclusivas\/\"><img decoding=\"async\" src=\"https:\/\/extralibris.net\/sesisenai\/wp-content\/uploads\/sites\/2\/2025\/06\/psai.jpg\" style=\"width:80%;\" \/><\/a>          <a href=\"https:\/\/extralibris.net\/sesisenai\/item\/programa-senai-de-acoes-inclusivas\/\" rel=\"bookmark\" style=\"display:none;\"><span>Programa SENAI de A\u00e7\u00f5es Inclusivas<\/span>          <\/a>      <\/div><\/article><article class=\"2369 books type-books status-publish has-post-thumbnail book-series-artes entry genesis-author-pro-book\" itemscope=\"\" itemtype=\"https:\/\/schema.org\/CreativeWork\">      <div class=\"entry-content\" itemprop=\"text\">          <a href=\"https:\/\/extralibris.net\/sesisenai\/item\/programa-brasil-mais-produtivo-manual-de-operacao-senai-educacao-profissional-2024-2027\/\"><img decoding=\"async\" src=\"https:\/\/extralibris.net\/sesisenai\/wp-content\/uploads\/sites\/2\/2025\/06\/brasilmaisprodutivo.jpg\" style=\"width:80%;\" \/><\/a>          <a href=\"https:\/\/extralibris.net\/sesisenai\/item\/programa-brasil-mais-produtivo-manual-de-operacao-senai-educacao-profissional-2024-2027\/\" rel=\"bookmark\" style=\"display:none;\"><span>Programa Brasil Mais Produtivo &#8211; Manual de Opera\u00e7\u00e3o SENAI Educa\u00e7\u00e3o Profissional 2024-2027<\/span>          <\/a>      <\/div><\/article><article class=\"2367 books type-books status-publish has-post-thumbnail book-series-artes entry genesis-author-pro-book\" itemscope=\"\" itemtype=\"https:\/\/schema.org\/CreativeWork\">      <div class=\"entry-content\" itemprop=\"text\">          <a href=\"https:\/\/extralibris.net\/sesisenai\/item\/politicas-da-educacao-a-distancia-para-o-ensino-superior-senai-go\/\"><img decoding=\"async\" src=\"https:\/\/extralibris.net\/sesisenai\/wp-content\/uploads\/sites\/2\/2025\/06\/politicasdaeducacaoadistancia.jpg\" style=\"width:80%;\" \/><\/a>          <a href=\"https:\/\/extralibris.net\/sesisenai\/item\/politicas-da-educacao-a-distancia-para-o-ensino-superior-senai-go\/\" rel=\"bookmark\" style=\"display:none;\"><span>Pol\u00edticas da Educa\u00e7\u00e3o a Dist\u00e2ncia para o Ensino Superior SENAI GO<\/span>          <\/a>      <\/div><\/article><article class=\"2362 books type-books status-publish has-post-thumbnail book-series-artes entry genesis-author-pro-book\" itemscope=\"\" itemtype=\"https:\/\/schema.org\/CreativeWork\">      <div class=\"entry-content\" itemprop=\"text\">          <a href=\"https:\/\/extralibris.net\/sesisenai\/item\/plano-nacional-de-capacitacao-para-a-construcao-civil\/\"><img decoding=\"async\" src=\"https:\/\/extralibris.net\/sesisenai\/wp-content\/uploads\/sites\/2\/2025\/06\/capacitacaoparaconstrucaocivil.jpg\" style=\"width:80%;\" \/><\/a>          <a href=\"https:\/\/extralibris.net\/sesisenai\/item\/plano-nacional-de-capacitacao-para-a-construcao-civil\/\" rel=\"bookmark\" style=\"display:none;\"><span>Plano Nacional de Capacita\u00e7\u00e3o para a Constru\u00e7\u00e3o Civil<\/span>          <\/a>      <\/div><\/article><\/div><\/div>\n\n\n\n<p class=\"wp-block-paragraph\"><div class=\"collections\"><div class=\"collection\"><article class=\"2379 books type-books status-publish has-post-thumbnail book-series-artes entry genesis-author-pro-book\" itemscope=\"\" itemtype=\"https:\/\/schema.org\/CreativeWork\">      <div class=\"entry-content\" itemprop=\"text\">          <a href=\"https:\/\/extralibris.net\/sesisenai\/item\/sistema-de-avaliacao-da-educacao-profissional-sumario-executivo-2024\/\"><img decoding=\"async\" src=\"https:\/\/extralibris.net\/sesisenai\/wp-content\/uploads\/sites\/2\/2025\/06\/sumarioexecutivosaep-1.jpg\" style=\"width:80%;\" \/><\/a>          <a href=\"https:\/\/extralibris.net\/sesisenai\/item\/sistema-de-avaliacao-da-educacao-profissional-sumario-executivo-2024\/\" rel=\"bookmark\" style=\"display:none;\"><span>Sistema de Avalia\u00e7\u00e3o da Educa\u00e7\u00e3o Profissional &#8211; Sum\u00e1rio Executivo 2024<\/span>          <\/a>      <\/div><\/article><article class=\"2511 books type-books status-publish has-post-thumbnail book-series-artes entry genesis-author-pro-book\" itemscope=\"\" itemtype=\"https:\/\/schema.org\/CreativeWork\">      <div class=\"entry-content\" itemprop=\"text\">          <a href=\"https:\/\/extralibris.net\/sesisenai\/item\/metodologia-senai-de-educacao-profissional\/\"><img decoding=\"async\" src=\"https:\/\/extralibris.net\/sesisenai\/wp-content\/uploads\/sites\/2\/2025\/08\/metodologiasenaideeducacaoprofissional.jpg\" style=\"width:80%;\" \/><\/a>          <a href=\"https:\/\/extralibris.net\/sesisenai\/item\/metodologia-senai-de-educacao-profissional\/\" rel=\"bookmark\" style=\"display:none;\"><span>Metodologia SENAI de Educa\u00e7\u00e3o Profissional<\/span>          <\/a>      <\/div><\/article><article class=\"2375 books type-books status-publish has-post-thumbnail book-series-artes entry genesis-author-pro-book\" itemscope=\"\" itemtype=\"https:\/\/schema.org\/CreativeWork\">      <div class=\"entry-content\" itemprop=\"text\">          <a href=\"https:\/\/extralibris.net\/sesisenai\/item\/sistema-de-acompanhamento-de-egressos-do-senai-2022-2024\/\"><img decoding=\"async\" src=\"https:\/\/extralibris.net\/sesisenai\/wp-content\/uploads\/sites\/2\/2025\/06\/egressossenai.jpg\" style=\"width:80%;\" \/><\/a>          <a href=\"https:\/\/extralibris.net\/sesisenai\/item\/sistema-de-acompanhamento-de-egressos-do-senai-2022-2024\/\" rel=\"bookmark\" style=\"display:none;\"><span>Sistema de Acompanhamento de Egressos do SENAI 2022-2024<\/span>          <\/a>      <\/div><\/article><article class=\"2334 books type-books status-publish has-post-thumbnail book-series-artes entry genesis-author-pro-book\" itemscope=\"\" itemtype=\"https:\/\/schema.org\/CreativeWork\">      <div class=\"entry-content\" itemprop=\"text\">          <a href=\"https:\/\/extralibris.net\/sesisenai\/item\/guia-da-implementacao-dspi-goias-2025\/\"><img decoding=\"async\" src=\"https:\/\/extralibris.net\/sesisenai\/wp-content\/uploads\/sites\/2\/2025\/06\/guiadeimplementacaodspigoias.jpg\" style=\"width:80%;\" \/><\/a>          <a href=\"https:\/\/extralibris.net\/sesisenai\/item\/guia-da-implementacao-dspi-goias-2025\/\" rel=\"bookmark\" style=\"display:none;\"><span>Guia da Implementac\u0327a\u0303o DSPI Goia\u0301s 2025<\/span>          <\/a>      <\/div><\/article><article class=\"2358 books type-books status-publish has-post-thumbnail book-series-artes entry genesis-author-pro-book\" itemscope=\"\" itemtype=\"https:\/\/schema.org\/CreativeWork\">      <div class=\"entry-content\" itemprop=\"text\">          <a href=\"https:\/\/extralibris.net\/sesisenai\/item\/metodologia-de-pesquisa-de-acompanhamento-de-egressos\/\"><img decoding=\"async\" src=\"https:\/\/extralibris.net\/sesisenai\/wp-content\/uploads\/sites\/2\/2025\/06\/metodologiadapesquisadeegresso.jpg\" style=\"width:80%;\" \/><\/a>          <a href=\"https:\/\/extralibris.net\/sesisenai\/item\/metodologia-de-pesquisa-de-acompanhamento-de-egressos\/\" rel=\"bookmark\" style=\"display:none;\"><span>Metodologia de Pesquisa de Acompanhamento de Egressos<\/span>          <\/a>      <\/div><\/article><\/div><\/div>\n\n\n\n<p class=\"wp-block-paragraph\"><div class=\"collections\"><\/div>\n\n\n\n<p class=\"wp-block-paragraph\"><\/p>\n","protected":false},"excerpt":{"rendered":"<p>26 DE JUNHO DE 2025<\/p>\n","protected":false},"author":1,"featured_media":0,"parent":0,"menu_order":9,"comment_status":"closed","ping_status":"closed","template":"templates\/full-width.php","meta":{"_genesis_hide_title":false,"_genesis_hide_breadcrumbs":false,"_genesis_hide_singular_image":false,"_genesis_hide_footer_widgets":false,"_genesis_custom_body_class":"","_genesis_custom_post_class":"","_genesis_layout":"","footnotes":""},"class_list":["post-2417","page","type-page","status-publish","entry"],"yoast_head":"<!-- This site is optimized with the Yoast SEO plugin v28.3 - https:\/\/yoast.com\/product\/yoast-seo-wordpress\/ -->\n<title>REUNI\u00c3O CONSELHO REGIONAL SESI SENAI - SESI SENAI Goi\u00e1s<\/title>\n<meta name=\"robots\" content=\"index, follow, max-snippet:-1, max-image-preview:large, max-video-preview:-1\" \/>\n<link rel=\"canonical\" href=\"https:\/\/extralibris.net\/sesisenai\/reuniao-do-conselho-regional-sesi-senai-26-06-25\/\" \/>\n<meta property=\"og:locale\" content=\"pt_BR\" \/>\n<meta property=\"og:type\" content=\"article\" \/>\n<meta property=\"og:title\" content=\"REUNI\u00c3O CONSELHO REGIONAL SESI SENAI - SESI SENAI Goi\u00e1s\" \/>\n<meta property=\"og:description\" content=\"26 DE JUNHO DE 2025\" \/>\n<meta property=\"og:url\" content=\"https:\/\/extralibris.net\/sesisenai\/reuniao-do-conselho-regional-sesi-senai-26-06-25\/\" \/>\n<meta property=\"og:site_name\" content=\"SESI SENAI Goi\u00e1s\" \/>\n<meta property=\"article:modified_time\" content=\"2025-08-16T13:26:37+00:00\" \/>\n<meta name=\"twitter:card\" content=\"summary_large_image\" \/>\n<meta name=\"twitter:label1\" content=\"Est. tempo de leitura\" \/>\n\t<meta name=\"twitter:data1\" content=\"1 minuto\" \/>\n<script type=\"application\/ld+json\" class=\"yoast-schema-graph\">{\"@context\":\"https:\\\/\\\/schema.org\",\"@graph\":[{\"@type\":\"WebPage\",\"@id\":\"https:\\\/\\\/extralibris.net\\\/sesisenai\\\/reuniao-do-conselho-regional-sesi-senai-26-06-25\\\/\",\"url\":\"https:\\\/\\\/extralibris.net\\\/sesisenai\\\/reuniao-do-conselho-regional-sesi-senai-26-06-25\\\/\",\"name\":\"REUNI\u00c3O CONSELHO REGIONAL SESI SENAI - SESI SENAI Goi\u00e1s\",\"isPartOf\":{\"@id\":\"https:\\\/\\\/extralibris.net\\\/sesisenai\\\/#website\"},\"datePublished\":\"2025-06-26T14:06:18+00:00\",\"dateModified\":\"2025-08-16T13:26:37+00:00\",\"breadcrumb\":{\"@id\":\"https:\\\/\\\/extralibris.net\\\/sesisenai\\\/reuniao-do-conselho-regional-sesi-senai-26-06-25\\\/#breadcrumb\"},\"inLanguage\":\"pt-BR\",\"potentialAction\":[{\"@type\":\"ReadAction\",\"target\":[\"https:\\\/\\\/extralibris.net\\\/sesisenai\\\/reuniao-do-conselho-regional-sesi-senai-26-06-25\\\/\"]}]},{\"@type\":\"BreadcrumbList\",\"@id\":\"https:\\\/\\\/extralibris.net\\\/sesisenai\\\/reuniao-do-conselho-regional-sesi-senai-26-06-25\\\/#breadcrumb\",\"itemListElement\":[{\"@type\":\"ListItem\",\"position\":1,\"name\":\"In\u00edcio\",\"item\":\"https:\\\/\\\/extralibris.net\\\/sesisenai\\\/\"},{\"@type\":\"ListItem\",\"position\":2,\"name\":\"REUNI\u00c3O CONSELHO REGIONAL SESI SENAI\"}]},{\"@type\":\"WebSite\",\"@id\":\"https:\\\/\\\/extralibris.net\\\/sesisenai\\\/#website\",\"url\":\"https:\\\/\\\/extralibris.net\\\/sesisenai\\\/\",\"name\":\"SESI SENAI Goi\u00e1s\",\"description\":\"Curadoria Figital\",\"publisher\":{\"@id\":\"https:\\\/\\\/extralibris.net\\\/sesisenai\\\/#organization\"},\"potentialAction\":[{\"@type\":\"SearchAction\",\"target\":{\"@type\":\"EntryPoint\",\"urlTemplate\":\"https:\\\/\\\/extralibris.net\\\/sesisenai\\\/?s={search_term_string}\"},\"query-input\":{\"@type\":\"PropertyValueSpecification\",\"valueRequired\":true,\"valueName\":\"search_term_string\"}}],\"inLanguage\":\"pt-BR\"},{\"@type\":\"Organization\",\"@id\":\"https:\\\/\\\/extralibris.net\\\/sesisenai\\\/#organization\",\"name\":\"SESI SENAI Goi\u00e1s\",\"url\":\"https:\\\/\\\/extralibris.net\\\/sesisenai\\\/\",\"logo\":{\"@type\":\"ImageObject\",\"inLanguage\":\"pt-BR\",\"@id\":\"https:\\\/\\\/extralibris.net\\\/sesisenai\\\/#\\\/schema\\\/logo\\\/image\\\/\",\"url\":\"https:\\\/\\\/extralibris.net\\\/sesisenai\\\/wp-content\\\/uploads\\\/sites\\\/2\\\/2025\\\/05\\\/cropped-cropped-THUMB_SesiSenai_Colorida-1.jpg\",\"contentUrl\":\"https:\\\/\\\/extralibris.net\\\/sesisenai\\\/wp-content\\\/uploads\\\/sites\\\/2\\\/2025\\\/05\\\/cropped-cropped-THUMB_SesiSenai_Colorida-1.jpg\",\"width\":512,\"height\":256,\"caption\":\"SESI SENAI Goi\u00e1s\"},\"image\":{\"@id\":\"https:\\\/\\\/extralibris.net\\\/sesisenai\\\/#\\\/schema\\\/logo\\\/image\\\/\"}}]}<\/script>\n<!-- \/ Yoast SEO plugin. -->","yoast_head_json":{"title":"REUNI\u00c3O CONSELHO REGIONAL SESI SENAI - SESI SENAI Goi\u00e1s","robots":{"index":"index","follow":"follow","max-snippet":"max-snippet:-1","max-image-preview":"max-image-preview:large","max-video-preview":"max-video-preview:-1"},"canonical":"https:\/\/extralibris.net\/sesisenai\/reuniao-do-conselho-regional-sesi-senai-26-06-25\/","og_locale":"pt_BR","og_type":"article","og_title":"REUNI\u00c3O CONSELHO REGIONAL SESI SENAI - SESI SENAI Goi\u00e1s","og_description":"26 DE JUNHO DE 2025","og_url":"https:\/\/extralibris.net\/sesisenai\/reuniao-do-conselho-regional-sesi-senai-26-06-25\/","og_site_name":"SESI SENAI Goi\u00e1s","article_modified_time":"2025-08-16T13:26:37+00:00","twitter_card":"summary_large_image","twitter_misc":{"Est. tempo de leitura":"1 minuto"},"schema":{"@context":"https:\/\/schema.org","@graph":[{"@type":"WebPage","@id":"https:\/\/extralibris.net\/sesisenai\/reuniao-do-conselho-regional-sesi-senai-26-06-25\/","url":"https:\/\/extralibris.net\/sesisenai\/reuniao-do-conselho-regional-sesi-senai-26-06-25\/","name":"REUNI\u00c3O CONSELHO REGIONAL SESI SENAI - SESI SENAI Goi\u00e1s","isPartOf":{"@id":"https:\/\/extralibris.net\/sesisenai\/#website"},"datePublished":"2025-06-26T14:06:18+00:00","dateModified":"2025-08-16T13:26:37+00:00","breadcrumb":{"@id":"https:\/\/extralibris.net\/sesisenai\/reuniao-do-conselho-regional-sesi-senai-26-06-25\/#breadcrumb"},"inLanguage":"pt-BR","potentialAction":[{"@type":"ReadAction","target":["https:\/\/extralibris.net\/sesisenai\/reuniao-do-conselho-regional-sesi-senai-26-06-25\/"]}]},{"@type":"BreadcrumbList","@id":"https:\/\/extralibris.net\/sesisenai\/reuniao-do-conselho-regional-sesi-senai-26-06-25\/#breadcrumb","itemListElement":[{"@type":"ListItem","position":1,"name":"In\u00edcio","item":"https:\/\/extralibris.net\/sesisenai\/"},{"@type":"ListItem","position":2,"name":"REUNI\u00c3O CONSELHO REGIONAL SESI SENAI"}]},{"@type":"WebSite","@id":"https:\/\/extralibris.net\/sesisenai\/#website","url":"https:\/\/extralibris.net\/sesisenai\/","name":"SESI SENAI Goi\u00e1s","description":"Curadoria Figital","publisher":{"@id":"https:\/\/extralibris.net\/sesisenai\/#organization"},"potentialAction":[{"@type":"SearchAction","target":{"@type":"EntryPoint","urlTemplate":"https:\/\/extralibris.net\/sesisenai\/?s={search_term_string}"},"query-input":{"@type":"PropertyValueSpecification","valueRequired":true,"valueName":"search_term_string"}}],"inLanguage":"pt-BR"},{"@type":"Organization","@id":"https:\/\/extralibris.net\/sesisenai\/#organization","name":"SESI SENAI Goi\u00e1s","url":"https:\/\/extralibris.net\/sesisenai\/","logo":{"@type":"ImageObject","inLanguage":"pt-BR","@id":"https:\/\/extralibris.net\/sesisenai\/#\/schema\/logo\/image\/","url":"https:\/\/extralibris.net\/sesisenai\/wp-content\/uploads\/sites\/2\/2025\/05\/cropped-cropped-THUMB_SesiSenai_Colorida-1.jpg","contentUrl":"https:\/\/extralibris.net\/sesisenai\/wp-content\/uploads\/sites\/2\/2025\/05\/cropped-cropped-THUMB_SesiSenai_Colorida-1.jpg","width":512,"height":256,"caption":"SESI SENAI Goi\u00e1s"},"image":{"@id":"https:\/\/extralibris.net\/sesisenai\/#\/schema\/logo\/image\/"}}]}},"featured_image_src":null,"featured_image_src_square":null,"_links":{"self":[{"href":"https:\/\/extralibris.net\/sesisenai\/wp-json\/wp\/v2\/pages\/2417","targetHints":{"allow":["GET"]}}],"collection":[{"href":"https:\/\/extralibris.net\/sesisenai\/wp-json\/wp\/v2\/pages"}],"about":[{"href":"https:\/\/extralibris.net\/sesisenai\/wp-json\/wp\/v2\/types\/page"}],"author":[{"embeddable":true,"href":"https:\/\/extralibris.net\/sesisenai\/wp-json\/wp\/v2\/users\/1"}],"replies":[{"embeddable":true,"href":"https:\/\/extralibris.net\/sesisenai\/wp-json\/wp\/v2\/comments?post=2417"}],"version-history":[{"count":8,"href":"https:\/\/extralibris.net\/sesisenai\/wp-json\/wp\/v2\/pages\/2417\/revisions"}],"predecessor-version":[{"id":2544,"href":"https:\/\/extralibris.net\/sesisenai\/wp-json\/wp\/v2\/pages\/2417\/revisions\/2544"}],"wp:attachment":[{"href":"https:\/\/extralibris.net\/sesisenai\/wp-json\/wp\/v2\/media?parent=2417"}],"curies":[{"name":"wp","href":"https:\/\/api.w.org\/{rel}","templated":true}]}}