{"id":2184,"date":"2025-04-26T18:38:16","date_gmt":"2025-04-26T21:38:16","guid":{"rendered":"https:\/\/sesisenai.inf.br\/?page_id=2184"},"modified":"2025-08-18T13:38:55","modified_gmt":"2025-08-18T16:38:55","slug":"clubes-dos-livros","status":"publish","type":"page","link":"https:\/\/extralibris.net\/sesisenai\/clubes-dos-livros\/","title":{"rendered":"CLUBES DOS LIVROS"},"content":{"rendered":"\n<h1 class=\"wp-block-heading has-text-align-center\"><strong>CLUBES DOS LIVROS<\/strong><\/h1>\n\n\n\n<h4 class=\"wp-block-heading has-text-align-center\"><strong>Painel dos Clubes dos Livros das turmas SESI SENAI lendo t\u00edtulos selecionados da Biblioteca Digital do portal SESI Educa\u00e7\u00e3o. Participe <a href=\"https:\/\/forms.gle\/ARp5BgkdTu9XVGPC7\">neste link<\/a> enviando conte\u00fados para p\u00e1gina do seu clube.<\/strong><\/h4>\n\n\n\n<h2 class=\"wp-block-heading has-text-align-center\"><strong>ENSINO FUNDAMENTAL<\/strong><\/h2>\n\n\n\n<h3 class=\"wp-block-heading has-text-align-center\"><strong>6\u00ba ano (livros indicados)<\/strong><\/h3>\n\n\n\n<p class=\"wp-block-paragraph\"><div class=\"collections\"><div class=\"collection\"><article class=\"1708 books type-books status-publish has-post-thumbnail book-series-artes entry genesis-author-pro-book\" itemscope=\"\" itemtype=\"https:\/\/schema.org\/CreativeWork\">      <div class=\"entry-content\" itemprop=\"text\">          <a href=\"https:\/\/extralibris.net\/sesisenai\/item\/ahmed-e-as-maquinas-esquecidas\/\"><img decoding=\"async\" src=\"https:\/\/extralibris.net\/sesisenai\/wp-content\/uploads\/sites\/2\/2024\/08\/ahmedeasmaquinasesquecidas.webp\" style=\"width:80%;\" \/><\/a>          <a href=\"https:\/\/extralibris.net\/sesisenai\/item\/ahmed-e-as-maquinas-esquecidas\/\" rel=\"bookmark\" style=\"display:none;\"><span>Ahmed e as m\u00e1quinas esquecidas<\/span>          <\/a>      <\/div><\/article><article class=\"1713 books type-books status-publish has-post-thumbnail book-series-artes entry genesis-author-pro-book\" itemscope=\"\" itemtype=\"https:\/\/schema.org\/CreativeWork\">      <div class=\"entry-content\" itemprop=\"text\">          <a href=\"https:\/\/extralibris.net\/sesisenai\/item\/disseram-ser-sorte\/\"><img decoding=\"async\" src=\"https:\/\/extralibris.net\/sesisenai\/wp-content\/uploads\/sites\/2\/2024\/08\/disseramsersorte.webp\" style=\"width:80%;\" \/><\/a>          <a href=\"https:\/\/extralibris.net\/sesisenai\/item\/disseram-ser-sorte\/\" rel=\"bookmark\" style=\"display:none;\"><span>Disseram ser sorte<\/span>          <\/a>      <\/div><\/article><article class=\"1717 books type-books status-publish has-post-thumbnail book-series-artes entry genesis-author-pro-book\" itemscope=\"\" itemtype=\"https:\/\/schema.org\/CreativeWork\">      <div class=\"entry-content\" itemprop=\"text\">          <a href=\"https:\/\/extralibris.net\/sesisenai\/item\/entre-deuses-e-monstros\/\"><img decoding=\"async\" src=\"https:\/\/extralibris.net\/sesisenai\/wp-content\/uploads\/sites\/2\/2024\/08\/entredesusesemonstros.webp\" style=\"width:80%;\" \/><\/a>          <a href=\"https:\/\/extralibris.net\/sesisenai\/item\/entre-deuses-e-monstros\/\" rel=\"bookmark\" style=\"display:none;\"><span>Entre deuses e monstros<\/span>          <\/a>      <\/div><\/article><article class=\"1727 books type-books status-publish has-post-thumbnail book-series-artes entry genesis-author-pro-book\" itemscope=\"\" itemtype=\"https:\/\/schema.org\/CreativeWork\">      <div class=\"entry-content\" itemprop=\"text\">          <a href=\"https:\/\/extralibris.net\/sesisenai\/item\/o-caso-dos-caes-irados\/\"><img decoding=\"async\" src=\"https:\/\/extralibris.net\/sesisenai\/wp-content\/uploads\/sites\/2\/2024\/08\/ocasodoscaesirados.webp\" style=\"width:80%;\" \/><\/a>          <a href=\"https:\/\/extralibris.net\/sesisenai\/item\/o-caso-dos-caes-irados\/\" rel=\"bookmark\" style=\"display:none;\"><span>O caso dos c\u00e3es irados<\/span>          <\/a>      <\/div><\/article><article class=\"1729 books type-books status-publish has-post-thumbnail book-series-artes entry genesis-author-pro-book\" itemscope=\"\" itemtype=\"https:\/\/schema.org\/CreativeWork\">      <div class=\"entry-content\" itemprop=\"text\">          <a href=\"https:\/\/extralibris.net\/sesisenai\/item\/o-livro-dentro-da-concha\/\"><img decoding=\"async\" src=\"https:\/\/extralibris.net\/sesisenai\/wp-content\/uploads\/sites\/2\/2024\/08\/olivrodentrodaconcha.webp\" style=\"width:80%;\" \/><\/a>          <a href=\"https:\/\/extralibris.net\/sesisenai\/item\/o-livro-dentro-da-concha\/\" rel=\"bookmark\" style=\"display:none;\"><span>O livro dentro da concha<\/span>          <\/a>      <\/div><\/article><article class=\"1721 books type-books status-publish has-post-thumbnail book-series-artes entry genesis-author-pro-book\" itemscope=\"\" itemtype=\"https:\/\/schema.org\/CreativeWork\">      <div class=\"entry-content\" itemprop=\"text\">          <a href=\"https:\/\/extralibris.net\/sesisenai\/item\/historias-para-ler-sem-pressa\/\"><img decoding=\"async\" src=\"https:\/\/extralibris.net\/sesisenai\/wp-content\/uploads\/sites\/2\/2024\/08\/historiasparalersempressa.webp\" style=\"width:80%;\" \/><\/a>          <a href=\"https:\/\/extralibris.net\/sesisenai\/item\/historias-para-ler-sem-pressa\/\" rel=\"bookmark\" style=\"display:none;\"><span>Hist\u00f3rias para ler sem pressa<\/span>          <\/a>      <\/div><\/article><article class=\"1711 books type-books status-publish has-post-thumbnail book-series-artes entry genesis-author-pro-book\" itemscope=\"\" itemtype=\"https:\/\/schema.org\/CreativeWork\">      <div class=\"entry-content\" itemprop=\"text\">          <a href=\"https:\/\/extralibris.net\/sesisenai\/item\/as-viagens-de-simba-jasiri\/\"><img decoding=\"async\" src=\"https:\/\/extralibris.net\/sesisenai\/wp-content\/uploads\/sites\/2\/2024\/08\/asviagensdesimbajasiri.webp\" style=\"width:80%;\" \/><\/a>          <a href=\"https:\/\/extralibris.net\/sesisenai\/item\/as-viagens-de-simba-jasiri\/\" rel=\"bookmark\" style=\"display:none;\"><span>As viagens de Simba Jasiri<\/span>          <\/a>      <\/div><\/article><article class=\"1715 books type-books status-publish has-post-thumbnail book-series-artes entry genesis-author-pro-book\" itemscope=\"\" itemtype=\"https:\/\/schema.org\/CreativeWork\">      <div class=\"entry-content\" itemprop=\"text\">          <a href=\"https:\/\/extralibris.net\/sesisenai\/item\/djarama-2\/\"><img decoding=\"async\" src=\"https:\/\/extralibris.net\/sesisenai\/wp-content\/uploads\/sites\/2\/2024\/08\/djarama.webp\" style=\"width:80%;\" \/><\/a>          <a href=\"https:\/\/extralibris.net\/sesisenai\/item\/djarama-2\/\" rel=\"bookmark\" style=\"display:none;\"><span>Djarama: Obrigado<\/span>          <\/a>      <\/div><\/article><article class=\"1719 books type-books status-publish has-post-thumbnail book-series-artes entry genesis-author-pro-book\" itemscope=\"\" itemtype=\"https:\/\/schema.org\/CreativeWork\">      <div class=\"entry-content\" itemprop=\"text\">          <a href=\"https:\/\/extralibris.net\/sesisenai\/item\/flores-falastronas\/\"><img decoding=\"async\" src=\"https:\/\/extralibris.net\/sesisenai\/wp-content\/uploads\/sites\/2\/2024\/08\/floresfalastronas.webp\" style=\"width:80%;\" \/><\/a>          <a href=\"https:\/\/extralibris.net\/sesisenai\/item\/flores-falastronas\/\" rel=\"bookmark\" style=\"display:none;\"><span>Flores Falastronas<\/span>          <\/a>      <\/div><\/article><article class=\"1723 books type-books status-publish has-post-thumbnail book-series-artes entry genesis-author-pro-book\" itemscope=\"\" itemtype=\"https:\/\/schema.org\/CreativeWork\">      <div class=\"entry-content\" itemprop=\"text\">          <a href=\"https:\/\/extralibris.net\/sesisenai\/item\/nando-vo-joao-e-as-historias-de-pescador\/\"><img decoding=\"async\" src=\"https:\/\/extralibris.net\/sesisenai\/wp-content\/uploads\/sites\/2\/2024\/08\/nandovoeashistoriasdepescador.webp\" style=\"width:80%;\" \/><\/a>          <a href=\"https:\/\/extralibris.net\/sesisenai\/item\/nando-vo-joao-e-as-historias-de-pescador\/\" rel=\"bookmark\" style=\"display:none;\"><span>Nando, v\u00f4 Jo\u00e3o e as hist\u00f3rias de pescador<\/span>          <\/a>      <\/div><\/article><article class=\"1725 books type-books status-publish has-post-thumbnail book-series-artes entry genesis-author-pro-book\" itemscope=\"\" itemtype=\"https:\/\/schema.org\/CreativeWork\">      <div class=\"entry-content\" itemprop=\"text\">          <a href=\"https:\/\/extralibris.net\/sesisenai\/item\/ninguem-aprende-samba-no-colegio\/\"><img decoding=\"async\" src=\"https:\/\/extralibris.net\/sesisenai\/wp-content\/uploads\/sites\/2\/2024\/08\/ninguemaprendesambanocolegio.webp\" style=\"width:80%;\" \/><\/a>          <a href=\"https:\/\/extralibris.net\/sesisenai\/item\/ninguem-aprende-samba-no-colegio\/\" rel=\"bookmark\" style=\"display:none;\"><span>Ningu\u00e9m aprende samba no col\u00e9gio<\/span>          <\/a>      <\/div><\/article><article class=\"1731 books type-books status-publish has-post-thumbnail book-series-artes entry genesis-author-pro-book\" itemscope=\"\" itemtype=\"https:\/\/schema.org\/CreativeWork\">      <div class=\"entry-content\" itemprop=\"text\">          <a href=\"https:\/\/extralibris.net\/sesisenai\/item\/os-doze-trabalhos-de-hercules\/\"><img decoding=\"async\" src=\"https:\/\/extralibris.net\/sesisenai\/wp-content\/uploads\/sites\/2\/2024\/08\/osdozetrabalhosdehercules.webp\" style=\"width:80%;\" \/><\/a>          <a href=\"https:\/\/extralibris.net\/sesisenai\/item\/os-doze-trabalhos-de-hercules\/\" rel=\"bookmark\" style=\"display:none;\"><span>Monteiro Lobato em Quadrinhos &#8211; Os doze trabalhos de H\u00e9rcules<\/span>          <\/a>      <\/div><\/article><\/div><\/div>\n\n\n\n<h3 class=\"wp-block-heading has-text-align-center\"><strong>6\u00ba ano (clubes formados)<\/strong><\/h3>\n\n\n\n<p class=\"wp-block-paragraph\"><div class=\"collections\"><div class=\"collection\"><article class=\"1916 books type-books status-publish has-post-thumbnail book-series-artes entry genesis-author-pro-book\" itemscope=\"\" itemtype=\"https:\/\/schema.org\/CreativeWork\">      <div class=\"entry-content\" itemprop=\"text\">          <a href=\"https:\/\/extralibris.net\/sesisenai\/item\/leitoras-anormais\/\"><img decoding=\"async\" src=\"https:\/\/extralibris.net\/sesisenai\/wp-content\/uploads\/sites\/2\/2024\/09\/LeiturasAnormais.jpg\" style=\"width:80%;\" \/><\/a>          <a href=\"https:\/\/extralibris.net\/sesisenai\/item\/leitoras-anormais\/\" rel=\"bookmark\" style=\"display:none;\"><span>Leitoras anormais<\/span>          <\/a>      <\/div><\/article><article class=\"1947 books type-books status-publish has-post-thumbnail book-series-artes entry genesis-author-pro-book\" itemscope=\"\" itemtype=\"https:\/\/schema.org\/CreativeWork\">      <div class=\"entry-content\" itemprop=\"text\">          <a href=\"https:\/\/extralibris.net\/sesisenai\/item\/exploradores-do-infinito\/\"><img decoding=\"async\" src=\"https:\/\/extralibris.net\/sesisenai\/wp-content\/uploads\/sites\/2\/2024\/09\/exploradoresinfinito.png\" style=\"width:80%;\" \/><\/a>          <a href=\"https:\/\/extralibris.net\/sesisenai\/item\/exploradores-do-infinito\/\" rel=\"bookmark\" style=\"display:none;\"><span>Exploradores do Infinito<\/span>          <\/a>      <\/div><\/article><article class=\"1945 books type-books status-publish has-post-thumbnail book-series-artes entry genesis-author-pro-book\" itemscope=\"\" itemtype=\"https:\/\/schema.org\/CreativeWork\">      <div class=\"entry-content\" itemprop=\"text\">          <a href=\"https:\/\/extralibris.net\/sesisenai\/item\/grupo-das-aguias\/\"><img decoding=\"async\" src=\"https:\/\/extralibris.net\/sesisenai\/wp-content\/uploads\/sites\/2\/2024\/09\/GrupodasAguias.jpeg\" style=\"width:80%;\" \/><\/a>          <a href=\"https:\/\/extralibris.net\/sesisenai\/item\/grupo-das-aguias\/\" rel=\"bookmark\" style=\"display:none;\"><span>Grupo das \u00c1guias<\/span>          <\/a>      <\/div><\/article><article class=\"1943 books type-books status-publish has-post-thumbnail book-series-artes entry genesis-author-pro-book\" itemscope=\"\" itemtype=\"https:\/\/schema.org\/CreativeWork\">      <div class=\"entry-content\" itemprop=\"text\">          <a href=\"https:\/\/extralibris.net\/sesisenai\/item\/leitores-do-passado\/\"><img decoding=\"async\" src=\"https:\/\/extralibris.net\/sesisenai\/wp-content\/uploads\/sites\/2\/2024\/09\/LeitoresdoPassado.png\" style=\"width:80%;\" \/><\/a>          <a href=\"https:\/\/extralibris.net\/sesisenai\/item\/leitores-do-passado\/\" rel=\"bookmark\" style=\"display:none;\"><span>Leitores do Passado<\/span>          <\/a>      <\/div><\/article><article class=\"1938 books type-books status-publish has-post-thumbnail book-series-artes entry genesis-author-pro-book\" itemscope=\"\" itemtype=\"https:\/\/schema.org\/CreativeWork\">      <div class=\"entry-content\" itemprop=\"text\">          <a href=\"https:\/\/extralibris.net\/sesisenai\/item\/dragoes-negros\/\"><img decoding=\"async\" src=\"https:\/\/extralibris.net\/sesisenai\/wp-content\/uploads\/sites\/2\/2024\/09\/DragoesNegros.png\" style=\"width:80%;\" \/><\/a>          <a href=\"https:\/\/extralibris.net\/sesisenai\/item\/dragoes-negros\/\" rel=\"bookmark\" style=\"display:none;\"><span>Drag\u00f5es Negros<\/span>          <\/a>      <\/div><\/article><article class=\"1924 books type-books status-publish has-post-thumbnail book-series-artes entry genesis-author-pro-book\" itemscope=\"\" itemtype=\"https:\/\/schema.org\/CreativeWork\">      <div class=\"entry-content\" itemprop=\"text\">          <a href=\"https:\/\/extralibris.net\/sesisenai\/item\/seres-vivos-em-foco\/\"><img decoding=\"async\" src=\"https:\/\/extralibris.net\/sesisenai\/wp-content\/uploads\/sites\/2\/2024\/09\/SeresVivosemFoco.jpg\" style=\"width:80%;\" \/><\/a>          <a href=\"https:\/\/extralibris.net\/sesisenai\/item\/seres-vivos-em-foco\/\" rel=\"bookmark\" style=\"display:none;\"><span>Seres Vivos em Foco<\/span>          <\/a>      <\/div><\/article><article class=\"1921 books type-books status-publish has-post-thumbnail book-series-artes entry genesis-author-pro-book\" itemscope=\"\" itemtype=\"https:\/\/schema.org\/CreativeWork\">      <div class=\"entry-content\" itemprop=\"text\">          <a href=\"https:\/\/extralibris.net\/sesisenai\/item\/book-hunters\/\"><img decoding=\"async\" src=\"https:\/\/extralibris.net\/sesisenai\/wp-content\/uploads\/sites\/2\/2024\/09\/BookHunters.jpg\" style=\"width:80%;\" \/><\/a>          <a href=\"https:\/\/extralibris.net\/sesisenai\/item\/book-hunters\/\" rel=\"bookmark\" style=\"display:none;\"><span>Book Hunters<\/span>          <\/a>      <\/div><\/article><article class=\"1951 books type-books status-publish has-post-thumbnail book-series-artes entry genesis-author-pro-book\" itemscope=\"\" itemtype=\"https:\/\/schema.org\/CreativeWork\">      <div class=\"entry-content\" itemprop=\"text\">          <a href=\"https:\/\/extralibris.net\/sesisenai\/item\/tropa-de-elite\/\"><img decoding=\"async\" src=\"https:\/\/extralibris.net\/sesisenai\/wp-content\/uploads\/sites\/2\/2024\/09\/clubetropadeelite.png\" style=\"width:80%;\" \/><\/a>          <a href=\"https:\/\/extralibris.net\/sesisenai\/item\/tropa-de-elite\/\" rel=\"bookmark\" style=\"display:none;\"><span>Tropa de Elite<\/span>          <\/a>      <\/div><\/article><article class=\"1970 books type-books status-publish has-post-thumbnail book-series-artes entry genesis-author-pro-book\" itemscope=\"\" itemtype=\"https:\/\/schema.org\/CreativeWork\">      <div class=\"entry-content\" itemprop=\"text\">          <a href=\"https:\/\/extralibris.net\/sesisenai\/item\/iradas\/\"><img decoding=\"async\" src=\"https:\/\/extralibris.net\/sesisenai\/wp-content\/uploads\/sites\/2\/2024\/09\/posterpadraoclubedolivro02.png\" style=\"width:80%;\" \/><\/a>          <a href=\"https:\/\/extralibris.net\/sesisenai\/item\/iradas\/\" rel=\"bookmark\" style=\"display:none;\"><span>Iradas<\/span>          <\/a>      <\/div><\/article><\/div><\/div>\n\n\n\n<h3 class=\"wp-block-heading has-text-align-center\"><strong>7\u00ba ano (livros indicados)<\/strong><\/h3>\n\n\n\n<p class=\"wp-block-paragraph\"><div class=\"collections\"><div class=\"collection\"><article class=\"1755 books type-books status-publish has-post-thumbnail book-series-artes entry genesis-author-pro-book\" itemscope=\"\" itemtype=\"https:\/\/schema.org\/CreativeWork\">      <div class=\"entry-content\" itemprop=\"text\">          <a href=\"https:\/\/extralibris.net\/sesisenai\/item\/a-cidade-inteira-dorme\/\"><img decoding=\"async\" src=\"https:\/\/extralibris.net\/sesisenai\/wp-content\/uploads\/sites\/2\/2024\/08\/acidadeinteiradorme.webp\" style=\"width:80%;\" \/><\/a>          <a href=\"https:\/\/extralibris.net\/sesisenai\/item\/a-cidade-inteira-dorme\/\" rel=\"bookmark\" style=\"display:none;\"><span>A cidade inteira dorme<\/span>          <\/a>      <\/div><\/article><article class=\"1753 books type-books status-publish has-post-thumbnail book-series-artes entry genesis-author-pro-book\" itemscope=\"\" itemtype=\"https:\/\/schema.org\/CreativeWork\">      <div class=\"entry-content\" itemprop=\"text\">          <a href=\"https:\/\/extralibris.net\/sesisenai\/item\/a-gata-do-rio-nilo\/\"><img decoding=\"async\" src=\"https:\/\/extralibris.net\/sesisenai\/wp-content\/uploads\/sites\/2\/2024\/08\/agatadorionilo.webp\" style=\"width:80%;\" \/><\/a>          <a href=\"https:\/\/extralibris.net\/sesisenai\/item\/a-gata-do-rio-nilo\/\" rel=\"bookmark\" style=\"display:none;\"><span>A gata do Rio Nilo<\/span>          <\/a>      <\/div><\/article><article class=\"1751 books type-books status-publish has-post-thumbnail book-series-artes entry genesis-author-pro-book\" itemscope=\"\" itemtype=\"https:\/\/schema.org\/CreativeWork\">      <div class=\"entry-content\" itemprop=\"text\">          <a href=\"https:\/\/extralibris.net\/sesisenai\/item\/fabulosa-mani\/\"><img decoding=\"async\" src=\"https:\/\/extralibris.net\/sesisenai\/wp-content\/uploads\/sites\/2\/2024\/08\/fabulosamani.webp\" style=\"width:80%;\" \/><\/a>          <a href=\"https:\/\/extralibris.net\/sesisenai\/item\/fabulosa-mani\/\" rel=\"bookmark\" style=\"display:none;\"><span>Fabulosa Mani<\/span>          <\/a>      <\/div><\/article><article class=\"1745 books type-books status-publish has-post-thumbnail book-series-artes entry genesis-author-pro-book\" itemscope=\"\" itemtype=\"https:\/\/schema.org\/CreativeWork\">      <div class=\"entry-content\" itemprop=\"text\">          <a href=\"https:\/\/extralibris.net\/sesisenai\/item\/minha-vida-com-boris\/\"><img decoding=\"async\" src=\"https:\/\/extralibris.net\/sesisenai\/wp-content\/uploads\/sites\/2\/2024\/08\/minhavidacomboris.webp\" style=\"width:80%;\" \/><\/a>          <a href=\"https:\/\/extralibris.net\/sesisenai\/item\/minha-vida-com-boris\/\" rel=\"bookmark\" style=\"display:none;\"><span>Minha vida com Boris: A comovente hist\u00f3ria do c\u00e3o que mudou a vida de sua dona e do Brasil<\/span>          <\/a>      <\/div><\/article><article class=\"1737 books type-books status-publish has-post-thumbnail book-series-artes entry genesis-author-pro-book\" itemscope=\"\" itemtype=\"https:\/\/schema.org\/CreativeWork\">      <div class=\"entry-content\" itemprop=\"text\">          <a href=\"https:\/\/extralibris.net\/sesisenai\/item\/o-date-perfeito\/\"><img decoding=\"async\" src=\"https:\/\/extralibris.net\/sesisenai\/wp-content\/uploads\/sites\/2\/2024\/08\/odateperfeito.webp\" style=\"width:80%;\" \/><\/a>          <a href=\"https:\/\/extralibris.net\/sesisenai\/item\/o-date-perfeito\/\" rel=\"bookmark\" style=\"display:none;\"><span>O date perfeito<\/span>          <\/a>      <\/div><\/article><article class=\"1735 books type-books status-publish has-post-thumbnail book-series-artes entry genesis-author-pro-book\" itemscope=\"\" itemtype=\"https:\/\/schema.org\/CreativeWork\">      <div class=\"entry-content\" itemprop=\"text\">          <a href=\"https:\/\/extralibris.net\/sesisenai\/item\/o-menino-de-alepo\/\"><img decoding=\"async\" src=\"https:\/\/extralibris.net\/sesisenai\/wp-content\/uploads\/sites\/2\/2024\/08\/omeninodealepo.webp\" style=\"width:80%;\" \/><\/a>          <a href=\"https:\/\/extralibris.net\/sesisenai\/item\/o-menino-de-alepo\/\" rel=\"bookmark\" style=\"display:none;\"><span>O menino de Alepo<\/span>          <\/a>      <\/div><\/article><article class=\"1741 books type-books status-publish has-post-thumbnail book-series-artes entry genesis-author-pro-book\" itemscope=\"\" itemtype=\"https:\/\/schema.org\/CreativeWork\">      <div class=\"entry-content\" itemprop=\"text\">          <a href=\"https:\/\/extralibris.net\/sesisenai\/item\/molicha-2\/\"><img decoding=\"async\" src=\"https:\/\/extralibris.net\/sesisenai\/wp-content\/uploads\/sites\/2\/2024\/08\/molicha.webp\" style=\"width:80%;\" \/><\/a>          <a href=\"https:\/\/extralibris.net\/sesisenai\/item\/molicha-2\/\" rel=\"bookmark\" style=\"display:none;\"><span>Molicha<\/span>          <\/a>      <\/div><\/article><article class=\"1749 books type-books status-publish has-post-thumbnail book-series-artes entry genesis-author-pro-book\" itemscope=\"\" itemtype=\"https:\/\/schema.org\/CreativeWork\">      <div class=\"entry-content\" itemprop=\"text\">          <a href=\"https:\/\/extralibris.net\/sesisenai\/item\/interprete-de-males\/\"><img decoding=\"async\" src=\"https:\/\/extralibris.net\/sesisenai\/wp-content\/uploads\/sites\/2\/2024\/08\/interpretedemales.webp\" style=\"width:80%;\" \/><\/a>          <a href=\"https:\/\/extralibris.net\/sesisenai\/item\/interprete-de-males\/\" rel=\"bookmark\" style=\"display:none;\"><span>Int\u00e9rprete de males<\/span>          <\/a>      <\/div><\/article><article class=\"1747 books type-books status-publish has-post-thumbnail book-series-artes entry genesis-author-pro-book\" itemscope=\"\" itemtype=\"https:\/\/schema.org\/CreativeWork\">      <div class=\"entry-content\" itemprop=\"text\">          <a href=\"https:\/\/extralibris.net\/sesisenai\/item\/justamente-porque-sonhavamos\/\"><img decoding=\"async\" src=\"https:\/\/extralibris.net\/sesisenai\/wp-content\/uploads\/sites\/2\/2024\/08\/justamenteporquesonhavamos.webp\" style=\"width:80%;\" \/><\/a>          <a href=\"https:\/\/extralibris.net\/sesisenai\/item\/justamente-porque-sonhavamos\/\" rel=\"bookmark\" style=\"display:none;\"><span>Justamente porque sonh\u00e1vamos<\/span>          <\/a>      <\/div><\/article><article class=\"1743 books type-books status-publish has-post-thumbnail book-series-artes entry genesis-author-pro-book\" itemscope=\"\" itemtype=\"https:\/\/schema.org\/CreativeWork\">      <div class=\"entry-content\" itemprop=\"text\">          <a href=\"https:\/\/extralibris.net\/sesisenai\/item\/missao-moleskine\/\"><img decoding=\"async\" src=\"https:\/\/extralibris.net\/sesisenai\/wp-content\/uploads\/sites\/2\/2024\/08\/missaomoleskine.webp\" style=\"width:80%;\" \/><\/a>          <a href=\"https:\/\/extralibris.net\/sesisenai\/item\/missao-moleskine\/\" rel=\"bookmark\" style=\"display:none;\"><span>Miss\u00e3o Moleskine<\/span>          <\/a>      <\/div><\/article><article class=\"1739 books type-books status-publish has-post-thumbnail book-series-artes entry genesis-author-pro-book\" itemscope=\"\" itemtype=\"https:\/\/schema.org\/CreativeWork\">      <div class=\"entry-content\" itemprop=\"text\">          <a href=\"https:\/\/extralibris.net\/sesisenai\/item\/no-caminho-contaremos-nossos-sonhos\/\"><img decoding=\"async\" src=\"https:\/\/extralibris.net\/sesisenai\/wp-content\/uploads\/sites\/2\/2024\/08\/nocaminhocontaremosnossossonhos.webp\" style=\"width:80%;\" \/><\/a>          <a href=\"https:\/\/extralibris.net\/sesisenai\/item\/no-caminho-contaremos-nossos-sonhos\/\" rel=\"bookmark\" style=\"display:none;\"><span>No caminho contaremos nossos sonhos<\/span>          <\/a>      <\/div><\/article><article class=\"1733 books type-books status-publish has-post-thumbnail book-series-artes entry genesis-author-pro-book\" itemscope=\"\" itemtype=\"https:\/\/schema.org\/CreativeWork\">      <div class=\"entry-content\" itemprop=\"text\">          <a href=\"https:\/\/extralibris.net\/sesisenai\/item\/tres-ratos-cegos-e-outros-contos\/\"><img decoding=\"async\" src=\"https:\/\/extralibris.net\/sesisenai\/wp-content\/uploads\/sites\/2\/2024\/08\/tresratoscegos.webp\" style=\"width:80%;\" \/><\/a>          <a href=\"https:\/\/extralibris.net\/sesisenai\/item\/tres-ratos-cegos-e-outros-contos\/\" rel=\"bookmark\" style=\"display:none;\"><span>Tr\u00eas ratos cegos e outros contos<\/span>          <\/a>      <\/div><\/article><\/div><\/div>\n\n\n\n<h3 class=\"wp-block-heading has-text-align-center\"><strong>7\u00ba ano (clubes formados)<\/strong><\/h3>\n\n\n\n<p class=\"wp-block-paragraph\"><div class=\"collections\"><div class=\"collection\"><article class=\"1940 books type-books status-publish has-post-thumbnail book-series-artes entry genesis-author-pro-book\" itemscope=\"\" itemtype=\"https:\/\/schema.org\/CreativeWork\">      <div class=\"entry-content\" itemprop=\"text\">          <a href=\"https:\/\/extralibris.net\/sesisenai\/item\/os-cavaleiros-da-meia-noite\/\"><img decoding=\"async\" src=\"https:\/\/extralibris.net\/sesisenai\/wp-content\/uploads\/sites\/2\/2024\/09\/posteroscavaleirosdameianoite.jpg\" style=\"width:80%;\" \/><\/a>          <a href=\"https:\/\/extralibris.net\/sesisenai\/item\/os-cavaleiros-da-meia-noite\/\" rel=\"bookmark\" style=\"display:none;\"><span>Os cavaleiros da meia-noite<\/span>          <\/a>      <\/div><\/article><article class=\"1936 books type-books status-publish has-post-thumbnail book-series-artes entry genesis-author-pro-book\" itemscope=\"\" itemtype=\"https:\/\/schema.org\/CreativeWork\">      <div class=\"entry-content\" itemprop=\"text\">          <a href=\"https:\/\/extralibris.net\/sesisenai\/item\/os-lendas-lendarios\/\"><img decoding=\"async\" src=\"https:\/\/extralibris.net\/sesisenai\/wp-content\/uploads\/sites\/2\/2024\/09\/LendasLendarias.png\" style=\"width:80%;\" \/><\/a>          <a href=\"https:\/\/extralibris.net\/sesisenai\/item\/os-lendas-lendarios\/\" rel=\"bookmark\" style=\"display:none;\"><span>Os Lendas Lend\u00e1rios<\/span>          <\/a>      <\/div><\/article><article class=\"1932 books type-books status-publish has-post-thumbnail book-series-artes entry genesis-author-pro-book\" itemscope=\"\" itemtype=\"https:\/\/schema.org\/CreativeWork\">      <div class=\"entry-content\" itemprop=\"text\">          <a href=\"https:\/\/extralibris.net\/sesisenai\/item\/estante-encantada\/\"><img decoding=\"async\" src=\"https:\/\/extralibris.net\/sesisenai\/wp-content\/uploads\/sites\/2\/2024\/09\/EstanteEncantada.png\" style=\"width:80%;\" \/><\/a>          <a href=\"https:\/\/extralibris.net\/sesisenai\/item\/estante-encantada\/\" rel=\"bookmark\" style=\"display:none;\"><span>Estante Encantada<\/span>          <\/a>      <\/div><\/article><article class=\"1930 books type-books status-publish has-post-thumbnail book-series-artes entry genesis-author-pro-book\" itemscope=\"\" itemtype=\"https:\/\/schema.org\/CreativeWork\">      <div class=\"entry-content\" itemprop=\"text\">          <a href=\"https:\/\/extralibris.net\/sesisenai\/item\/os-furiosos\/\"><img decoding=\"async\" src=\"https:\/\/extralibris.net\/sesisenai\/wp-content\/uploads\/sites\/2\/2024\/09\/OsFuriosos.jpg\" style=\"width:80%;\" \/><\/a>          <a href=\"https:\/\/extralibris.net\/sesisenai\/item\/os-furiosos\/\" rel=\"bookmark\" style=\"display:none;\"><span>Os Furiosos<\/span>          <\/a>      <\/div><\/article><article class=\"1899 books type-books status-publish has-post-thumbnail book-series-artes entry genesis-author-pro-book\" itemscope=\"\" itemtype=\"https:\/\/schema.org\/CreativeWork\">      <div class=\"entry-content\" itemprop=\"text\">          <a href=\"https:\/\/extralibris.net\/sesisenai\/item\/nas-entrelinhas\/\"><img decoding=\"async\" src=\"https:\/\/extralibris.net\/sesisenai\/wp-content\/uploads\/sites\/2\/2024\/09\/2024Clube7oVespertinoNasEntrelinhas.jpg\" style=\"width:80%;\" \/><\/a>          <a href=\"https:\/\/extralibris.net\/sesisenai\/item\/nas-entrelinhas\/\" rel=\"bookmark\" style=\"display:none;\"><span>Nas entrelinhas<\/span>          <\/a>      <\/div><\/article><article class=\"1983 books type-books status-publish has-post-thumbnail book-series-artes entry genesis-author-pro-book\" itemscope=\"\" itemtype=\"https:\/\/schema.org\/CreativeWork\">      <div class=\"entry-content\" itemprop=\"text\">          <a href=\"https:\/\/extralibris.net\/sesisenai\/item\/stars\/\"><img decoding=\"async\" src=\"https:\/\/extralibris.net\/sesisenai\/wp-content\/uploads\/sites\/2\/2024\/09\/posterpadraoclubedolivro02.png\" style=\"width:80%;\" \/><\/a>          <a href=\"https:\/\/extralibris.net\/sesisenai\/item\/stars\/\" rel=\"bookmark\" style=\"display:none;\"><span>Stars<\/span>          <\/a>      <\/div><\/article><article class=\"1986 books type-books status-publish has-post-thumbnail book-series-artes entry genesis-author-pro-book\" itemscope=\"\" itemtype=\"https:\/\/schema.org\/CreativeWork\">      <div class=\"entry-content\" itemprop=\"text\">          <a href=\"https:\/\/extralibris.net\/sesisenai\/item\/o-gatinhos-magicos\/\"><img decoding=\"async\" src=\"https:\/\/extralibris.net\/sesisenai\/wp-content\/uploads\/sites\/2\/2024\/09\/padraoposterclubedolivro.png\" style=\"width:80%;\" \/><\/a>          <a href=\"https:\/\/extralibris.net\/sesisenai\/item\/o-gatinhos-magicos\/\" rel=\"bookmark\" style=\"display:none;\"><span>O gatinhos m\u00e1gicos<\/span>          <\/a>      <\/div><\/article><article class=\"1971 books type-books status-publish has-post-thumbnail book-series-artes entry genesis-author-pro-book\" itemscope=\"\" itemtype=\"https:\/\/schema.org\/CreativeWork\">      <div class=\"entry-content\" itemprop=\"text\">          <a href=\"https:\/\/extralibris.net\/sesisenai\/item\/arvore-magica\/\"><img decoding=\"async\" src=\"https:\/\/extralibris.net\/sesisenai\/wp-content\/uploads\/sites\/2\/2024\/09\/posterpadraoclubedolivro07.png\" style=\"width:80%;\" \/><\/a>          <a href=\"https:\/\/extralibris.net\/sesisenai\/item\/arvore-magica\/\" rel=\"bookmark\" style=\"display:none;\"><span>\u00c1rvore M\u00e1gica<\/span>          <\/a>      <\/div><\/article><article class=\"1972 books type-books status-publish has-post-thumbnail book-series-artes entry genesis-author-pro-book\" itemscope=\"\" itemtype=\"https:\/\/schema.org\/CreativeWork\">      <div class=\"entry-content\" itemprop=\"text\">          <a href=\"https:\/\/extralibris.net\/sesisenai\/item\/molichas\/\"><img decoding=\"async\" src=\"https:\/\/extralibris.net\/sesisenai\/wp-content\/uploads\/sites\/2\/2024\/09\/posterpadraoclubedolivro06.png\" style=\"width:80%;\" \/><\/a>          <a href=\"https:\/\/extralibris.net\/sesisenai\/item\/molichas\/\" rel=\"bookmark\" style=\"display:none;\"><span>Molichas<\/span>          <\/a>      <\/div><\/article><article class=\"1973 books type-books status-publish has-post-thumbnail book-series-artes entry genesis-author-pro-book\" itemscope=\"\" itemtype=\"https:\/\/schema.org\/CreativeWork\">      <div class=\"entry-content\" itemprop=\"text\">          <a href=\"https:\/\/extralibris.net\/sesisenai\/item\/atos-magicos\/\"><img decoding=\"async\" src=\"https:\/\/extralibris.net\/sesisenai\/wp-content\/uploads\/sites\/2\/2024\/09\/posterpadraoclubedolivro02.png\" style=\"width:80%;\" \/><\/a>          <a href=\"https:\/\/extralibris.net\/sesisenai\/item\/atos-magicos\/\" rel=\"bookmark\" style=\"display:none;\"><span>Atos M\u00e1gicos<\/span>          <\/a>      <\/div><\/article><article class=\"1982 books type-books status-publish has-post-thumbnail book-series-artes entry genesis-author-pro-book\" itemscope=\"\" itemtype=\"https:\/\/schema.org\/CreativeWork\">      <div class=\"entry-content\" itemprop=\"text\">          <a href=\"https:\/\/extralibris.net\/sesisenai\/item\/o-quatro-patinhos\/\"><img decoding=\"async\" src=\"https:\/\/extralibris.net\/sesisenai\/wp-content\/uploads\/sites\/2\/2024\/09\/padraoposterclubedolivro.png\" style=\"width:80%;\" \/><\/a>          <a href=\"https:\/\/extralibris.net\/sesisenai\/item\/o-quatro-patinhos\/\" rel=\"bookmark\" style=\"display:none;\"><span>O quatro patinhos<\/span>          <\/a>      <\/div><\/article><article class=\"1984 books type-books status-publish has-post-thumbnail book-series-artes entry genesis-author-pro-book\" itemscope=\"\" itemtype=\"https:\/\/schema.org\/CreativeWork\">      <div class=\"entry-content\" itemprop=\"text\">          <a href=\"https:\/\/extralibris.net\/sesisenai\/item\/rvgg\/\"><img decoding=\"async\" src=\"https:\/\/extralibris.net\/sesisenai\/wp-content\/uploads\/sites\/2\/2024\/09\/posterpadraoclubedolivro06.png\" style=\"width:80%;\" \/><\/a>          <a href=\"https:\/\/extralibris.net\/sesisenai\/item\/rvgg\/\" rel=\"bookmark\" style=\"display:none;\"><span>RVGG<\/span>          <\/a>      <\/div><\/article><article class=\"1985 books type-books status-publish has-post-thumbnail book-series-artes entry genesis-author-pro-book\" itemscope=\"\" itemtype=\"https:\/\/schema.org\/CreativeWork\">      <div class=\"entry-content\" itemprop=\"text\">          <a href=\"https:\/\/extralibris.net\/sesisenai\/item\/cartoon\/\"><img decoding=\"async\" src=\"https:\/\/extralibris.net\/sesisenai\/wp-content\/uploads\/sites\/2\/2024\/09\/padraoposterclubedolivro.png\" style=\"width:80%;\" \/><\/a>          <a href=\"https:\/\/extralibris.net\/sesisenai\/item\/cartoon\/\" rel=\"bookmark\" style=\"display:none;\"><span>Cartoon<\/span>          <\/a>      <\/div><\/article><article class=\"1987 books type-books status-publish has-post-thumbnail book-series-artes entry genesis-author-pro-book\" itemscope=\"\" itemtype=\"https:\/\/schema.org\/CreativeWork\">      <div class=\"entry-content\" itemprop=\"text\">          <a href=\"https:\/\/extralibris.net\/sesisenai\/item\/cacadores-de-lendas\/\"><img decoding=\"async\" src=\"https:\/\/extralibris.net\/sesisenai\/wp-content\/uploads\/sites\/2\/2024\/09\/casadoresdelendasposter.png\" style=\"width:80%;\" \/><\/a>          <a href=\"https:\/\/extralibris.net\/sesisenai\/item\/cacadores-de-lendas\/\" rel=\"bookmark\" style=\"display:none;\"><span>Ca\u00e7adores de lendas<\/span>          <\/a>      <\/div><\/article><\/div><\/div>\n\n\n\n<h3 class=\"wp-block-heading has-text-align-center\"><strong>8\u00ba ano (livros indicados)<\/strong><\/h3>\n\n\n\n<p class=\"wp-block-paragraph\"><div class=\"collections\"><div class=\"collection\"><article class=\"1806 books type-books status-publish has-post-thumbnail book-series-artes entry genesis-author-pro-book\" itemscope=\"\" itemtype=\"https:\/\/schema.org\/CreativeWork\">      <div class=\"entry-content\" itemprop=\"text\">          <a href=\"https:\/\/extralibris.net\/sesisenai\/item\/as-mais-belas-coisas-do-mundo\/\"><img decoding=\"async\" src=\"https:\/\/extralibris.net\/sesisenai\/wp-content\/uploads\/sites\/2\/2024\/08\/asmaisbelascoisasdomundo.webp\" style=\"width:80%;\" \/><\/a>          <a href=\"https:\/\/extralibris.net\/sesisenai\/item\/as-mais-belas-coisas-do-mundo\/\" rel=\"bookmark\" style=\"display:none;\"><span>As mais belas coisas do mundo<\/span>          <\/a>      <\/div><\/article><article class=\"1800 books type-books status-publish has-post-thumbnail book-series-artes entry genesis-author-pro-book\" itemscope=\"\" itemtype=\"https:\/\/schema.org\/CreativeWork\">      <div class=\"entry-content\" itemprop=\"text\">          <a href=\"https:\/\/extralibris.net\/sesisenai\/item\/e-nao-sobrou-nenhum\/\"><img decoding=\"async\" src=\"https:\/\/extralibris.net\/sesisenai\/wp-content\/uploads\/sites\/2\/2024\/08\/enaosobrounenhum.webp\" style=\"width:80%;\" \/><\/a>          <a href=\"https:\/\/extralibris.net\/sesisenai\/item\/e-nao-sobrou-nenhum\/\" rel=\"bookmark\" style=\"display:none;\"><span>E n\u00e3o sobrou nenhum<\/span>          <\/a>      <\/div><\/article><article class=\"1793 books type-books status-publish has-post-thumbnail book-series-artes entry genesis-author-pro-book\" itemscope=\"\" itemtype=\"https:\/\/schema.org\/CreativeWork\">      <div class=\"entry-content\" itemprop=\"text\">          <a href=\"https:\/\/extralibris.net\/sesisenai\/item\/faherenheit-245\/\"><img decoding=\"async\" src=\"https:\/\/extralibris.net\/sesisenai\/wp-content\/uploads\/sites\/2\/2024\/08\/fahrenheit451.webp\" style=\"width:80%;\" \/><\/a>          <a href=\"https:\/\/extralibris.net\/sesisenai\/item\/faherenheit-245\/\" rel=\"bookmark\" style=\"display:none;\"><span>Faherenheit 245<\/span>          <\/a>      <\/div><\/article><article class=\"1789 books type-books status-publish has-post-thumbnail book-series-artes entry genesis-author-pro-book\" itemscope=\"\" itemtype=\"https:\/\/schema.org\/CreativeWork\">      <div class=\"entry-content\" itemprop=\"text\">          <a href=\"https:\/\/extralibris.net\/sesisenai\/item\/o-diario-de-lena\/\"><img decoding=\"async\" src=\"https:\/\/extralibris.net\/sesisenai\/wp-content\/uploads\/sites\/2\/2024\/08\/odiariodelena.webp\" style=\"width:80%;\" \/><\/a>          <a href=\"https:\/\/extralibris.net\/sesisenai\/item\/o-diario-de-lena\/\" rel=\"bookmark\" style=\"display:none;\"><span>O di\u00e1rio de Lena<\/span>          <\/a>      <\/div><\/article><article class=\"1785 books type-books status-publish has-post-thumbnail book-series-artes entry genesis-author-pro-book\" itemscope=\"\" itemtype=\"https:\/\/schema.org\/CreativeWork\">      <div class=\"entry-content\" itemprop=\"text\">          <a href=\"https:\/\/extralibris.net\/sesisenai\/item\/piratas-no-brasil\/\"><img decoding=\"async\" src=\"https:\/\/extralibris.net\/sesisenai\/wp-content\/uploads\/sites\/2\/2024\/08\/piratasnobrasil.webp\" style=\"width:80%;\" \/><\/a>          <a href=\"https:\/\/extralibris.net\/sesisenai\/item\/piratas-no-brasil\/\" rel=\"bookmark\" style=\"display:none;\"><span>Piratas no Brasil<\/span>          <\/a>      <\/div><\/article><article class=\"1783 books type-books status-publish has-post-thumbnail book-series-artes entry genesis-author-pro-book\" itemscope=\"\" itemtype=\"https:\/\/schema.org\/CreativeWork\">      <div class=\"entry-content\" itemprop=\"text\">          <a href=\"https:\/\/extralibris.net\/sesisenai\/item\/toda-agua-do-mundo\/\"><img decoding=\"async\" src=\"https:\/\/extralibris.net\/sesisenai\/wp-content\/uploads\/sites\/2\/2024\/08\/todaaaguadomundo.webp\" style=\"width:80%;\" \/><\/a>          <a href=\"https:\/\/extralibris.net\/sesisenai\/item\/toda-agua-do-mundo\/\" rel=\"bookmark\" style=\"display:none;\"><span>Toda \u00e1gua do mundo<\/span>          <\/a>      <\/div><\/article><article class=\"1808 books type-books status-publish has-post-thumbnail book-series-artes entry genesis-author-pro-book\" itemscope=\"\" itemtype=\"https:\/\/schema.org\/CreativeWork\">      <div class=\"entry-content\" itemprop=\"text\">          <a href=\"https:\/\/extralibris.net\/sesisenai\/item\/a-sapatilha-que-mudou-meu-mundo\/\"><img decoding=\"async\" src=\"https:\/\/extralibris.net\/sesisenai\/wp-content\/uploads\/sites\/2\/2024\/08\/asapatilhaquemudoumeumundo.webp\" style=\"width:80%;\" \/><\/a>          <a href=\"https:\/\/extralibris.net\/sesisenai\/item\/a-sapatilha-que-mudou-meu-mundo\/\" rel=\"bookmark\" style=\"display:none;\"><span>A sapatilha que mudou meu mundo<\/span>          <\/a>      <\/div><\/article><article class=\"1810 books type-books status-publish has-post-thumbnail book-series-artes entry genesis-author-pro-book\" itemscope=\"\" itemtype=\"https:\/\/schema.org\/CreativeWork\">      <div class=\"entry-content\" itemprop=\"text\">          <a href=\"https:\/\/extralibris.net\/sesisenai\/item\/a-memoria-do-mar\/\"><img decoding=\"async\" src=\"https:\/\/extralibris.net\/sesisenai\/wp-content\/uploads\/sites\/2\/2024\/08\/amemoriadomar.webp\" style=\"width:80%;\" \/><\/a>          <a href=\"https:\/\/extralibris.net\/sesisenai\/item\/a-memoria-do-mar\/\" rel=\"bookmark\" style=\"display:none;\"><span>A mem\u00f3ria do mar<\/span>          <\/a>      <\/div><\/article><article class=\"1804 books type-books status-publish has-post-thumbnail book-series-artes entry genesis-author-pro-book\" itemscope=\"\" itemtype=\"https:\/\/schema.org\/CreativeWork\">      <div class=\"entry-content\" itemprop=\"text\">          <a href=\"https:\/\/extralibris.net\/sesisenai\/item\/a-sobrinha-do-poeta\/\"><img decoding=\"async\" src=\"https:\/\/extralibris.net\/sesisenai\/wp-content\/uploads\/sites\/2\/2024\/08\/asobrinhadopoeta.webp\" style=\"width:80%;\" \/><\/a>          <a href=\"https:\/\/extralibris.net\/sesisenai\/item\/a-sobrinha-do-poeta\/\" rel=\"bookmark\" style=\"display:none;\"><span>A sobrinha do poeta<\/span>          <\/a>      <\/div><\/article><article class=\"1802 books type-books status-publish has-post-thumbnail book-series-artes entry genesis-author-pro-book\" itemscope=\"\" itemtype=\"https:\/\/schema.org\/CreativeWork\">      <div class=\"entry-content\" itemprop=\"text\">          <a href=\"https:\/\/extralibris.net\/sesisenai\/item\/contos-de-shakespeare\/\"><img decoding=\"async\" src=\"https:\/\/extralibris.net\/sesisenai\/wp-content\/uploads\/sites\/2\/2024\/08\/contosdeshakespeare.webp\" style=\"width:80%;\" \/><\/a>          <a href=\"https:\/\/extralibris.net\/sesisenai\/item\/contos-de-shakespeare\/\" rel=\"bookmark\" style=\"display:none;\"><span>Contos de Shakespeare<\/span>          <\/a>      <\/div><\/article><article class=\"1787 books type-books status-publish has-post-thumbnail book-series-artes entry genesis-author-pro-book\" itemscope=\"\" itemtype=\"https:\/\/schema.org\/CreativeWork\">      <div class=\"entry-content\" itemprop=\"text\">          <a href=\"https:\/\/extralibris.net\/sesisenai\/item\/o-mundo-acabou\/\"><img decoding=\"async\" src=\"https:\/\/extralibris.net\/sesisenai\/wp-content\/uploads\/sites\/2\/2024\/08\/omundoacabou.webp\" style=\"width:80%;\" \/><\/a>          <a href=\"https:\/\/extralibris.net\/sesisenai\/item\/o-mundo-acabou\/\" rel=\"bookmark\" style=\"display:none;\"><span>O mundo acabou<\/span>          <\/a>      <\/div><\/article><\/div><\/div>\n\n\n\n<h3 class=\"wp-block-heading has-text-align-center\"><strong>8\u00ba ano (clubes formados)<\/strong><\/h3>\n\n\n\n<p class=\"wp-block-paragraph\"><div class=\"collections\"><div class=\"collection\"><article class=\"1926 books type-books status-publish has-post-thumbnail book-series-artes entry genesis-author-pro-book\" itemscope=\"\" itemtype=\"https:\/\/schema.org\/CreativeWork\">      <div class=\"entry-content\" itemprop=\"text\">          <a href=\"https:\/\/extralibris.net\/sesisenai\/item\/turminha-do-acafrao-bondoso\/\"><img decoding=\"async\" src=\"https:\/\/extralibris.net\/sesisenai\/wp-content\/uploads\/sites\/2\/2024\/09\/TurminhadoAcafraoBondoso.jpg\" style=\"width:80%;\" \/><\/a>          <a href=\"https:\/\/extralibris.net\/sesisenai\/item\/turminha-do-acafrao-bondoso\/\" rel=\"bookmark\" style=\"display:none;\"><span>Turminha do A\u00e7afr\u00e3o Bondoso<\/span>          <\/a>      <\/div><\/article><article class=\"1901 books type-books status-publish has-post-thumbnail book-series-artes entry genesis-author-pro-book\" itemscope=\"\" itemtype=\"https:\/\/schema.org\/CreativeWork\">      <div class=\"entry-content\" itemprop=\"text\">          <a href=\"https:\/\/extralibris.net\/sesisenai\/item\/starry-books\/\"><img decoding=\"async\" src=\"https:\/\/extralibris.net\/sesisenai\/wp-content\/uploads\/sites\/2\/2024\/09\/StarryBooks.jpg\" style=\"width:80%;\" \/><\/a>          <a href=\"https:\/\/extralibris.net\/sesisenai\/item\/starry-books\/\" rel=\"bookmark\" style=\"display:none;\"><span>Starry Books<\/span>          <\/a>      <\/div><\/article><article class=\"1988 books type-books status-publish has-post-thumbnail book-series-artes entry genesis-author-pro-book\" itemscope=\"\" itemtype=\"https:\/\/schema.org\/CreativeWork\">      <div class=\"entry-content\" itemprop=\"text\">          <a href=\"https:\/\/extralibris.net\/sesisenai\/item\/de-repente-livro\/\"><img decoding=\"async\" src=\"https:\/\/extralibris.net\/sesisenai\/wp-content\/uploads\/sites\/2\/2024\/09\/posterderepentelirvo.jpg\" style=\"width:80%;\" \/><\/a>          <a href=\"https:\/\/extralibris.net\/sesisenai\/item\/de-repente-livro\/\" rel=\"bookmark\" style=\"display:none;\"><span>De repente livro<\/span>          <\/a>      <\/div><\/article><article class=\"1975 books type-books status-publish has-post-thumbnail book-series-artes entry genesis-author-pro-book\" itemscope=\"\" itemtype=\"https:\/\/schema.org\/CreativeWork\">      <div class=\"entry-content\" itemprop=\"text\">          <a href=\"https:\/\/extralibris.net\/sesisenai\/item\/in-love-with-documentaries\/\"><img decoding=\"async\" src=\"https:\/\/extralibris.net\/sesisenai\/wp-content\/uploads\/sites\/2\/2024\/09\/inlovewithdocumentaries.jpg\" style=\"width:80%;\" \/><\/a>          <a href=\"https:\/\/extralibris.net\/sesisenai\/item\/in-love-with-documentaries\/\" rel=\"bookmark\" style=\"display:none;\"><span>In Love With Documentaries<\/span>          <\/a>      <\/div><\/article><article class=\"1956 books type-books status-publish has-post-thumbnail book-series-artes entry genesis-author-pro-book\" itemscope=\"\" itemtype=\"https:\/\/schema.org\/CreativeWork\">      <div class=\"entry-content\" itemprop=\"text\">          <a href=\"https:\/\/extralibris.net\/sesisenai\/item\/piratas-de-palavras\/\"><img decoding=\"async\" src=\"https:\/\/extralibris.net\/sesisenai\/wp-content\/uploads\/sites\/2\/2024\/09\/posterpiratasdepalavras.jpg\" style=\"width:80%;\" \/><\/a>          <a href=\"https:\/\/extralibris.net\/sesisenai\/item\/piratas-de-palavras\/\" rel=\"bookmark\" style=\"display:none;\"><span>Piratas de palavras<\/span>          <\/a>      <\/div><\/article><article class=\"2029 books type-books status-publish has-post-thumbnail book-series-artes entry genesis-author-pro-book\" itemscope=\"\" itemtype=\"https:\/\/schema.org\/CreativeWork\">      <div class=\"entry-content\" itemprop=\"text\">          <a href=\"https:\/\/extralibris.net\/sesisenai\/item\/rainbooks\/\"><img decoding=\"async\" src=\"https:\/\/extralibris.net\/sesisenai\/wp-content\/uploads\/sites\/2\/2024\/09\/rainbooksposternew.jpg\" style=\"width:80%;\" \/><\/a>          <a href=\"https:\/\/extralibris.net\/sesisenai\/item\/rainbooks\/\" rel=\"bookmark\" style=\"display:none;\"><span>Rainbooks<\/span>          <\/a>      <\/div><\/article><article class=\"2032 books type-books status-publish has-post-thumbnail book-series-artes entry genesis-author-pro-book\" itemscope=\"\" itemtype=\"https:\/\/schema.org\/CreativeWork\">      <div class=\"entry-content\" itemprop=\"text\">          <a href=\"https:\/\/extralibris.net\/sesisenai\/item\/eclipse-lunar\/\"><img decoding=\"async\" src=\"https:\/\/extralibris.net\/sesisenai\/wp-content\/uploads\/sites\/2\/2024\/09\/posterpadraoclubedolivro07.png\" style=\"width:80%;\" \/><\/a>          <a href=\"https:\/\/extralibris.net\/sesisenai\/item\/eclipse-lunar\/\" rel=\"bookmark\" style=\"display:none;\"><span>Eclipse Lunar<\/span>          <\/a>      <\/div><\/article><article class=\"1968 books type-books status-publish has-post-thumbnail book-series-artes entry genesis-author-pro-book\" itemscope=\"\" itemtype=\"https:\/\/schema.org\/CreativeWork\">      <div class=\"entry-content\" itemprop=\"text\">          <a href=\"https:\/\/extralibris.net\/sesisenai\/item\/as-lendas-literarias\/\"><img decoding=\"async\" src=\"https:\/\/extralibris.net\/sesisenai\/wp-content\/uploads\/sites\/2\/2024\/09\/posteraslendasliterarias.jpg\" style=\"width:80%;\" \/><\/a>          <a href=\"https:\/\/extralibris.net\/sesisenai\/item\/as-lendas-literarias\/\" rel=\"bookmark\" style=\"display:none;\"><span>As Lendas Liter\u00e1rias<\/span>          <\/a>      <\/div><\/article><article class=\"1974 books type-books status-publish has-post-thumbnail book-series-artes entry genesis-author-pro-book\" itemscope=\"\" itemtype=\"https:\/\/schema.org\/CreativeWork\">      <div class=\"entry-content\" itemprop=\"text\">          <a href=\"https:\/\/extralibris.net\/sesisenai\/item\/a-dimensao\/\"><img decoding=\"async\" src=\"https:\/\/extralibris.net\/sesisenai\/wp-content\/uploads\/sites\/2\/2024\/09\/posterpadraoclubedolivro06.png\" style=\"width:80%;\" \/><\/a>          <a href=\"https:\/\/extralibris.net\/sesisenai\/item\/a-dimensao\/\" rel=\"bookmark\" style=\"display:none;\"><span>A Dimens\u00e3o<\/span>          <\/a>      <\/div><\/article><article class=\"1981 books type-books status-publish has-post-thumbnail book-series-artes entry genesis-author-pro-book\" itemscope=\"\" itemtype=\"https:\/\/schema.org\/CreativeWork\">      <div class=\"entry-content\" itemprop=\"text\">          <a href=\"https:\/\/extralibris.net\/sesisenai\/item\/guns-n-nirvana\/\"><img decoding=\"async\" src=\"https:\/\/extralibris.net\/sesisenai\/wp-content\/uploads\/sites\/2\/2024\/09\/padraoposterclubedolivro.png\" style=\"width:80%;\" \/><\/a>          <a href=\"https:\/\/extralibris.net\/sesisenai\/item\/guns-n-nirvana\/\" rel=\"bookmark\" style=\"display:none;\"><span>Guns N\u2019 Nirvana<\/span>          <\/a>      <\/div><\/article><\/div><\/div>\n\n\n\n<h3 class=\"wp-block-heading has-text-align-center\"><strong>9\u00ba ano (livros indicados)<\/strong><\/h3>\n\n\n\n<p class=\"wp-block-paragraph\"><div class=\"collections\"><div class=\"collection\"><article class=\"1837 books type-books status-publish has-post-thumbnail book-series-artes entry genesis-author-pro-book\" itemscope=\"\" itemtype=\"https:\/\/schema.org\/CreativeWork\">      <div class=\"entry-content\" itemprop=\"text\">          <a href=\"https:\/\/extralibris.net\/sesisenai\/item\/admiravel-mundo-novo\/\"><img decoding=\"async\" src=\"https:\/\/extralibris.net\/sesisenai\/wp-content\/uploads\/sites\/2\/2024\/08\/admiravelmundonovo.webp\" style=\"width:80%;\" \/><\/a>          <a href=\"https:\/\/extralibris.net\/sesisenai\/item\/admiravel-mundo-novo\/\" rel=\"bookmark\" style=\"display:none;\"><span>Admir\u00e1vel mundo novo<\/span>          <\/a>      <\/div><\/article><article class=\"1839 books type-books status-publish has-post-thumbnail book-series-artes entry genesis-author-pro-book\" itemscope=\"\" itemtype=\"https:\/\/schema.org\/CreativeWork\">      <div class=\"entry-content\" itemprop=\"text\">          <a href=\"https:\/\/extralibris.net\/sesisenai\/item\/a-mocinha-do-mercado-central\/\"><img decoding=\"async\" src=\"https:\/\/extralibris.net\/sesisenai\/wp-content\/uploads\/sites\/2\/2024\/08\/amocinhadomercadocentral.webp\" style=\"width:80%;\" \/><\/a>          <a href=\"https:\/\/extralibris.net\/sesisenai\/item\/a-mocinha-do-mercado-central\/\" rel=\"bookmark\" style=\"display:none;\"><span>A mocinha do mercado central<\/span>          <\/a>      <\/div><\/article><article class=\"1841 books type-books status-publish has-post-thumbnail book-series-artes entry genesis-author-pro-book\" itemscope=\"\" itemtype=\"https:\/\/schema.org\/CreativeWork\">      <div class=\"entry-content\" itemprop=\"text\">          <a href=\"https:\/\/extralibris.net\/sesisenai\/item\/a-aveleira-e-a-madressilva\/\"><img decoding=\"async\" src=\"https:\/\/extralibris.net\/sesisenai\/wp-content\/uploads\/sites\/2\/2024\/08\/aaveleiraeamadressilva.webp\" style=\"width:80%;\" \/><\/a>          <a href=\"https:\/\/extralibris.net\/sesisenai\/item\/a-aveleira-e-a-madressilva\/\" rel=\"bookmark\" style=\"display:none;\"><span>A aveleira e a madressilva: A paix\u00e3o de Trist\u00e3o e Isolda<\/span>          <\/a>      <\/div><\/article><article class=\"1831 books type-books status-publish has-post-thumbnail book-series-artes entry genesis-author-pro-book\" itemscope=\"\" itemtype=\"https:\/\/schema.org\/CreativeWork\">      <div class=\"entry-content\" itemprop=\"text\">          <a href=\"https:\/\/extralibris.net\/sesisenai\/item\/o-fantasma-da-mae\/\"><img decoding=\"async\" src=\"https:\/\/extralibris.net\/sesisenai\/wp-content\/uploads\/sites\/2\/2024\/08\/ofantasmadamae.webp\" style=\"width:80%;\" \/><\/a>          <a href=\"https:\/\/extralibris.net\/sesisenai\/item\/o-fantasma-da-mae\/\" rel=\"bookmark\" style=\"display:none;\"><span>O fantasma da m\u00e3e<\/span>          <\/a>      <\/div><\/article><article class=\"1829 books type-books status-publish has-post-thumbnail book-series-artes entry genesis-author-pro-book\" itemscope=\"\" itemtype=\"https:\/\/schema.org\/CreativeWork\">      <div class=\"entry-content\" itemprop=\"text\">          <a href=\"https:\/\/extralibris.net\/sesisenai\/item\/o-segredo-do-meu-turbante\/\"><img decoding=\"async\" src=\"https:\/\/extralibris.net\/sesisenai\/wp-content\/uploads\/sites\/2\/2024\/08\/osegredodomeuturbante.webp\" style=\"width:80%;\" \/><\/a>          <a href=\"https:\/\/extralibris.net\/sesisenai\/item\/o-segredo-do-meu-turbante\/\" rel=\"bookmark\" style=\"display:none;\"><span>O segredo do meu turbante<\/span>          <\/a>      <\/div><\/article><article class=\"1843 books type-books status-publish has-post-thumbnail book-series-artes entry genesis-author-pro-book\" itemscope=\"\" itemtype=\"https:\/\/schema.org\/CreativeWork\">      <div class=\"entry-content\" itemprop=\"text\">          <a href=\"https:\/\/extralibris.net\/sesisenai\/item\/1889-livro\/\"><img decoding=\"async\" src=\"https:\/\/extralibris.net\/sesisenai\/wp-content\/uploads\/sites\/2\/2024\/08\/1889.webp\" style=\"width:80%;\" \/><\/a>          <a href=\"https:\/\/extralibris.net\/sesisenai\/item\/1889-livro\/\" rel=\"bookmark\" style=\"display:none;\"><span>1889: Como um imperador cansado, um marechal vaidoso e um professor injusti\u00e7ado contribu\u00edram para o fim da Monarquia e a Proclama\u00e7\u00e3o da Rep\u00fablica no Brasil<\/span>          <\/a>      <\/div><\/article><article class=\"1833 books type-books status-publish has-post-thumbnail book-series-artes entry genesis-author-pro-book\" itemscope=\"\" itemtype=\"https:\/\/schema.org\/CreativeWork\">      <div class=\"entry-content\" itemprop=\"text\">          <a href=\"https:\/\/extralibris.net\/sesisenai\/item\/mundo-sustentavel-2\/\"><img decoding=\"async\" src=\"https:\/\/extralibris.net\/sesisenai\/wp-content\/uploads\/sites\/2\/2024\/08\/omundosustentavel2.webp\" style=\"width:80%;\" \/><\/a>          <a href=\"https:\/\/extralibris.net\/sesisenai\/item\/mundo-sustentavel-2\/\" rel=\"bookmark\" style=\"display:none;\"><span>Mundo Sustent\u00e1vel 2<\/span>          <\/a>      <\/div><\/article><article class=\"1847 books type-books status-publish has-post-thumbnail book-series-artes entry genesis-author-pro-book\" itemscope=\"\" itemtype=\"https:\/\/schema.org\/CreativeWork\">      <div class=\"entry-content\" itemprop=\"text\">          <a href=\"https:\/\/extralibris.net\/sesisenai\/item\/1808-livro\/\"><img decoding=\"async\" src=\"https:\/\/extralibris.net\/sesisenai\/wp-content\/uploads\/sites\/2\/2024\/08\/1808.webp\" style=\"width:80%;\" \/><\/a>          <a href=\"https:\/\/extralibris.net\/sesisenai\/item\/1808-livro\/\" rel=\"bookmark\" style=\"display:none;\"><span>1808: Como uma rainha louca, um pr\u00edncipe medroso e uma corte corrupta enganaram Napole\u00e3o e mudaram a Hist\u00f3ria de Portugal e do Brasil<\/span>          <\/a>      <\/div><\/article><article class=\"1845 books type-books status-publish has-post-thumbnail book-series-artes entry genesis-author-pro-book\" itemscope=\"\" itemtype=\"https:\/\/schema.org\/CreativeWork\">      <div class=\"entry-content\" itemprop=\"text\">          <a href=\"https:\/\/extralibris.net\/sesisenai\/item\/1822-livro\/\"><img decoding=\"async\" src=\"https:\/\/extralibris.net\/sesisenai\/wp-content\/uploads\/sites\/2\/2024\/08\/1822.webp\" style=\"width:80%;\" \/><\/a>          <a href=\"https:\/\/extralibris.net\/sesisenai\/item\/1822-livro\/\" rel=\"bookmark\" style=\"display:none;\"><span>1822: Como um homem s\u00e1bio, uma princesa triste e um escoc\u00eas louco por dinheiro ajudaram dom Pedro a criar o Brasil &#8211; um pa\u00eds que tinha tudo para dar errado<\/span>          <\/a>      <\/div><\/article><article class=\"1835 books type-books status-publish has-post-thumbnail book-series-artes entry genesis-author-pro-book\" itemscope=\"\" itemtype=\"https:\/\/schema.org\/CreativeWork\">      <div class=\"entry-content\" itemprop=\"text\">          <a href=\"https:\/\/extralibris.net\/sesisenai\/item\/as-doencas-do-brasil\/\"><img decoding=\"async\" src=\"https:\/\/extralibris.net\/sesisenai\/wp-content\/uploads\/sites\/2\/2024\/08\/asdoencasdobrasil.webp\" style=\"width:80%;\" \/><\/a>          <a href=\"https:\/\/extralibris.net\/sesisenai\/item\/as-doencas-do-brasil\/\" rel=\"bookmark\" style=\"display:none;\"><span>As doen\u00e7as do Brasil<\/span>          <\/a>      <\/div><\/article><article class=\"1827 books type-books status-publish has-post-thumbnail book-series-artes entry genesis-author-pro-book\" itemscope=\"\" itemtype=\"https:\/\/schema.org\/CreativeWork\">      <div class=\"entry-content\" itemprop=\"text\">          <a href=\"https:\/\/extralibris.net\/sesisenai\/item\/perdi-uma-parte-de-mim-e-renasci\/\"><img decoding=\"async\" src=\"https:\/\/extralibris.net\/sesisenai\/wp-content\/uploads\/sites\/2\/2024\/08\/perdiumapartedemimerenasci.webp\" style=\"width:80%;\" \/><\/a>          <a href=\"https:\/\/extralibris.net\/sesisenai\/item\/perdi-uma-parte-de-mim-e-renasci\/\" rel=\"bookmark\" style=\"display:none;\"><span>Perdi uma parte de mim e renasci<\/span>          <\/a>      <\/div><\/article><article class=\"1823 books type-books status-publish has-post-thumbnail book-series-artes entry genesis-author-pro-book\" itemscope=\"\" itemtype=\"https:\/\/schema.org\/CreativeWork\">      <div class=\"entry-content\" itemprop=\"text\">          <a href=\"https:\/\/extralibris.net\/sesisenai\/item\/sou-mae-dela\/\"><img decoding=\"async\" src=\"https:\/\/extralibris.net\/sesisenai\/wp-content\/uploads\/sites\/2\/2024\/08\/souamaedela.webp\" style=\"width:80%;\" \/><\/a>          <a href=\"https:\/\/extralibris.net\/sesisenai\/item\/sou-mae-dela\/\" rel=\"bookmark\" style=\"display:none;\"><span>Sou m\u00e3e dela<\/span>          <\/a>      <\/div><\/article><\/div><\/div>\n\n\n\n<h3 class=\"wp-block-heading has-text-align-center\"><strong>9\u00ba ano (clubes formados)<\/strong><\/h3>\n\n\n\n<p class=\"wp-block-paragraph\"><div class=\"collections\"><div class=\"collection\"><article class=\"1958 books type-books status-publish has-post-thumbnail book-series-artes entry genesis-author-pro-book\" itemscope=\"\" itemtype=\"https:\/\/schema.org\/CreativeWork\">      <div class=\"entry-content\" itemprop=\"text\">          <a href=\"https:\/\/extralibris.net\/sesisenai\/item\/bibliotecarias-de-alexandria\/\"><img decoding=\"async\" src=\"https:\/\/extralibris.net\/sesisenai\/wp-content\/uploads\/sites\/2\/2024\/09\/posterbibliotecariasdealexandria.jpg\" style=\"width:80%;\" \/><\/a>          <a href=\"https:\/\/extralibris.net\/sesisenai\/item\/bibliotecarias-de-alexandria\/\" rel=\"bookmark\" style=\"display:none;\"><span>Bibliotec\u00e1rias de Alexandria<\/span>          <\/a>      <\/div><\/article><article class=\"1990 books type-books status-publish has-post-thumbnail book-series-artes entry genesis-author-pro-book\" itemscope=\"\" itemtype=\"https:\/\/schema.org\/CreativeWork\">      <div class=\"entry-content\" itemprop=\"text\">          <a href=\"https:\/\/extralibris.net\/sesisenai\/item\/whiplash\/\"><img decoding=\"async\" src=\"https:\/\/extralibris.net\/sesisenai\/wp-content\/uploads\/sites\/2\/2024\/09\/whiplash.jpg\" style=\"width:80%;\" \/><\/a>          <a href=\"https:\/\/extralibris.net\/sesisenai\/item\/whiplash\/\" rel=\"bookmark\" style=\"display:none;\"><span>Whiplash<\/span>          <\/a>      <\/div><\/article><article class=\"1953 books type-books status-publish has-post-thumbnail book-series-artes entry genesis-author-pro-book\" itemscope=\"\" itemtype=\"https:\/\/schema.org\/CreativeWork\">      <div class=\"entry-content\" itemprop=\"text\">          <a href=\"https:\/\/extralibris.net\/sesisenai\/item\/os-revolucionarios\/\"><img decoding=\"async\" src=\"https:\/\/extralibris.net\/sesisenai\/wp-content\/uploads\/sites\/2\/2024\/09\/osrevolucionarios.jpg\" style=\"width:80%;\" \/><\/a>          <a href=\"https:\/\/extralibris.net\/sesisenai\/item\/os-revolucionarios\/\" rel=\"bookmark\" style=\"display:none;\"><span>Os revolucion\u00e1rios<\/span>          <\/a>      <\/div><\/article><article class=\"1980 books type-books status-publish has-post-thumbnail book-series-artes entry genesis-author-pro-book\" itemscope=\"\" itemtype=\"https:\/\/schema.org\/CreativeWork\">      <div class=\"entry-content\" itemprop=\"text\">          <a href=\"https:\/\/extralibris.net\/sesisenai\/item\/jornada-literaria\/\"><img decoding=\"async\" src=\"https:\/\/extralibris.net\/sesisenai\/wp-content\/uploads\/sites\/2\/2024\/09\/jornadaliteraria.png\" style=\"width:80%;\" \/><\/a>          <a href=\"https:\/\/extralibris.net\/sesisenai\/item\/jornada-literaria\/\" rel=\"bookmark\" style=\"display:none;\"><span>Jornada liter\u00e1ria<\/span>          <\/a>      <\/div><\/article><article class=\"1963 books type-books status-publish has-post-thumbnail book-series-artes entry genesis-author-pro-book\" itemscope=\"\" itemtype=\"https:\/\/schema.org\/CreativeWork\">      <div class=\"entry-content\" itemprop=\"text\">          <a href=\"https:\/\/extralibris.net\/sesisenai\/item\/amostradinhos\/\"><img decoding=\"async\" src=\"https:\/\/extralibris.net\/sesisenai\/wp-content\/uploads\/sites\/2\/2024\/09\/posteramostradinhos.png\" style=\"width:80%;\" \/><\/a>          <a href=\"https:\/\/extralibris.net\/sesisenai\/item\/amostradinhos\/\" rel=\"bookmark\" style=\"display:none;\"><span>Amostradinhos<\/span>          <\/a>      <\/div><\/article><article class=\"1954 books type-books status-publish has-post-thumbnail book-series-artes entry genesis-author-pro-book\" itemscope=\"\" itemtype=\"https:\/\/schema.org\/CreativeWork\">      <div class=\"entry-content\" itemprop=\"text\">          <a href=\"https:\/\/extralibris.net\/sesisenai\/item\/os-divos\/\"><img decoding=\"async\" src=\"https:\/\/extralibris.net\/sesisenai\/wp-content\/uploads\/sites\/2\/2024\/09\/osdivos.jpg\" style=\"width:80%;\" \/><\/a>          <a href=\"https:\/\/extralibris.net\/sesisenai\/item\/os-divos\/\" rel=\"bookmark\" style=\"display:none;\"><span>Os divos<\/span>          <\/a>      <\/div><\/article><article class=\"1978 books type-books status-publish has-post-thumbnail book-series-artes entry genesis-author-pro-book\" itemscope=\"\" itemtype=\"https:\/\/schema.org\/CreativeWork\">      <div class=\"entry-content\" itemprop=\"text\">          <a href=\"https:\/\/extralibris.net\/sesisenai\/item\/entrelinhas\/\"><img decoding=\"async\" src=\"https:\/\/extralibris.net\/sesisenai\/wp-content\/uploads\/sites\/2\/2024\/09\/entrelinhas.jpg\" style=\"width:80%;\" \/><\/a>          <a href=\"https:\/\/extralibris.net\/sesisenai\/item\/entrelinhas\/\" rel=\"bookmark\" style=\"display:none;\"><span>Entrelinhas<\/span>          <\/a>      <\/div><\/article><article class=\"1989 books type-books status-publish has-post-thumbnail book-series-artes entry genesis-author-pro-book\" itemscope=\"\" itemtype=\"https:\/\/schema.org\/CreativeWork\">      <div class=\"entry-content\" itemprop=\"text\">          <a href=\"https:\/\/extralibris.net\/sesisenai\/item\/debis-e-loides\/\"><img decoding=\"async\" src=\"https:\/\/extralibris.net\/sesisenai\/wp-content\/uploads\/sites\/2\/2024\/09\/deviseloides.jpg\" style=\"width:80%;\" \/><\/a>          <a href=\"https:\/\/extralibris.net\/sesisenai\/item\/debis-e-loides\/\" rel=\"bookmark\" style=\"display:none;\"><span>Debis e loides<\/span>          <\/a>      <\/div><\/article><article class=\"1977 books type-books status-publish has-post-thumbnail book-series-artes entry genesis-author-pro-book\" itemscope=\"\" itemtype=\"https:\/\/schema.org\/CreativeWork\">      <div class=\"entry-content\" itemprop=\"text\">          <a href=\"https:\/\/extralibris.net\/sesisenai\/item\/os-paradidaticos\/\"><img decoding=\"async\" src=\"https:\/\/extralibris.net\/sesisenai\/wp-content\/uploads\/sites\/2\/2024\/09\/posterosparadidaticos.png\" style=\"width:80%;\" \/><\/a>          <a href=\"https:\/\/extralibris.net\/sesisenai\/item\/os-paradidaticos\/\" rel=\"bookmark\" style=\"display:none;\"><span>Os paradid\u00e1ticos<\/span>          <\/a>      <\/div><\/article><article class=\"1976 books type-books status-publish has-post-thumbnail book-series-artes entry genesis-author-pro-book\" itemscope=\"\" itemtype=\"https:\/\/schema.org\/CreativeWork\">      <div class=\"entry-content\" itemprop=\"text\">          <a href=\"https:\/\/extralibris.net\/sesisenai\/item\/constelacao\/\"><img decoding=\"async\" src=\"https:\/\/extralibris.net\/sesisenai\/wp-content\/uploads\/sites\/2\/2024\/09\/posterpadraoclubedolivro07.png\" style=\"width:80%;\" \/><\/a>          <a href=\"https:\/\/extralibris.net\/sesisenai\/item\/constelacao\/\" rel=\"bookmark\" style=\"display:none;\"><span>Constela\u00e7\u00e3o<\/span>          <\/a>      <\/div><\/article><article class=\"1965 books type-books status-publish has-post-thumbnail book-series-artes entry genesis-author-pro-book\" itemscope=\"\" itemtype=\"https:\/\/schema.org\/CreativeWork\">      <div class=\"entry-content\" itemprop=\"text\">          <a href=\"https:\/\/extralibris.net\/sesisenai\/item\/amigas-da-literatura\/\"><img decoding=\"async\" src=\"https:\/\/extralibris.net\/sesisenai\/wp-content\/uploads\/sites\/2\/2024\/09\/posterpadraoclubedolivro06.png\" style=\"width:80%;\" \/><\/a>          <a href=\"https:\/\/extralibris.net\/sesisenai\/item\/amigas-da-literatura\/\" rel=\"bookmark\" style=\"display:none;\"><span>Amigas da Literatura<\/span>          <\/a>      <\/div><\/article><article class=\"1979 books type-books status-publish has-post-thumbnail book-series-artes entry genesis-author-pro-book\" itemscope=\"\" itemtype=\"https:\/\/schema.org\/CreativeWork\">      <div class=\"entry-content\" itemprop=\"text\">          <a href=\"https:\/\/extralibris.net\/sesisenai\/item\/empilhando-mundos\/\"><img decoding=\"async\" src=\"https:\/\/extralibris.net\/sesisenai\/wp-content\/uploads\/sites\/2\/2024\/09\/posterpadraoclubedolivro02.png\" style=\"width:80%;\" \/><\/a>          <a href=\"https:\/\/extralibris.net\/sesisenai\/item\/empilhando-mundos\/\" rel=\"bookmark\" style=\"display:none;\"><span>Empilhando Mundos<\/span>          <\/a>      <\/div><\/article><article class=\"1991 books type-books status-publish has-post-thumbnail book-series-artes entry genesis-author-pro-book\" itemscope=\"\" itemtype=\"https:\/\/schema.org\/CreativeWork\">      <div class=\"entry-content\" itemprop=\"text\">          <a href=\"https:\/\/extralibris.net\/sesisenai\/item\/amor-entre-linhas\/\"><img decoding=\"async\" src=\"https:\/\/extralibris.net\/sesisenai\/wp-content\/uploads\/sites\/2\/2024\/09\/posteramorentrelinhas.jpg\" style=\"width:80%;\" \/><\/a>          <a href=\"https:\/\/extralibris.net\/sesisenai\/item\/amor-entre-linhas\/\" rel=\"bookmark\" style=\"display:none;\"><span>Amor entre linhas<\/span>          <\/a>      <\/div><\/article><\/div><\/div>\n","protected":false},"excerpt":{"rendered":"<p>CURADORIA FIGITAL : FUNDAMENTAL II<\/p>\n","protected":false},"author":1,"featured_media":0,"parent":0,"menu_order":23,"comment_status":"closed","ping_status":"closed","template":"templates\/full-width.php","meta":{"_genesis_hide_title":false,"_genesis_hide_breadcrumbs":false,"_genesis_hide_singular_image":false,"_genesis_hide_footer_widgets":false,"_genesis_custom_body_class":"","_genesis_custom_post_class":"","_genesis_layout":"","footnotes":""},"class_list":["post-2184","page","type-page","status-publish","entry"],"yoast_head":"<!-- This site is optimized with the Yoast SEO plugin v28.3 - https:\/\/yoast.com\/product\/yoast-seo-wordpress\/ -->\n<title>Biblioteca Figital SESI SENAI<\/title>\n<meta name=\"description\" content=\"Curadoria Colaborativa de Exposi\u00e7\u00f5es nas unidades SESI SENAI participantes. Cataloga\u00e7\u00e3o, cole\u00e7\u00e3o e localiza\u00e7\u00e3o de itens em colabora\u00e7\u00e3o.\" \/>\n<meta name=\"robots\" content=\"index, follow, max-snippet:-1, max-image-preview:large, max-video-preview:-1\" \/>\n<link rel=\"canonical\" href=\"https:\/\/extralibris.net\/sesisenai\/clubes-dos-livros\/\" \/>\n<meta property=\"og:locale\" content=\"pt_BR\" \/>\n<meta property=\"og:type\" content=\"article\" \/>\n<meta property=\"og:title\" content=\"Biblioteca SESI SENAI - Rio Verde - GO\" \/>\n<meta property=\"og:description\" content=\"Curadoria Colaborativa de Exposi\u00e7\u00f5es da Biblioteca na Unidade Integrada SESI SENAI de Rio Verde - GO para disciplina de Educa\u00e7\u00e3o Figital.\" \/>\n<meta property=\"og:url\" content=\"https:\/\/extralibris.net\/sesisenai\/clubes-dos-livros\/\" \/>\n<meta property=\"og:site_name\" content=\"SESI SENAI Goi\u00e1s\" \/>\n<meta property=\"article:modified_time\" content=\"2025-08-18T16:38:55+00:00\" \/>\n<meta property=\"og:image\" content=\"https:\/\/extralibris.net\/sesisenai\/wp-content\/uploads\/sites\/2\/2023\/10\/banner-curadorias-01.png\" \/>\n\t<meta property=\"og:image:width\" content=\"1200\" \/>\n\t<meta property=\"og:image:height\" content=\"315\" \/>\n\t<meta property=\"og:image:type\" content=\"image\/png\" \/>\n<meta name=\"twitter:card\" content=\"summary_large_image\" \/>\n<meta name=\"twitter:title\" content=\"Biblioteca SESI SENAI - Rio Verde - GO\" \/>\n<meta name=\"twitter:description\" content=\"Curadoria Colaborativa de Exposi\u00e7\u00f5es da Biblioteca na Unidade Integrada SESI SENAI de Rio Verde - GO para disciplina de Educa\u00e7\u00e3o Figital.\" \/>\n<meta name=\"twitter:image\" content=\"https:\/\/extralibris.net\/sesisenai\/wp-content\/uploads\/sites\/2\/2023\/10\/banner-curadorias-01.png\" \/>\n<meta name=\"twitter:label1\" content=\"Est. tempo de leitura\" \/>\n\t<meta name=\"twitter:data1\" content=\"1 minuto\" \/>\n<script type=\"application\/ld+json\" class=\"yoast-schema-graph\">{\"@context\":\"https:\\\/\\\/schema.org\",\"@graph\":[{\"@type\":\"WebPage\",\"@id\":\"https:\\\/\\\/extralibris.net\\\/sesisenai\\\/clubes-dos-livros\\\/\",\"url\":\"https:\\\/\\\/extralibris.net\\\/sesisenai\\\/clubes-dos-livros\\\/\",\"name\":\"Biblioteca Figital SESI SENAI\",\"isPartOf\":{\"@id\":\"https:\\\/\\\/extralibris.net\\\/sesisenai\\\/#website\"},\"datePublished\":\"2025-04-26T21:38:16+00:00\",\"dateModified\":\"2025-08-18T16:38:55+00:00\",\"description\":\"Curadoria Colaborativa de Exposi\u00e7\u00f5es nas unidades SESI SENAI participantes. Cataloga\u00e7\u00e3o, cole\u00e7\u00e3o e localiza\u00e7\u00e3o de itens em colabora\u00e7\u00e3o.\",\"breadcrumb\":{\"@id\":\"https:\\\/\\\/extralibris.net\\\/sesisenai\\\/clubes-dos-livros\\\/#breadcrumb\"},\"inLanguage\":\"pt-BR\",\"potentialAction\":[{\"@type\":\"ReadAction\",\"target\":[\"https:\\\/\\\/extralibris.net\\\/sesisenai\\\/clubes-dos-livros\\\/\"]}]},{\"@type\":\"BreadcrumbList\",\"@id\":\"https:\\\/\\\/extralibris.net\\\/sesisenai\\\/clubes-dos-livros\\\/#breadcrumb\",\"itemListElement\":[{\"@type\":\"ListItem\",\"position\":1,\"name\":\"In\u00edcio\",\"item\":\"https:\\\/\\\/extralibris.net\\\/sesisenai\\\/\"},{\"@type\":\"ListItem\",\"position\":2,\"name\":\"CLUBES DOS LIVROS\"}]},{\"@type\":\"WebSite\",\"@id\":\"https:\\\/\\\/extralibris.net\\\/sesisenai\\\/#website\",\"url\":\"https:\\\/\\\/extralibris.net\\\/sesisenai\\\/\",\"name\":\"SESI SENAI Goi\u00e1s\",\"description\":\"Curadoria Figital\",\"publisher\":{\"@id\":\"https:\\\/\\\/extralibris.net\\\/sesisenai\\\/#organization\"},\"potentialAction\":[{\"@type\":\"SearchAction\",\"target\":{\"@type\":\"EntryPoint\",\"urlTemplate\":\"https:\\\/\\\/extralibris.net\\\/sesisenai\\\/?s={search_term_string}\"},\"query-input\":{\"@type\":\"PropertyValueSpecification\",\"valueRequired\":true,\"valueName\":\"search_term_string\"}}],\"inLanguage\":\"pt-BR\"},{\"@type\":\"Organization\",\"@id\":\"https:\\\/\\\/extralibris.net\\\/sesisenai\\\/#organization\",\"name\":\"SESI SENAI Goi\u00e1s\",\"url\":\"https:\\\/\\\/extralibris.net\\\/sesisenai\\\/\",\"logo\":{\"@type\":\"ImageObject\",\"inLanguage\":\"pt-BR\",\"@id\":\"https:\\\/\\\/extralibris.net\\\/sesisenai\\\/#\\\/schema\\\/logo\\\/image\\\/\",\"url\":\"https:\\\/\\\/extralibris.net\\\/sesisenai\\\/wp-content\\\/uploads\\\/sites\\\/2\\\/2025\\\/05\\\/cropped-cropped-THUMB_SesiSenai_Colorida-1.jpg\",\"contentUrl\":\"https:\\\/\\\/extralibris.net\\\/sesisenai\\\/wp-content\\\/uploads\\\/sites\\\/2\\\/2025\\\/05\\\/cropped-cropped-THUMB_SesiSenai_Colorida-1.jpg\",\"width\":512,\"height\":256,\"caption\":\"SESI SENAI Goi\u00e1s\"},\"image\":{\"@id\":\"https:\\\/\\\/extralibris.net\\\/sesisenai\\\/#\\\/schema\\\/logo\\\/image\\\/\"}}]}<\/script>\n<!-- \/ Yoast SEO plugin. -->","yoast_head_json":{"title":"Biblioteca Figital SESI SENAI","description":"Curadoria Colaborativa de Exposi\u00e7\u00f5es nas unidades SESI SENAI participantes. Cataloga\u00e7\u00e3o, cole\u00e7\u00e3o e localiza\u00e7\u00e3o de itens em colabora\u00e7\u00e3o.","robots":{"index":"index","follow":"follow","max-snippet":"max-snippet:-1","max-image-preview":"max-image-preview:large","max-video-preview":"max-video-preview:-1"},"canonical":"https:\/\/extralibris.net\/sesisenai\/clubes-dos-livros\/","og_locale":"pt_BR","og_type":"article","og_title":"Biblioteca SESI SENAI - Rio Verde - GO","og_description":"Curadoria Colaborativa de Exposi\u00e7\u00f5es da Biblioteca na Unidade Integrada SESI SENAI de Rio Verde - GO para disciplina de Educa\u00e7\u00e3o Figital.","og_url":"https:\/\/extralibris.net\/sesisenai\/clubes-dos-livros\/","og_site_name":"SESI SENAI Goi\u00e1s","article_modified_time":"2025-08-18T16:38:55+00:00","og_image":[{"width":1200,"height":315,"url":"https:\/\/extralibris.net\/sesisenai\/wp-content\/uploads\/sites\/2\/2023\/10\/banner-curadorias-01.png","type":"image\/png"}],"twitter_card":"summary_large_image","twitter_title":"Biblioteca SESI SENAI - Rio Verde - GO","twitter_description":"Curadoria Colaborativa de Exposi\u00e7\u00f5es da Biblioteca na Unidade Integrada SESI SENAI de Rio Verde - GO para disciplina de Educa\u00e7\u00e3o Figital.","twitter_image":"https:\/\/extralibris.net\/sesisenai\/wp-content\/uploads\/sites\/2\/2023\/10\/banner-curadorias-01.png","twitter_misc":{"Est. tempo de leitura":"1 minuto"},"schema":{"@context":"https:\/\/schema.org","@graph":[{"@type":"WebPage","@id":"https:\/\/extralibris.net\/sesisenai\/clubes-dos-livros\/","url":"https:\/\/extralibris.net\/sesisenai\/clubes-dos-livros\/","name":"Biblioteca Figital SESI SENAI","isPartOf":{"@id":"https:\/\/extralibris.net\/sesisenai\/#website"},"datePublished":"2025-04-26T21:38:16+00:00","dateModified":"2025-08-18T16:38:55+00:00","description":"Curadoria Colaborativa de Exposi\u00e7\u00f5es nas unidades SESI SENAI participantes. Cataloga\u00e7\u00e3o, cole\u00e7\u00e3o e localiza\u00e7\u00e3o de itens em colabora\u00e7\u00e3o.","breadcrumb":{"@id":"https:\/\/extralibris.net\/sesisenai\/clubes-dos-livros\/#breadcrumb"},"inLanguage":"pt-BR","potentialAction":[{"@type":"ReadAction","target":["https:\/\/extralibris.net\/sesisenai\/clubes-dos-livros\/"]}]},{"@type":"BreadcrumbList","@id":"https:\/\/extralibris.net\/sesisenai\/clubes-dos-livros\/#breadcrumb","itemListElement":[{"@type":"ListItem","position":1,"name":"In\u00edcio","item":"https:\/\/extralibris.net\/sesisenai\/"},{"@type":"ListItem","position":2,"name":"CLUBES DOS LIVROS"}]},{"@type":"WebSite","@id":"https:\/\/extralibris.net\/sesisenai\/#website","url":"https:\/\/extralibris.net\/sesisenai\/","name":"SESI SENAI Goi\u00e1s","description":"Curadoria Figital","publisher":{"@id":"https:\/\/extralibris.net\/sesisenai\/#organization"},"potentialAction":[{"@type":"SearchAction","target":{"@type":"EntryPoint","urlTemplate":"https:\/\/extralibris.net\/sesisenai\/?s={search_term_string}"},"query-input":{"@type":"PropertyValueSpecification","valueRequired":true,"valueName":"search_term_string"}}],"inLanguage":"pt-BR"},{"@type":"Organization","@id":"https:\/\/extralibris.net\/sesisenai\/#organization","name":"SESI SENAI Goi\u00e1s","url":"https:\/\/extralibris.net\/sesisenai\/","logo":{"@type":"ImageObject","inLanguage":"pt-BR","@id":"https:\/\/extralibris.net\/sesisenai\/#\/schema\/logo\/image\/","url":"https:\/\/extralibris.net\/sesisenai\/wp-content\/uploads\/sites\/2\/2025\/05\/cropped-cropped-THUMB_SesiSenai_Colorida-1.jpg","contentUrl":"https:\/\/extralibris.net\/sesisenai\/wp-content\/uploads\/sites\/2\/2025\/05\/cropped-cropped-THUMB_SesiSenai_Colorida-1.jpg","width":512,"height":256,"caption":"SESI SENAI Goi\u00e1s"},"image":{"@id":"https:\/\/extralibris.net\/sesisenai\/#\/schema\/logo\/image\/"}}]}},"featured_image_src":null,"featured_image_src_square":null,"_links":{"self":[{"href":"https:\/\/extralibris.net\/sesisenai\/wp-json\/wp\/v2\/pages\/2184","targetHints":{"allow":["GET"]}}],"collection":[{"href":"https:\/\/extralibris.net\/sesisenai\/wp-json\/wp\/v2\/pages"}],"about":[{"href":"https:\/\/extralibris.net\/sesisenai\/wp-json\/wp\/v2\/types\/page"}],"author":[{"embeddable":true,"href":"https:\/\/extralibris.net\/sesisenai\/wp-json\/wp\/v2\/users\/1"}],"replies":[{"embeddable":true,"href":"https:\/\/extralibris.net\/sesisenai\/wp-json\/wp\/v2\/comments?post=2184"}],"version-history":[{"count":3,"href":"https:\/\/extralibris.net\/sesisenai\/wp-json\/wp\/v2\/pages\/2184\/revisions"}],"predecessor-version":[{"id":2568,"href":"https:\/\/extralibris.net\/sesisenai\/wp-json\/wp\/v2\/pages\/2184\/revisions\/2568"}],"wp:attachment":[{"href":"https:\/\/extralibris.net\/sesisenai\/wp-json\/wp\/v2\/media?parent=2184"}],"curies":[{"name":"wp","href":"https:\/\/api.w.org\/{rel}","templated":true}]}}