{"id":1865,"date":"2024-08-23T14:15:44","date_gmt":"2024-08-23T17:15:44","guid":{"rendered":"https:\/\/sesisenai.inf.br\/?page_id=1865"},"modified":"2025-06-17T20:59:09","modified_gmt":"2025-06-17T23:59:09","slug":"top-leitoras","status":"publish","type":"page","link":"https:\/\/extralibris.net\/sesisenai\/top-leitoras\/","title":{"rendered":"TOP LEITORAS"},"content":{"rendered":"\n<h2 class=\"wp-block-heading has-text-align-center\"><strong>TOP LEITORAS DO ANO<\/strong><\/h2>\n\n\n\n<p class=\"has-text-align-center wp-block-paragraph\">Todos os livros s\u00e3o exibidos na biblioteca f\u00edsica com as prateleiras dos alunos com conte\u00fados que est\u00e3o sendo produzidos por eles e ser\u00e3o acess\u00edveis neste ambiente. Tamb\u00e9m \u00e9 poss\u00edvel inscrever-se e participar indicando suas leituras favoritas da sua biblioteca pessoal e breve divulgaremos orienta\u00e7\u00f5es sobre como participar.<\/p>\n\n\n\n<hr class=\"wp-block-separator has-text-color has-cyan-bluish-gray-color has-alpha-channel-opacity has-cyan-bluish-gray-background-color has-background is-style-wide\"\/>\n\n\n\n<h3 class=\"wp-block-heading has-text-align-center\"><strong><a href=\"https:\/\/sesirioverde.figiteca.com\/curadoria\/ester-aureliano-coelho\/\">ESTER AURELIANO COELHO<\/a><\/strong><\/h3>\n\n\n\n<p class=\"wp-block-paragraph\"><div class=\"collections\"><div class=\"collection\"><article class=\"1529 books type-books status-publish has-post-thumbnail book-series-artes entry genesis-author-pro-book\" itemscope=\"\" itemtype=\"https:\/\/schema.org\/CreativeWork\">      <div class=\"entry-content\" itemprop=\"text\">          <a href=\"https:\/\/extralibris.net\/sesisenai\/item\/a-culpa-e-das-estrelas\/\"><img decoding=\"async\" src=\"https:\/\/extralibris.net\/sesisenai\/wp-content\/uploads\/sites\/2\/2024\/07\/aculpadasestrelas.webp\" style=\"width:80%;\" \/><\/a>          <a href=\"https:\/\/extralibris.net\/sesisenai\/item\/a-culpa-e-das-estrelas\/\" rel=\"bookmark\" style=\"display:none;\"><span>A culpa \u00e9 das estrelas<\/span>          <\/a>      <\/div><\/article><article class=\"1527 books type-books status-publish has-post-thumbnail book-series-artes entry genesis-author-pro-book\" itemscope=\"\" itemtype=\"https:\/\/schema.org\/CreativeWork\">      <div class=\"entry-content\" itemprop=\"text\">          <a href=\"https:\/\/extralibris.net\/sesisenai\/item\/eleanor-park\/\"><img decoding=\"async\" src=\"https:\/\/extralibris.net\/sesisenai\/wp-content\/uploads\/sites\/2\/2024\/07\/eleanorepark.webp\" style=\"width:80%;\" \/><\/a>          <a href=\"https:\/\/extralibris.net\/sesisenai\/item\/eleanor-park\/\" rel=\"bookmark\" style=\"display:none;\"><span>Eleanor &amp; Park<\/span>          <\/a>      <\/div><\/article><article class=\"1531 books type-books status-publish has-post-thumbnail book-series-artes entry genesis-author-pro-book\" itemscope=\"\" itemtype=\"https:\/\/schema.org\/CreativeWork\">      <div class=\"entry-content\" itemprop=\"text\">          <a href=\"https:\/\/extralibris.net\/sesisenai\/item\/tartarugas-ate-la-embaixo\/\"><img decoding=\"async\" src=\"https:\/\/extralibris.net\/sesisenai\/wp-content\/uploads\/sites\/2\/2024\/07\/tartarugasatelaembaixo.webp\" style=\"width:80%;\" \/><\/a>          <a href=\"https:\/\/extralibris.net\/sesisenai\/item\/tartarugas-ate-la-embaixo\/\" rel=\"bookmark\" style=\"display:none;\"><span>Tartarugas at\u00e9 l\u00e1 embaixo<\/span>          <\/a>      <\/div><\/article><article class=\"1517 books type-books status-publish has-post-thumbnail book-series-artes entry genesis-author-pro-book\" itemscope=\"\" itemtype=\"https:\/\/schema.org\/CreativeWork\">      <div class=\"entry-content\" itemprop=\"text\">          <a href=\"https:\/\/extralibris.net\/sesisenai\/item\/o-menino-do-pijama-listrado\/\"><img decoding=\"async\" src=\"https:\/\/extralibris.net\/sesisenai\/wp-content\/uploads\/sites\/2\/2024\/07\/omeninodopijamalistrado.webp\" style=\"width:80%;\" \/><\/a>          <a href=\"https:\/\/extralibris.net\/sesisenai\/item\/o-menino-do-pijama-listrado\/\" rel=\"bookmark\" style=\"display:none;\"><span>O Menino do Pijama Listrado<\/span>          <\/a>      <\/div><\/article><article class=\"223 books type-books status-publish has-post-thumbnail book-series-artes entry genesis-author-pro-book\" itemscope=\"\" itemtype=\"https:\/\/schema.org\/CreativeWork\">      <div class=\"entry-content\" itemprop=\"text\">          <a href=\"https:\/\/extralibris.net\/sesisenai\/item\/a-metamorfose\/\"><img decoding=\"async\" src=\"https:\/\/extralibris.net\/sesisenai\/wp-content\/uploads\/sites\/2\/2023\/10\/ametamorfose.jpg\" style=\"width:80%;\" \/><\/a>          <a href=\"https:\/\/extralibris.net\/sesisenai\/item\/a-metamorfose\/\" rel=\"bookmark\" style=\"display:none;\"><span>A metamorfose<\/span>          <\/a>      <\/div><\/article><\/div><\/div>\n\n\n\n<p class=\"wp-block-paragraph\"><div class=\"collections\"><div class=\"collection\"><article class=\"1525 books type-books status-publish has-post-thumbnail book-series-artes entry genesis-author-pro-book\" itemscope=\"\" itemtype=\"https:\/\/schema.org\/CreativeWork\">      <div class=\"entry-content\" itemprop=\"text\">          <a href=\"https:\/\/extralibris.net\/sesisenai\/item\/o-mar-de-monstros\/\"><img decoding=\"async\" src=\"https:\/\/extralibris.net\/sesisenai\/wp-content\/uploads\/sites\/2\/2024\/07\/IIomardemonstros.webp\" style=\"width:80%;\" \/><\/a>          <a href=\"https:\/\/extralibris.net\/sesisenai\/item\/o-mar-de-monstros\/\" rel=\"bookmark\" style=\"display:none;\"><span>O mar de monstros<\/span>          <\/a>      <\/div><\/article><article class=\"1548 books type-books status-publish has-post-thumbnail book-series-artes entry genesis-author-pro-book\" itemscope=\"\" itemtype=\"https:\/\/schema.org\/CreativeWork\">      <div class=\"entry-content\" itemprop=\"text\">          <a href=\"https:\/\/extralibris.net\/sesisenai\/item\/a-maldicao-do-tita\/\"><img decoding=\"async\" src=\"https:\/\/extralibris.net\/sesisenai\/wp-content\/uploads\/sites\/2\/2024\/07\/amaldicaodotita.webp\" style=\"width:80%;\" \/><\/a>          <a href=\"https:\/\/extralibris.net\/sesisenai\/item\/a-maldicao-do-tita\/\" rel=\"bookmark\" style=\"display:none;\"><span>A maldi\u00e7\u00e3o do tit\u00e3<\/span>          <\/a>      <\/div><\/article><article class=\"1550 books type-books status-publish has-post-thumbnail book-series-artes entry genesis-author-pro-book\" itemscope=\"\" itemtype=\"https:\/\/schema.org\/CreativeWork\">      <div class=\"entry-content\" itemprop=\"text\">          <a href=\"https:\/\/extralibris.net\/sesisenai\/item\/a-batalha-do-labirinto\/\"><img decoding=\"async\" src=\"https:\/\/extralibris.net\/sesisenai\/wp-content\/uploads\/sites\/2\/2024\/07\/abatalhadolabirinto.webp\" style=\"width:80%;\" \/><\/a>          <a href=\"https:\/\/extralibris.net\/sesisenai\/item\/a-batalha-do-labirinto\/\" rel=\"bookmark\" style=\"display:none;\"><span>A batalha do labirinto<\/span>          <\/a>      <\/div><\/article><article class=\"1543 books type-books status-publish has-post-thumbnail book-series-artes entry genesis-author-pro-book\" itemscope=\"\" itemtype=\"https:\/\/schema.org\/CreativeWork\">      <div class=\"entry-content\" itemprop=\"text\">          <a href=\"https:\/\/extralibris.net\/sesisenai\/item\/o-heroi-perdido\/\"><img decoding=\"async\" src=\"https:\/\/extralibris.net\/sesisenai\/wp-content\/uploads\/sites\/2\/2024\/07\/oheroiperdido.webp\" style=\"width:80%;\" \/><\/a>          <a href=\"https:\/\/extralibris.net\/sesisenai\/item\/o-heroi-perdido\/\" rel=\"bookmark\" style=\"display:none;\"><span>O her\u00f3i perdido<\/span>          <\/a>      <\/div><\/article><article class=\"1545 books type-books status-publish has-post-thumbnail book-series-artes entry genesis-author-pro-book\" itemscope=\"\" itemtype=\"https:\/\/schema.org\/CreativeWork\">      <div class=\"entry-content\" itemprop=\"text\">          <a href=\"https:\/\/extralibris.net\/sesisenai\/item\/o-filho-de-netuno\/\"><img decoding=\"async\" src=\"https:\/\/extralibris.net\/sesisenai\/wp-content\/uploads\/sites\/2\/2024\/07\/ofilhodenetuno.webp\" style=\"width:80%;\" \/><\/a>          <a href=\"https:\/\/extralibris.net\/sesisenai\/item\/o-filho-de-netuno\/\" rel=\"bookmark\" style=\"display:none;\"><span>O filho de netuno<\/span>          <\/a>      <\/div><\/article><\/div><\/div>\n\n\n\n<p class=\"wp-block-paragraph\"><div class=\"collections\"><div class=\"collection\"><article class=\"1533 books type-books status-publish has-post-thumbnail book-series-artes entry genesis-author-pro-book\" itemscope=\"\" itemtype=\"https:\/\/schema.org\/CreativeWork\">      <div class=\"entry-content\" itemprop=\"text\">          <a href=\"https:\/\/extralibris.net\/sesisenai\/item\/o-livro-de-ouro-da-mitologia\/\"><img decoding=\"async\" src=\"https:\/\/extralibris.net\/sesisenai\/wp-content\/uploads\/sites\/2\/2024\/07\/olivrodeourodamitologia.webp\" style=\"width:80%;\" \/><\/a>          <a href=\"https:\/\/extralibris.net\/sesisenai\/item\/o-livro-de-ouro-da-mitologia\/\" rel=\"bookmark\" style=\"display:none;\"><span>O livro de ouro da mitologia<\/span>          <\/a>      <\/div><\/article><article class=\"1556 books type-books status-publish has-post-thumbnail book-series-artes entry genesis-author-pro-book\" itemscope=\"\" itemtype=\"https:\/\/schema.org\/CreativeWork\">      <div class=\"entry-content\" itemprop=\"text\">          <a href=\"https:\/\/extralibris.net\/sesisenai\/item\/a-revolucao-dos-bichos\/\"><img decoding=\"async\" src=\"https:\/\/extralibris.net\/sesisenai\/wp-content\/uploads\/sites\/2\/2024\/07\/arevolucaodosbichos.webp\" style=\"width:80%;\" \/><\/a>          <a href=\"https:\/\/extralibris.net\/sesisenai\/item\/a-revolucao-dos-bichos\/\" rel=\"bookmark\" style=\"display:none;\"><span>A revolu\u00e7\u00e3o dos bichos<\/span>          <\/a>      <\/div><\/article><article class=\"1558 books type-books status-publish has-post-thumbnail book-series-artes entry genesis-author-pro-book\" itemscope=\"\" itemtype=\"https:\/\/schema.org\/CreativeWork\">      <div class=\"entry-content\" itemprop=\"text\">          <a href=\"https:\/\/extralibris.net\/sesisenai\/item\/o-lado-bom-da-vida\/\"><img decoding=\"async\" src=\"https:\/\/extralibris.net\/sesisenai\/wp-content\/uploads\/sites\/2\/2024\/07\/oladobomdavida.webp\" style=\"width:80%;\" \/><\/a>          <a href=\"https:\/\/extralibris.net\/sesisenai\/item\/o-lado-bom-da-vida\/\" rel=\"bookmark\" style=\"display:none;\"><span>O lado bom da vida<\/span>          <\/a>      <\/div><\/article><article class=\"1560 books type-books status-publish has-post-thumbnail book-series-artes entry genesis-author-pro-book\" itemscope=\"\" itemtype=\"https:\/\/schema.org\/CreativeWork\">      <div class=\"entry-content\" itemprop=\"text\">          <a href=\"https:\/\/extralibris.net\/sesisenai\/item\/hanna-montana-e-eu\/\"><img decoding=\"async\" src=\"https:\/\/extralibris.net\/sesisenai\/wp-content\/uploads\/sites\/2\/2024\/07\/hannamontanaeeu.webp\" style=\"width:80%;\" \/><\/a>          <a href=\"https:\/\/extralibris.net\/sesisenai\/item\/hanna-montana-e-eu\/\" rel=\"bookmark\" style=\"display:none;\"><span>Hanna Montana e Eu<\/span>          <\/a>      <\/div><\/article><article class=\"1562 books type-books status-publish has-post-thumbnail book-series-artes entry genesis-author-pro-book\" itemscope=\"\" itemtype=\"https:\/\/schema.org\/CreativeWork\">      <div class=\"entry-content\" itemprop=\"text\">          <a href=\"https:\/\/extralibris.net\/sesisenai\/item\/minha-vida-fora-de-serie-1a-temporada\/\"><img decoding=\"async\" src=\"https:\/\/extralibris.net\/sesisenai\/wp-content\/uploads\/sites\/2\/2024\/07\/minhavidaforadeserie.webp\" style=\"width:80%;\" \/><\/a>          <a href=\"https:\/\/extralibris.net\/sesisenai\/item\/minha-vida-fora-de-serie-1a-temporada\/\" rel=\"bookmark\" style=\"display:none;\"><span>Minha vida fora de s\u00e9rie &#8211; 1\u00aa temporada<\/span>          <\/a>      <\/div><\/article><\/div><\/div>\n\n\n\n<h3 class=\"wp-block-heading has-text-align-center\"><strong><a href=\"https:\/\/sesirioverde.figiteca.com\/curadoria\/rafaeli-rodrigues-ribeiro\/\">RAFAELI RODRIGUES RIBEIRO<\/a><\/strong><\/h3>\n\n\n\n<p class=\"wp-block-paragraph\"><div class=\"collections\"><div class=\"collection\"><article class=\"1578 books type-books status-publish has-post-thumbnail book-series-artes entry genesis-author-pro-book\" itemscope=\"\" itemtype=\"https:\/\/schema.org\/CreativeWork\">      <div class=\"entry-content\" itemprop=\"text\">          <a href=\"https:\/\/extralibris.net\/sesisenai\/item\/ponto-de-impacto\/\"><img decoding=\"async\" src=\"https:\/\/extralibris.net\/sesisenai\/wp-content\/uploads\/sites\/2\/2024\/07\/pontodeimpacto.webp\" style=\"width:80%;\" \/><\/a>          <a href=\"https:\/\/extralibris.net\/sesisenai\/item\/ponto-de-impacto\/\" rel=\"bookmark\" style=\"display:none;\"><span>Ponto de impacto<\/span>          <\/a>      <\/div><\/article><article class=\"1575 books type-books status-publish has-post-thumbnail book-series-artes entry genesis-author-pro-book\" itemscope=\"\" itemtype=\"https:\/\/schema.org\/CreativeWork\">      <div class=\"entry-content\" itemprop=\"text\">          <a href=\"https:\/\/extralibris.net\/sesisenai\/item\/o-simbolo-perdido\/\"><img decoding=\"async\" src=\"https:\/\/extralibris.net\/sesisenai\/wp-content\/uploads\/sites\/2\/2024\/07\/osimboloperdido.webp\" style=\"width:80%;\" \/><\/a>          <a href=\"https:\/\/extralibris.net\/sesisenai\/item\/o-simbolo-perdido\/\" rel=\"bookmark\" style=\"display:none;\"><span>O s\u00edmbolo perdido<\/span>          <\/a>      <\/div><\/article><article class=\"1573 books type-books status-publish has-post-thumbnail book-series-artes entry genesis-author-pro-book\" itemscope=\"\" itemtype=\"https:\/\/schema.org\/CreativeWork\">      <div class=\"entry-content\" itemprop=\"text\">          <a href=\"https:\/\/extralibris.net\/sesisenai\/item\/orgulho-e-preconceito\/\"><img decoding=\"async\" src=\"https:\/\/extralibris.net\/sesisenai\/wp-content\/uploads\/sites\/2\/2024\/07\/orgulhoepreconceito.webp\" style=\"width:80%;\" \/><\/a>          <a href=\"https:\/\/extralibris.net\/sesisenai\/item\/orgulho-e-preconceito\/\" rel=\"bookmark\" style=\"display:none;\"><span>Orgulho e preconceito<\/span>          <\/a>      <\/div><\/article><article class=\"1571 books type-books status-publish has-post-thumbnail book-series-artes entry genesis-author-pro-book\" itemscope=\"\" itemtype=\"https:\/\/schema.org\/CreativeWork\">      <div class=\"entry-content\" itemprop=\"text\">          <a href=\"https:\/\/extralibris.net\/sesisenai\/item\/o-alquimista\/\"><img decoding=\"async\" src=\"https:\/\/extralibris.net\/sesisenai\/wp-content\/uploads\/sites\/2\/2024\/07\/oalquimista.webp\" style=\"width:80%;\" \/><\/a>          <a href=\"https:\/\/extralibris.net\/sesisenai\/item\/o-alquimista\/\" rel=\"bookmark\" style=\"display:none;\"><span>O alquimista<\/span>          <\/a>      <\/div><\/article><article class=\"1569 books type-books status-publish has-post-thumbnail book-series-artes entry genesis-author-pro-book\" itemscope=\"\" itemtype=\"https:\/\/schema.org\/CreativeWork\">      <div class=\"entry-content\" itemprop=\"text\">          <a href=\"https:\/\/extralibris.net\/sesisenai\/item\/as-aventuras-de-pi\/\"><img decoding=\"async\" src=\"https:\/\/extralibris.net\/sesisenai\/wp-content\/uploads\/sites\/2\/2024\/07\/asaventurasdepi.webp\" style=\"width:80%;\" \/><\/a>          <a href=\"https:\/\/extralibris.net\/sesisenai\/item\/as-aventuras-de-pi\/\" rel=\"bookmark\" style=\"display:none;\"><span>As aventuras de pi<\/span>          <\/a>      <\/div><\/article><\/div><\/div>\n\n\n\n<h3 class=\"wp-block-heading has-text-align-center\"><strong><a href=\"https:\/\/sesirioverde.figiteca.com\/curadoria\/mariane-de-fatima-goncalves-fernandes\/\">MARIANE DE FATIMA GON\u00c7ALVES FERNANDES<\/a><\/strong><\/h3>\n\n\n\n<p class=\"wp-block-paragraph\"><div class=\"collections\"><div class=\"collection\"><article class=\"1603 books type-books status-publish has-post-thumbnail book-series-artes entry genesis-author-pro-book\" itemscope=\"\" itemtype=\"https:\/\/schema.org\/CreativeWork\">      <div class=\"entry-content\" itemprop=\"text\">          <a href=\"https:\/\/extralibris.net\/sesisenai\/item\/fallen-2\/\"><img decoding=\"async\" src=\"https:\/\/extralibris.net\/sesisenai\/wp-content\/uploads\/sites\/2\/2024\/07\/fallen.webp\" style=\"width:80%;\" \/><\/a>          <a href=\"https:\/\/extralibris.net\/sesisenai\/item\/fallen-2\/\" rel=\"bookmark\" style=\"display:none;\"><span>Fallen<\/span>          <\/a>      <\/div><\/article><article class=\"1605 books type-books status-publish has-post-thumbnail book-series-artes entry genesis-author-pro-book\" itemscope=\"\" itemtype=\"https:\/\/schema.org\/CreativeWork\">      <div class=\"entry-content\" itemprop=\"text\">          <a href=\"https:\/\/extralibris.net\/sesisenai\/item\/crepusculo-2\/\"><img decoding=\"async\" src=\"https:\/\/extralibris.net\/sesisenai\/wp-content\/uploads\/sites\/2\/2024\/07\/crepusculo.webp\" style=\"width:80%;\" \/><\/a>          <a href=\"https:\/\/extralibris.net\/sesisenai\/item\/crepusculo-2\/\" rel=\"bookmark\" style=\"display:none;\"><span>Crep\u00fasculo<\/span>          <\/a>      <\/div><\/article><article class=\"1607 books type-books status-publish has-post-thumbnail book-series-artes entry genesis-author-pro-book\" itemscope=\"\" itemtype=\"https:\/\/schema.org\/CreativeWork\">      <div class=\"entry-content\" itemprop=\"text\">          <a href=\"https:\/\/extralibris.net\/sesisenai\/item\/a-ultima-carta-de-amor\/\"><img decoding=\"async\" src=\"https:\/\/extralibris.net\/sesisenai\/wp-content\/uploads\/sites\/2\/2024\/07\/aultimacartadeamor.webp\" style=\"width:80%;\" \/><\/a>          <a href=\"https:\/\/extralibris.net\/sesisenai\/item\/a-ultima-carta-de-amor\/\" rel=\"bookmark\" style=\"display:none;\"><span>A \u00faltima carta de amor<\/span>          <\/a>      <\/div><\/article><article class=\"1609 books type-books status-publish has-post-thumbnail book-series-artes entry genesis-author-pro-book\" itemscope=\"\" itemtype=\"https:\/\/schema.org\/CreativeWork\">      <div class=\"entry-content\" itemprop=\"text\">          <a href=\"https:\/\/extralibris.net\/sesisenai\/item\/a-rainha-vermelha\/\"><img decoding=\"async\" src=\"https:\/\/extralibris.net\/sesisenai\/wp-content\/uploads\/sites\/2\/2024\/07\/arainhavermelha.webp\" style=\"width:80%;\" \/><\/a>          <a href=\"https:\/\/extralibris.net\/sesisenai\/item\/a-rainha-vermelha\/\" rel=\"bookmark\" style=\"display:none;\"><span>A rainha vermelha<\/span>          <\/a>      <\/div><\/article><article class=\"1611 books type-books status-publish has-post-thumbnail book-series-artes entry genesis-author-pro-book\" itemscope=\"\" itemtype=\"https:\/\/schema.org\/CreativeWork\">      <div class=\"entry-content\" itemprop=\"text\">          <a href=\"https:\/\/extralibris.net\/sesisenai\/item\/lacos-de-familia\/\"><img decoding=\"async\" src=\"https:\/\/extralibris.net\/sesisenai\/wp-content\/uploads\/sites\/2\/2024\/07\/lacosdefamilia.webp\" style=\"width:80%;\" \/><\/a>          <a href=\"https:\/\/extralibris.net\/sesisenai\/item\/lacos-de-familia\/\" rel=\"bookmark\" style=\"display:none;\"><span>La\u00e7os de fam\u00edlia<\/span>          <\/a>      <\/div><\/article><\/div><\/div>\n\n\n\n<h3 class=\"wp-block-heading has-text-align-center\"><strong><a href=\"https:\/\/sesirioverde.figiteca.com\/curadoria\/rafaelly-guimaraes-araujo\/\">RAFAELLY GUIMAR\u00c3ES ARA\u00daJO<\/a><\/strong><\/h3>\n\n\n\n<p class=\"wp-block-paragraph\"><div class=\"collections\"><div class=\"collection\"><article class=\"1620 books type-books status-publish has-post-thumbnail book-series-artes entry genesis-author-pro-book\" itemscope=\"\" itemtype=\"https:\/\/schema.org\/CreativeWork\">      <div class=\"entry-content\" itemprop=\"text\">          <a href=\"https:\/\/extralibris.net\/sesisenai\/item\/mania-de-explicacao\/\"><img decoding=\"async\" src=\"https:\/\/extralibris.net\/sesisenai\/wp-content\/uploads\/sites\/2\/2024\/07\/maniadeexplicacao.webp\" style=\"width:80%;\" \/><\/a>          <a href=\"https:\/\/extralibris.net\/sesisenai\/item\/mania-de-explicacao\/\" rel=\"bookmark\" style=\"display:none;\"><span>Mania de Explica\u00e7\u00e3o<\/span>          <\/a>      <\/div><\/article><article class=\"231 books type-books status-publish has-post-thumbnail book-series-artes entry genesis-author-pro-book\" itemscope=\"\" itemtype=\"https:\/\/schema.org\/CreativeWork\">      <div class=\"entry-content\" itemprop=\"text\">          <a href=\"https:\/\/extralibris.net\/sesisenai\/item\/garota-exemplar\/\"><img decoding=\"async\" src=\"https:\/\/extralibris.net\/sesisenai\/wp-content\/uploads\/sites\/2\/2023\/10\/garotaexemplar.jpg\" style=\"width:80%;\" \/><\/a>          <a href=\"https:\/\/extralibris.net\/sesisenai\/item\/garota-exemplar\/\" rel=\"bookmark\" style=\"display:none;\"><span>Garota exemplar<\/span>          <\/a>      <\/div><\/article><article class=\"1615 books type-books status-publish has-post-thumbnail book-series-artes entry genesis-author-pro-book\" itemscope=\"\" itemtype=\"https:\/\/schema.org\/CreativeWork\">      <div class=\"entry-content\" itemprop=\"text\">          <a href=\"https:\/\/extralibris.net\/sesisenai\/item\/1984-2\/\"><img decoding=\"async\" src=\"https:\/\/extralibris.net\/sesisenai\/wp-content\/uploads\/sites\/2\/2024\/07\/1984.webp\" style=\"width:80%;\" \/><\/a>          <a href=\"https:\/\/extralibris.net\/sesisenai\/item\/1984-2\/\" rel=\"bookmark\" style=\"display:none;\"><span>1984<\/span>          <\/a>      <\/div><\/article><article class=\"1613 books type-books status-publish has-post-thumbnail book-series-artes entry genesis-author-pro-book\" itemscope=\"\" itemtype=\"https:\/\/schema.org\/CreativeWork\">      <div class=\"entry-content\" itemprop=\"text\">          <a href=\"https:\/\/extralibris.net\/sesisenai\/item\/o-diario-de-anne-frank\/\"><img decoding=\"async\" src=\"https:\/\/extralibris.net\/sesisenai\/wp-content\/uploads\/sites\/2\/2024\/07\/odiariodeannefrank.webp\" style=\"width:80%;\" \/><\/a>          <a href=\"https:\/\/extralibris.net\/sesisenai\/item\/o-diario-de-anne-frank\/\" rel=\"bookmark\" style=\"display:none;\"><span>O di\u00e1rio de Anne Frank<\/span>          <\/a>      <\/div><\/article><article class=\"1605 books type-books status-publish has-post-thumbnail book-series-artes entry genesis-author-pro-book\" itemscope=\"\" itemtype=\"https:\/\/schema.org\/CreativeWork\">      <div class=\"entry-content\" itemprop=\"text\">          <a href=\"https:\/\/extralibris.net\/sesisenai\/item\/crepusculo-2\/\"><img decoding=\"async\" src=\"https:\/\/extralibris.net\/sesisenai\/wp-content\/uploads\/sites\/2\/2024\/07\/crepusculo.webp\" style=\"width:80%;\" \/><\/a>          <a href=\"https:\/\/extralibris.net\/sesisenai\/item\/crepusculo-2\/\" rel=\"bookmark\" style=\"display:none;\"><span>Crep\u00fasculo<\/span>          <\/a>      <\/div><\/article><\/div><\/div>\n\n\n\n<h3 class=\"wp-block-heading has-text-align-center\"><strong><a href=\"https:\/\/sesirioverde.figiteca.com\/curadoria\/leonarda-kamilly-alves-de-morais\/\">LEONARDA KAMILLY DE MORAIS<\/a><\/strong><\/h3>\n\n\n\n<p class=\"wp-block-paragraph\"><div class=\"collections\"><div class=\"collection\"><article class=\"1624 books type-books status-publish has-post-thumbnail book-series-artes entry genesis-author-pro-book\" itemscope=\"\" itemtype=\"https:\/\/schema.org\/CreativeWork\">      <div class=\"entry-content\" itemprop=\"text\">          <a href=\"https:\/\/extralibris.net\/sesisenai\/item\/o-homem-de-giz\/\"><img decoding=\"async\" src=\"https:\/\/extralibris.net\/sesisenai\/wp-content\/uploads\/sites\/2\/2024\/07\/ohomemdegiz.webp\" style=\"width:80%;\" \/><\/a>          <a href=\"https:\/\/extralibris.net\/sesisenai\/item\/o-homem-de-giz\/\" rel=\"bookmark\" style=\"display:none;\"><span>O homem de giz<\/span>          <\/a>      <\/div><\/article><article class=\"1622 books type-books status-publish has-post-thumbnail book-series-artes entry genesis-author-pro-book\" itemscope=\"\" itemtype=\"https:\/\/schema.org\/CreativeWork\">      <div class=\"entry-content\" itemprop=\"text\">          <a href=\"https:\/\/extralibris.net\/sesisenai\/item\/as-cronicas-de-narnia\/\"><img decoding=\"async\" src=\"https:\/\/extralibris.net\/sesisenai\/wp-content\/uploads\/sites\/2\/2024\/07\/ascronicasdenarnia.webp\" style=\"width:80%;\" \/><\/a>          <a href=\"https:\/\/extralibris.net\/sesisenai\/item\/as-cronicas-de-narnia\/\" rel=\"bookmark\" style=\"display:none;\"><span>As cr\u00f4nicas de Narnia<\/span>          <\/a>      <\/div><\/article><article class=\"1613 books type-books status-publish has-post-thumbnail book-series-artes entry genesis-author-pro-book\" itemscope=\"\" itemtype=\"https:\/\/schema.org\/CreativeWork\">      <div class=\"entry-content\" itemprop=\"text\">          <a href=\"https:\/\/extralibris.net\/sesisenai\/item\/o-diario-de-anne-frank\/\"><img decoding=\"async\" src=\"https:\/\/extralibris.net\/sesisenai\/wp-content\/uploads\/sites\/2\/2024\/07\/odiariodeannefrank.webp\" style=\"width:80%;\" \/><\/a>          <a href=\"https:\/\/extralibris.net\/sesisenai\/item\/o-diario-de-anne-frank\/\" rel=\"bookmark\" style=\"display:none;\"><span>O di\u00e1rio de Anne Frank<\/span>          <\/a>      <\/div><\/article><article class=\"1529 books type-books status-publish has-post-thumbnail book-series-artes entry genesis-author-pro-book\" itemscope=\"\" itemtype=\"https:\/\/schema.org\/CreativeWork\">      <div class=\"entry-content\" itemprop=\"text\">          <a href=\"https:\/\/extralibris.net\/sesisenai\/item\/a-culpa-e-das-estrelas\/\"><img decoding=\"async\" src=\"https:\/\/extralibris.net\/sesisenai\/wp-content\/uploads\/sites\/2\/2024\/07\/aculpadasestrelas.webp\" style=\"width:80%;\" \/><\/a>          <a href=\"https:\/\/extralibris.net\/sesisenai\/item\/a-culpa-e-das-estrelas\/\" rel=\"bookmark\" style=\"display:none;\"><span>A culpa \u00e9 das estrelas<\/span>          <\/a>      <\/div><\/article><article class=\"1543 books type-books status-publish has-post-thumbnail book-series-artes entry genesis-author-pro-book\" itemscope=\"\" itemtype=\"https:\/\/schema.org\/CreativeWork\">      <div class=\"entry-content\" itemprop=\"text\">          <a href=\"https:\/\/extralibris.net\/sesisenai\/item\/o-heroi-perdido\/\"><img decoding=\"async\" src=\"https:\/\/extralibris.net\/sesisenai\/wp-content\/uploads\/sites\/2\/2024\/07\/oheroiperdido.webp\" style=\"width:80%;\" \/><\/a>          <a href=\"https:\/\/extralibris.net\/sesisenai\/item\/o-heroi-perdido\/\" rel=\"bookmark\" style=\"display:none;\"><span>O her\u00f3i perdido<\/span>          <\/a>      <\/div><\/article><\/div><\/div>\n\n\n\n<h3 class=\"wp-block-heading has-text-align-center\"><strong><a href=\"https:\/\/sesirioverde.figiteca.com\/curadoria\/isabella-flauzino-moraes\/\">ISABELLA FLAUZINO MORAES<\/a><\/strong><\/h3>\n\n\n\n<p class=\"wp-block-paragraph\"><div class=\"collections\"><div class=\"collection\"><article class=\"1634 books type-books status-publish has-post-thumbnail book-series-artes entry genesis-author-pro-book\" itemscope=\"\" itemtype=\"https:\/\/schema.org\/CreativeWork\">      <div class=\"entry-content\" itemprop=\"text\">          <a href=\"https:\/\/extralibris.net\/sesisenai\/item\/felizes-para-sempre\/\"><img decoding=\"async\" src=\"https:\/\/extralibris.net\/sesisenai\/wp-content\/uploads\/sites\/2\/2024\/07\/felizesparasempre.webp\" style=\"width:80%;\" \/><\/a>          <a href=\"https:\/\/extralibris.net\/sesisenai\/item\/felizes-para-sempre\/\" rel=\"bookmark\" style=\"display:none;\"><span>Felizes para sempre<\/span>          <\/a>      <\/div><\/article><article class=\"1631 books type-books status-publish has-post-thumbnail book-series-artes entry genesis-author-pro-book\" itemscope=\"\" itemtype=\"https:\/\/schema.org\/CreativeWork\">      <div class=\"entry-content\" itemprop=\"text\">          <a href=\"https:\/\/extralibris.net\/sesisenai\/item\/toda-mafalda\/\"><img decoding=\"async\" src=\"https:\/\/extralibris.net\/sesisenai\/wp-content\/uploads\/sites\/2\/2024\/07\/todaamafalda.webp\" style=\"width:80%;\" \/><\/a>          <a href=\"https:\/\/extralibris.net\/sesisenai\/item\/toda-mafalda\/\" rel=\"bookmark\" style=\"display:none;\"><span>Toda Mafalda<\/span>          <\/a>      <\/div><\/article><article class=\"1629 books type-books status-publish has-post-thumbnail book-series-artes entry genesis-author-pro-book\" itemscope=\"\" itemtype=\"https:\/\/schema.org\/CreativeWork\">      <div class=\"entry-content\" itemprop=\"text\">          <a href=\"https:\/\/extralibris.net\/sesisenai\/item\/volta-ao-mundo-em-52-historias\/\"><img decoding=\"async\" src=\"https:\/\/extralibris.net\/sesisenai\/wp-content\/uploads\/sites\/2\/2024\/07\/voltaaomundoem52historias.webp\" style=\"width:80%;\" \/><\/a>          <a href=\"https:\/\/extralibris.net\/sesisenai\/item\/volta-ao-mundo-em-52-historias\/\" rel=\"bookmark\" style=\"display:none;\"><span>Volta ao mundo em 52 hist\u00f3rias<\/span>          <\/a>      <\/div><\/article><article class=\"1517 books type-books status-publish has-post-thumbnail book-series-artes entry genesis-author-pro-book\" itemscope=\"\" itemtype=\"https:\/\/schema.org\/CreativeWork\">      <div class=\"entry-content\" itemprop=\"text\">          <a href=\"https:\/\/extralibris.net\/sesisenai\/item\/o-menino-do-pijama-listrado\/\"><img decoding=\"async\" src=\"https:\/\/extralibris.net\/sesisenai\/wp-content\/uploads\/sites\/2\/2024\/07\/omeninodopijamalistrado.webp\" style=\"width:80%;\" \/><\/a>          <a href=\"https:\/\/extralibris.net\/sesisenai\/item\/o-menino-do-pijama-listrado\/\" rel=\"bookmark\" style=\"display:none;\"><span>O Menino do Pijama Listrado<\/span>          <\/a>      <\/div><\/article><article class=\"1562 books type-books status-publish has-post-thumbnail book-series-artes entry genesis-author-pro-book\" itemscope=\"\" itemtype=\"https:\/\/schema.org\/CreativeWork\">      <div class=\"entry-content\" itemprop=\"text\">          <a href=\"https:\/\/extralibris.net\/sesisenai\/item\/minha-vida-fora-de-serie-1a-temporada\/\"><img decoding=\"async\" src=\"https:\/\/extralibris.net\/sesisenai\/wp-content\/uploads\/sites\/2\/2024\/07\/minhavidaforadeserie.webp\" style=\"width:80%;\" \/><\/a>          <a href=\"https:\/\/extralibris.net\/sesisenai\/item\/minha-vida-fora-de-serie-1a-temporada\/\" rel=\"bookmark\" style=\"display:none;\"><span>Minha vida fora de s\u00e9rie &#8211; 1\u00aa temporada<\/span>          <\/a>      <\/div><\/article><\/div><\/div>\n\n\n\n<h3 class=\"wp-block-heading has-text-align-center\"><strong><a href=\"https:\/\/sesirioverde.figiteca.com\/curadoria\/kethlin-kaliane-lima-oliveira\/\" data-type=\"link\" data-id=\"https:\/\/sesirioverde.figiteca.com\/curadoria\/kethlin-kaliane-lima-oliveira\/\">KETHLIN KALIANE LIMA OLIVEIRA<\/a><\/strong><\/h3>\n\n\n\n<p class=\"wp-block-paragraph\"><div class=\"collections\"><div class=\"collection\"><article class=\"1653 books type-books status-publish has-post-thumbnail book-series-artes entry genesis-author-pro-book\" itemscope=\"\" itemtype=\"https:\/\/schema.org\/CreativeWork\">      <div class=\"entry-content\" itemprop=\"text\">          <a href=\"https:\/\/extralibris.net\/sesisenai\/item\/como-comecou-a-guerra-fria\/\"><img decoding=\"async\" src=\"https:\/\/extralibris.net\/sesisenai\/wp-content\/uploads\/sites\/2\/2024\/07\/comocomecouaguerrafria.webp\" style=\"width:80%;\" \/><\/a>          <a href=\"https:\/\/extralibris.net\/sesisenai\/item\/como-comecou-a-guerra-fria\/\" rel=\"bookmark\" style=\"display:none;\"><span>Como come\u00e7ou a guerra fria<\/span>          <\/a>      <\/div><\/article><article class=\"1651 books type-books status-publish has-post-thumbnail book-series-artes entry genesis-author-pro-book\" itemscope=\"\" itemtype=\"https:\/\/schema.org\/CreativeWork\">      <div class=\"entry-content\" itemprop=\"text\">          <a href=\"https:\/\/extralibris.net\/sesisenai\/item\/dom-casmurro\/\"><img decoding=\"async\" src=\"https:\/\/extralibris.net\/sesisenai\/wp-content\/uploads\/sites\/2\/2024\/07\/domcasmurro.webp\" style=\"width:80%;\" \/><\/a>          <a href=\"https:\/\/extralibris.net\/sesisenai\/item\/dom-casmurro\/\" rel=\"bookmark\" style=\"display:none;\"><span>Dom Casmurro<\/span>          <\/a>      <\/div><\/article><article class=\"1649 books type-books status-publish has-post-thumbnail book-series-artes entry genesis-author-pro-book\" itemscope=\"\" itemtype=\"https:\/\/schema.org\/CreativeWork\">      <div class=\"entry-content\" itemprop=\"text\">          <a href=\"https:\/\/extralibris.net\/sesisenai\/item\/coraline-2\/\"><img decoding=\"async\" src=\"https:\/\/extralibris.net\/sesisenai\/wp-content\/uploads\/sites\/2\/2024\/07\/coraline.webp\" style=\"width:80%;\" \/><\/a>          <a href=\"https:\/\/extralibris.net\/sesisenai\/item\/coraline-2\/\" rel=\"bookmark\" style=\"display:none;\"><span>Coraline<\/span>          <\/a>      <\/div><\/article><article class=\"231 books type-books status-publish has-post-thumbnail book-series-artes entry genesis-author-pro-book\" itemscope=\"\" itemtype=\"https:\/\/schema.org\/CreativeWork\">      <div class=\"entry-content\" itemprop=\"text\">          <a href=\"https:\/\/extralibris.net\/sesisenai\/item\/garota-exemplar\/\"><img decoding=\"async\" src=\"https:\/\/extralibris.net\/sesisenai\/wp-content\/uploads\/sites\/2\/2023\/10\/garotaexemplar.jpg\" style=\"width:80%;\" \/><\/a>          <a href=\"https:\/\/extralibris.net\/sesisenai\/item\/garota-exemplar\/\" rel=\"bookmark\" style=\"display:none;\"><span>Garota exemplar<\/span>          <\/a>      <\/div><\/article><article class=\"1517 books type-books status-publish has-post-thumbnail book-series-artes entry genesis-author-pro-book\" itemscope=\"\" itemtype=\"https:\/\/schema.org\/CreativeWork\">      <div class=\"entry-content\" itemprop=\"text\">          <a href=\"https:\/\/extralibris.net\/sesisenai\/item\/o-menino-do-pijama-listrado\/\"><img decoding=\"async\" src=\"https:\/\/extralibris.net\/sesisenai\/wp-content\/uploads\/sites\/2\/2024\/07\/omeninodopijamalistrado.webp\" style=\"width:80%;\" \/><\/a>          <a href=\"https:\/\/extralibris.net\/sesisenai\/item\/o-menino-do-pijama-listrado\/\" rel=\"bookmark\" style=\"display:none;\"><span>O Menino do Pijama Listrado<\/span>          <\/a>      <\/div><\/article><\/div><\/div>\n","protected":false},"excerpt":{"rendered":"<p>SELE\u00c7\u00c3O DOS ESTUDANTES QUE MAIS EMPRESTARAM LIVROS EM LITERATURA NO \u00daLTIMO ANO NA ESCOLA<\/p>\n","protected":false},"author":1,"featured_media":0,"parent":0,"menu_order":47,"comment_status":"closed","ping_status":"closed","template":"templates\/full-width.php","meta":{"_genesis_hide_title":false,"_genesis_hide_breadcrumbs":false,"_genesis_hide_singular_image":false,"_genesis_hide_footer_widgets":false,"_genesis_custom_body_class":"","_genesis_custom_post_class":"","_genesis_layout":"","footnotes":""},"class_list":["post-1865","page","type-page","status-publish","entry"],"yoast_head":"<!-- This site is optimized with the Yoast SEO plugin v28.3 - https:\/\/yoast.com\/product\/yoast-seo-wordpress\/ -->\n<title>Biblioteca Figital SESI SENAI<\/title>\n<meta name=\"description\" content=\"Curadoria Colaborativa de Exposi\u00e7\u00f5es nas unidades SESI SENAI participantes. Cataloga\u00e7\u00e3o, cole\u00e7\u00e3o e localiza\u00e7\u00e3o de itens em colabora\u00e7\u00e3o.\" \/>\n<meta name=\"robots\" content=\"index, follow, max-snippet:-1, max-image-preview:large, max-video-preview:-1\" \/>\n<link rel=\"canonical\" href=\"https:\/\/extralibris.net\/sesisenai\/top-leitoras\/\" \/>\n<meta property=\"og:locale\" content=\"pt_BR\" \/>\n<meta property=\"og:type\" content=\"article\" \/>\n<meta property=\"og:title\" content=\"Biblioteca SESI SENAI - Rio Verde - GO\" \/>\n<meta property=\"og:description\" content=\"Curadoria Colaborativa de Exposi\u00e7\u00f5es da Biblioteca na Unidade Integrada SESI SENAI de Rio Verde - GO para disciplina de Educa\u00e7\u00e3o Figital.\" \/>\n<meta property=\"og:url\" content=\"https:\/\/extralibris.net\/sesisenai\/top-leitoras\/\" \/>\n<meta property=\"og:site_name\" content=\"SESI SENAI Goi\u00e1s\" \/>\n<meta property=\"article:modified_time\" content=\"2025-06-17T23:59:09+00:00\" \/>\n<meta property=\"og:image\" content=\"https:\/\/extralibris.net\/sesisenai\/wp-content\/uploads\/sites\/2\/2023\/10\/banner-curadorias-01.png\" \/>\n\t<meta property=\"og:image:width\" content=\"1200\" \/>\n\t<meta property=\"og:image:height\" content=\"315\" \/>\n\t<meta property=\"og:image:type\" content=\"image\/png\" \/>\n<meta name=\"twitter:card\" content=\"summary_large_image\" \/>\n<meta name=\"twitter:title\" content=\"Biblioteca SESI SENAI - Rio Verde - GO\" \/>\n<meta name=\"twitter:description\" content=\"Curadoria Colaborativa de Exposi\u00e7\u00f5es da Biblioteca na Unidade Integrada SESI SENAI de Rio Verde - GO para disciplina de Educa\u00e7\u00e3o Figital.\" \/>\n<meta name=\"twitter:image\" content=\"https:\/\/extralibris.net\/sesisenai\/wp-content\/uploads\/sites\/2\/2023\/10\/banner-curadorias-01.png\" \/>\n<script type=\"application\/ld+json\" class=\"yoast-schema-graph\">{\"@context\":\"https:\\\/\\\/schema.org\",\"@graph\":[{\"@type\":\"WebPage\",\"@id\":\"https:\\\/\\\/extralibris.net\\\/sesisenai\\\/top-leitoras\\\/\",\"url\":\"https:\\\/\\\/extralibris.net\\\/sesisenai\\\/top-leitoras\\\/\",\"name\":\"Biblioteca Figital SESI SENAI\",\"isPartOf\":{\"@id\":\"https:\\\/\\\/extralibris.net\\\/sesisenai\\\/#website\"},\"datePublished\":\"2024-08-23T17:15:44+00:00\",\"dateModified\":\"2025-06-17T23:59:09+00:00\",\"description\":\"Curadoria Colaborativa de Exposi\u00e7\u00f5es nas unidades SESI SENAI participantes. Cataloga\u00e7\u00e3o, cole\u00e7\u00e3o e localiza\u00e7\u00e3o de itens em colabora\u00e7\u00e3o.\",\"breadcrumb\":{\"@id\":\"https:\\\/\\\/extralibris.net\\\/sesisenai\\\/top-leitoras\\\/#breadcrumb\"},\"inLanguage\":\"pt-BR\",\"potentialAction\":[{\"@type\":\"ReadAction\",\"target\":[\"https:\\\/\\\/extralibris.net\\\/sesisenai\\\/top-leitoras\\\/\"]}]},{\"@type\":\"BreadcrumbList\",\"@id\":\"https:\\\/\\\/extralibris.net\\\/sesisenai\\\/top-leitoras\\\/#breadcrumb\",\"itemListElement\":[{\"@type\":\"ListItem\",\"position\":1,\"name\":\"In\u00edcio\",\"item\":\"https:\\\/\\\/extralibris.net\\\/sesisenai\\\/\"},{\"@type\":\"ListItem\",\"position\":2,\"name\":\"TOP LEITORAS\"}]},{\"@type\":\"WebSite\",\"@id\":\"https:\\\/\\\/extralibris.net\\\/sesisenai\\\/#website\",\"url\":\"https:\\\/\\\/extralibris.net\\\/sesisenai\\\/\",\"name\":\"SESI SENAI Goi\u00e1s\",\"description\":\"Curadoria Figital\",\"publisher\":{\"@id\":\"https:\\\/\\\/extralibris.net\\\/sesisenai\\\/#organization\"},\"potentialAction\":[{\"@type\":\"SearchAction\",\"target\":{\"@type\":\"EntryPoint\",\"urlTemplate\":\"https:\\\/\\\/extralibris.net\\\/sesisenai\\\/?s={search_term_string}\"},\"query-input\":{\"@type\":\"PropertyValueSpecification\",\"valueRequired\":true,\"valueName\":\"search_term_string\"}}],\"inLanguage\":\"pt-BR\"},{\"@type\":\"Organization\",\"@id\":\"https:\\\/\\\/extralibris.net\\\/sesisenai\\\/#organization\",\"name\":\"SESI SENAI Goi\u00e1s\",\"url\":\"https:\\\/\\\/extralibris.net\\\/sesisenai\\\/\",\"logo\":{\"@type\":\"ImageObject\",\"inLanguage\":\"pt-BR\",\"@id\":\"https:\\\/\\\/extralibris.net\\\/sesisenai\\\/#\\\/schema\\\/logo\\\/image\\\/\",\"url\":\"https:\\\/\\\/extralibris.net\\\/sesisenai\\\/wp-content\\\/uploads\\\/sites\\\/2\\\/2025\\\/05\\\/cropped-cropped-THUMB_SesiSenai_Colorida-1.jpg\",\"contentUrl\":\"https:\\\/\\\/extralibris.net\\\/sesisenai\\\/wp-content\\\/uploads\\\/sites\\\/2\\\/2025\\\/05\\\/cropped-cropped-THUMB_SesiSenai_Colorida-1.jpg\",\"width\":512,\"height\":256,\"caption\":\"SESI SENAI Goi\u00e1s\"},\"image\":{\"@id\":\"https:\\\/\\\/extralibris.net\\\/sesisenai\\\/#\\\/schema\\\/logo\\\/image\\\/\"}}]}<\/script>\n<!-- \/ Yoast SEO plugin. -->","yoast_head_json":{"title":"Biblioteca Figital SESI SENAI","description":"Curadoria Colaborativa de Exposi\u00e7\u00f5es nas unidades SESI SENAI participantes. Cataloga\u00e7\u00e3o, cole\u00e7\u00e3o e localiza\u00e7\u00e3o de itens em colabora\u00e7\u00e3o.","robots":{"index":"index","follow":"follow","max-snippet":"max-snippet:-1","max-image-preview":"max-image-preview:large","max-video-preview":"max-video-preview:-1"},"canonical":"https:\/\/extralibris.net\/sesisenai\/top-leitoras\/","og_locale":"pt_BR","og_type":"article","og_title":"Biblioteca SESI SENAI - Rio Verde - GO","og_description":"Curadoria Colaborativa de Exposi\u00e7\u00f5es da Biblioteca na Unidade Integrada SESI SENAI de Rio Verde - GO para disciplina de Educa\u00e7\u00e3o Figital.","og_url":"https:\/\/extralibris.net\/sesisenai\/top-leitoras\/","og_site_name":"SESI SENAI Goi\u00e1s","article_modified_time":"2025-06-17T23:59:09+00:00","og_image":[{"width":1200,"height":315,"url":"https:\/\/extralibris.net\/sesisenai\/wp-content\/uploads\/sites\/2\/2023\/10\/banner-curadorias-01.png","type":"image\/png"}],"twitter_card":"summary_large_image","twitter_title":"Biblioteca SESI SENAI - Rio Verde - GO","twitter_description":"Curadoria Colaborativa de Exposi\u00e7\u00f5es da Biblioteca na Unidade Integrada SESI SENAI de Rio Verde - GO para disciplina de Educa\u00e7\u00e3o Figital.","twitter_image":"https:\/\/extralibris.net\/sesisenai\/wp-content\/uploads\/sites\/2\/2023\/10\/banner-curadorias-01.png","schema":{"@context":"https:\/\/schema.org","@graph":[{"@type":"WebPage","@id":"https:\/\/extralibris.net\/sesisenai\/top-leitoras\/","url":"https:\/\/extralibris.net\/sesisenai\/top-leitoras\/","name":"Biblioteca Figital SESI SENAI","isPartOf":{"@id":"https:\/\/extralibris.net\/sesisenai\/#website"},"datePublished":"2024-08-23T17:15:44+00:00","dateModified":"2025-06-17T23:59:09+00:00","description":"Curadoria Colaborativa de Exposi\u00e7\u00f5es nas unidades SESI SENAI participantes. Cataloga\u00e7\u00e3o, cole\u00e7\u00e3o e localiza\u00e7\u00e3o de itens em colabora\u00e7\u00e3o.","breadcrumb":{"@id":"https:\/\/extralibris.net\/sesisenai\/top-leitoras\/#breadcrumb"},"inLanguage":"pt-BR","potentialAction":[{"@type":"ReadAction","target":["https:\/\/extralibris.net\/sesisenai\/top-leitoras\/"]}]},{"@type":"BreadcrumbList","@id":"https:\/\/extralibris.net\/sesisenai\/top-leitoras\/#breadcrumb","itemListElement":[{"@type":"ListItem","position":1,"name":"In\u00edcio","item":"https:\/\/extralibris.net\/sesisenai\/"},{"@type":"ListItem","position":2,"name":"TOP LEITORAS"}]},{"@type":"WebSite","@id":"https:\/\/extralibris.net\/sesisenai\/#website","url":"https:\/\/extralibris.net\/sesisenai\/","name":"SESI SENAI Goi\u00e1s","description":"Curadoria Figital","publisher":{"@id":"https:\/\/extralibris.net\/sesisenai\/#organization"},"potentialAction":[{"@type":"SearchAction","target":{"@type":"EntryPoint","urlTemplate":"https:\/\/extralibris.net\/sesisenai\/?s={search_term_string}"},"query-input":{"@type":"PropertyValueSpecification","valueRequired":true,"valueName":"search_term_string"}}],"inLanguage":"pt-BR"},{"@type":"Organization","@id":"https:\/\/extralibris.net\/sesisenai\/#organization","name":"SESI SENAI Goi\u00e1s","url":"https:\/\/extralibris.net\/sesisenai\/","logo":{"@type":"ImageObject","inLanguage":"pt-BR","@id":"https:\/\/extralibris.net\/sesisenai\/#\/schema\/logo\/image\/","url":"https:\/\/extralibris.net\/sesisenai\/wp-content\/uploads\/sites\/2\/2025\/05\/cropped-cropped-THUMB_SesiSenai_Colorida-1.jpg","contentUrl":"https:\/\/extralibris.net\/sesisenai\/wp-content\/uploads\/sites\/2\/2025\/05\/cropped-cropped-THUMB_SesiSenai_Colorida-1.jpg","width":512,"height":256,"caption":"SESI SENAI Goi\u00e1s"},"image":{"@id":"https:\/\/extralibris.net\/sesisenai\/#\/schema\/logo\/image\/"}}]}},"featured_image_src":null,"featured_image_src_square":null,"_links":{"self":[{"href":"https:\/\/extralibris.net\/sesisenai\/wp-json\/wp\/v2\/pages\/1865","targetHints":{"allow":["GET"]}}],"collection":[{"href":"https:\/\/extralibris.net\/sesisenai\/wp-json\/wp\/v2\/pages"}],"about":[{"href":"https:\/\/extralibris.net\/sesisenai\/wp-json\/wp\/v2\/types\/page"}],"author":[{"embeddable":true,"href":"https:\/\/extralibris.net\/sesisenai\/wp-json\/wp\/v2\/users\/1"}],"replies":[{"embeddable":true,"href":"https:\/\/extralibris.net\/sesisenai\/wp-json\/wp\/v2\/comments?post=1865"}],"version-history":[{"count":1,"href":"https:\/\/extralibris.net\/sesisenai\/wp-json\/wp\/v2\/pages\/1865\/revisions"}],"predecessor-version":[{"id":2247,"href":"https:\/\/extralibris.net\/sesisenai\/wp-json\/wp\/v2\/pages\/1865\/revisions\/2247"}],"wp:attachment":[{"href":"https:\/\/extralibris.net\/sesisenai\/wp-json\/wp\/v2\/media?parent=1865"}],"curies":[{"name":"wp","href":"https:\/\/api.w.org\/{rel}","templated":true}]}}