{"id":1696,"date":"2024-08-09T15:11:02","date_gmt":"2024-08-09T18:11:02","guid":{"rendered":"https:\/\/sesisenai.inf.br\/?page_id=1696"},"modified":"2024-08-09T15:11:02","modified_gmt":"2024-08-09T18:11:02","slug":"painel-dos-clubes","status":"publish","type":"page","link":"https:\/\/extralibris.net\/sesisenai\/painel-dos-clubes\/","title":{"rendered":"PAINEL DOS CLUBES"},"content":{"rendered":"\n<h3 class=\"wp-block-heading has-text-align-center\"><strong>Cat\u00e1logo de t\u00edtulos na Biblioteca Digital do portal SESI Educa\u00e7\u00e3o. Um painel para apoiar os grupos dos Clubes de Leitura das turmas do ensino fundamental ao ensino m\u00e9dio.<\/strong><\/h3>\n\n\n\n<hr class=\"wp-block-separator has-alpha-channel-opacity is-style-wide\" \/>\n\n\n\n<h2 class=\"wp-block-heading has-text-align-center\"><strong>ENSINO FUNDAMENTAL<\/strong><\/h2>\n\n\n\n<h3 class=\"wp-block-heading has-text-align-center\"><strong>6\u00ba ANO<\/strong><\/h3>\n\n\n\n<p class=\"wp-block-paragraph\"><div class=\"collections\"><div class=\"collection\"><article class=\"1708 books type-books status-publish has-post-thumbnail book-series-artes entry genesis-author-pro-book\" itemscope=\"\" itemtype=\"https:\/\/schema.org\/CreativeWork\">      <div class=\"entry-content\" itemprop=\"text\">          <a href=\"https:\/\/extralibris.net\/sesisenai\/item\/ahmed-e-as-maquinas-esquecidas\/\"><img decoding=\"async\" src=\"https:\/\/extralibris.net\/sesisenai\/wp-content\/uploads\/sites\/2\/2024\/08\/ahmedeasmaquinasesquecidas.webp\" style=\"width:80%;\" \/><\/a>          <a href=\"https:\/\/extralibris.net\/sesisenai\/item\/ahmed-e-as-maquinas-esquecidas\/\" rel=\"bookmark\" style=\"display:none;\"><span>Ahmed e as m\u00e1quinas esquecidas<\/span>          <\/a>      <\/div><\/article><article class=\"1713 books type-books status-publish has-post-thumbnail book-series-artes entry genesis-author-pro-book\" itemscope=\"\" itemtype=\"https:\/\/schema.org\/CreativeWork\">      <div class=\"entry-content\" itemprop=\"text\">          <a href=\"https:\/\/extralibris.net\/sesisenai\/item\/disseram-ser-sorte\/\"><img decoding=\"async\" src=\"https:\/\/extralibris.net\/sesisenai\/wp-content\/uploads\/sites\/2\/2024\/08\/disseramsersorte.webp\" style=\"width:80%;\" \/><\/a>          <a href=\"https:\/\/extralibris.net\/sesisenai\/item\/disseram-ser-sorte\/\" rel=\"bookmark\" style=\"display:none;\"><span>Disseram ser sorte<\/span>          <\/a>      <\/div><\/article><article class=\"1717 books type-books status-publish has-post-thumbnail book-series-artes entry genesis-author-pro-book\" itemscope=\"\" itemtype=\"https:\/\/schema.org\/CreativeWork\">      <div class=\"entry-content\" itemprop=\"text\">          <a href=\"https:\/\/extralibris.net\/sesisenai\/item\/entre-deuses-e-monstros\/\"><img decoding=\"async\" src=\"https:\/\/extralibris.net\/sesisenai\/wp-content\/uploads\/sites\/2\/2024\/08\/entredesusesemonstros.webp\" style=\"width:80%;\" \/><\/a>          <a href=\"https:\/\/extralibris.net\/sesisenai\/item\/entre-deuses-e-monstros\/\" rel=\"bookmark\" style=\"display:none;\"><span>Entre deuses e monstros<\/span>          <\/a>      <\/div><\/article><article class=\"1727 books type-books status-publish has-post-thumbnail book-series-artes entry genesis-author-pro-book\" itemscope=\"\" itemtype=\"https:\/\/schema.org\/CreativeWork\">      <div class=\"entry-content\" itemprop=\"text\">          <a href=\"https:\/\/extralibris.net\/sesisenai\/item\/o-caso-dos-caes-irados\/\"><img decoding=\"async\" src=\"https:\/\/extralibris.net\/sesisenai\/wp-content\/uploads\/sites\/2\/2024\/08\/ocasodoscaesirados.webp\" style=\"width:80%;\" \/><\/a>          <a href=\"https:\/\/extralibris.net\/sesisenai\/item\/o-caso-dos-caes-irados\/\" rel=\"bookmark\" style=\"display:none;\"><span>O caso dos c\u00e3es irados<\/span>          <\/a>      <\/div><\/article><article class=\"1729 books type-books status-publish has-post-thumbnail book-series-artes entry genesis-author-pro-book\" itemscope=\"\" itemtype=\"https:\/\/schema.org\/CreativeWork\">      <div class=\"entry-content\" itemprop=\"text\">          <a href=\"https:\/\/extralibris.net\/sesisenai\/item\/o-livro-dentro-da-concha\/\"><img decoding=\"async\" src=\"https:\/\/extralibris.net\/sesisenai\/wp-content\/uploads\/sites\/2\/2024\/08\/olivrodentrodaconcha.webp\" style=\"width:80%;\" \/><\/a>          <a href=\"https:\/\/extralibris.net\/sesisenai\/item\/o-livro-dentro-da-concha\/\" rel=\"bookmark\" style=\"display:none;\"><span>O livro dentro da concha<\/span>          <\/a>      <\/div><\/article><article class=\"1721 books type-books status-publish has-post-thumbnail book-series-artes entry genesis-author-pro-book\" itemscope=\"\" itemtype=\"https:\/\/schema.org\/CreativeWork\">      <div class=\"entry-content\" itemprop=\"text\">          <a href=\"https:\/\/extralibris.net\/sesisenai\/item\/historias-para-ler-sem-pressa\/\"><img decoding=\"async\" src=\"https:\/\/extralibris.net\/sesisenai\/wp-content\/uploads\/sites\/2\/2024\/08\/historiasparalersempressa.webp\" style=\"width:80%;\" \/><\/a>          <a href=\"https:\/\/extralibris.net\/sesisenai\/item\/historias-para-ler-sem-pressa\/\" rel=\"bookmark\" style=\"display:none;\"><span>Hist\u00f3rias para ler sem pressa<\/span>          <\/a>      <\/div><\/article><article class=\"1711 books type-books status-publish has-post-thumbnail book-series-artes entry genesis-author-pro-book\" itemscope=\"\" itemtype=\"https:\/\/schema.org\/CreativeWork\">      <div class=\"entry-content\" itemprop=\"text\">          <a href=\"https:\/\/extralibris.net\/sesisenai\/item\/as-viagens-de-simba-jasiri\/\"><img decoding=\"async\" src=\"https:\/\/extralibris.net\/sesisenai\/wp-content\/uploads\/sites\/2\/2024\/08\/asviagensdesimbajasiri.webp\" style=\"width:80%;\" \/><\/a>          <a href=\"https:\/\/extralibris.net\/sesisenai\/item\/as-viagens-de-simba-jasiri\/\" rel=\"bookmark\" style=\"display:none;\"><span>As viagens de Simba Jasiri<\/span>          <\/a>      <\/div><\/article><article class=\"1715 books type-books status-publish has-post-thumbnail book-series-artes entry genesis-author-pro-book\" itemscope=\"\" itemtype=\"https:\/\/schema.org\/CreativeWork\">      <div class=\"entry-content\" itemprop=\"text\">          <a href=\"https:\/\/extralibris.net\/sesisenai\/item\/djarama-2\/\"><img decoding=\"async\" src=\"https:\/\/extralibris.net\/sesisenai\/wp-content\/uploads\/sites\/2\/2024\/08\/djarama.webp\" style=\"width:80%;\" \/><\/a>          <a href=\"https:\/\/extralibris.net\/sesisenai\/item\/djarama-2\/\" rel=\"bookmark\" style=\"display:none;\"><span>Djarama: Obrigado<\/span>          <\/a>      <\/div><\/article><article class=\"1719 books type-books status-publish has-post-thumbnail book-series-artes entry genesis-author-pro-book\" itemscope=\"\" itemtype=\"https:\/\/schema.org\/CreativeWork\">      <div class=\"entry-content\" itemprop=\"text\">          <a href=\"https:\/\/extralibris.net\/sesisenai\/item\/flores-falastronas\/\"><img decoding=\"async\" src=\"https:\/\/extralibris.net\/sesisenai\/wp-content\/uploads\/sites\/2\/2024\/08\/floresfalastronas.webp\" style=\"width:80%;\" \/><\/a>          <a href=\"https:\/\/extralibris.net\/sesisenai\/item\/flores-falastronas\/\" rel=\"bookmark\" style=\"display:none;\"><span>Flores Falastronas<\/span>          <\/a>      <\/div><\/article><article class=\"1723 books type-books status-publish has-post-thumbnail book-series-artes entry genesis-author-pro-book\" itemscope=\"\" itemtype=\"https:\/\/schema.org\/CreativeWork\">      <div class=\"entry-content\" itemprop=\"text\">          <a href=\"https:\/\/extralibris.net\/sesisenai\/item\/nando-vo-joao-e-as-historias-de-pescador\/\"><img decoding=\"async\" src=\"https:\/\/extralibris.net\/sesisenai\/wp-content\/uploads\/sites\/2\/2024\/08\/nandovoeashistoriasdepescador.webp\" style=\"width:80%;\" \/><\/a>          <a href=\"https:\/\/extralibris.net\/sesisenai\/item\/nando-vo-joao-e-as-historias-de-pescador\/\" rel=\"bookmark\" style=\"display:none;\"><span>Nando, v\u00f4 Jo\u00e3o e as hist\u00f3rias de pescador<\/span>          <\/a>      <\/div><\/article><article class=\"1725 books type-books status-publish has-post-thumbnail book-series-artes entry genesis-author-pro-book\" itemscope=\"\" itemtype=\"https:\/\/schema.org\/CreativeWork\">      <div class=\"entry-content\" itemprop=\"text\">          <a href=\"https:\/\/extralibris.net\/sesisenai\/item\/ninguem-aprende-samba-no-colegio\/\"><img decoding=\"async\" src=\"https:\/\/extralibris.net\/sesisenai\/wp-content\/uploads\/sites\/2\/2024\/08\/ninguemaprendesambanocolegio.webp\" style=\"width:80%;\" \/><\/a>          <a href=\"https:\/\/extralibris.net\/sesisenai\/item\/ninguem-aprende-samba-no-colegio\/\" rel=\"bookmark\" style=\"display:none;\"><span>Ningu\u00e9m aprende samba no col\u00e9gio<\/span>          <\/a>      <\/div><\/article><article class=\"1731 books type-books status-publish has-post-thumbnail book-series-artes entry genesis-author-pro-book\" itemscope=\"\" itemtype=\"https:\/\/schema.org\/CreativeWork\">      <div class=\"entry-content\" itemprop=\"text\">          <a href=\"https:\/\/extralibris.net\/sesisenai\/item\/os-doze-trabalhos-de-hercules\/\"><img decoding=\"async\" src=\"https:\/\/extralibris.net\/sesisenai\/wp-content\/uploads\/sites\/2\/2024\/08\/osdozetrabalhosdehercules.webp\" style=\"width:80%;\" \/><\/a>          <a href=\"https:\/\/extralibris.net\/sesisenai\/item\/os-doze-trabalhos-de-hercules\/\" rel=\"bookmark\" style=\"display:none;\"><span>Monteiro Lobato em Quadrinhos &#8211; Os doze trabalhos de H\u00e9rcules<\/span>          <\/a>      <\/div><\/article><\/div><\/div>\n\n\n\n<p class=\"wp-block-paragraph\">\n\n\n\n<h3 class=\"wp-block-heading has-text-align-center\"><strong>7\u00ba ANO<\/strong><\/h3>\n\n\n\n<p class=\"wp-block-paragraph\"><div class=\"collections\"><div class=\"collection\"><article class=\"1755 books type-books status-publish has-post-thumbnail book-series-artes entry genesis-author-pro-book\" itemscope=\"\" itemtype=\"https:\/\/schema.org\/CreativeWork\">      <div class=\"entry-content\" itemprop=\"text\">          <a href=\"https:\/\/extralibris.net\/sesisenai\/item\/a-cidade-inteira-dorme\/\"><img decoding=\"async\" src=\"https:\/\/extralibris.net\/sesisenai\/wp-content\/uploads\/sites\/2\/2024\/08\/acidadeinteiradorme.webp\" style=\"width:80%;\" \/><\/a>          <a href=\"https:\/\/extralibris.net\/sesisenai\/item\/a-cidade-inteira-dorme\/\" rel=\"bookmark\" style=\"display:none;\"><span>A cidade inteira dorme<\/span>          <\/a>      <\/div><\/article><article class=\"1753 books type-books status-publish has-post-thumbnail book-series-artes entry genesis-author-pro-book\" itemscope=\"\" itemtype=\"https:\/\/schema.org\/CreativeWork\">      <div class=\"entry-content\" itemprop=\"text\">          <a href=\"https:\/\/extralibris.net\/sesisenai\/item\/a-gata-do-rio-nilo\/\"><img decoding=\"async\" src=\"https:\/\/extralibris.net\/sesisenai\/wp-content\/uploads\/sites\/2\/2024\/08\/agatadorionilo.webp\" style=\"width:80%;\" \/><\/a>          <a href=\"https:\/\/extralibris.net\/sesisenai\/item\/a-gata-do-rio-nilo\/\" rel=\"bookmark\" style=\"display:none;\"><span>A gata do Rio Nilo<\/span>          <\/a>      <\/div><\/article><article class=\"1751 books type-books status-publish has-post-thumbnail book-series-artes entry genesis-author-pro-book\" itemscope=\"\" itemtype=\"https:\/\/schema.org\/CreativeWork\">      <div class=\"entry-content\" itemprop=\"text\">          <a href=\"https:\/\/extralibris.net\/sesisenai\/item\/fabulosa-mani\/\"><img decoding=\"async\" src=\"https:\/\/extralibris.net\/sesisenai\/wp-content\/uploads\/sites\/2\/2024\/08\/fabulosamani.webp\" style=\"width:80%;\" \/><\/a>          <a href=\"https:\/\/extralibris.net\/sesisenai\/item\/fabulosa-mani\/\" rel=\"bookmark\" style=\"display:none;\"><span>Fabulosa Mani<\/span>          <\/a>      <\/div><\/article><article class=\"1745 books type-books status-publish has-post-thumbnail book-series-artes entry genesis-author-pro-book\" itemscope=\"\" itemtype=\"https:\/\/schema.org\/CreativeWork\">      <div class=\"entry-content\" itemprop=\"text\">          <a href=\"https:\/\/extralibris.net\/sesisenai\/item\/minha-vida-com-boris\/\"><img decoding=\"async\" src=\"https:\/\/extralibris.net\/sesisenai\/wp-content\/uploads\/sites\/2\/2024\/08\/minhavidacomboris.webp\" style=\"width:80%;\" \/><\/a>          <a href=\"https:\/\/extralibris.net\/sesisenai\/item\/minha-vida-com-boris\/\" rel=\"bookmark\" style=\"display:none;\"><span>Minha vida com Boris: A comovente hist\u00f3ria do c\u00e3o que mudou a vida de sua dona e do Brasil<\/span>          <\/a>      <\/div><\/article><article class=\"1737 books type-books status-publish has-post-thumbnail book-series-artes entry genesis-author-pro-book\" itemscope=\"\" itemtype=\"https:\/\/schema.org\/CreativeWork\">      <div class=\"entry-content\" itemprop=\"text\">          <a href=\"https:\/\/extralibris.net\/sesisenai\/item\/o-date-perfeito\/\"><img decoding=\"async\" src=\"https:\/\/extralibris.net\/sesisenai\/wp-content\/uploads\/sites\/2\/2024\/08\/odateperfeito.webp\" style=\"width:80%;\" \/><\/a>          <a href=\"https:\/\/extralibris.net\/sesisenai\/item\/o-date-perfeito\/\" rel=\"bookmark\" style=\"display:none;\"><span>O date perfeito<\/span>          <\/a>      <\/div><\/article><article class=\"1735 books type-books status-publish has-post-thumbnail book-series-artes entry genesis-author-pro-book\" itemscope=\"\" itemtype=\"https:\/\/schema.org\/CreativeWork\">      <div class=\"entry-content\" itemprop=\"text\">          <a href=\"https:\/\/extralibris.net\/sesisenai\/item\/o-menino-de-alepo\/\"><img decoding=\"async\" src=\"https:\/\/extralibris.net\/sesisenai\/wp-content\/uploads\/sites\/2\/2024\/08\/omeninodealepo.webp\" style=\"width:80%;\" \/><\/a>          <a href=\"https:\/\/extralibris.net\/sesisenai\/item\/o-menino-de-alepo\/\" rel=\"bookmark\" style=\"display:none;\"><span>O menino de Alepo<\/span>          <\/a>      <\/div><\/article><article class=\"1741 books type-books status-publish has-post-thumbnail book-series-artes entry genesis-author-pro-book\" itemscope=\"\" itemtype=\"https:\/\/schema.org\/CreativeWork\">      <div class=\"entry-content\" itemprop=\"text\">          <a href=\"https:\/\/extralibris.net\/sesisenai\/item\/molicha-2\/\"><img decoding=\"async\" src=\"https:\/\/extralibris.net\/sesisenai\/wp-content\/uploads\/sites\/2\/2024\/08\/molicha.webp\" style=\"width:80%;\" \/><\/a>          <a href=\"https:\/\/extralibris.net\/sesisenai\/item\/molicha-2\/\" rel=\"bookmark\" style=\"display:none;\"><span>Molicha<\/span>          <\/a>      <\/div><\/article><article class=\"1749 books type-books status-publish has-post-thumbnail book-series-artes entry genesis-author-pro-book\" itemscope=\"\" itemtype=\"https:\/\/schema.org\/CreativeWork\">      <div class=\"entry-content\" itemprop=\"text\">          <a href=\"https:\/\/extralibris.net\/sesisenai\/item\/interprete-de-males\/\"><img decoding=\"async\" src=\"https:\/\/extralibris.net\/sesisenai\/wp-content\/uploads\/sites\/2\/2024\/08\/interpretedemales.webp\" style=\"width:80%;\" \/><\/a>          <a href=\"https:\/\/extralibris.net\/sesisenai\/item\/interprete-de-males\/\" rel=\"bookmark\" style=\"display:none;\"><span>Int\u00e9rprete de males<\/span>          <\/a>      <\/div><\/article><article class=\"1747 books type-books status-publish has-post-thumbnail book-series-artes entry genesis-author-pro-book\" itemscope=\"\" itemtype=\"https:\/\/schema.org\/CreativeWork\">      <div class=\"entry-content\" itemprop=\"text\">          <a href=\"https:\/\/extralibris.net\/sesisenai\/item\/justamente-porque-sonhavamos\/\"><img decoding=\"async\" src=\"https:\/\/extralibris.net\/sesisenai\/wp-content\/uploads\/sites\/2\/2024\/08\/justamenteporquesonhavamos.webp\" style=\"width:80%;\" \/><\/a>          <a href=\"https:\/\/extralibris.net\/sesisenai\/item\/justamente-porque-sonhavamos\/\" rel=\"bookmark\" style=\"display:none;\"><span>Justamente porque sonh\u00e1vamos<\/span>          <\/a>      <\/div><\/article><article class=\"1743 books type-books status-publish has-post-thumbnail book-series-artes entry genesis-author-pro-book\" itemscope=\"\" itemtype=\"https:\/\/schema.org\/CreativeWork\">      <div class=\"entry-content\" itemprop=\"text\">          <a href=\"https:\/\/extralibris.net\/sesisenai\/item\/missao-moleskine\/\"><img decoding=\"async\" src=\"https:\/\/extralibris.net\/sesisenai\/wp-content\/uploads\/sites\/2\/2024\/08\/missaomoleskine.webp\" style=\"width:80%;\" \/><\/a>          <a href=\"https:\/\/extralibris.net\/sesisenai\/item\/missao-moleskine\/\" rel=\"bookmark\" style=\"display:none;\"><span>Miss\u00e3o Moleskine<\/span>          <\/a>      <\/div><\/article><article class=\"1739 books type-books status-publish has-post-thumbnail book-series-artes entry genesis-author-pro-book\" itemscope=\"\" itemtype=\"https:\/\/schema.org\/CreativeWork\">      <div class=\"entry-content\" itemprop=\"text\">          <a href=\"https:\/\/extralibris.net\/sesisenai\/item\/no-caminho-contaremos-nossos-sonhos\/\"><img decoding=\"async\" src=\"https:\/\/extralibris.net\/sesisenai\/wp-content\/uploads\/sites\/2\/2024\/08\/nocaminhocontaremosnossossonhos.webp\" style=\"width:80%;\" \/><\/a>          <a href=\"https:\/\/extralibris.net\/sesisenai\/item\/no-caminho-contaremos-nossos-sonhos\/\" rel=\"bookmark\" style=\"display:none;\"><span>No caminho contaremos nossos sonhos<\/span>          <\/a>      <\/div><\/article><article class=\"1733 books type-books status-publish has-post-thumbnail book-series-artes entry genesis-author-pro-book\" itemscope=\"\" itemtype=\"https:\/\/schema.org\/CreativeWork\">      <div class=\"entry-content\" itemprop=\"text\">          <a href=\"https:\/\/extralibris.net\/sesisenai\/item\/tres-ratos-cegos-e-outros-contos\/\"><img decoding=\"async\" src=\"https:\/\/extralibris.net\/sesisenai\/wp-content\/uploads\/sites\/2\/2024\/08\/tresratoscegos.webp\" style=\"width:80%;\" \/><\/a>          <a href=\"https:\/\/extralibris.net\/sesisenai\/item\/tres-ratos-cegos-e-outros-contos\/\" rel=\"bookmark\" style=\"display:none;\"><span>Tr\u00eas ratos cegos e outros contos<\/span>          <\/a>      <\/div><\/article><\/div><\/div>\n\n\n\n<p class=\"wp-block-paragraph\">\n\n\n\n<h3 class=\"wp-block-heading has-text-align-center\"><strong>8\u00ba ANO<\/strong><\/h3>\n\n\n\n<p class=\"wp-block-paragraph\"><div class=\"collections\"><div class=\"collection\"><article class=\"1806 books type-books status-publish has-post-thumbnail book-series-artes entry genesis-author-pro-book\" itemscope=\"\" itemtype=\"https:\/\/schema.org\/CreativeWork\">      <div class=\"entry-content\" itemprop=\"text\">          <a href=\"https:\/\/extralibris.net\/sesisenai\/item\/as-mais-belas-coisas-do-mundo\/\"><img decoding=\"async\" src=\"https:\/\/extralibris.net\/sesisenai\/wp-content\/uploads\/sites\/2\/2024\/08\/asmaisbelascoisasdomundo.webp\" style=\"width:80%;\" \/><\/a>          <a href=\"https:\/\/extralibris.net\/sesisenai\/item\/as-mais-belas-coisas-do-mundo\/\" rel=\"bookmark\" style=\"display:none;\"><span>As mais belas coisas do mundo<\/span>          <\/a>      <\/div><\/article><article class=\"1800 books type-books status-publish has-post-thumbnail book-series-artes entry genesis-author-pro-book\" itemscope=\"\" itemtype=\"https:\/\/schema.org\/CreativeWork\">      <div class=\"entry-content\" itemprop=\"text\">          <a href=\"https:\/\/extralibris.net\/sesisenai\/item\/e-nao-sobrou-nenhum\/\"><img decoding=\"async\" src=\"https:\/\/extralibris.net\/sesisenai\/wp-content\/uploads\/sites\/2\/2024\/08\/enaosobrounenhum.webp\" style=\"width:80%;\" \/><\/a>          <a href=\"https:\/\/extralibris.net\/sesisenai\/item\/e-nao-sobrou-nenhum\/\" rel=\"bookmark\" style=\"display:none;\"><span>E n\u00e3o sobrou nenhum<\/span>          <\/a>      <\/div><\/article><article class=\"1793 books type-books status-publish has-post-thumbnail book-series-artes entry genesis-author-pro-book\" itemscope=\"\" itemtype=\"https:\/\/schema.org\/CreativeWork\">      <div class=\"entry-content\" itemprop=\"text\">          <a href=\"https:\/\/extralibris.net\/sesisenai\/item\/faherenheit-245\/\"><img decoding=\"async\" src=\"https:\/\/extralibris.net\/sesisenai\/wp-content\/uploads\/sites\/2\/2024\/08\/fahrenheit451.webp\" style=\"width:80%;\" \/><\/a>          <a href=\"https:\/\/extralibris.net\/sesisenai\/item\/faherenheit-245\/\" rel=\"bookmark\" style=\"display:none;\"><span>Faherenheit 245<\/span>          <\/a>      <\/div><\/article><article class=\"1789 books type-books status-publish has-post-thumbnail book-series-artes entry genesis-author-pro-book\" itemscope=\"\" itemtype=\"https:\/\/schema.org\/CreativeWork\">      <div class=\"entry-content\" itemprop=\"text\">          <a href=\"https:\/\/extralibris.net\/sesisenai\/item\/o-diario-de-lena\/\"><img decoding=\"async\" src=\"https:\/\/extralibris.net\/sesisenai\/wp-content\/uploads\/sites\/2\/2024\/08\/odiariodelena.webp\" style=\"width:80%;\" \/><\/a>          <a href=\"https:\/\/extralibris.net\/sesisenai\/item\/o-diario-de-lena\/\" rel=\"bookmark\" style=\"display:none;\"><span>O di\u00e1rio de Lena<\/span>          <\/a>      <\/div><\/article><article class=\"1785 books type-books status-publish has-post-thumbnail book-series-artes entry genesis-author-pro-book\" itemscope=\"\" itemtype=\"https:\/\/schema.org\/CreativeWork\">      <div class=\"entry-content\" itemprop=\"text\">          <a href=\"https:\/\/extralibris.net\/sesisenai\/item\/piratas-no-brasil\/\"><img decoding=\"async\" src=\"https:\/\/extralibris.net\/sesisenai\/wp-content\/uploads\/sites\/2\/2024\/08\/piratasnobrasil.webp\" style=\"width:80%;\" \/><\/a>          <a href=\"https:\/\/extralibris.net\/sesisenai\/item\/piratas-no-brasil\/\" rel=\"bookmark\" style=\"display:none;\"><span>Piratas no Brasil<\/span>          <\/a>      <\/div><\/article><article class=\"1783 books type-books status-publish has-post-thumbnail book-series-artes entry genesis-author-pro-book\" itemscope=\"\" itemtype=\"https:\/\/schema.org\/CreativeWork\">      <div class=\"entry-content\" itemprop=\"text\">          <a href=\"https:\/\/extralibris.net\/sesisenai\/item\/toda-agua-do-mundo\/\"><img decoding=\"async\" src=\"https:\/\/extralibris.net\/sesisenai\/wp-content\/uploads\/sites\/2\/2024\/08\/todaaaguadomundo.webp\" style=\"width:80%;\" \/><\/a>          <a href=\"https:\/\/extralibris.net\/sesisenai\/item\/toda-agua-do-mundo\/\" rel=\"bookmark\" style=\"display:none;\"><span>Toda \u00e1gua do mundo<\/span>          <\/a>      <\/div><\/article><article class=\"1808 books type-books status-publish has-post-thumbnail book-series-artes entry genesis-author-pro-book\" itemscope=\"\" itemtype=\"https:\/\/schema.org\/CreativeWork\">      <div class=\"entry-content\" itemprop=\"text\">          <a href=\"https:\/\/extralibris.net\/sesisenai\/item\/a-sapatilha-que-mudou-meu-mundo\/\"><img decoding=\"async\" src=\"https:\/\/extralibris.net\/sesisenai\/wp-content\/uploads\/sites\/2\/2024\/08\/asapatilhaquemudoumeumundo.webp\" style=\"width:80%;\" \/><\/a>          <a href=\"https:\/\/extralibris.net\/sesisenai\/item\/a-sapatilha-que-mudou-meu-mundo\/\" rel=\"bookmark\" style=\"display:none;\"><span>A sapatilha que mudou meu mundo<\/span>          <\/a>      <\/div><\/article><article class=\"1810 books type-books status-publish has-post-thumbnail book-series-artes entry genesis-author-pro-book\" itemscope=\"\" itemtype=\"https:\/\/schema.org\/CreativeWork\">      <div class=\"entry-content\" itemprop=\"text\">          <a href=\"https:\/\/extralibris.net\/sesisenai\/item\/a-memoria-do-mar\/\"><img decoding=\"async\" src=\"https:\/\/extralibris.net\/sesisenai\/wp-content\/uploads\/sites\/2\/2024\/08\/amemoriadomar.webp\" style=\"width:80%;\" \/><\/a>          <a href=\"https:\/\/extralibris.net\/sesisenai\/item\/a-memoria-do-mar\/\" rel=\"bookmark\" style=\"display:none;\"><span>A mem\u00f3ria do mar<\/span>          <\/a>      <\/div><\/article><article class=\"1804 books type-books status-publish has-post-thumbnail book-series-artes entry genesis-author-pro-book\" itemscope=\"\" itemtype=\"https:\/\/schema.org\/CreativeWork\">      <div class=\"entry-content\" itemprop=\"text\">          <a href=\"https:\/\/extralibris.net\/sesisenai\/item\/a-sobrinha-do-poeta\/\"><img decoding=\"async\" src=\"https:\/\/extralibris.net\/sesisenai\/wp-content\/uploads\/sites\/2\/2024\/08\/asobrinhadopoeta.webp\" style=\"width:80%;\" \/><\/a>          <a href=\"https:\/\/extralibris.net\/sesisenai\/item\/a-sobrinha-do-poeta\/\" rel=\"bookmark\" style=\"display:none;\"><span>A sobrinha do poeta<\/span>          <\/a>      <\/div><\/article><article class=\"1802 books type-books status-publish has-post-thumbnail book-series-artes entry genesis-author-pro-book\" itemscope=\"\" itemtype=\"https:\/\/schema.org\/CreativeWork\">      <div class=\"entry-content\" itemprop=\"text\">          <a href=\"https:\/\/extralibris.net\/sesisenai\/item\/contos-de-shakespeare\/\"><img decoding=\"async\" src=\"https:\/\/extralibris.net\/sesisenai\/wp-content\/uploads\/sites\/2\/2024\/08\/contosdeshakespeare.webp\" style=\"width:80%;\" \/><\/a>          <a href=\"https:\/\/extralibris.net\/sesisenai\/item\/contos-de-shakespeare\/\" rel=\"bookmark\" style=\"display:none;\"><span>Contos de Shakespeare<\/span>          <\/a>      <\/div><\/article><article class=\"1787 books type-books status-publish has-post-thumbnail book-series-artes entry genesis-author-pro-book\" itemscope=\"\" itemtype=\"https:\/\/schema.org\/CreativeWork\">      <div class=\"entry-content\" itemprop=\"text\">          <a href=\"https:\/\/extralibris.net\/sesisenai\/item\/o-mundo-acabou\/\"><img decoding=\"async\" src=\"https:\/\/extralibris.net\/sesisenai\/wp-content\/uploads\/sites\/2\/2024\/08\/omundoacabou.webp\" style=\"width:80%;\" \/><\/a>          <a href=\"https:\/\/extralibris.net\/sesisenai\/item\/o-mundo-acabou\/\" rel=\"bookmark\" style=\"display:none;\"><span>O mundo acabou<\/span>          <\/a>      <\/div><\/article><\/div><\/div>\n\n\n\n<p class=\"wp-block-paragraph\">\n\n\n\n<h3 class=\"wp-block-heading has-text-align-center\"><strong>9\u00ba ANO<\/strong><\/h3>\n\n\n\n<p class=\"wp-block-paragraph\"><div class=\"collections\"><div class=\"collection\"><article class=\"1837 books type-books status-publish has-post-thumbnail book-series-artes entry genesis-author-pro-book\" itemscope=\"\" itemtype=\"https:\/\/schema.org\/CreativeWork\">      <div class=\"entry-content\" itemprop=\"text\">          <a href=\"https:\/\/extralibris.net\/sesisenai\/item\/admiravel-mundo-novo\/\"><img decoding=\"async\" src=\"https:\/\/extralibris.net\/sesisenai\/wp-content\/uploads\/sites\/2\/2024\/08\/admiravelmundonovo.webp\" style=\"width:80%;\" \/><\/a>          <a href=\"https:\/\/extralibris.net\/sesisenai\/item\/admiravel-mundo-novo\/\" rel=\"bookmark\" style=\"display:none;\"><span>Admir\u00e1vel mundo novo<\/span>          <\/a>      <\/div><\/article><article class=\"1839 books type-books status-publish has-post-thumbnail book-series-artes entry genesis-author-pro-book\" itemscope=\"\" itemtype=\"https:\/\/schema.org\/CreativeWork\">      <div class=\"entry-content\" itemprop=\"text\">          <a href=\"https:\/\/extralibris.net\/sesisenai\/item\/a-mocinha-do-mercado-central\/\"><img decoding=\"async\" src=\"https:\/\/extralibris.net\/sesisenai\/wp-content\/uploads\/sites\/2\/2024\/08\/amocinhadomercadocentral.webp\" style=\"width:80%;\" \/><\/a>          <a href=\"https:\/\/extralibris.net\/sesisenai\/item\/a-mocinha-do-mercado-central\/\" rel=\"bookmark\" style=\"display:none;\"><span>A mocinha do mercado central<\/span>          <\/a>      <\/div><\/article><article class=\"1841 books type-books status-publish has-post-thumbnail book-series-artes entry genesis-author-pro-book\" itemscope=\"\" itemtype=\"https:\/\/schema.org\/CreativeWork\">      <div class=\"entry-content\" itemprop=\"text\">          <a href=\"https:\/\/extralibris.net\/sesisenai\/item\/a-aveleira-e-a-madressilva\/\"><img decoding=\"async\" src=\"https:\/\/extralibris.net\/sesisenai\/wp-content\/uploads\/sites\/2\/2024\/08\/aaveleiraeamadressilva.webp\" style=\"width:80%;\" \/><\/a>          <a href=\"https:\/\/extralibris.net\/sesisenai\/item\/a-aveleira-e-a-madressilva\/\" rel=\"bookmark\" style=\"display:none;\"><span>A aveleira e a madressilva: A paix\u00e3o de Trist\u00e3o e Isolda<\/span>          <\/a>      <\/div><\/article><article class=\"1831 books type-books status-publish has-post-thumbnail book-series-artes entry genesis-author-pro-book\" itemscope=\"\" itemtype=\"https:\/\/schema.org\/CreativeWork\">      <div class=\"entry-content\" itemprop=\"text\">          <a href=\"https:\/\/extralibris.net\/sesisenai\/item\/o-fantasma-da-mae\/\"><img decoding=\"async\" src=\"https:\/\/extralibris.net\/sesisenai\/wp-content\/uploads\/sites\/2\/2024\/08\/ofantasmadamae.webp\" style=\"width:80%;\" \/><\/a>          <a href=\"https:\/\/extralibris.net\/sesisenai\/item\/o-fantasma-da-mae\/\" rel=\"bookmark\" style=\"display:none;\"><span>O fantasma da m\u00e3e<\/span>          <\/a>      <\/div><\/article><article class=\"1829 books type-books status-publish has-post-thumbnail book-series-artes entry genesis-author-pro-book\" itemscope=\"\" itemtype=\"https:\/\/schema.org\/CreativeWork\">      <div class=\"entry-content\" itemprop=\"text\">          <a href=\"https:\/\/extralibris.net\/sesisenai\/item\/o-segredo-do-meu-turbante\/\"><img decoding=\"async\" src=\"https:\/\/extralibris.net\/sesisenai\/wp-content\/uploads\/sites\/2\/2024\/08\/osegredodomeuturbante.webp\" style=\"width:80%;\" \/><\/a>          <a href=\"https:\/\/extralibris.net\/sesisenai\/item\/o-segredo-do-meu-turbante\/\" rel=\"bookmark\" style=\"display:none;\"><span>O segredo do meu turbante<\/span>          <\/a>      <\/div><\/article><article class=\"1843 books type-books status-publish has-post-thumbnail book-series-artes entry genesis-author-pro-book\" itemscope=\"\" itemtype=\"https:\/\/schema.org\/CreativeWork\">      <div class=\"entry-content\" itemprop=\"text\">          <a href=\"https:\/\/extralibris.net\/sesisenai\/item\/1889-livro\/\"><img decoding=\"async\" src=\"https:\/\/extralibris.net\/sesisenai\/wp-content\/uploads\/sites\/2\/2024\/08\/1889.webp\" style=\"width:80%;\" \/><\/a>          <a href=\"https:\/\/extralibris.net\/sesisenai\/item\/1889-livro\/\" rel=\"bookmark\" style=\"display:none;\"><span>1889: Como um imperador cansado, um marechal vaidoso e um professor injusti\u00e7ado contribu\u00edram para o fim da Monarquia e a Proclama\u00e7\u00e3o da Rep\u00fablica no Brasil<\/span>          <\/a>      <\/div><\/article><article class=\"1833 books type-books status-publish has-post-thumbnail book-series-artes entry genesis-author-pro-book\" itemscope=\"\" itemtype=\"https:\/\/schema.org\/CreativeWork\">      <div class=\"entry-content\" itemprop=\"text\">          <a href=\"https:\/\/extralibris.net\/sesisenai\/item\/mundo-sustentavel-2\/\"><img decoding=\"async\" src=\"https:\/\/extralibris.net\/sesisenai\/wp-content\/uploads\/sites\/2\/2024\/08\/omundosustentavel2.webp\" style=\"width:80%;\" \/><\/a>          <a href=\"https:\/\/extralibris.net\/sesisenai\/item\/mundo-sustentavel-2\/\" rel=\"bookmark\" style=\"display:none;\"><span>Mundo Sustent\u00e1vel 2<\/span>          <\/a>      <\/div><\/article><article class=\"1847 books type-books status-publish has-post-thumbnail book-series-artes entry genesis-author-pro-book\" itemscope=\"\" itemtype=\"https:\/\/schema.org\/CreativeWork\">      <div class=\"entry-content\" itemprop=\"text\">          <a href=\"https:\/\/extralibris.net\/sesisenai\/item\/1808-livro\/\"><img decoding=\"async\" src=\"https:\/\/extralibris.net\/sesisenai\/wp-content\/uploads\/sites\/2\/2024\/08\/1808.webp\" style=\"width:80%;\" \/><\/a>          <a href=\"https:\/\/extralibris.net\/sesisenai\/item\/1808-livro\/\" rel=\"bookmark\" style=\"display:none;\"><span>1808: Como uma rainha louca, um pr\u00edncipe medroso e uma corte corrupta enganaram Napole\u00e3o e mudaram a Hist\u00f3ria de Portugal e do Brasil<\/span>          <\/a>      <\/div><\/article><article class=\"1845 books type-books status-publish has-post-thumbnail book-series-artes entry genesis-author-pro-book\" itemscope=\"\" itemtype=\"https:\/\/schema.org\/CreativeWork\">      <div class=\"entry-content\" itemprop=\"text\">          <a href=\"https:\/\/extralibris.net\/sesisenai\/item\/1822-livro\/\"><img decoding=\"async\" src=\"https:\/\/extralibris.net\/sesisenai\/wp-content\/uploads\/sites\/2\/2024\/08\/1822.webp\" style=\"width:80%;\" \/><\/a>          <a href=\"https:\/\/extralibris.net\/sesisenai\/item\/1822-livro\/\" rel=\"bookmark\" style=\"display:none;\"><span>1822: Como um homem s\u00e1bio, uma princesa triste e um escoc\u00eas louco por dinheiro ajudaram dom Pedro a criar o Brasil &#8211; um pa\u00eds que tinha tudo para dar errado<\/span>          <\/a>      <\/div><\/article><article class=\"1835 books type-books status-publish has-post-thumbnail book-series-artes entry genesis-author-pro-book\" itemscope=\"\" itemtype=\"https:\/\/schema.org\/CreativeWork\">      <div class=\"entry-content\" itemprop=\"text\">          <a href=\"https:\/\/extralibris.net\/sesisenai\/item\/as-doencas-do-brasil\/\"><img decoding=\"async\" src=\"https:\/\/extralibris.net\/sesisenai\/wp-content\/uploads\/sites\/2\/2024\/08\/asdoencasdobrasil.webp\" style=\"width:80%;\" \/><\/a>          <a href=\"https:\/\/extralibris.net\/sesisenai\/item\/as-doencas-do-brasil\/\" rel=\"bookmark\" style=\"display:none;\"><span>As doen\u00e7as do Brasil<\/span>          <\/a>      <\/div><\/article><article class=\"1827 books type-books status-publish has-post-thumbnail book-series-artes entry genesis-author-pro-book\" itemscope=\"\" itemtype=\"https:\/\/schema.org\/CreativeWork\">      <div class=\"entry-content\" itemprop=\"text\">          <a href=\"https:\/\/extralibris.net\/sesisenai\/item\/perdi-uma-parte-de-mim-e-renasci\/\"><img decoding=\"async\" src=\"https:\/\/extralibris.net\/sesisenai\/wp-content\/uploads\/sites\/2\/2024\/08\/perdiumapartedemimerenasci.webp\" style=\"width:80%;\" \/><\/a>          <a href=\"https:\/\/extralibris.net\/sesisenai\/item\/perdi-uma-parte-de-mim-e-renasci\/\" rel=\"bookmark\" style=\"display:none;\"><span>Perdi uma parte de mim e renasci<\/span>          <\/a>      <\/div><\/article><article class=\"1823 books type-books status-publish has-post-thumbnail book-series-artes entry genesis-author-pro-book\" itemscope=\"\" itemtype=\"https:\/\/schema.org\/CreativeWork\">      <div class=\"entry-content\" itemprop=\"text\">          <a href=\"https:\/\/extralibris.net\/sesisenai\/item\/sou-mae-dela\/\"><img decoding=\"async\" src=\"https:\/\/extralibris.net\/sesisenai\/wp-content\/uploads\/sites\/2\/2024\/08\/souamaedela.webp\" style=\"width:80%;\" \/><\/a>          <a href=\"https:\/\/extralibris.net\/sesisenai\/item\/sou-mae-dela\/\" rel=\"bookmark\" style=\"display:none;\"><span>Sou m\u00e3e dela<\/span>          <\/a>      <\/div><\/article><\/div><\/div>\n\n\n\n<p class=\"wp-block-paragraph\">\n\n\n\n<p class=\"wp-block-paragraph\"><\/p>\n\n\n\n<p class=\"wp-block-paragraph\">\n\n\n\n<p class=\"wp-block-paragraph\">\n\n\n\n<p class=\"wp-block-paragraph\"><\/p>\n\n\n\n<p class=\"wp-block-paragraph\">\n\n\n\n<p class=\"wp-block-paragraph\">\n\n\n\n<p class=\"wp-block-paragraph\"><\/p>\n\n\n\n<p class=\"wp-block-paragraph\">\n\n\n\n<p class=\"wp-block-paragraph\">\n","protected":false},"excerpt":{"rendered":"<p>CLUBES DE LEITURA DA BIBLIOTECA DIGITAL<\/p>\n","protected":false},"author":1,"featured_media":0,"parent":0,"menu_order":36,"comment_status":"closed","ping_status":"closed","template":"templates\/full-width.php","meta":{"_genesis_hide_title":false,"_genesis_hide_breadcrumbs":false,"_genesis_hide_singular_image":false,"_genesis_hide_footer_widgets":false,"_genesis_custom_body_class":"","_genesis_custom_post_class":"","_genesis_layout":"","footnotes":""},"class_list":["post-1696","page","type-page","status-publish","entry"],"yoast_head":"<!-- This site is optimized with the Yoast SEO plugin v28.3 - https:\/\/yoast.com\/product\/yoast-seo-wordpress\/ -->\n<title>PAINEL DOS CLUBES - SESI SENAI<\/title>\n<meta name=\"robots\" content=\"index, follow, max-snippet:-1, max-image-preview:large, max-video-preview:-1\" \/>\n<link rel=\"canonical\" href=\"https:\/\/extralibris.net\/sesisenai\/painel-dos-clubes\/\" \/>\n<meta property=\"og:locale\" content=\"pt_BR\" \/>\n<meta property=\"og:type\" content=\"article\" \/>\n<meta property=\"og:title\" content=\"PAINEL DOS CLUBES - SESI SENAI\" \/>\n<meta property=\"og:description\" content=\"CLUBES DE LEITURA DA BIBLIOTECA DIGITAL\" \/>\n<meta property=\"og:url\" content=\"https:\/\/extralibris.net\/sesisenai\/painel-dos-clubes\/\" \/>\n<meta property=\"og:site_name\" content=\"SESI SENAI Goi\u00e1s\" \/>\n<meta name=\"twitter:card\" content=\"summary_large_image\" \/>\n<meta name=\"twitter:label1\" content=\"Est. tempo de leitura\" \/>\n\t<meta name=\"twitter:data1\" content=\"1 minuto\" \/>\n<script type=\"application\/ld+json\" class=\"yoast-schema-graph\">{\"@context\":\"https:\\\/\\\/schema.org\",\"@graph\":[{\"@type\":\"WebPage\",\"@id\":\"https:\\\/\\\/extralibris.net\\\/sesisenai\\\/painel-dos-clubes\\\/\",\"url\":\"https:\\\/\\\/extralibris.net\\\/sesisenai\\\/painel-dos-clubes\\\/\",\"name\":\"PAINEL DOS CLUBES - SESI SENAI\",\"isPartOf\":{\"@id\":\"https:\\\/\\\/extralibris.net\\\/sesisenai\\\/#website\"},\"datePublished\":\"2024-08-09T18:11:02+00:00\",\"breadcrumb\":{\"@id\":\"https:\\\/\\\/extralibris.net\\\/sesisenai\\\/painel-dos-clubes\\\/#breadcrumb\"},\"inLanguage\":\"pt-BR\",\"potentialAction\":[{\"@type\":\"ReadAction\",\"target\":[\"https:\\\/\\\/extralibris.net\\\/sesisenai\\\/painel-dos-clubes\\\/\"]}]},{\"@type\":\"BreadcrumbList\",\"@id\":\"https:\\\/\\\/extralibris.net\\\/sesisenai\\\/painel-dos-clubes\\\/#breadcrumb\",\"itemListElement\":[{\"@type\":\"ListItem\",\"position\":1,\"name\":\"In\u00edcio\",\"item\":\"https:\\\/\\\/extralibris.net\\\/sesisenai\\\/\"},{\"@type\":\"ListItem\",\"position\":2,\"name\":\"PAINEL DOS CLUBES\"}]},{\"@type\":\"WebSite\",\"@id\":\"https:\\\/\\\/extralibris.net\\\/sesisenai\\\/#website\",\"url\":\"https:\\\/\\\/extralibris.net\\\/sesisenai\\\/\",\"name\":\"SESI SENAI Goi\u00e1s\",\"description\":\"Curadoria Figital\",\"publisher\":{\"@id\":\"https:\\\/\\\/extralibris.net\\\/sesisenai\\\/#organization\"},\"potentialAction\":[{\"@type\":\"SearchAction\",\"target\":{\"@type\":\"EntryPoint\",\"urlTemplate\":\"https:\\\/\\\/extralibris.net\\\/sesisenai\\\/?s={search_term_string}\"},\"query-input\":{\"@type\":\"PropertyValueSpecification\",\"valueRequired\":true,\"valueName\":\"search_term_string\"}}],\"inLanguage\":\"pt-BR\"},{\"@type\":\"Organization\",\"@id\":\"https:\\\/\\\/extralibris.net\\\/sesisenai\\\/#organization\",\"name\":\"SESI SENAI Goi\u00e1s\",\"url\":\"https:\\\/\\\/extralibris.net\\\/sesisenai\\\/\",\"logo\":{\"@type\":\"ImageObject\",\"inLanguage\":\"pt-BR\",\"@id\":\"https:\\\/\\\/extralibris.net\\\/sesisenai\\\/#\\\/schema\\\/logo\\\/image\\\/\",\"url\":\"https:\\\/\\\/extralibris.net\\\/sesisenai\\\/wp-content\\\/uploads\\\/sites\\\/2\\\/2025\\\/05\\\/cropped-cropped-THUMB_SesiSenai_Colorida-1.jpg\",\"contentUrl\":\"https:\\\/\\\/extralibris.net\\\/sesisenai\\\/wp-content\\\/uploads\\\/sites\\\/2\\\/2025\\\/05\\\/cropped-cropped-THUMB_SesiSenai_Colorida-1.jpg\",\"width\":512,\"height\":256,\"caption\":\"SESI SENAI Goi\u00e1s\"},\"image\":{\"@id\":\"https:\\\/\\\/extralibris.net\\\/sesisenai\\\/#\\\/schema\\\/logo\\\/image\\\/\"}}]}<\/script>\n<!-- \/ Yoast SEO plugin. -->","yoast_head_json":{"title":"PAINEL DOS CLUBES - SESI SENAI","robots":{"index":"index","follow":"follow","max-snippet":"max-snippet:-1","max-image-preview":"max-image-preview:large","max-video-preview":"max-video-preview:-1"},"canonical":"https:\/\/extralibris.net\/sesisenai\/painel-dos-clubes\/","og_locale":"pt_BR","og_type":"article","og_title":"PAINEL DOS CLUBES - SESI SENAI","og_description":"CLUBES DE LEITURA DA BIBLIOTECA DIGITAL","og_url":"https:\/\/extralibris.net\/sesisenai\/painel-dos-clubes\/","og_site_name":"SESI SENAI Goi\u00e1s","twitter_card":"summary_large_image","twitter_misc":{"Est. tempo de leitura":"1 minuto"},"schema":{"@context":"https:\/\/schema.org","@graph":[{"@type":"WebPage","@id":"https:\/\/extralibris.net\/sesisenai\/painel-dos-clubes\/","url":"https:\/\/extralibris.net\/sesisenai\/painel-dos-clubes\/","name":"PAINEL DOS CLUBES - SESI SENAI","isPartOf":{"@id":"https:\/\/extralibris.net\/sesisenai\/#website"},"datePublished":"2024-08-09T18:11:02+00:00","breadcrumb":{"@id":"https:\/\/extralibris.net\/sesisenai\/painel-dos-clubes\/#breadcrumb"},"inLanguage":"pt-BR","potentialAction":[{"@type":"ReadAction","target":["https:\/\/extralibris.net\/sesisenai\/painel-dos-clubes\/"]}]},{"@type":"BreadcrumbList","@id":"https:\/\/extralibris.net\/sesisenai\/painel-dos-clubes\/#breadcrumb","itemListElement":[{"@type":"ListItem","position":1,"name":"In\u00edcio","item":"https:\/\/extralibris.net\/sesisenai\/"},{"@type":"ListItem","position":2,"name":"PAINEL DOS CLUBES"}]},{"@type":"WebSite","@id":"https:\/\/extralibris.net\/sesisenai\/#website","url":"https:\/\/extralibris.net\/sesisenai\/","name":"SESI SENAI Goi\u00e1s","description":"Curadoria Figital","publisher":{"@id":"https:\/\/extralibris.net\/sesisenai\/#organization"},"potentialAction":[{"@type":"SearchAction","target":{"@type":"EntryPoint","urlTemplate":"https:\/\/extralibris.net\/sesisenai\/?s={search_term_string}"},"query-input":{"@type":"PropertyValueSpecification","valueRequired":true,"valueName":"search_term_string"}}],"inLanguage":"pt-BR"},{"@type":"Organization","@id":"https:\/\/extralibris.net\/sesisenai\/#organization","name":"SESI SENAI Goi\u00e1s","url":"https:\/\/extralibris.net\/sesisenai\/","logo":{"@type":"ImageObject","inLanguage":"pt-BR","@id":"https:\/\/extralibris.net\/sesisenai\/#\/schema\/logo\/image\/","url":"https:\/\/extralibris.net\/sesisenai\/wp-content\/uploads\/sites\/2\/2025\/05\/cropped-cropped-THUMB_SesiSenai_Colorida-1.jpg","contentUrl":"https:\/\/extralibris.net\/sesisenai\/wp-content\/uploads\/sites\/2\/2025\/05\/cropped-cropped-THUMB_SesiSenai_Colorida-1.jpg","width":512,"height":256,"caption":"SESI SENAI Goi\u00e1s"},"image":{"@id":"https:\/\/extralibris.net\/sesisenai\/#\/schema\/logo\/image\/"}}]}},"featured_image_src":null,"featured_image_src_square":null,"_links":{"self":[{"href":"https:\/\/extralibris.net\/sesisenai\/wp-json\/wp\/v2\/pages\/1696","targetHints":{"allow":["GET"]}}],"collection":[{"href":"https:\/\/extralibris.net\/sesisenai\/wp-json\/wp\/v2\/pages"}],"about":[{"href":"https:\/\/extralibris.net\/sesisenai\/wp-json\/wp\/v2\/types\/page"}],"author":[{"embeddable":true,"href":"https:\/\/extralibris.net\/sesisenai\/wp-json\/wp\/v2\/users\/1"}],"replies":[{"embeddable":true,"href":"https:\/\/extralibris.net\/sesisenai\/wp-json\/wp\/v2\/comments?post=1696"}],"version-history":[{"count":0,"href":"https:\/\/extralibris.net\/sesisenai\/wp-json\/wp\/v2\/pages\/1696\/revisions"}],"wp:attachment":[{"href":"https:\/\/extralibris.net\/sesisenai\/wp-json\/wp\/v2\/media?parent=1696"}],"curies":[{"name":"wp","href":"https:\/\/api.w.org\/{rel}","templated":true}]}}