{"id":15,"date":"2021-08-26T22:07:42","date_gmt":"2021-08-27T01:07:42","guid":{"rendered":"http:\/\/personates.com\/curadoriasexpografia\/?page_id=15"},"modified":"2025-06-28T17:20:06","modified_gmt":"2025-06-28T20:20:06","slug":"figiteca-sesi-senai-goias","status":"publish","type":"page","link":"https:\/\/extralibris.net\/sesisenai\/figiteca-sesi-senai-goias\/","title":{"rendered":"CURADORIA FIGITAL"},"content":{"rendered":"\n<h1 class=\"wp-block-heading has-text-align-center has-text-color has-link-color wp-elements-1\" style=\"color:#164194\"><strong>PAINEL DE EVENTOS<\/strong><\/h1>\n\n\n\n<h3 class=\"wp-block-heading has-text-align-center has-text-color has-link-color wp-elements-2\" style=\"color:#164194\"><strong>Eventos realizados e com participa\u00e7\u00e3o da unidade SESI SENAI Rio Verde<\/strong>  <\/h3>\n\n\n\n<p class=\"wp-block-paragraph\"><div class=\"collections\"><div class=\"collection\"><article class=\"1375 books type-books status-publish has-post-thumbnail book-series-artes entry genesis-author-pro-book\" itemscope=\"\" itemtype=\"https:\/\/schema.org\/CreativeWork\">      <div class=\"entry-content\" itemprop=\"text\">          <a href=\"https:\/\/extralibris.net\/sesisenai\/item\/19-06-certificacao-programa-qualifica-rio-verde-i-semestre-2024\/\"><img decoding=\"async\" src=\"https:\/\/extralibris.net\/sesisenai\/wp-content\/uploads\/sites\/2\/2024\/06\/CERTIFICACAOQUALIFICA202406x.webp\" style=\"width:80%;\" \/><\/a>          <a href=\"https:\/\/extralibris.net\/sesisenai\/item\/19-06-certificacao-programa-qualifica-rio-verde-i-semestre-2024\/\" rel=\"bookmark\" style=\"display:none;\"><span>19\/06 &#8211; Certifica\u00e7\u00e3o Programa Qualifica Rio Verde &#8211; I Semestre 2024<\/span>          <\/a>      <\/div><\/article><article class=\"885 books type-books status-publish has-post-thumbnail book-series-artes entry genesis-author-pro-book\" itemscope=\"\" itemtype=\"https:\/\/schema.org\/CreativeWork\">      <div class=\"entry-content\" itemprop=\"text\">          <a href=\"https:\/\/extralibris.net\/sesisenai\/item\/febrace-2024\/\"><img decoding=\"async\" src=\"https:\/\/extralibris.net\/sesisenai\/wp-content\/uploads\/sites\/2\/2024\/03\/FEBRACE2024x.webp\" style=\"width:80%;\" \/><\/a>          <a href=\"https:\/\/extralibris.net\/sesisenai\/item\/febrace-2024\/\" rel=\"bookmark\" style=\"display:none;\"><span>FEBRACE 2024 &#8211; 18 a 22 de Mar\u00e7o<\/span>          <\/a>      <\/div><\/article><article class=\"917 books type-books status-publish has-post-thumbnail book-series-artes entry genesis-author-pro-book\" itemscope=\"\" itemtype=\"https:\/\/schema.org\/CreativeWork\">      <div class=\"entry-content\" itemprop=\"text\">          <a href=\"https:\/\/extralibris.net\/sesisenai\/item\/hub-de-carreiras-iel\/\"><img decoding=\"async\" src=\"https:\/\/extralibris.net\/sesisenai\/wp-content\/uploads\/sites\/2\/2024\/03\/HUBDECARREIRASMARCO2024x.webp\" style=\"width:80%;\" \/><\/a>          <a href=\"https:\/\/extralibris.net\/sesisenai\/item\/hub-de-carreiras-iel\/\" rel=\"bookmark\" style=\"display:none;\"><span>Hub de Carreiras<\/span>          <\/a>      <\/div><\/article><article class=\"875 books type-books status-publish has-post-thumbnail book-series-artes entry genesis-author-pro-book\" itemscope=\"\" itemtype=\"https:\/\/schema.org\/CreativeWork\">      <div class=\"entry-content\" itemprop=\"text\">          <a href=\"https:\/\/extralibris.net\/sesisenai\/item\/ii-semana-da-manutencao\/\"><img decoding=\"async\" src=\"https:\/\/extralibris.net\/sesisenai\/wp-content\/uploads\/sites\/2\/2024\/03\/IISEMANADAMANUTENCAO2024x.webp\" style=\"width:80%;\" \/><\/a>          <a href=\"https:\/\/extralibris.net\/sesisenai\/item\/ii-semana-da-manutencao\/\" rel=\"bookmark\" style=\"display:none;\"><span>II Semana da Manuten\u00e7\u00e3o<\/span>          <\/a>      <\/div><\/article><article class=\"867 books type-books status-publish has-post-thumbnail book-series-artes entry genesis-author-pro-book\" itemscope=\"\" itemtype=\"https:\/\/schema.org\/CreativeWork\">      <div class=\"entry-content\" itemprop=\"text\">          <a href=\"https:\/\/extralibris.net\/sesisenai\/item\/brasil-mais-produtivo\/\"><img decoding=\"async\" src=\"https:\/\/extralibris.net\/sesisenai\/wp-content\/uploads\/sites\/2\/2024\/03\/BRASILMAISPRODUTIVO2024x.webp\" style=\"width:80%;\" \/><\/a>          <a href=\"https:\/\/extralibris.net\/sesisenai\/item\/brasil-mais-produtivo\/\" rel=\"bookmark\" style=\"display:none;\"><span>Brasil Mais Produtivo<\/span>          <\/a>      <\/div><\/article><article class=\"840 books type-books status-publish has-post-thumbnail book-series-artes entry genesis-author-pro-book\" itemscope=\"\" itemtype=\"https:\/\/schema.org\/CreativeWork\">      <div class=\"entry-content\" itemprop=\"text\">          <a href=\"https:\/\/extralibris.net\/sesisenai\/item\/capacitacao-empreendedora-de-rio-verde\/\"><img decoding=\"async\" src=\"https:\/\/extralibris.net\/sesisenai\/wp-content\/uploads\/sites\/2\/2024\/03\/CAPACITACAOEMPREENDEDORARIOVERDE2024x.webp\" style=\"width:80%;\" \/><\/a>          <a href=\"https:\/\/extralibris.net\/sesisenai\/item\/capacitacao-empreendedora-de-rio-verde\/\" rel=\"bookmark\" style=\"display:none;\"><span>Capacita\u00e7\u00e3o Empreendedora de Rio Verde &#8211; 13 de Mar\u00e7o<\/span>          <\/a>      <\/div><\/article><article class=\"1270 books type-books status-publish has-post-thumbnail book-series-artes entry genesis-author-pro-book\" itemscope=\"\" itemtype=\"https:\/\/schema.org\/CreativeWork\">      <div class=\"entry-content\" itemprop=\"text\">          <a href=\"https:\/\/extralibris.net\/sesisenai\/item\/expoind-09-a-11-de-outubro-de-2024\/\"><img decoding=\"async\" src=\"https:\/\/extralibris.net\/sesisenai\/wp-content\/uploads\/sites\/2\/2024\/06\/EXPOIND2024x.webp\" style=\"width:80%;\" \/><\/a>          <a href=\"https:\/\/extralibris.net\/sesisenai\/item\/expoind-09-a-11-de-outubro-de-2024\/\" rel=\"bookmark\" style=\"display:none;\"><span>Expoind &#8211; 09 a 11 de Outubro de 2024<\/span>          <\/a>      <\/div><\/article><article class=\"825 books type-books status-publish has-post-thumbnail book-series-artes entry genesis-author-pro-book\" itemscope=\"\" itemtype=\"https:\/\/schema.org\/CreativeWork\">      <div class=\"entry-content\" itemprop=\"text\">          <a href=\"https:\/\/extralibris.net\/sesisenai\/item\/programa-jovem-trabalhador\/\"><img decoding=\"async\" src=\"https:\/\/extralibris.net\/sesisenai\/wp-content\/uploads\/sites\/2\/2024\/03\/PROGRAMAJOVEMTRABALHADORRIOVERDE2024x.webp\" style=\"width:80%;\" \/><\/a>          <a href=\"https:\/\/extralibris.net\/sesisenai\/item\/programa-jovem-trabalhador\/\" rel=\"bookmark\" style=\"display:none;\"><span>Programa Jovem Trabalhador<\/span>          <\/a>      <\/div><\/article><article class=\"817 books type-books status-publish has-post-thumbnail book-series-artes entry genesis-author-pro-book\" itemscope=\"\" itemtype=\"https:\/\/schema.org\/CreativeWork\">      <div class=\"entry-content\" itemprop=\"text\">          <a href=\"https:\/\/extralibris.net\/sesisenai\/item\/oficina-ia-generativa\/\"><img decoding=\"async\" src=\"https:\/\/extralibris.net\/sesisenai\/wp-content\/uploads\/sites\/2\/2024\/03\/OFICINAIAGENERATIVAMARCO2024x.webp\" style=\"width:80%;\" \/><\/a>          <a href=\"https:\/\/extralibris.net\/sesisenai\/item\/oficina-ia-generativa\/\" rel=\"bookmark\" style=\"display:none;\"><span>Oficina IA Generativa<\/span>          <\/a>      <\/div><\/article><\/div><\/div>\n\n\n\n<div style=\"height:48px\" aria-hidden=\"true\" class=\"wp-block-spacer\"><\/div>\n\n\n\n<h1 class=\"wp-block-heading has-text-align-center has-text-color has-link-color wp-elements-3\" style=\"color:#164194\"><strong>CLUBES DOS LIVROS<\/strong><\/h1>\n\n\n\n<h3 class=\"wp-block-heading has-text-align-center has-text-color has-link-color wp-elements-4\" style=\"color:#164194\"><strong>Clubes dos Livros do Ensino Fundamental II da Escola SESI Rio Verde<\/strong><\/h3>\n\n\n\n<h3 class=\"wp-block-heading has-text-align-center has-text-color has-link-color wp-elements-5\" style=\"color:#164194\"><strong>6\u00ba ano &#8211; 9 clubes<\/strong><\/h3>\n\n\n\n<p class=\"wp-block-paragraph\"><div class=\"collections\"><div class=\"collection\"><article class=\"1916 books type-books status-publish has-post-thumbnail book-series-artes entry genesis-author-pro-book\" itemscope=\"\" itemtype=\"https:\/\/schema.org\/CreativeWork\">      <div class=\"entry-content\" itemprop=\"text\">          <a href=\"https:\/\/extralibris.net\/sesisenai\/item\/leitoras-anormais\/\"><img decoding=\"async\" src=\"https:\/\/extralibris.net\/sesisenai\/wp-content\/uploads\/sites\/2\/2024\/09\/LeiturasAnormais.jpg\" style=\"width:80%;\" \/><\/a>          <a href=\"https:\/\/extralibris.net\/sesisenai\/item\/leitoras-anormais\/\" rel=\"bookmark\" style=\"display:none;\"><span>Leitoras anormais<\/span>          <\/a>      <\/div><\/article><article class=\"1947 books type-books status-publish has-post-thumbnail book-series-artes entry genesis-author-pro-book\" itemscope=\"\" itemtype=\"https:\/\/schema.org\/CreativeWork\">      <div class=\"entry-content\" itemprop=\"text\">          <a href=\"https:\/\/extralibris.net\/sesisenai\/item\/exploradores-do-infinito\/\"><img decoding=\"async\" src=\"https:\/\/extralibris.net\/sesisenai\/wp-content\/uploads\/sites\/2\/2024\/09\/exploradoresinfinito.png\" style=\"width:80%;\" \/><\/a>          <a href=\"https:\/\/extralibris.net\/sesisenai\/item\/exploradores-do-infinito\/\" rel=\"bookmark\" style=\"display:none;\"><span>Exploradores do Infinito<\/span>          <\/a>      <\/div><\/article><article class=\"1945 books type-books status-publish has-post-thumbnail book-series-artes entry genesis-author-pro-book\" itemscope=\"\" itemtype=\"https:\/\/schema.org\/CreativeWork\">      <div class=\"entry-content\" itemprop=\"text\">          <a href=\"https:\/\/extralibris.net\/sesisenai\/item\/grupo-das-aguias\/\"><img decoding=\"async\" src=\"https:\/\/extralibris.net\/sesisenai\/wp-content\/uploads\/sites\/2\/2024\/09\/GrupodasAguias.jpeg\" style=\"width:80%;\" \/><\/a>          <a href=\"https:\/\/extralibris.net\/sesisenai\/item\/grupo-das-aguias\/\" rel=\"bookmark\" style=\"display:none;\"><span>Grupo das \u00c1guias<\/span>          <\/a>      <\/div><\/article><article class=\"1943 books type-books status-publish has-post-thumbnail book-series-artes entry genesis-author-pro-book\" itemscope=\"\" itemtype=\"https:\/\/schema.org\/CreativeWork\">      <div class=\"entry-content\" itemprop=\"text\">          <a href=\"https:\/\/extralibris.net\/sesisenai\/item\/leitores-do-passado\/\"><img decoding=\"async\" src=\"https:\/\/extralibris.net\/sesisenai\/wp-content\/uploads\/sites\/2\/2024\/09\/LeitoresdoPassado.png\" style=\"width:80%;\" \/><\/a>          <a href=\"https:\/\/extralibris.net\/sesisenai\/item\/leitores-do-passado\/\" rel=\"bookmark\" style=\"display:none;\"><span>Leitores do Passado<\/span>          <\/a>      <\/div><\/article><article class=\"1938 books type-books status-publish has-post-thumbnail book-series-artes entry genesis-author-pro-book\" itemscope=\"\" itemtype=\"https:\/\/schema.org\/CreativeWork\">      <div class=\"entry-content\" itemprop=\"text\">          <a href=\"https:\/\/extralibris.net\/sesisenai\/item\/dragoes-negros\/\"><img decoding=\"async\" src=\"https:\/\/extralibris.net\/sesisenai\/wp-content\/uploads\/sites\/2\/2024\/09\/DragoesNegros.png\" style=\"width:80%;\" \/><\/a>          <a href=\"https:\/\/extralibris.net\/sesisenai\/item\/dragoes-negros\/\" rel=\"bookmark\" style=\"display:none;\"><span>Drag\u00f5es Negros<\/span>          <\/a>      <\/div><\/article><article class=\"1924 books type-books status-publish has-post-thumbnail book-series-artes entry genesis-author-pro-book\" itemscope=\"\" itemtype=\"https:\/\/schema.org\/CreativeWork\">      <div class=\"entry-content\" itemprop=\"text\">          <a href=\"https:\/\/extralibris.net\/sesisenai\/item\/seres-vivos-em-foco\/\"><img decoding=\"async\" src=\"https:\/\/extralibris.net\/sesisenai\/wp-content\/uploads\/sites\/2\/2024\/09\/SeresVivosemFoco.jpg\" style=\"width:80%;\" \/><\/a>          <a href=\"https:\/\/extralibris.net\/sesisenai\/item\/seres-vivos-em-foco\/\" rel=\"bookmark\" style=\"display:none;\"><span>Seres Vivos em Foco<\/span>          <\/a>      <\/div><\/article><article class=\"1921 books type-books status-publish has-post-thumbnail book-series-artes entry genesis-author-pro-book\" itemscope=\"\" itemtype=\"https:\/\/schema.org\/CreativeWork\">      <div class=\"entry-content\" itemprop=\"text\">          <a href=\"https:\/\/extralibris.net\/sesisenai\/item\/book-hunters\/\"><img decoding=\"async\" src=\"https:\/\/extralibris.net\/sesisenai\/wp-content\/uploads\/sites\/2\/2024\/09\/BookHunters.jpg\" style=\"width:80%;\" \/><\/a>          <a href=\"https:\/\/extralibris.net\/sesisenai\/item\/book-hunters\/\" rel=\"bookmark\" style=\"display:none;\"><span>Book Hunters<\/span>          <\/a>      <\/div><\/article><article class=\"1951 books type-books status-publish has-post-thumbnail book-series-artes entry genesis-author-pro-book\" itemscope=\"\" itemtype=\"https:\/\/schema.org\/CreativeWork\">      <div class=\"entry-content\" itemprop=\"text\">          <a href=\"https:\/\/extralibris.net\/sesisenai\/item\/tropa-de-elite\/\"><img decoding=\"async\" src=\"https:\/\/extralibris.net\/sesisenai\/wp-content\/uploads\/sites\/2\/2024\/09\/clubetropadeelite.png\" style=\"width:80%;\" \/><\/a>          <a href=\"https:\/\/extralibris.net\/sesisenai\/item\/tropa-de-elite\/\" rel=\"bookmark\" style=\"display:none;\"><span>Tropa de Elite<\/span>          <\/a>      <\/div><\/article><article class=\"1970 books type-books status-publish has-post-thumbnail book-series-artes entry genesis-author-pro-book\" itemscope=\"\" itemtype=\"https:\/\/schema.org\/CreativeWork\">      <div class=\"entry-content\" itemprop=\"text\">          <a href=\"https:\/\/extralibris.net\/sesisenai\/item\/iradas\/\"><img decoding=\"async\" src=\"https:\/\/extralibris.net\/sesisenai\/wp-content\/uploads\/sites\/2\/2024\/09\/posterpadraoclubedolivro02.png\" style=\"width:80%;\" \/><\/a>          <a href=\"https:\/\/extralibris.net\/sesisenai\/item\/iradas\/\" rel=\"bookmark\" style=\"display:none;\"><span>Iradas<\/span>          <\/a>      <\/div><\/article><\/div><\/div>\n\n\n\n<h3 class=\"wp-block-heading has-text-align-center has-text-color has-link-color wp-elements-6\" style=\"color:#164194\"><strong>7\u00ba ano &#8211; 14 clubes<\/strong><\/h3>\n\n\n\n<p class=\"wp-block-paragraph\"><div class=\"collections\"><div class=\"collection\"><article class=\"1940 books type-books status-publish has-post-thumbnail book-series-artes entry genesis-author-pro-book\" itemscope=\"\" itemtype=\"https:\/\/schema.org\/CreativeWork\">      <div class=\"entry-content\" itemprop=\"text\">          <a href=\"https:\/\/extralibris.net\/sesisenai\/item\/os-cavaleiros-da-meia-noite\/\"><img decoding=\"async\" src=\"https:\/\/extralibris.net\/sesisenai\/wp-content\/uploads\/sites\/2\/2024\/09\/posteroscavaleirosdameianoite.jpg\" style=\"width:80%;\" \/><\/a>          <a href=\"https:\/\/extralibris.net\/sesisenai\/item\/os-cavaleiros-da-meia-noite\/\" rel=\"bookmark\" style=\"display:none;\"><span>Os cavaleiros da meia-noite<\/span>          <\/a>      <\/div><\/article><article class=\"1936 books type-books status-publish has-post-thumbnail book-series-artes entry genesis-author-pro-book\" itemscope=\"\" itemtype=\"https:\/\/schema.org\/CreativeWork\">      <div class=\"entry-content\" itemprop=\"text\">          <a href=\"https:\/\/extralibris.net\/sesisenai\/item\/os-lendas-lendarios\/\"><img decoding=\"async\" src=\"https:\/\/extralibris.net\/sesisenai\/wp-content\/uploads\/sites\/2\/2024\/09\/LendasLendarias.png\" style=\"width:80%;\" \/><\/a>          <a href=\"https:\/\/extralibris.net\/sesisenai\/item\/os-lendas-lendarios\/\" rel=\"bookmark\" style=\"display:none;\"><span>Os Lendas Lend\u00e1rios<\/span>          <\/a>      <\/div><\/article><article class=\"1932 books type-books status-publish has-post-thumbnail book-series-artes entry genesis-author-pro-book\" itemscope=\"\" itemtype=\"https:\/\/schema.org\/CreativeWork\">      <div class=\"entry-content\" itemprop=\"text\">          <a href=\"https:\/\/extralibris.net\/sesisenai\/item\/estante-encantada\/\"><img decoding=\"async\" src=\"https:\/\/extralibris.net\/sesisenai\/wp-content\/uploads\/sites\/2\/2024\/09\/EstanteEncantada.png\" style=\"width:80%;\" \/><\/a>          <a href=\"https:\/\/extralibris.net\/sesisenai\/item\/estante-encantada\/\" rel=\"bookmark\" style=\"display:none;\"><span>Estante Encantada<\/span>          <\/a>      <\/div><\/article><article class=\"1930 books type-books status-publish has-post-thumbnail book-series-artes entry genesis-author-pro-book\" itemscope=\"\" itemtype=\"https:\/\/schema.org\/CreativeWork\">      <div class=\"entry-content\" itemprop=\"text\">          <a href=\"https:\/\/extralibris.net\/sesisenai\/item\/os-furiosos\/\"><img decoding=\"async\" src=\"https:\/\/extralibris.net\/sesisenai\/wp-content\/uploads\/sites\/2\/2024\/09\/OsFuriosos.jpg\" style=\"width:80%;\" \/><\/a>          <a href=\"https:\/\/extralibris.net\/sesisenai\/item\/os-furiosos\/\" rel=\"bookmark\" style=\"display:none;\"><span>Os Furiosos<\/span>          <\/a>      <\/div><\/article><article class=\"1899 books type-books status-publish has-post-thumbnail book-series-artes entry genesis-author-pro-book\" itemscope=\"\" itemtype=\"https:\/\/schema.org\/CreativeWork\">      <div class=\"entry-content\" itemprop=\"text\">          <a href=\"https:\/\/extralibris.net\/sesisenai\/item\/nas-entrelinhas\/\"><img decoding=\"async\" src=\"https:\/\/extralibris.net\/sesisenai\/wp-content\/uploads\/sites\/2\/2024\/09\/2024Clube7oVespertinoNasEntrelinhas.jpg\" style=\"width:80%;\" \/><\/a>          <a href=\"https:\/\/extralibris.net\/sesisenai\/item\/nas-entrelinhas\/\" rel=\"bookmark\" style=\"display:none;\"><span>Nas entrelinhas<\/span>          <\/a>      <\/div><\/article><article class=\"1983 books type-books status-publish has-post-thumbnail book-series-artes entry genesis-author-pro-book\" itemscope=\"\" itemtype=\"https:\/\/schema.org\/CreativeWork\">      <div class=\"entry-content\" itemprop=\"text\">          <a href=\"https:\/\/extralibris.net\/sesisenai\/item\/stars\/\"><img decoding=\"async\" src=\"https:\/\/extralibris.net\/sesisenai\/wp-content\/uploads\/sites\/2\/2024\/09\/posterpadraoclubedolivro02.png\" style=\"width:80%;\" \/><\/a>          <a href=\"https:\/\/extralibris.net\/sesisenai\/item\/stars\/\" rel=\"bookmark\" style=\"display:none;\"><span>Stars<\/span>          <\/a>      <\/div><\/article><article class=\"1986 books type-books status-publish has-post-thumbnail book-series-artes entry genesis-author-pro-book\" itemscope=\"\" itemtype=\"https:\/\/schema.org\/CreativeWork\">      <div class=\"entry-content\" itemprop=\"text\">          <a href=\"https:\/\/extralibris.net\/sesisenai\/item\/o-gatinhos-magicos\/\"><img decoding=\"async\" src=\"https:\/\/extralibris.net\/sesisenai\/wp-content\/uploads\/sites\/2\/2024\/09\/padraoposterclubedolivro.png\" style=\"width:80%;\" \/><\/a>          <a href=\"https:\/\/extralibris.net\/sesisenai\/item\/o-gatinhos-magicos\/\" rel=\"bookmark\" style=\"display:none;\"><span>O gatinhos m\u00e1gicos<\/span>          <\/a>      <\/div><\/article><article class=\"1971 books type-books status-publish has-post-thumbnail book-series-artes entry genesis-author-pro-book\" itemscope=\"\" itemtype=\"https:\/\/schema.org\/CreativeWork\">      <div class=\"entry-content\" itemprop=\"text\">          <a href=\"https:\/\/extralibris.net\/sesisenai\/item\/arvore-magica\/\"><img decoding=\"async\" src=\"https:\/\/extralibris.net\/sesisenai\/wp-content\/uploads\/sites\/2\/2024\/09\/posterpadraoclubedolivro07.png\" style=\"width:80%;\" \/><\/a>          <a href=\"https:\/\/extralibris.net\/sesisenai\/item\/arvore-magica\/\" rel=\"bookmark\" style=\"display:none;\"><span>\u00c1rvore M\u00e1gica<\/span>          <\/a>      <\/div><\/article><article class=\"1972 books type-books status-publish has-post-thumbnail book-series-artes entry genesis-author-pro-book\" itemscope=\"\" itemtype=\"https:\/\/schema.org\/CreativeWork\">      <div class=\"entry-content\" itemprop=\"text\">          <a href=\"https:\/\/extralibris.net\/sesisenai\/item\/molichas\/\"><img decoding=\"async\" src=\"https:\/\/extralibris.net\/sesisenai\/wp-content\/uploads\/sites\/2\/2024\/09\/posterpadraoclubedolivro06.png\" style=\"width:80%;\" \/><\/a>          <a href=\"https:\/\/extralibris.net\/sesisenai\/item\/molichas\/\" rel=\"bookmark\" style=\"display:none;\"><span>Molichas<\/span>          <\/a>      <\/div><\/article><article class=\"1973 books type-books status-publish has-post-thumbnail book-series-artes entry genesis-author-pro-book\" itemscope=\"\" itemtype=\"https:\/\/schema.org\/CreativeWork\">      <div class=\"entry-content\" itemprop=\"text\">          <a href=\"https:\/\/extralibris.net\/sesisenai\/item\/atos-magicos\/\"><img decoding=\"async\" src=\"https:\/\/extralibris.net\/sesisenai\/wp-content\/uploads\/sites\/2\/2024\/09\/posterpadraoclubedolivro02.png\" style=\"width:80%;\" \/><\/a>          <a href=\"https:\/\/extralibris.net\/sesisenai\/item\/atos-magicos\/\" rel=\"bookmark\" style=\"display:none;\"><span>Atos M\u00e1gicos<\/span>          <\/a>      <\/div><\/article><article class=\"1982 books type-books status-publish has-post-thumbnail book-series-artes entry genesis-author-pro-book\" itemscope=\"\" itemtype=\"https:\/\/schema.org\/CreativeWork\">      <div class=\"entry-content\" itemprop=\"text\">          <a href=\"https:\/\/extralibris.net\/sesisenai\/item\/o-quatro-patinhos\/\"><img decoding=\"async\" src=\"https:\/\/extralibris.net\/sesisenai\/wp-content\/uploads\/sites\/2\/2024\/09\/padraoposterclubedolivro.png\" style=\"width:80%;\" \/><\/a>          <a href=\"https:\/\/extralibris.net\/sesisenai\/item\/o-quatro-patinhos\/\" rel=\"bookmark\" style=\"display:none;\"><span>O quatro patinhos<\/span>          <\/a>      <\/div><\/article><article class=\"1984 books type-books status-publish has-post-thumbnail book-series-artes entry genesis-author-pro-book\" itemscope=\"\" itemtype=\"https:\/\/schema.org\/CreativeWork\">      <div class=\"entry-content\" itemprop=\"text\">          <a href=\"https:\/\/extralibris.net\/sesisenai\/item\/rvgg\/\"><img decoding=\"async\" src=\"https:\/\/extralibris.net\/sesisenai\/wp-content\/uploads\/sites\/2\/2024\/09\/posterpadraoclubedolivro06.png\" style=\"width:80%;\" \/><\/a>          <a href=\"https:\/\/extralibris.net\/sesisenai\/item\/rvgg\/\" rel=\"bookmark\" style=\"display:none;\"><span>RVGG<\/span>          <\/a>      <\/div><\/article><article class=\"1985 books type-books status-publish has-post-thumbnail book-series-artes entry genesis-author-pro-book\" itemscope=\"\" itemtype=\"https:\/\/schema.org\/CreativeWork\">      <div class=\"entry-content\" itemprop=\"text\">          <a href=\"https:\/\/extralibris.net\/sesisenai\/item\/cartoon\/\"><img decoding=\"async\" src=\"https:\/\/extralibris.net\/sesisenai\/wp-content\/uploads\/sites\/2\/2024\/09\/padraoposterclubedolivro.png\" style=\"width:80%;\" \/><\/a>          <a href=\"https:\/\/extralibris.net\/sesisenai\/item\/cartoon\/\" rel=\"bookmark\" style=\"display:none;\"><span>Cartoon<\/span>          <\/a>      <\/div><\/article><article class=\"1987 books type-books status-publish has-post-thumbnail book-series-artes entry genesis-author-pro-book\" itemscope=\"\" itemtype=\"https:\/\/schema.org\/CreativeWork\">      <div class=\"entry-content\" itemprop=\"text\">          <a href=\"https:\/\/extralibris.net\/sesisenai\/item\/cacadores-de-lendas\/\"><img decoding=\"async\" src=\"https:\/\/extralibris.net\/sesisenai\/wp-content\/uploads\/sites\/2\/2024\/09\/casadoresdelendasposter.png\" style=\"width:80%;\" \/><\/a>          <a href=\"https:\/\/extralibris.net\/sesisenai\/item\/cacadores-de-lendas\/\" rel=\"bookmark\" style=\"display:none;\"><span>Ca\u00e7adores de lendas<\/span>          <\/a>      <\/div><\/article><\/div><\/div>\n\n\n\n<h3 class=\"wp-block-heading has-text-align-center has-text-color has-link-color wp-elements-7\" style=\"color:#164194\"><strong>8\u00ba ano &#8211; 10 clubes<\/strong><\/h3>\n\n\n\n<p class=\"wp-block-paragraph\"><div class=\"collections\"><div class=\"collection\"><article class=\"1926 books type-books status-publish has-post-thumbnail book-series-artes entry genesis-author-pro-book\" itemscope=\"\" itemtype=\"https:\/\/schema.org\/CreativeWork\">      <div class=\"entry-content\" itemprop=\"text\">          <a href=\"https:\/\/extralibris.net\/sesisenai\/item\/turminha-do-acafrao-bondoso\/\"><img decoding=\"async\" src=\"https:\/\/extralibris.net\/sesisenai\/wp-content\/uploads\/sites\/2\/2024\/09\/TurminhadoAcafraoBondoso.jpg\" style=\"width:80%;\" \/><\/a>          <a href=\"https:\/\/extralibris.net\/sesisenai\/item\/turminha-do-acafrao-bondoso\/\" rel=\"bookmark\" style=\"display:none;\"><span>Turminha do A\u00e7afr\u00e3o Bondoso<\/span>          <\/a>      <\/div><\/article><article class=\"1901 books type-books status-publish has-post-thumbnail book-series-artes entry genesis-author-pro-book\" itemscope=\"\" itemtype=\"https:\/\/schema.org\/CreativeWork\">      <div class=\"entry-content\" itemprop=\"text\">          <a href=\"https:\/\/extralibris.net\/sesisenai\/item\/starry-books\/\"><img decoding=\"async\" src=\"https:\/\/extralibris.net\/sesisenai\/wp-content\/uploads\/sites\/2\/2024\/09\/StarryBooks.jpg\" style=\"width:80%;\" \/><\/a>          <a href=\"https:\/\/extralibris.net\/sesisenai\/item\/starry-books\/\" rel=\"bookmark\" style=\"display:none;\"><span>Starry Books<\/span>          <\/a>      <\/div><\/article><article class=\"1988 books type-books status-publish has-post-thumbnail book-series-artes entry genesis-author-pro-book\" itemscope=\"\" itemtype=\"https:\/\/schema.org\/CreativeWork\">      <div class=\"entry-content\" itemprop=\"text\">          <a href=\"https:\/\/extralibris.net\/sesisenai\/item\/de-repente-livro\/\"><img decoding=\"async\" src=\"https:\/\/extralibris.net\/sesisenai\/wp-content\/uploads\/sites\/2\/2024\/09\/posterderepentelirvo.jpg\" style=\"width:80%;\" \/><\/a>          <a href=\"https:\/\/extralibris.net\/sesisenai\/item\/de-repente-livro\/\" rel=\"bookmark\" style=\"display:none;\"><span>De repente livro<\/span>          <\/a>      <\/div><\/article><article class=\"1975 books type-books status-publish has-post-thumbnail book-series-artes entry genesis-author-pro-book\" itemscope=\"\" itemtype=\"https:\/\/schema.org\/CreativeWork\">      <div class=\"entry-content\" itemprop=\"text\">          <a href=\"https:\/\/extralibris.net\/sesisenai\/item\/in-love-with-documentaries\/\"><img decoding=\"async\" src=\"https:\/\/extralibris.net\/sesisenai\/wp-content\/uploads\/sites\/2\/2024\/09\/inlovewithdocumentaries.jpg\" style=\"width:80%;\" \/><\/a>          <a href=\"https:\/\/extralibris.net\/sesisenai\/item\/in-love-with-documentaries\/\" rel=\"bookmark\" style=\"display:none;\"><span>In Love With Documentaries<\/span>          <\/a>      <\/div><\/article><article class=\"1956 books type-books status-publish has-post-thumbnail book-series-artes entry genesis-author-pro-book\" itemscope=\"\" itemtype=\"https:\/\/schema.org\/CreativeWork\">      <div class=\"entry-content\" itemprop=\"text\">          <a href=\"https:\/\/extralibris.net\/sesisenai\/item\/piratas-de-palavras\/\"><img decoding=\"async\" src=\"https:\/\/extralibris.net\/sesisenai\/wp-content\/uploads\/sites\/2\/2024\/09\/posterpiratasdepalavras.jpg\" style=\"width:80%;\" \/><\/a>          <a href=\"https:\/\/extralibris.net\/sesisenai\/item\/piratas-de-palavras\/\" rel=\"bookmark\" style=\"display:none;\"><span>Piratas de palavras<\/span>          <\/a>      <\/div><\/article><article class=\"2029 books type-books status-publish has-post-thumbnail book-series-artes entry genesis-author-pro-book\" itemscope=\"\" itemtype=\"https:\/\/schema.org\/CreativeWork\">      <div class=\"entry-content\" itemprop=\"text\">          <a href=\"https:\/\/extralibris.net\/sesisenai\/item\/rainbooks\/\"><img decoding=\"async\" src=\"https:\/\/extralibris.net\/sesisenai\/wp-content\/uploads\/sites\/2\/2024\/09\/rainbooksposternew.jpg\" style=\"width:80%;\" \/><\/a>          <a href=\"https:\/\/extralibris.net\/sesisenai\/item\/rainbooks\/\" rel=\"bookmark\" style=\"display:none;\"><span>Rainbooks<\/span>          <\/a>      <\/div><\/article><article class=\"2032 books type-books status-publish has-post-thumbnail book-series-artes entry genesis-author-pro-book\" itemscope=\"\" itemtype=\"https:\/\/schema.org\/CreativeWork\">      <div class=\"entry-content\" itemprop=\"text\">          <a href=\"https:\/\/extralibris.net\/sesisenai\/item\/eclipse-lunar\/\"><img decoding=\"async\" src=\"https:\/\/extralibris.net\/sesisenai\/wp-content\/uploads\/sites\/2\/2024\/09\/posterpadraoclubedolivro07.png\" style=\"width:80%;\" \/><\/a>          <a href=\"https:\/\/extralibris.net\/sesisenai\/item\/eclipse-lunar\/\" rel=\"bookmark\" style=\"display:none;\"><span>Eclipse Lunar<\/span>          <\/a>      <\/div><\/article><article class=\"1968 books type-books status-publish has-post-thumbnail book-series-artes entry genesis-author-pro-book\" itemscope=\"\" itemtype=\"https:\/\/schema.org\/CreativeWork\">      <div class=\"entry-content\" itemprop=\"text\">          <a href=\"https:\/\/extralibris.net\/sesisenai\/item\/as-lendas-literarias\/\"><img decoding=\"async\" src=\"https:\/\/extralibris.net\/sesisenai\/wp-content\/uploads\/sites\/2\/2024\/09\/posteraslendasliterarias.jpg\" style=\"width:80%;\" \/><\/a>          <a href=\"https:\/\/extralibris.net\/sesisenai\/item\/as-lendas-literarias\/\" rel=\"bookmark\" style=\"display:none;\"><span>As Lendas Liter\u00e1rias<\/span>          <\/a>      <\/div><\/article><article class=\"1974 books type-books status-publish has-post-thumbnail book-series-artes entry genesis-author-pro-book\" itemscope=\"\" itemtype=\"https:\/\/schema.org\/CreativeWork\">      <div class=\"entry-content\" itemprop=\"text\">          <a href=\"https:\/\/extralibris.net\/sesisenai\/item\/a-dimensao\/\"><img decoding=\"async\" src=\"https:\/\/extralibris.net\/sesisenai\/wp-content\/uploads\/sites\/2\/2024\/09\/posterpadraoclubedolivro06.png\" style=\"width:80%;\" \/><\/a>          <a href=\"https:\/\/extralibris.net\/sesisenai\/item\/a-dimensao\/\" rel=\"bookmark\" style=\"display:none;\"><span>A Dimens\u00e3o<\/span>          <\/a>      <\/div><\/article><article class=\"1981 books type-books status-publish has-post-thumbnail book-series-artes entry genesis-author-pro-book\" itemscope=\"\" itemtype=\"https:\/\/schema.org\/CreativeWork\">      <div class=\"entry-content\" itemprop=\"text\">          <a href=\"https:\/\/extralibris.net\/sesisenai\/item\/guns-n-nirvana\/\"><img decoding=\"async\" src=\"https:\/\/extralibris.net\/sesisenai\/wp-content\/uploads\/sites\/2\/2024\/09\/padraoposterclubedolivro.png\" style=\"width:80%;\" \/><\/a>          <a href=\"https:\/\/extralibris.net\/sesisenai\/item\/guns-n-nirvana\/\" rel=\"bookmark\" style=\"display:none;\"><span>Guns N\u2019 Nirvana<\/span>          <\/a>      <\/div><\/article><\/div><\/div>\n\n\n\n<h3 class=\"wp-block-heading has-text-align-center has-text-color has-link-color wp-elements-8\" style=\"color:#164194\"><strong>9\u00ba ano &#8211; 13 clubes<\/strong><\/h3>\n\n\n\n<p class=\"wp-block-paragraph\"><div class=\"collections\"><div class=\"collection\"><article class=\"1958 books type-books status-publish has-post-thumbnail book-series-artes entry genesis-author-pro-book\" itemscope=\"\" itemtype=\"https:\/\/schema.org\/CreativeWork\">      <div class=\"entry-content\" itemprop=\"text\">          <a href=\"https:\/\/extralibris.net\/sesisenai\/item\/bibliotecarias-de-alexandria\/\"><img decoding=\"async\" src=\"https:\/\/extralibris.net\/sesisenai\/wp-content\/uploads\/sites\/2\/2024\/09\/posterbibliotecariasdealexandria.jpg\" style=\"width:80%;\" \/><\/a>          <a href=\"https:\/\/extralibris.net\/sesisenai\/item\/bibliotecarias-de-alexandria\/\" rel=\"bookmark\" style=\"display:none;\"><span>Bibliotec\u00e1rias de Alexandria<\/span>          <\/a>      <\/div><\/article><article class=\"1990 books type-books status-publish has-post-thumbnail book-series-artes entry genesis-author-pro-book\" itemscope=\"\" itemtype=\"https:\/\/schema.org\/CreativeWork\">      <div class=\"entry-content\" itemprop=\"text\">          <a href=\"https:\/\/extralibris.net\/sesisenai\/item\/whiplash\/\"><img decoding=\"async\" src=\"https:\/\/extralibris.net\/sesisenai\/wp-content\/uploads\/sites\/2\/2024\/09\/whiplash.jpg\" style=\"width:80%;\" \/><\/a>          <a href=\"https:\/\/extralibris.net\/sesisenai\/item\/whiplash\/\" rel=\"bookmark\" style=\"display:none;\"><span>Whiplash<\/span>          <\/a>      <\/div><\/article><article class=\"1953 books type-books status-publish has-post-thumbnail book-series-artes entry genesis-author-pro-book\" itemscope=\"\" itemtype=\"https:\/\/schema.org\/CreativeWork\">      <div class=\"entry-content\" itemprop=\"text\">          <a href=\"https:\/\/extralibris.net\/sesisenai\/item\/os-revolucionarios\/\"><img decoding=\"async\" src=\"https:\/\/extralibris.net\/sesisenai\/wp-content\/uploads\/sites\/2\/2024\/09\/osrevolucionarios.jpg\" style=\"width:80%;\" \/><\/a>          <a href=\"https:\/\/extralibris.net\/sesisenai\/item\/os-revolucionarios\/\" rel=\"bookmark\" style=\"display:none;\"><span>Os revolucion\u00e1rios<\/span>          <\/a>      <\/div><\/article><article class=\"1980 books type-books status-publish has-post-thumbnail book-series-artes entry genesis-author-pro-book\" itemscope=\"\" itemtype=\"https:\/\/schema.org\/CreativeWork\">      <div class=\"entry-content\" itemprop=\"text\">          <a href=\"https:\/\/extralibris.net\/sesisenai\/item\/jornada-literaria\/\"><img decoding=\"async\" src=\"https:\/\/extralibris.net\/sesisenai\/wp-content\/uploads\/sites\/2\/2024\/09\/jornadaliteraria.png\" style=\"width:80%;\" \/><\/a>          <a href=\"https:\/\/extralibris.net\/sesisenai\/item\/jornada-literaria\/\" rel=\"bookmark\" style=\"display:none;\"><span>Jornada liter\u00e1ria<\/span>          <\/a>      <\/div><\/article><article class=\"1963 books type-books status-publish has-post-thumbnail book-series-artes entry genesis-author-pro-book\" itemscope=\"\" itemtype=\"https:\/\/schema.org\/CreativeWork\">      <div class=\"entry-content\" itemprop=\"text\">          <a href=\"https:\/\/extralibris.net\/sesisenai\/item\/amostradinhos\/\"><img decoding=\"async\" src=\"https:\/\/extralibris.net\/sesisenai\/wp-content\/uploads\/sites\/2\/2024\/09\/posteramostradinhos.png\" style=\"width:80%;\" \/><\/a>          <a href=\"https:\/\/extralibris.net\/sesisenai\/item\/amostradinhos\/\" rel=\"bookmark\" style=\"display:none;\"><span>Amostradinhos<\/span>          <\/a>      <\/div><\/article><article class=\"1954 books type-books status-publish has-post-thumbnail book-series-artes entry genesis-author-pro-book\" itemscope=\"\" itemtype=\"https:\/\/schema.org\/CreativeWork\">      <div class=\"entry-content\" itemprop=\"text\">          <a href=\"https:\/\/extralibris.net\/sesisenai\/item\/os-divos\/\"><img decoding=\"async\" src=\"https:\/\/extralibris.net\/sesisenai\/wp-content\/uploads\/sites\/2\/2024\/09\/osdivos.jpg\" style=\"width:80%;\" \/><\/a>          <a href=\"https:\/\/extralibris.net\/sesisenai\/item\/os-divos\/\" rel=\"bookmark\" style=\"display:none;\"><span>Os divos<\/span>          <\/a>      <\/div><\/article><article class=\"1978 books type-books status-publish has-post-thumbnail book-series-artes entry genesis-author-pro-book\" itemscope=\"\" itemtype=\"https:\/\/schema.org\/CreativeWork\">      <div class=\"entry-content\" itemprop=\"text\">          <a href=\"https:\/\/extralibris.net\/sesisenai\/item\/entrelinhas\/\"><img decoding=\"async\" src=\"https:\/\/extralibris.net\/sesisenai\/wp-content\/uploads\/sites\/2\/2024\/09\/entrelinhas.jpg\" style=\"width:80%;\" \/><\/a>          <a href=\"https:\/\/extralibris.net\/sesisenai\/item\/entrelinhas\/\" rel=\"bookmark\" style=\"display:none;\"><span>Entrelinhas<\/span>          <\/a>      <\/div><\/article><article class=\"1989 books type-books status-publish has-post-thumbnail book-series-artes entry genesis-author-pro-book\" itemscope=\"\" itemtype=\"https:\/\/schema.org\/CreativeWork\">      <div class=\"entry-content\" itemprop=\"text\">          <a href=\"https:\/\/extralibris.net\/sesisenai\/item\/debis-e-loides\/\"><img decoding=\"async\" src=\"https:\/\/extralibris.net\/sesisenai\/wp-content\/uploads\/sites\/2\/2024\/09\/deviseloides.jpg\" style=\"width:80%;\" \/><\/a>          <a href=\"https:\/\/extralibris.net\/sesisenai\/item\/debis-e-loides\/\" rel=\"bookmark\" style=\"display:none;\"><span>Debis e loides<\/span>          <\/a>      <\/div><\/article><article class=\"1977 books type-books status-publish has-post-thumbnail book-series-artes entry genesis-author-pro-book\" itemscope=\"\" itemtype=\"https:\/\/schema.org\/CreativeWork\">      <div class=\"entry-content\" itemprop=\"text\">          <a href=\"https:\/\/extralibris.net\/sesisenai\/item\/os-paradidaticos\/\"><img decoding=\"async\" src=\"https:\/\/extralibris.net\/sesisenai\/wp-content\/uploads\/sites\/2\/2024\/09\/posterosparadidaticos.png\" style=\"width:80%;\" \/><\/a>          <a href=\"https:\/\/extralibris.net\/sesisenai\/item\/os-paradidaticos\/\" rel=\"bookmark\" style=\"display:none;\"><span>Os paradid\u00e1ticos<\/span>          <\/a>      <\/div><\/article><article class=\"1976 books type-books status-publish has-post-thumbnail book-series-artes entry genesis-author-pro-book\" itemscope=\"\" itemtype=\"https:\/\/schema.org\/CreativeWork\">      <div class=\"entry-content\" itemprop=\"text\">          <a href=\"https:\/\/extralibris.net\/sesisenai\/item\/constelacao\/\"><img decoding=\"async\" src=\"https:\/\/extralibris.net\/sesisenai\/wp-content\/uploads\/sites\/2\/2024\/09\/posterpadraoclubedolivro07.png\" style=\"width:80%;\" \/><\/a>          <a href=\"https:\/\/extralibris.net\/sesisenai\/item\/constelacao\/\" rel=\"bookmark\" style=\"display:none;\"><span>Constela\u00e7\u00e3o<\/span>          <\/a>      <\/div><\/article><article class=\"1965 books type-books status-publish has-post-thumbnail book-series-artes entry genesis-author-pro-book\" itemscope=\"\" itemtype=\"https:\/\/schema.org\/CreativeWork\">      <div class=\"entry-content\" itemprop=\"text\">          <a href=\"https:\/\/extralibris.net\/sesisenai\/item\/amigas-da-literatura\/\"><img decoding=\"async\" src=\"https:\/\/extralibris.net\/sesisenai\/wp-content\/uploads\/sites\/2\/2024\/09\/posterpadraoclubedolivro06.png\" style=\"width:80%;\" \/><\/a>          <a href=\"https:\/\/extralibris.net\/sesisenai\/item\/amigas-da-literatura\/\" rel=\"bookmark\" style=\"display:none;\"><span>Amigas da Literatura<\/span>          <\/a>      <\/div><\/article><article class=\"1979 books type-books status-publish has-post-thumbnail book-series-artes entry genesis-author-pro-book\" itemscope=\"\" itemtype=\"https:\/\/schema.org\/CreativeWork\">      <div class=\"entry-content\" itemprop=\"text\">          <a href=\"https:\/\/extralibris.net\/sesisenai\/item\/empilhando-mundos\/\"><img decoding=\"async\" src=\"https:\/\/extralibris.net\/sesisenai\/wp-content\/uploads\/sites\/2\/2024\/09\/posterpadraoclubedolivro02.png\" style=\"width:80%;\" \/><\/a>          <a href=\"https:\/\/extralibris.net\/sesisenai\/item\/empilhando-mundos\/\" rel=\"bookmark\" style=\"display:none;\"><span>Empilhando Mundos<\/span>          <\/a>      <\/div><\/article><article class=\"1991 books type-books status-publish has-post-thumbnail book-series-artes entry genesis-author-pro-book\" itemscope=\"\" itemtype=\"https:\/\/schema.org\/CreativeWork\">      <div class=\"entry-content\" itemprop=\"text\">          <a href=\"https:\/\/extralibris.net\/sesisenai\/item\/amor-entre-linhas\/\"><img decoding=\"async\" src=\"https:\/\/extralibris.net\/sesisenai\/wp-content\/uploads\/sites\/2\/2024\/09\/posteramorentrelinhas.jpg\" style=\"width:80%;\" \/><\/a>          <a href=\"https:\/\/extralibris.net\/sesisenai\/item\/amor-entre-linhas\/\" rel=\"bookmark\" style=\"display:none;\"><span>Amor entre linhas<\/span>          <\/a>      <\/div><\/article><\/div><\/div>\n","protected":false},"excerpt":{"rendered":"<p>SESI SENAI GOI\u00c1S<\/p>\n","protected":false},"author":1,"featured_media":0,"parent":0,"menu_order":18,"comment_status":"closed","ping_status":"closed","template":"templates\/full-width.php","meta":{"_genesis_hide_title":false,"_genesis_hide_breadcrumbs":false,"_genesis_hide_singular_image":false,"_genesis_hide_footer_widgets":false,"_genesis_custom_body_class":"","_genesis_custom_post_class":"","_genesis_layout":"","footnotes":""},"class_list":["post-15","page","type-page","status-publish","entry"],"yoast_head":"<!-- This site is optimized with the Yoast SEO plugin v28.3 - https:\/\/yoast.com\/product\/yoast-seo-wordpress\/ -->\n<title>FIGITECA SESI SENAI Goi\u00e1s<\/title>\n<meta name=\"description\" content=\"Curadoria Figital de Exposi\u00e7\u00f5es Conectadas do SESI SENAI Goi\u00e1s. Um projeto implementado com a metodologia e plataforma ExtraLibris.\" \/>\n<meta name=\"robots\" content=\"index, follow, max-snippet:-1, max-image-preview:large, max-video-preview:-1\" \/>\n<link rel=\"canonical\" href=\"https:\/\/extralibris.net\/sesisenai\/figiteca-sesi-senai-goias\/\" \/>\n<meta property=\"og:locale\" content=\"pt_BR\" \/>\n<meta property=\"og:type\" content=\"article\" \/>\n<meta property=\"og:title\" content=\"Biblioteca SESI SENAI - Rio Verde - GO\" \/>\n<meta property=\"og:description\" content=\"Curadoria Colaborativa de Exposi\u00e7\u00f5es da Biblioteca na Unidade Integrada SESI SENAI de Rio Verde - GO para disciplina de Educa\u00e7\u00e3o Figital.\" \/>\n<meta property=\"og:url\" content=\"https:\/\/extralibris.net\/sesisenai\/figiteca-sesi-senai-goias\/\" \/>\n<meta property=\"og:site_name\" content=\"SESI SENAI Goi\u00e1s\" \/>\n<meta property=\"article:modified_time\" content=\"2025-06-28T20:20:06+00:00\" \/>\n<meta property=\"og:image\" content=\"https:\/\/extralibris.net\/sesisenai\/wp-content\/uploads\/sites\/2\/2023\/10\/banner-curadorias-01.png\" \/>\n\t<meta property=\"og:image:width\" content=\"1200\" \/>\n\t<meta property=\"og:image:height\" content=\"315\" \/>\n\t<meta property=\"og:image:type\" content=\"image\/png\" \/>\n<meta name=\"twitter:card\" content=\"summary_large_image\" \/>\n<meta name=\"twitter:title\" content=\"Biblioteca SESI SENAI - Rio Verde - GO\" \/>\n<meta name=\"twitter:description\" content=\"Curadoria Colaborativa de Exposi\u00e7\u00f5es da Biblioteca na Unidade Integrada SESI SENAI de Rio Verde - GO para disciplina de Educa\u00e7\u00e3o Figital.\" \/>\n<meta name=\"twitter:image\" content=\"https:\/\/extralibris.net\/sesisenai\/wp-content\/uploads\/sites\/2\/2023\/10\/banner-curadorias-01.png\" \/>\n<meta name=\"twitter:label1\" content=\"Est. tempo de leitura\" \/>\n\t<meta name=\"twitter:data1\" content=\"1 minuto\" \/>\n<script type=\"application\/ld+json\" class=\"yoast-schema-graph\">{\"@context\":\"https:\\\/\\\/schema.org\",\"@graph\":[{\"@type\":\"WebPage\",\"@id\":\"https:\\\/\\\/extralibris.net\\\/sesisenai\\\/figiteca-sesi-senai-goias\\\/\",\"url\":\"https:\\\/\\\/extralibris.net\\\/sesisenai\\\/figiteca-sesi-senai-goias\\\/\",\"name\":\"FIGITECA SESI SENAI Goi\u00e1s\",\"isPartOf\":{\"@id\":\"https:\\\/\\\/extralibris.net\\\/sesisenai\\\/#website\"},\"datePublished\":\"2021-08-27T01:07:42+00:00\",\"dateModified\":\"2025-06-28T20:20:06+00:00\",\"description\":\"Curadoria Figital de Exposi\u00e7\u00f5es Conectadas do SESI SENAI Goi\u00e1s. Um projeto implementado com a metodologia e plataforma ExtraLibris.\",\"breadcrumb\":{\"@id\":\"https:\\\/\\\/extralibris.net\\\/sesisenai\\\/figiteca-sesi-senai-goias\\\/#breadcrumb\"},\"inLanguage\":\"pt-BR\",\"potentialAction\":[{\"@type\":\"ReadAction\",\"target\":[\"https:\\\/\\\/extralibris.net\\\/sesisenai\\\/figiteca-sesi-senai-goias\\\/\"]}]},{\"@type\":\"BreadcrumbList\",\"@id\":\"https:\\\/\\\/extralibris.net\\\/sesisenai\\\/figiteca-sesi-senai-goias\\\/#breadcrumb\",\"itemListElement\":[{\"@type\":\"ListItem\",\"position\":1,\"name\":\"In\u00edcio\",\"item\":\"https:\\\/\\\/extralibris.net\\\/sesisenai\\\/\"},{\"@type\":\"ListItem\",\"position\":2,\"name\":\"CURADORIA FIGITAL\"}]},{\"@type\":\"WebSite\",\"@id\":\"https:\\\/\\\/extralibris.net\\\/sesisenai\\\/#website\",\"url\":\"https:\\\/\\\/extralibris.net\\\/sesisenai\\\/\",\"name\":\"SESI SENAI Goi\u00e1s\",\"description\":\"Curadoria Figital\",\"publisher\":{\"@id\":\"https:\\\/\\\/extralibris.net\\\/sesisenai\\\/#organization\"},\"potentialAction\":[{\"@type\":\"SearchAction\",\"target\":{\"@type\":\"EntryPoint\",\"urlTemplate\":\"https:\\\/\\\/extralibris.net\\\/sesisenai\\\/?s={search_term_string}\"},\"query-input\":{\"@type\":\"PropertyValueSpecification\",\"valueRequired\":true,\"valueName\":\"search_term_string\"}}],\"inLanguage\":\"pt-BR\"},{\"@type\":\"Organization\",\"@id\":\"https:\\\/\\\/extralibris.net\\\/sesisenai\\\/#organization\",\"name\":\"SESI SENAI Goi\u00e1s\",\"url\":\"https:\\\/\\\/extralibris.net\\\/sesisenai\\\/\",\"logo\":{\"@type\":\"ImageObject\",\"inLanguage\":\"pt-BR\",\"@id\":\"https:\\\/\\\/extralibris.net\\\/sesisenai\\\/#\\\/schema\\\/logo\\\/image\\\/\",\"url\":\"https:\\\/\\\/extralibris.net\\\/sesisenai\\\/wp-content\\\/uploads\\\/sites\\\/2\\\/2025\\\/05\\\/cropped-cropped-THUMB_SesiSenai_Colorida-1.jpg\",\"contentUrl\":\"https:\\\/\\\/extralibris.net\\\/sesisenai\\\/wp-content\\\/uploads\\\/sites\\\/2\\\/2025\\\/05\\\/cropped-cropped-THUMB_SesiSenai_Colorida-1.jpg\",\"width\":512,\"height\":256,\"caption\":\"SESI SENAI Goi\u00e1s\"},\"image\":{\"@id\":\"https:\\\/\\\/extralibris.net\\\/sesisenai\\\/#\\\/schema\\\/logo\\\/image\\\/\"}}]}<\/script>\n<!-- \/ Yoast SEO plugin. -->","yoast_head_json":{"title":"FIGITECA SESI SENAI Goi\u00e1s","description":"Curadoria Figital de Exposi\u00e7\u00f5es Conectadas do SESI SENAI Goi\u00e1s. Um projeto implementado com a metodologia e plataforma ExtraLibris.","robots":{"index":"index","follow":"follow","max-snippet":"max-snippet:-1","max-image-preview":"max-image-preview:large","max-video-preview":"max-video-preview:-1"},"canonical":"https:\/\/extralibris.net\/sesisenai\/figiteca-sesi-senai-goias\/","og_locale":"pt_BR","og_type":"article","og_title":"Biblioteca SESI SENAI - Rio Verde - GO","og_description":"Curadoria Colaborativa de Exposi\u00e7\u00f5es da Biblioteca na Unidade Integrada SESI SENAI de Rio Verde - GO para disciplina de Educa\u00e7\u00e3o Figital.","og_url":"https:\/\/extralibris.net\/sesisenai\/figiteca-sesi-senai-goias\/","og_site_name":"SESI SENAI Goi\u00e1s","article_modified_time":"2025-06-28T20:20:06+00:00","og_image":[{"width":1200,"height":315,"url":"https:\/\/extralibris.net\/sesisenai\/wp-content\/uploads\/sites\/2\/2023\/10\/banner-curadorias-01.png","type":"image\/png"}],"twitter_card":"summary_large_image","twitter_title":"Biblioteca SESI SENAI - Rio Verde - GO","twitter_description":"Curadoria Colaborativa de Exposi\u00e7\u00f5es da Biblioteca na Unidade Integrada SESI SENAI de Rio Verde - GO para disciplina de Educa\u00e7\u00e3o Figital.","twitter_image":"https:\/\/extralibris.net\/sesisenai\/wp-content\/uploads\/sites\/2\/2023\/10\/banner-curadorias-01.png","twitter_misc":{"Est. tempo de leitura":"1 minuto"},"schema":{"@context":"https:\/\/schema.org","@graph":[{"@type":"WebPage","@id":"https:\/\/extralibris.net\/sesisenai\/figiteca-sesi-senai-goias\/","url":"https:\/\/extralibris.net\/sesisenai\/figiteca-sesi-senai-goias\/","name":"FIGITECA SESI SENAI Goi\u00e1s","isPartOf":{"@id":"https:\/\/extralibris.net\/sesisenai\/#website"},"datePublished":"2021-08-27T01:07:42+00:00","dateModified":"2025-06-28T20:20:06+00:00","description":"Curadoria Figital de Exposi\u00e7\u00f5es Conectadas do SESI SENAI Goi\u00e1s. Um projeto implementado com a metodologia e plataforma ExtraLibris.","breadcrumb":{"@id":"https:\/\/extralibris.net\/sesisenai\/figiteca-sesi-senai-goias\/#breadcrumb"},"inLanguage":"pt-BR","potentialAction":[{"@type":"ReadAction","target":["https:\/\/extralibris.net\/sesisenai\/figiteca-sesi-senai-goias\/"]}]},{"@type":"BreadcrumbList","@id":"https:\/\/extralibris.net\/sesisenai\/figiteca-sesi-senai-goias\/#breadcrumb","itemListElement":[{"@type":"ListItem","position":1,"name":"In\u00edcio","item":"https:\/\/extralibris.net\/sesisenai\/"},{"@type":"ListItem","position":2,"name":"CURADORIA FIGITAL"}]},{"@type":"WebSite","@id":"https:\/\/extralibris.net\/sesisenai\/#website","url":"https:\/\/extralibris.net\/sesisenai\/","name":"SESI SENAI Goi\u00e1s","description":"Curadoria Figital","publisher":{"@id":"https:\/\/extralibris.net\/sesisenai\/#organization"},"potentialAction":[{"@type":"SearchAction","target":{"@type":"EntryPoint","urlTemplate":"https:\/\/extralibris.net\/sesisenai\/?s={search_term_string}"},"query-input":{"@type":"PropertyValueSpecification","valueRequired":true,"valueName":"search_term_string"}}],"inLanguage":"pt-BR"},{"@type":"Organization","@id":"https:\/\/extralibris.net\/sesisenai\/#organization","name":"SESI SENAI Goi\u00e1s","url":"https:\/\/extralibris.net\/sesisenai\/","logo":{"@type":"ImageObject","inLanguage":"pt-BR","@id":"https:\/\/extralibris.net\/sesisenai\/#\/schema\/logo\/image\/","url":"https:\/\/extralibris.net\/sesisenai\/wp-content\/uploads\/sites\/2\/2025\/05\/cropped-cropped-THUMB_SesiSenai_Colorida-1.jpg","contentUrl":"https:\/\/extralibris.net\/sesisenai\/wp-content\/uploads\/sites\/2\/2025\/05\/cropped-cropped-THUMB_SesiSenai_Colorida-1.jpg","width":512,"height":256,"caption":"SESI SENAI Goi\u00e1s"},"image":{"@id":"https:\/\/extralibris.net\/sesisenai\/#\/schema\/logo\/image\/"}}]}},"featured_image_src":null,"featured_image_src_square":null,"_links":{"self":[{"href":"https:\/\/extralibris.net\/sesisenai\/wp-json\/wp\/v2\/pages\/15","targetHints":{"allow":["GET"]}}],"collection":[{"href":"https:\/\/extralibris.net\/sesisenai\/wp-json\/wp\/v2\/pages"}],"about":[{"href":"https:\/\/extralibris.net\/sesisenai\/wp-json\/wp\/v2\/types\/page"}],"author":[{"embeddable":true,"href":"https:\/\/extralibris.net\/sesisenai\/wp-json\/wp\/v2\/users\/1"}],"replies":[{"embeddable":true,"href":"https:\/\/extralibris.net\/sesisenai\/wp-json\/wp\/v2\/comments?post=15"}],"version-history":[{"count":14,"href":"https:\/\/extralibris.net\/sesisenai\/wp-json\/wp\/v2\/pages\/15\/revisions"}],"predecessor-version":[{"id":2441,"href":"https:\/\/extralibris.net\/sesisenai\/wp-json\/wp\/v2\/pages\/15\/revisions\/2441"}],"wp:attachment":[{"href":"https:\/\/extralibris.net\/sesisenai\/wp-json\/wp\/v2\/media?parent=15"}],"curies":[{"name":"wp","href":"https:\/\/api.w.org\/{rel}","templated":true}]}}