{"id":1200,"date":"2024-05-20T11:02:33","date_gmt":"2024-05-20T14:02:33","guid":{"rendered":"https:\/\/sesisenai.inf.br\/?page_id=1200"},"modified":"2024-05-20T11:02:33","modified_gmt":"2024-05-20T14:02:33","slug":"celulares-desautorizados-em-sala-de-aula","status":"publish","type":"page","link":"https:\/\/extralibris.net\/sesisenai\/celulares-desautorizados-em-sala-de-aula\/","title":{"rendered":"Celulares Desautorizados em Sala de Aula"},"content":{"rendered":"\n<figure class=\"wp-block-image size-large\"><img loading=\"lazy\" decoding=\"async\" width=\"1024\" height=\"576\" src=\"https:\/\/sesisenai.inf.br\/wp-content\/uploads\/sites\/14\/2024\/05\/celularesdesautorizadosemsaladeaula-1024x576.jpeg\" alt=\"\" class=\"wp-image-1203\" srcset=\"https:\/\/extralibris.net\/sesisenai\/wp-content\/uploads\/sites\/2\/2024\/05\/celularesdesautorizadosemsaladeaula-1024x576.jpeg 1024w, https:\/\/extralibris.net\/sesisenai\/wp-content\/uploads\/sites\/2\/2024\/05\/celularesdesautorizadosemsaladeaula-300x169.jpeg 300w, https:\/\/extralibris.net\/sesisenai\/wp-content\/uploads\/sites\/2\/2024\/05\/celularesdesautorizadosemsaladeaula-768x432.jpeg 768w\" sizes=\"auto, (max-width: 1024px) 100vw, 1024px\" \/><\/figure>\n\n\n\n<p class=\"has-medium-font-size wp-block-paragraph\"><strong>CELULARES DESAUTORIZADOS EM SALA DE AULA<\/strong><\/p>\n\n\n\n<p class=\"has-medium-font-size wp-block-paragraph\">1. Fica <strong>desautorizada<\/strong> a utiliza\u00e7\u00e3o de celulares e outros dispositivos eletr\u00f4nicos dentro de sala de aula, laborat\u00f3rios, oficinas, biblioteca\u2026<\/p>\n\n\n\n<p class=\"has-medium-font-size wp-block-paragraph\">2. Fica <strong>autorizada<\/strong> a utiliza\u00e7\u00e3o de celulares e outros dispositivos eletr\u00f4nicos pelos alunos:<\/p>\n\n\n\n<ul class=\"wp-block-list\">\n<li class=\"has-medium-font-size\">Quando houver autoriza\u00e7\u00e3o expressa do professor regente para fins pedag\u00f3gicos, como: pesquisas, leituras, acesso ao Portal SESI Educa\u00e7\u00e3o ou qualquer outro conte\u00fado ou servi\u00e7o;<\/li>\n\n\n\n<li class=\"has-medium-font-size\">Durante os intervalos;<\/li>\n\n\n\n<li class=\"has-medium-font-size\">Quando houver autoriza\u00e7\u00e3o expressa da equipe gestora da unidade escolar por motivos de for\u00e7a maior.<\/li>\n<\/ul>\n\n\n\n<p class=\"has-medium-font-size wp-block-paragraph\">3. Os celulares e demais dispositivos eletr\u00f4nicos dever\u00e3o ser guardados na mochila ou bolsa do pr\u00f3prio aluno, desligado ou ligado em modo silencioso e sem vibra\u00e7\u00e3o:<\/p>\n\n\n\n<p class=\"has-medium-font-size wp-block-paragraph\">4. Caso haja descumprimento das regras estabelecidas, o professor far\u00e1 o registro imediato para advert\u00eancia, e em caso de reincid\u00eancia, o professor acionar\u00e1 a equipe gestora para guarda sendo que a devolu\u00e7\u00e3o ser\u00e1 feita unicamente aos pais e ou respons\u00e1veis com assinatura em ata.<\/p>\n\n\n\n<p class=\"has-medium-font-size wp-block-paragraph\"><strong>REGRAS ESTABELECIDAS DE ACORDO COM O REGIMENTO ESCOLAR<\/strong>:<\/p>\n\n\n\n<p class=\"has-medium-font-size wp-block-paragraph\"><strong>Se\u00e7\u00e3o II<\/strong><br><strong>Do Uso de Celular, Tablets e Cong\u00eaneres<\/strong><br>Art. 70. Quanto ao uso de celulares, tablets e cong\u00eaneres, regula-se:<br>I. Conforme planejamento do professor, com autoriza\u00e7\u00e3o pr\u00e9via da Supervis\u00e3o<br>Pedag\u00f3gica e combina\u00e7\u00e3o de regras com a turma, os aparelhos eletr\u00f4nicos como o<br>celular, poder\u00e3o ser utilizados como tecnologias educacionais dentro de sala de<br>aula.<br>II. N\u00e3o havendo atividades com fins educativos\/pedag\u00f3gicos previamente autorizados,<br>os aparelhos celulares devem permanecer desligados.<br>III. Em caso de descumprimento aos incisos I e II deste artigo, o aluno dever\u00e1 receber<br>as orienta\u00e7\u00f5es cab\u00edveis, juntamente com seus respons\u00e1veis, no caso de estudantes<br>menores de idade.<br>IV. A Unidade Escolar n\u00e3o se responsabilizar\u00e1 pelo extravio ou perda de materiais ou<br>equipamentos eletr\u00f4nicos dos estudantes em suas depend\u00eancias.<\/p>\n\n\n\n<p class=\"has-text-align-right has-small-font-size wp-block-paragraph\"><strong>FONTE:<\/strong> <strong><a href=\"https:\/\/intranet.fieg.com.br\/repositoriosites\/repositorio\/intranet\/editor\/Image\/GEB\/Documentos_2023\/REGIMENTO_ESCOLAS_SESI_2023.pdf\">REGIMENTO ESCOLAR SESI GOI\u00c1S 2023<\/a><\/strong><\/p>\n","protected":false},"excerpt":{"rendered":"<p>CELULARES DESAUTORIZADOS EM SALA DE AULA 1. Fica desautorizada a utiliza\u00e7\u00e3o de celulares e outros dispositivos eletr\u00f4nicos dentro de sala de aula, laborat\u00f3rios, oficinas, biblioteca\u2026 2. Fica autorizada a utiliza\u00e7\u00e3o de celulares e outros dispositivos eletr\u00f4nicos pelos alunos: 3. Os celulares e demais dispositivos eletr\u00f4nicos dever\u00e3o ser guardados na mochila ou bolsa do pr\u00f3prio aluno, &hellip;<\/p>\n","protected":false},"author":1,"featured_media":0,"parent":0,"menu_order":22,"comment_status":"closed","ping_status":"closed","template":"","meta":{"_genesis_hide_title":false,"_genesis_hide_breadcrumbs":false,"_genesis_hide_singular_image":false,"_genesis_hide_footer_widgets":false,"_genesis_custom_body_class":"","_genesis_custom_post_class":"","_genesis_layout":"","footnotes":""},"class_list":["post-1200","page","type-page","status-publish","entry"],"yoast_head":"<!-- This site is optimized with the Yoast SEO plugin v28.3 - https:\/\/yoast.com\/product\/yoast-seo-wordpress\/ -->\n<title>Celulares Desautorizados em Sala de Aula - Regimento Escolar SESI GO<\/title>\n<meta name=\"robots\" content=\"index, follow, max-snippet:-1, max-image-preview:large, max-video-preview:-1\" \/>\n<link rel=\"canonical\" href=\"https:\/\/extralibris.net\/sesisenai\/celulares-desautorizados-em-sala-de-aula\/\" \/>\n<meta property=\"og:locale\" content=\"pt_BR\" \/>\n<meta property=\"og:type\" content=\"article\" \/>\n<meta property=\"og:title\" content=\"Celulares Desautorizados em Sala de Aula - Regimento Escolar SESI GO\" \/>\n<meta property=\"og:description\" content=\"CELULARES DESAUTORIZADOS EM SALA DE AULA 1. Fica desautorizada a utiliza\u00e7\u00e3o de celulares e outros dispositivos eletr\u00f4nicos dentro de sala de aula, laborat\u00f3rios, oficinas, biblioteca\u2026 2. Fica autorizada a utiliza\u00e7\u00e3o de celulares e outros dispositivos eletr\u00f4nicos pelos alunos: 3. Os celulares e demais dispositivos eletr\u00f4nicos dever\u00e3o ser guardados na mochila ou bolsa do pr\u00f3prio aluno, &hellip;\" \/>\n<meta property=\"og:url\" content=\"https:\/\/extralibris.net\/sesisenai\/celulares-desautorizados-em-sala-de-aula\/\" \/>\n<meta property=\"og:site_name\" content=\"SESI SENAI Goi\u00e1s\" \/>\n<meta property=\"og:image\" content=\"https:\/\/sesisenai.inf.br\/wp-content\/uploads\/sites\/14\/2024\/05\/celularesdesautorizadosemsaladeaula-1024x576.jpeg\" \/>\n<meta name=\"twitter:card\" content=\"summary_large_image\" \/>\n<meta name=\"twitter:label1\" content=\"Est. tempo de leitura\" \/>\n\t<meta name=\"twitter:data1\" content=\"2 minutos\" \/>\n<script type=\"application\/ld+json\" class=\"yoast-schema-graph\">{\"@context\":\"https:\\\/\\\/schema.org\",\"@graph\":[{\"@type\":\"WebPage\",\"@id\":\"https:\\\/\\\/extralibris.net\\\/sesisenai\\\/celulares-desautorizados-em-sala-de-aula\\\/\",\"url\":\"https:\\\/\\\/extralibris.net\\\/sesisenai\\\/celulares-desautorizados-em-sala-de-aula\\\/\",\"name\":\"Celulares Desautorizados em Sala de Aula - Regimento Escolar SESI GO\",\"isPartOf\":{\"@id\":\"https:\\\/\\\/extralibris.net\\\/sesisenai\\\/#website\"},\"primaryImageOfPage\":{\"@id\":\"https:\\\/\\\/extralibris.net\\\/sesisenai\\\/celulares-desautorizados-em-sala-de-aula\\\/#primaryimage\"},\"image\":{\"@id\":\"https:\\\/\\\/extralibris.net\\\/sesisenai\\\/celulares-desautorizados-em-sala-de-aula\\\/#primaryimage\"},\"thumbnailUrl\":\"https:\\\/\\\/sesisenai.inf.br\\\/wp-content\\\/uploads\\\/sites\\\/14\\\/2024\\\/05\\\/celularesdesautorizadosemsaladeaula-1024x576.jpeg\",\"datePublished\":\"2024-05-20T14:02:33+00:00\",\"breadcrumb\":{\"@id\":\"https:\\\/\\\/extralibris.net\\\/sesisenai\\\/celulares-desautorizados-em-sala-de-aula\\\/#breadcrumb\"},\"inLanguage\":\"pt-BR\",\"potentialAction\":[{\"@type\":\"ReadAction\",\"target\":[\"https:\\\/\\\/extralibris.net\\\/sesisenai\\\/celulares-desautorizados-em-sala-de-aula\\\/\"]}]},{\"@type\":\"ImageObject\",\"inLanguage\":\"pt-BR\",\"@id\":\"https:\\\/\\\/extralibris.net\\\/sesisenai\\\/celulares-desautorizados-em-sala-de-aula\\\/#primaryimage\",\"url\":\"https:\\\/\\\/sesisenai.inf.br\\\/wp-content\\\/uploads\\\/sites\\\/14\\\/2024\\\/05\\\/celularesdesautorizadosemsaladeaula-1024x576.jpeg\",\"contentUrl\":\"https:\\\/\\\/sesisenai.inf.br\\\/wp-content\\\/uploads\\\/sites\\\/14\\\/2024\\\/05\\\/celularesdesautorizadosemsaladeaula-1024x576.jpeg\"},{\"@type\":\"BreadcrumbList\",\"@id\":\"https:\\\/\\\/extralibris.net\\\/sesisenai\\\/celulares-desautorizados-em-sala-de-aula\\\/#breadcrumb\",\"itemListElement\":[{\"@type\":\"ListItem\",\"position\":1,\"name\":\"In\u00edcio\",\"item\":\"https:\\\/\\\/extralibris.net\\\/sesisenai\\\/\"},{\"@type\":\"ListItem\",\"position\":2,\"name\":\"Celulares Desautorizados em Sala de Aula\"}]},{\"@type\":\"WebSite\",\"@id\":\"https:\\\/\\\/extralibris.net\\\/sesisenai\\\/#website\",\"url\":\"https:\\\/\\\/extralibris.net\\\/sesisenai\\\/\",\"name\":\"SESI SENAI Goi\u00e1s\",\"description\":\"Curadoria Figital\",\"publisher\":{\"@id\":\"https:\\\/\\\/extralibris.net\\\/sesisenai\\\/#organization\"},\"potentialAction\":[{\"@type\":\"SearchAction\",\"target\":{\"@type\":\"EntryPoint\",\"urlTemplate\":\"https:\\\/\\\/extralibris.net\\\/sesisenai\\\/?s={search_term_string}\"},\"query-input\":{\"@type\":\"PropertyValueSpecification\",\"valueRequired\":true,\"valueName\":\"search_term_string\"}}],\"inLanguage\":\"pt-BR\"},{\"@type\":\"Organization\",\"@id\":\"https:\\\/\\\/extralibris.net\\\/sesisenai\\\/#organization\",\"name\":\"SESI SENAI Goi\u00e1s\",\"url\":\"https:\\\/\\\/extralibris.net\\\/sesisenai\\\/\",\"logo\":{\"@type\":\"ImageObject\",\"inLanguage\":\"pt-BR\",\"@id\":\"https:\\\/\\\/extralibris.net\\\/sesisenai\\\/#\\\/schema\\\/logo\\\/image\\\/\",\"url\":\"https:\\\/\\\/extralibris.net\\\/sesisenai\\\/wp-content\\\/uploads\\\/sites\\\/2\\\/2025\\\/05\\\/cropped-cropped-THUMB_SesiSenai_Colorida-1.jpg\",\"contentUrl\":\"https:\\\/\\\/extralibris.net\\\/sesisenai\\\/wp-content\\\/uploads\\\/sites\\\/2\\\/2025\\\/05\\\/cropped-cropped-THUMB_SesiSenai_Colorida-1.jpg\",\"width\":512,\"height\":256,\"caption\":\"SESI SENAI Goi\u00e1s\"},\"image\":{\"@id\":\"https:\\\/\\\/extralibris.net\\\/sesisenai\\\/#\\\/schema\\\/logo\\\/image\\\/\"}}]}<\/script>\n<!-- \/ Yoast SEO plugin. -->","yoast_head_json":{"title":"Celulares Desautorizados em Sala de Aula - Regimento Escolar SESI GO","robots":{"index":"index","follow":"follow","max-snippet":"max-snippet:-1","max-image-preview":"max-image-preview:large","max-video-preview":"max-video-preview:-1"},"canonical":"https:\/\/extralibris.net\/sesisenai\/celulares-desautorizados-em-sala-de-aula\/","og_locale":"pt_BR","og_type":"article","og_title":"Celulares Desautorizados em Sala de Aula - Regimento Escolar SESI GO","og_description":"CELULARES DESAUTORIZADOS EM SALA DE AULA 1. Fica desautorizada a utiliza\u00e7\u00e3o de celulares e outros dispositivos eletr\u00f4nicos dentro de sala de aula, laborat\u00f3rios, oficinas, biblioteca\u2026 2. Fica autorizada a utiliza\u00e7\u00e3o de celulares e outros dispositivos eletr\u00f4nicos pelos alunos: 3. Os celulares e demais dispositivos eletr\u00f4nicos dever\u00e3o ser guardados na mochila ou bolsa do pr\u00f3prio aluno, &hellip;","og_url":"https:\/\/extralibris.net\/sesisenai\/celulares-desautorizados-em-sala-de-aula\/","og_site_name":"SESI SENAI Goi\u00e1s","og_image":[{"url":"https:\/\/sesisenai.inf.br\/wp-content\/uploads\/sites\/14\/2024\/05\/celularesdesautorizadosemsaladeaula-1024x576.jpeg","type":"","width":"","height":""}],"twitter_card":"summary_large_image","twitter_misc":{"Est. tempo de leitura":"2 minutos"},"schema":{"@context":"https:\/\/schema.org","@graph":[{"@type":"WebPage","@id":"https:\/\/extralibris.net\/sesisenai\/celulares-desautorizados-em-sala-de-aula\/","url":"https:\/\/extralibris.net\/sesisenai\/celulares-desautorizados-em-sala-de-aula\/","name":"Celulares Desautorizados em Sala de Aula - Regimento Escolar SESI GO","isPartOf":{"@id":"https:\/\/extralibris.net\/sesisenai\/#website"},"primaryImageOfPage":{"@id":"https:\/\/extralibris.net\/sesisenai\/celulares-desautorizados-em-sala-de-aula\/#primaryimage"},"image":{"@id":"https:\/\/extralibris.net\/sesisenai\/celulares-desautorizados-em-sala-de-aula\/#primaryimage"},"thumbnailUrl":"https:\/\/sesisenai.inf.br\/wp-content\/uploads\/sites\/14\/2024\/05\/celularesdesautorizadosemsaladeaula-1024x576.jpeg","datePublished":"2024-05-20T14:02:33+00:00","breadcrumb":{"@id":"https:\/\/extralibris.net\/sesisenai\/celulares-desautorizados-em-sala-de-aula\/#breadcrumb"},"inLanguage":"pt-BR","potentialAction":[{"@type":"ReadAction","target":["https:\/\/extralibris.net\/sesisenai\/celulares-desautorizados-em-sala-de-aula\/"]}]},{"@type":"ImageObject","inLanguage":"pt-BR","@id":"https:\/\/extralibris.net\/sesisenai\/celulares-desautorizados-em-sala-de-aula\/#primaryimage","url":"https:\/\/sesisenai.inf.br\/wp-content\/uploads\/sites\/14\/2024\/05\/celularesdesautorizadosemsaladeaula-1024x576.jpeg","contentUrl":"https:\/\/sesisenai.inf.br\/wp-content\/uploads\/sites\/14\/2024\/05\/celularesdesautorizadosemsaladeaula-1024x576.jpeg"},{"@type":"BreadcrumbList","@id":"https:\/\/extralibris.net\/sesisenai\/celulares-desautorizados-em-sala-de-aula\/#breadcrumb","itemListElement":[{"@type":"ListItem","position":1,"name":"In\u00edcio","item":"https:\/\/extralibris.net\/sesisenai\/"},{"@type":"ListItem","position":2,"name":"Celulares Desautorizados em Sala de Aula"}]},{"@type":"WebSite","@id":"https:\/\/extralibris.net\/sesisenai\/#website","url":"https:\/\/extralibris.net\/sesisenai\/","name":"SESI SENAI Goi\u00e1s","description":"Curadoria Figital","publisher":{"@id":"https:\/\/extralibris.net\/sesisenai\/#organization"},"potentialAction":[{"@type":"SearchAction","target":{"@type":"EntryPoint","urlTemplate":"https:\/\/extralibris.net\/sesisenai\/?s={search_term_string}"},"query-input":{"@type":"PropertyValueSpecification","valueRequired":true,"valueName":"search_term_string"}}],"inLanguage":"pt-BR"},{"@type":"Organization","@id":"https:\/\/extralibris.net\/sesisenai\/#organization","name":"SESI SENAI Goi\u00e1s","url":"https:\/\/extralibris.net\/sesisenai\/","logo":{"@type":"ImageObject","inLanguage":"pt-BR","@id":"https:\/\/extralibris.net\/sesisenai\/#\/schema\/logo\/image\/","url":"https:\/\/extralibris.net\/sesisenai\/wp-content\/uploads\/sites\/2\/2025\/05\/cropped-cropped-THUMB_SesiSenai_Colorida-1.jpg","contentUrl":"https:\/\/extralibris.net\/sesisenai\/wp-content\/uploads\/sites\/2\/2025\/05\/cropped-cropped-THUMB_SesiSenai_Colorida-1.jpg","width":512,"height":256,"caption":"SESI SENAI Goi\u00e1s"},"image":{"@id":"https:\/\/extralibris.net\/sesisenai\/#\/schema\/logo\/image\/"}}]}},"featured_image_src":null,"featured_image_src_square":null,"_links":{"self":[{"href":"https:\/\/extralibris.net\/sesisenai\/wp-json\/wp\/v2\/pages\/1200","targetHints":{"allow":["GET"]}}],"collection":[{"href":"https:\/\/extralibris.net\/sesisenai\/wp-json\/wp\/v2\/pages"}],"about":[{"href":"https:\/\/extralibris.net\/sesisenai\/wp-json\/wp\/v2\/types\/page"}],"author":[{"embeddable":true,"href":"https:\/\/extralibris.net\/sesisenai\/wp-json\/wp\/v2\/users\/1"}],"replies":[{"embeddable":true,"href":"https:\/\/extralibris.net\/sesisenai\/wp-json\/wp\/v2\/comments?post=1200"}],"version-history":[{"count":0,"href":"https:\/\/extralibris.net\/sesisenai\/wp-json\/wp\/v2\/pages\/1200\/revisions"}],"wp:attachment":[{"href":"https:\/\/extralibris.net\/sesisenai\/wp-json\/wp\/v2\/media?parent=1200"}],"curies":[{"name":"wp","href":"https:\/\/api.w.org\/{rel}","templated":true}]}}