{"version":"1.0","provider_name":"SESI SENAI Goi\u00e1s","provider_url":"https:\/\/extralibris.net\/sesisenai","author_name":"Fabiano Caruso","author_url":"https:\/\/extralibris.net\/sesisenai\/author\/caruso\/","title":"Minha vida fora de s\u00e9rie - 1\u00aa temporada - SESI SENAI Goi\u00e1s","type":"rich","width":600,"height":338,"html":"<blockquote class=\"wp-embedded-content\" data-secret=\"zfgwH5DRJF\"><a href=\"https:\/\/extralibris.net\/sesisenai\/item\/minha-vida-fora-de-serie-1a-temporada\/\">Minha vida fora de s\u00e9rie &#8211; 1\u00aa temporada<\/a><\/blockquote><iframe sandbox=\"allow-scripts\" security=\"restricted\" src=\"https:\/\/extralibris.net\/sesisenai\/item\/minha-vida-fora-de-serie-1a-temporada\/embed\/#?secret=zfgwH5DRJF\" width=\"600\" height=\"338\" title=\"&#8220;Minha vida fora de s\u00e9rie &#8211; 1\u00aa temporada&#8221; &#8212; SESI SENAI Goi\u00e1s\" data-secret=\"zfgwH5DRJF\" frameborder=\"0\" marginwidth=\"0\" marginheight=\"0\" scrolling=\"no\" class=\"wp-embedded-content\"><\/iframe><script>\n\/*! This file is auto-generated *\/\n!function(d,l){\"use strict\";l.querySelector&&d.addEventListener&&\"undefined\"!=typeof URL&&(d.wp=d.wp||{},d.wp.receiveEmbedMessage||(d.wp.receiveEmbedMessage=function(e){var t=e.data;if((t||t.secret||t.message||t.value)&&!\/[^a-zA-Z0-9]\/.test(t.secret)){for(var s,r,n,a=l.querySelectorAll('iframe[data-secret=\"'+t.secret+'\"]'),o=l.querySelectorAll('blockquote[data-secret=\"'+t.secret+'\"]'),c=new RegExp(\"^https?:$\",\"i\"),i=0;i<o.length;i++)o[i].style.display=\"none\";for(i=0;i<a.length;i++)s=a[i],e.source===s.contentWindow&&(s.removeAttribute(\"style\"),\"height\"===t.message?(1e3<(r=parseInt(t.value,10))?r=1e3:~~r<200&&(r=200),s.height=r):\"link\"===t.message&&(r=new URL(s.getAttribute(\"src\")),n=new URL(t.value),c.test(n.protocol))&&n.host===r.host&&l.activeElement===s&&(d.top.location.href=t.value))}},d.addEventListener(\"message\",d.wp.receiveEmbedMessage,!1),l.addEventListener(\"DOMContentLoaded\",function(){for(var e,t,s=l.querySelectorAll(\"iframe.wp-embedded-content\"),r=0;r<s.length;r++)(t=(e=s[r]).getAttribute(\"data-secret\"))||(t=Math.random().toString(36).substring(2,12),e.src+=\"#?secret=\"+t,e.setAttribute(\"data-secret\",t)),e.contentWindow.postMessage({message:\"ready\",secret:t},\"*\")},!1)))}(window,document);\n\/\/# sourceURL=https:\/\/extralibris.net\/sesisenai\/wp-includes\/js\/wp-embed.min.js\n<\/script>\n","thumbnail_url":"https:\/\/extralibris.net\/sesisenai\/wp-content\/uploads\/sites\/2\/2024\/07\/minhavidaforadeserie.webp","thumbnail_width":360,"thumbnail_height":570,"description":"&#8220;Priscila tem 13 anos e est\u00e1 enfrentando uma grande mudan\u00e7a: a ida de S\u00e3o Paulo para Belo Horizonte. Acompanhe as aventuras e desventuras dessa adolescente que precisa se adaptar a uma nova escola, fazer novos amigos e lidar com as emo\u00e7\u00f5es de sua primeira paix\u00e3o. Com seu jeito \u00fanico e cheio de personalidade, Priscila descobre &hellip;"}