{"version":"1.0","provider_name":"SESI SENAI Goi\u00e1s","provider_url":"https:\/\/extralibris.net\/sesisenai","author_name":"Fabiano Caruso","author_url":"https:\/\/extralibris.net\/sesisenai\/author\/caruso\/","title":"La\u00e7os de fam\u00edlia - SESI SENAI Goi\u00e1s","type":"rich","width":600,"height":338,"html":"<blockquote class=\"wp-embedded-content\" data-secret=\"dtJ3BLkE0y\"><a href=\"https:\/\/extralibris.net\/sesisenai\/item\/lacos-de-familia\/\">La\u00e7os de fam\u00edlia<\/a><\/blockquote><iframe sandbox=\"allow-scripts\" security=\"restricted\" src=\"https:\/\/extralibris.net\/sesisenai\/item\/lacos-de-familia\/embed\/#?secret=dtJ3BLkE0y\" width=\"600\" height=\"338\" title=\"&#8220;La\u00e7os de fam\u00edlia&#8221; &#8212; SESI SENAI Goi\u00e1s\" data-secret=\"dtJ3BLkE0y\" frameborder=\"0\" marginwidth=\"0\" marginheight=\"0\" scrolling=\"no\" class=\"wp-embedded-content\"><\/iframe><script>\n\/*! This file is auto-generated *\/\n!function(d,l){\"use strict\";l.querySelector&&d.addEventListener&&\"undefined\"!=typeof URL&&(d.wp=d.wp||{},d.wp.receiveEmbedMessage||(d.wp.receiveEmbedMessage=function(e){var t=e.data;if((t||t.secret||t.message||t.value)&&!\/[^a-zA-Z0-9]\/.test(t.secret)){for(var s,r,n,a=l.querySelectorAll('iframe[data-secret=\"'+t.secret+'\"]'),o=l.querySelectorAll('blockquote[data-secret=\"'+t.secret+'\"]'),c=new RegExp(\"^https?:$\",\"i\"),i=0;i<o.length;i++)o[i].style.display=\"none\";for(i=0;i<a.length;i++)s=a[i],e.source===s.contentWindow&&(s.removeAttribute(\"style\"),\"height\"===t.message?(1e3<(r=parseInt(t.value,10))?r=1e3:~~r<200&&(r=200),s.height=r):\"link\"===t.message&&(r=new URL(s.getAttribute(\"src\")),n=new URL(t.value),c.test(n.protocol))&&n.host===r.host&&l.activeElement===s&&(d.top.location.href=t.value))}},d.addEventListener(\"message\",d.wp.receiveEmbedMessage,!1),l.addEventListener(\"DOMContentLoaded\",function(){for(var e,t,s=l.querySelectorAll(\"iframe.wp-embedded-content\"),r=0;r<s.length;r++)(t=(e=s[r]).getAttribute(\"data-secret\"))||(t=Math.random().toString(36).substring(2,12),e.src+=\"#?secret=\"+t,e.setAttribute(\"data-secret\",t)),e.contentWindow.postMessage({message:\"ready\",secret:t},\"*\")},!1)))}(window,document);\n\/\/# sourceURL=https:\/\/extralibris.net\/sesisenai\/wp-includes\/js\/wp-embed.min.js\n<\/script>\n","thumbnail_url":"https:\/\/extralibris.net\/sesisenai\/wp-content\/uploads\/sites\/2\/2024\/07\/lacosdefamilia.webp","thumbnail_width":360,"thumbnail_height":570,"description":"&#8220;Em uma s\u00e9rie de contos profundos e comoventes, uma autora explora as complexidades das rela\u00e7\u00f5es familiares e os segredos que se escondem por tr\u00e1s das apar\u00eancias. Cada hist\u00f3ria revela as nuances das din\u00e2micas familiares, desde os pequenos conflitos do cotidiano at\u00e9 as grandes revela\u00e7\u00f5es que transformam vidas. Com uma escrita sens\u00edvel e perspicaz, este livro &hellip;"}