{"version":"1.0","provider_name":"SESI SENAI Goi\u00e1s","provider_url":"https:\/\/extralibris.net\/sesisenai","author_name":"Fabiano Caruso","author_url":"https:\/\/extralibris.net\/sesisenai\/author\/caruso\/","title":"Capacita\u00e7\u00e3o Empreendedora de Rio Verde - 13 de Mar\u00e7o - SESI SENAI Goi\u00e1s","type":"rich","width":600,"height":338,"html":"<blockquote class=\"wp-embedded-content\" data-secret=\"sx1G5Mp3jp\"><a href=\"https:\/\/extralibris.net\/sesisenai\/item\/capacitacao-empreendedora-de-rio-verde\/\">Capacita\u00e7\u00e3o Empreendedora de Rio Verde &#8211; 13 de Mar\u00e7o<\/a><\/blockquote><iframe sandbox=\"allow-scripts\" security=\"restricted\" src=\"https:\/\/extralibris.net\/sesisenai\/item\/capacitacao-empreendedora-de-rio-verde\/embed\/#?secret=sx1G5Mp3jp\" width=\"600\" height=\"338\" title=\"&#8220;Capacita\u00e7\u00e3o Empreendedora de Rio Verde &#8211; 13 de Mar\u00e7o&#8221; &#8212; SESI SENAI Goi\u00e1s\" data-secret=\"sx1G5Mp3jp\" frameborder=\"0\" marginwidth=\"0\" marginheight=\"0\" scrolling=\"no\" class=\"wp-embedded-content\"><\/iframe><script>\n\/*! This file is auto-generated *\/\n!function(d,l){\"use strict\";l.querySelector&&d.addEventListener&&\"undefined\"!=typeof URL&&(d.wp=d.wp||{},d.wp.receiveEmbedMessage||(d.wp.receiveEmbedMessage=function(e){var t=e.data;if((t||t.secret||t.message||t.value)&&!\/[^a-zA-Z0-9]\/.test(t.secret)){for(var s,r,n,a=l.querySelectorAll('iframe[data-secret=\"'+t.secret+'\"]'),o=l.querySelectorAll('blockquote[data-secret=\"'+t.secret+'\"]'),c=new RegExp(\"^https?:$\",\"i\"),i=0;i<o.length;i++)o[i].style.display=\"none\";for(i=0;i<a.length;i++)s=a[i],e.source===s.contentWindow&&(s.removeAttribute(\"style\"),\"height\"===t.message?(1e3<(r=parseInt(t.value,10))?r=1e3:~~r<200&&(r=200),s.height=r):\"link\"===t.message&&(r=new URL(s.getAttribute(\"src\")),n=new URL(t.value),c.test(n.protocol))&&n.host===r.host&&l.activeElement===s&&(d.top.location.href=t.value))}},d.addEventListener(\"message\",d.wp.receiveEmbedMessage,!1),l.addEventListener(\"DOMContentLoaded\",function(){for(var e,t,s=l.querySelectorAll(\"iframe.wp-embedded-content\"),r=0;r<s.length;r++)(t=(e=s[r]).getAttribute(\"data-secret\"))||(t=Math.random().toString(36).substring(2,12),e.src+=\"#?secret=\"+t,e.setAttribute(\"data-secret\",t)),e.contentWindow.postMessage({message:\"ready\",secret:t},\"*\")},!1)))}(window,document);\n\/\/# sourceURL=https:\/\/extralibris.net\/sesisenai\/wp-includes\/js\/wp-embed.min.js\n<\/script>\n","thumbnail_url":"https:\/\/extralibris.net\/sesisenai\/wp-content\/uploads\/sites\/2\/2024\/03\/CAPACITACAOEMPREENDEDORARIOVERDE2024x.webp","thumbnail_width":360,"thumbnail_height":570,"description":"&nbsp; A\u00c7\u00c3O Participa\u00e7\u00e3o da equipe no Lan\u00e7amento do Programa de Capacita\u00e7\u00e3o Empreendedora de Rio Verde, com o painel empresarial Transformando Obst\u00e1culos em Oportunidades: Gest\u00e3o Empresarial em A\u00e7\u00e3o. PARTICIPANTES DO PAINEL EMPRESARIAL Elaine Moura, da PopCorn Gourmet M\u00e1rcio Luiz, da Brazvep Simone Paradzinski, da Simone Doces Cristalizados DATA 13 de mar\u00e7o de 2024 HOR\u00c1RIO 19 horas &hellip;"}