{"id":338,"date":"2018-11-23T22:27:54","date_gmt":"2018-11-24T00:27:54","guid":{"rendered":"http:\/\/extralibris.org\/aquimequedo\/?page_id=11"},"modified":"2018-11-23T22:27:54","modified_gmt":"2018-11-24T00:27:54","slug":"estante","status":"publish","type":"page","link":"https:\/\/extralibris.net\/giseleteixeira\/","title":{"rendered":"Aqui Me Quedo"},"content":{"rendered":"\n<h1 class=\"has-text-align-left wp-block-heading\"><strong><a href=\"https:\/\/personates.com\/giseleteixeira\/colecao\/tango\/\">Tango<\/a><\/strong><\/h1>\n\n\n\n<p class=\"wp-block-paragraph\"><div class=\"collections\"><div class=\"collection\"><article class=\"163 books type-books status-publish has-post-thumbnail book-series-artes entry genesis-author-pro-book\" itemscope=\"\" itemtype=\"https:\/\/schema.org\/CreativeWork\">      <div class=\"entry-content\" itemprop=\"text\">          <a href=\"https:\/\/extralibris.net\/giseleteixeira\/item\/e-necessario-dois-para-bailar-um-tango\/\"><img decoding=\"async\" src=\"https:\/\/extralibris.net\/giseleteixeira\/wp-content\/uploads\/sites\/8\/2019\/02\/enecessariodoisparabailarumtango.png\" style=\"width:80%;\" \/><\/a>          <a href=\"https:\/\/extralibris.net\/giseleteixeira\/item\/e-necessario-dois-para-bailar-um-tango\/\" rel=\"bookmark\" style=\"display:none;\"><span>\u00c9 necess\u00e1rio dois para bailar um tango<\/span>          <\/a>      <\/div><\/article><article class=\"162 books type-books status-publish has-post-thumbnail book-series-artes entry genesis-author-pro-book\" itemscope=\"\" itemtype=\"https:\/\/schema.org\/CreativeWork\">      <div class=\"entry-content\" itemprop=\"text\">          <a href=\"https:\/\/extralibris.net\/giseleteixeira\/item\/la-revolucion-del-tango\/\"><img decoding=\"async\" src=\"https:\/\/extralibris.net\/giseleteixeira\/wp-content\/uploads\/sites\/8\/2019\/02\/laveroluciondeltango.png\" style=\"width:80%;\" \/><\/a>          <a href=\"https:\/\/extralibris.net\/giseleteixeira\/item\/la-revolucion-del-tango\/\" rel=\"bookmark\" style=\"display:none;\"><span>La Revoluciaon del Tango: La Nueva Edad de Oro<\/span>          <\/a>      <\/div><\/article><article class=\"161 books type-books status-publish has-post-thumbnail book-series-artes entry genesis-author-pro-book\" itemscope=\"\" itemtype=\"https:\/\/schema.org\/CreativeWork\">      <div class=\"entry-content\" itemprop=\"text\">          <a href=\"https:\/\/extralibris.net\/giseleteixeira\/item\/el-baile-de-tango-y-sus-secretos\/\"><img decoding=\"async\" src=\"https:\/\/extralibris.net\/giseleteixeira\/wp-content\/uploads\/sites\/8\/2019\/02\/elbailedetangoysussecretos.png\" style=\"width:80%;\" \/><\/a>          <a href=\"https:\/\/extralibris.net\/giseleteixeira\/item\/el-baile-de-tango-y-sus-secretos\/\" rel=\"bookmark\" style=\"display:none;\"><span>El Baile de Tango y sus secretos<\/span>          <\/a>      <\/div><\/article><article class=\"160 books type-books status-publish has-post-thumbnail book-series-artes entry genesis-author-pro-book\" itemscope=\"\" itemtype=\"https:\/\/schema.org\/CreativeWork\">      <div class=\"entry-content\" itemprop=\"text\">          <a href=\"https:\/\/extralibris.net\/giseleteixeira\/item\/tango-ventanas-del-presente-ii\/\"><img decoding=\"async\" src=\"https:\/\/extralibris.net\/giseleteixeira\/wp-content\/uploads\/sites\/8\/2019\/02\/tapatangoventanas.png\" style=\"width:80%;\" \/><\/a>          <a href=\"https:\/\/extralibris.net\/giseleteixeira\/item\/tango-ventanas-del-presente-ii\/\" rel=\"bookmark\" style=\"display:none;\"><span>Tango, Ventanas del Presente II<\/span>          <\/a>      <\/div><\/article><article class=\"159 books type-books status-publish has-post-thumbnail book-series-artes entry genesis-author-pro-book\" itemscope=\"\" itemtype=\"https:\/\/schema.org\/CreativeWork\">      <div class=\"entry-content\" itemprop=\"text\">          <a href=\"https:\/\/extralibris.net\/giseleteixeira\/item\/el-compadrito\/\"><img decoding=\"async\" src=\"https:\/\/extralibris.net\/giseleteixeira\/wp-content\/uploads\/sites\/8\/2019\/02\/el-compadrito.png\" style=\"width:80%;\" \/><\/a>          <a href=\"https:\/\/extralibris.net\/giseleteixeira\/item\/el-compadrito\/\" rel=\"bookmark\" style=\"display:none;\"><span>El Compadrito<\/span>          <\/a>      <\/div><\/article><article class=\"158 books type-books status-publish has-post-thumbnail book-series-artes entry genesis-author-pro-book\" itemscope=\"\" itemtype=\"https:\/\/schema.org\/CreativeWork\">      <div class=\"entry-content\" itemprop=\"text\">          <a href=\"https:\/\/extralibris.net\/giseleteixeira\/item\/el-tango-en-la-sociedad-portena-1880-1920\/\"><img decoding=\"async\" src=\"https:\/\/extralibris.net\/giseleteixeira\/wp-content\/uploads\/sites\/8\/2019\/02\/el-tango-en-la-sociedad-portena.png\" style=\"width:80%;\" \/><\/a>          <a href=\"https:\/\/extralibris.net\/giseleteixeira\/item\/el-tango-en-la-sociedad-portena-1880-1920\/\" rel=\"bookmark\" style=\"display:none;\"><span>El tango en la sociedad porte\u00f1a 1880-1920<\/span>          <\/a>      <\/div><\/article><article class=\"157 books type-books status-publish has-post-thumbnail book-series-artes entry genesis-author-pro-book\" itemscope=\"\" itemtype=\"https:\/\/schema.org\/CreativeWork\">      <div class=\"entry-content\" itemprop=\"text\">          <a href=\"https:\/\/extralibris.net\/giseleteixeira\/item\/donde-estas-corazon-o-tango-no-brasil-o-tango-do-brasil\/\"><img decoding=\"async\" src=\"https:\/\/extralibris.net\/giseleteixeira\/wp-content\/uploads\/sites\/8\/2019\/02\/donde-estas-corazon-o-tango-no-brasil-o-tango-do-brasil.png\" style=\"width:80%;\" \/><\/a>          <a href=\"https:\/\/extralibris.net\/giseleteixeira\/item\/donde-estas-corazon-o-tango-no-brasil-o-tango-do-brasil\/\" rel=\"bookmark\" style=\"display:none;\"><span>?D\u00f3nde est\u00e1s Coraz\u00f3n? O tango no Brasil, o tango do Brasil<\/span>          <\/a>      <\/div><\/article><article class=\"156 books type-books status-publish has-post-thumbnail book-series-artes entry genesis-author-pro-book\" itemscope=\"\" itemtype=\"https:\/\/schema.org\/CreativeWork\">      <div class=\"entry-content\" itemprop=\"text\">          <a href=\"https:\/\/extralibris.net\/giseleteixeira\/item\/tango-negro\/\"><img decoding=\"async\" src=\"https:\/\/extralibris.net\/giseleteixeira\/wp-content\/uploads\/sites\/8\/2019\/02\/tangonegro.png\" style=\"width:80%;\" \/><\/a>          <a href=\"https:\/\/extralibris.net\/giseleteixeira\/item\/tango-negro\/\" rel=\"bookmark\" style=\"display:none;\"><span>Tango Negro<\/span>          <\/a>      <\/div><\/article><article class=\"155 books type-books status-publish has-post-thumbnail book-series-artes entry genesis-author-pro-book\" itemscope=\"\" itemtype=\"https:\/\/schema.org\/CreativeWork\">      <div class=\"entry-content\" itemprop=\"text\">          <a href=\"https:\/\/extralibris.net\/giseleteixeira\/item\/tango-ventanas-del-presente\/\"><img decoding=\"async\" src=\"https:\/\/extralibris.net\/giseleteixeira\/wp-content\/uploads\/sites\/8\/2019\/02\/tangoventanasdelpresenteI.png\" style=\"width:80%;\" \/><\/a>          <a href=\"https:\/\/extralibris.net\/giseleteixeira\/item\/tango-ventanas-del-presente\/\" rel=\"bookmark\" style=\"display:none;\"><span>Tango, Ventanas del Presente<\/span>          <\/a>      <\/div><\/article><article class=\"127 books type-books status-publish has-post-thumbnail book-series-artes entry genesis-author-pro-book\" itemscope=\"\" itemtype=\"https:\/\/schema.org\/CreativeWork\">      <div class=\"entry-content\" itemprop=\"text\">          <a href=\"https:\/\/extralibris.net\/giseleteixeira\/item\/tango-for-dummies\/\"><img decoding=\"async\" src=\"https:\/\/extralibris.net\/giseleteixeira\/wp-content\/uploads\/sites\/8\/2019\/02\/tangofordummies.png\" style=\"width:80%;\" \/><\/a>          <a href=\"https:\/\/extralibris.net\/giseleteixeira\/item\/tango-for-dummies\/\" rel=\"bookmark\" style=\"display:none;\"><span>Tango for Dummies<\/span>          <\/a>      <\/div><\/article><article class=\"126 books type-books status-publish has-post-thumbnail book-series-artes entry genesis-author-pro-book\" itemscope=\"\" itemtype=\"https:\/\/schema.org\/CreativeWork\">      <div class=\"entry-content\" itemprop=\"text\">          <a href=\"https:\/\/extralibris.net\/giseleteixeira\/item\/historias-minimas-de-nuestra-historia\/\"><img decoding=\"async\" src=\"https:\/\/extralibris.net\/giseleteixeira\/wp-content\/uploads\/sites\/8\/2019\/02\/historiasminimasdenuestrahistoria.png\" style=\"width:80%;\" \/><\/a>          <a href=\"https:\/\/extralibris.net\/giseleteixeira\/item\/historias-minimas-de-nuestra-historia\/\" rel=\"bookmark\" style=\"display:none;\"><span>Historias Minimas de nuestra historia<\/span>          <\/a>      <\/div><\/article><article class=\"125 books type-books status-publish has-post-thumbnail book-series-artes entry genesis-author-pro-book\" itemscope=\"\" itemtype=\"https:\/\/schema.org\/CreativeWork\">      <div class=\"entry-content\" itemprop=\"text\">          <a href=\"https:\/\/extralibris.net\/giseleteixeira\/item\/latitutes-africanas-del-tango\/\"><img decoding=\"async\" src=\"https:\/\/extralibris.net\/giseleteixeira\/wp-content\/uploads\/sites\/8\/2019\/02\/latitudes-africanas-del-tango-nestor-ortiz-oderigo.jpg\" style=\"width:80%;\" \/><\/a>          <a href=\"https:\/\/extralibris.net\/giseleteixeira\/item\/latitutes-africanas-del-tango\/\" rel=\"bookmark\" style=\"display:none;\"><span>Latitutes Africanas del Tango<\/span>          <\/a>      <\/div><\/article><article class=\"124 books type-books status-publish has-post-thumbnail book-series-artes entry genesis-author-pro-book\" itemscope=\"\" itemtype=\"https:\/\/schema.org\/CreativeWork\">      <div class=\"entry-content\" itemprop=\"text\">          <a href=\"https:\/\/extralibris.net\/giseleteixeira\/item\/el-tango-una-danza-esa-ansiosa-busqueda-de-la-libertad\/\"><img decoding=\"async\" src=\"https:\/\/extralibris.net\/giseleteixeira\/wp-content\/uploads\/sites\/8\/2019\/02\/el-tango-una-danza\u2013esa-ansiosa-busqueda-de-la-libertad.png\" style=\"width:80%;\" \/><\/a>          <a href=\"https:\/\/extralibris.net\/giseleteixeira\/item\/el-tango-una-danza-esa-ansiosa-busqueda-de-la-libertad\/\" rel=\"bookmark\" style=\"display:none;\"><span>El tango, una danza &#8211; Esa ansiosa b\u00fasqueda de la libertad<\/span>          <\/a>      <\/div><\/article><article class=\"123 books type-books status-publish has-post-thumbnail book-series-artes entry genesis-author-pro-book\" itemscope=\"\" itemtype=\"https:\/\/schema.org\/CreativeWork\">      <div class=\"entry-content\" itemprop=\"text\">          <a href=\"https:\/\/extralibris.net\/giseleteixeira\/item\/modernidades-primitivas-tango-samba-y-nacion\/\"><img decoding=\"async\" src=\"https:\/\/extralibris.net\/giseleteixeira\/wp-content\/uploads\/sites\/8\/2019\/02\/Modernidades-Primitivas-\u2013-Tango-samba-y-nacion.png\" style=\"width:80%;\" \/><\/a>          <a href=\"https:\/\/extralibris.net\/giseleteixeira\/item\/modernidades-primitivas-tango-samba-y-nacion\/\" rel=\"bookmark\" style=\"display:none;\"><span>Modernidades Primitivas &#8211; Tango, samba y naci\u00f3n<\/span>          <\/a>      <\/div><\/article><article class=\"122 books type-books status-publish has-post-thumbnail book-series-artes entry genesis-author-pro-book\" itemscope=\"\" itemtype=\"https:\/\/schema.org\/CreativeWork\">      <div class=\"entry-content\" itemprop=\"text\">          <a href=\"https:\/\/extralibris.net\/giseleteixeira\/item\/discografia-basica-del-tango\/\"><img decoding=\"async\" src=\"https:\/\/extralibris.net\/giseleteixeira\/wp-content\/uploads\/sites\/8\/2019\/02\/Discografia-Basica-del-Tango.png\" style=\"width:80%;\" \/><\/a>          <a href=\"https:\/\/extralibris.net\/giseleteixeira\/item\/discografia-basica-del-tango\/\" rel=\"bookmark\" style=\"display:none;\"><span>Discografia B\u00e1sica del Tango<\/span>          <\/a>      <\/div><\/article><article class=\"121 books type-books status-publish has-post-thumbnail book-series-artes entry genesis-author-pro-book\" itemscope=\"\" itemtype=\"https:\/\/schema.org\/CreativeWork\">      <div class=\"entry-content\" itemprop=\"text\">          <a href=\"https:\/\/extralibris.net\/giseleteixeira\/item\/historia-del-baile-de-la-milonga-a-la-disco\/\"><img decoding=\"async\" src=\"https:\/\/extralibris.net\/giseleteixeira\/wp-content\/uploads\/sites\/8\/2019\/02\/Historia-del-Baile-\u2013-de-la-milonga-a-la-disco.png\" style=\"width:80%;\" \/><\/a>          <a href=\"https:\/\/extralibris.net\/giseleteixeira\/item\/historia-del-baile-de-la-milonga-a-la-disco\/\" rel=\"bookmark\" style=\"display:none;\"><span>Historia del Baile &#8211; de la milonga a la disco<\/span>          <\/a>      <\/div><\/article><article class=\"120 books type-books status-publish has-post-thumbnail book-series-artes entry genesis-author-pro-book\" itemscope=\"\" itemtype=\"https:\/\/schema.org\/CreativeWork\">      <div class=\"entry-content\" itemprop=\"text\">          <a href=\"https:\/\/extralibris.net\/giseleteixeira\/item\/tango-y-politica-sexo-moral-burguesa-y-revolucion-en-argentina\/\"><img decoding=\"async\" src=\"https:\/\/extralibris.net\/giseleteixeira\/wp-content\/uploads\/sites\/8\/2019\/02\/Tango-y-Politica-\u2013-Sexo-moral-burguesa-y-revolucion-en-Argentina.png\" style=\"width:80%;\" \/><\/a>          <a href=\"https:\/\/extralibris.net\/giseleteixeira\/item\/tango-y-politica-sexo-moral-burguesa-y-revolucion-en-argentina\/\" rel=\"bookmark\" style=\"display:none;\"><span>Tango y Pol\u00edtica &#8211; Sexo, moral burguesa y revoluci\u00f3n en Argentina<\/span>          <\/a>      <\/div><\/article><article class=\"119 books type-books status-publish has-post-thumbnail book-series-artes entry genesis-author-pro-book\" itemscope=\"\" itemtype=\"https:\/\/schema.org\/CreativeWork\">      <div class=\"entry-content\" itemprop=\"text\">          <a href=\"https:\/\/extralibris.net\/giseleteixeira\/item\/tango-a-musica-de-uma-cidade\/\"><img decoding=\"async\" src=\"https:\/\/extralibris.net\/giseleteixeira\/wp-content\/uploads\/sites\/8\/2019\/02\/Tango-a-musica-de-uma-cidade.png\" style=\"width:80%;\" \/><\/a>          <a href=\"https:\/\/extralibris.net\/giseleteixeira\/item\/tango-a-musica-de-uma-cidade\/\" rel=\"bookmark\" style=\"display:none;\"><span>Tango, a m\u00fasica de uma cidade<\/span>          <\/a>      <\/div><\/article><article class=\"118 books type-books status-publish has-post-thumbnail book-series-artes entry genesis-author-pro-book\" itemscope=\"\" itemtype=\"https:\/\/schema.org\/CreativeWork\">      <div class=\"entry-content\" itemprop=\"text\">          <a href=\"https:\/\/extralibris.net\/giseleteixeira\/item\/el-tango-breviario-ilustrado\/\"><img decoding=\"async\" src=\"https:\/\/extralibris.net\/giseleteixeira\/wp-content\/uploads\/sites\/8\/2019\/02\/El-Tango-\u2013-Breviario-Ilustrado.png\" style=\"width:80%;\" \/><\/a>          <a href=\"https:\/\/extralibris.net\/giseleteixeira\/item\/el-tango-breviario-ilustrado\/\" rel=\"bookmark\" style=\"display:none;\"><span>El Tango &#8211; Breviario Ilustrado<\/span>          <\/a>      <\/div><\/article><article class=\"117 books type-books status-publish has-post-thumbnail book-series-artes entry genesis-author-pro-book\" itemscope=\"\" itemtype=\"https:\/\/schema.org\/CreativeWork\">      <div class=\"entry-content\" itemprop=\"text\">          <a href=\"https:\/\/extralibris.net\/giseleteixeira\/item\/nueva-historia-del-tango\/\"><img decoding=\"async\" src=\"https:\/\/extralibris.net\/giseleteixeira\/wp-content\/uploads\/sites\/8\/2019\/02\/Nueva-Historia-del-Tango.png\" style=\"width:80%;\" \/><\/a>          <a href=\"https:\/\/extralibris.net\/giseleteixeira\/item\/nueva-historia-del-tango\/\" rel=\"bookmark\" style=\"display:none;\"><span>Nueva Historia del Tango<\/span>          <\/a>      <\/div><\/article><article class=\"116 books type-books status-publish has-post-thumbnail book-series-artes entry genesis-author-pro-book\" itemscope=\"\" itemtype=\"https:\/\/schema.org\/CreativeWork\">      <div class=\"entry-content\" itemprop=\"text\">          <a href=\"https:\/\/extralibris.net\/giseleteixeira\/item\/cien-anos-de-musica-argentina\/\"><img decoding=\"async\" src=\"https:\/\/extralibris.net\/giseleteixeira\/wp-content\/uploads\/sites\/8\/2019\/02\/Cien-anos-de-musica-argentina.png\" style=\"width:80%;\" \/><\/a>          <a href=\"https:\/\/extralibris.net\/giseleteixeira\/item\/cien-anos-de-musica-argentina\/\" rel=\"bookmark\" style=\"display:none;\"><span>Cien a\u00f1os de m\u00fasica argentina<\/span>          <\/a>      <\/div><\/article><article class=\"115 books type-books status-publish has-post-thumbnail book-series-artes entry genesis-author-pro-book\" itemscope=\"\" itemtype=\"https:\/\/schema.org\/CreativeWork\">      <div class=\"entry-content\" itemprop=\"text\">          <a href=\"https:\/\/extralibris.net\/giseleteixeira\/item\/tango-una-mescla-milagrosa\/\"><img decoding=\"async\" src=\"https:\/\/extralibris.net\/giseleteixeira\/wp-content\/uploads\/sites\/8\/2019\/02\/Tango-una-mescla-milagrosa.png\" style=\"width:80%;\" \/><\/a>          <a href=\"https:\/\/extralibris.net\/giseleteixeira\/item\/tango-una-mescla-milagrosa\/\" rel=\"bookmark\" style=\"display:none;\"><span>Tango, una mescla milagrosa<\/span>          <\/a>      <\/div><\/article><article class=\"114 books type-books status-publish has-post-thumbnail book-series-artes entry genesis-author-pro-book\" itemscope=\"\" itemtype=\"https:\/\/schema.org\/CreativeWork\">      <div class=\"entry-content\" itemprop=\"text\">          <a href=\"https:\/\/extralibris.net\/giseleteixeira\/item\/astor-piazzolla-su-vida-y-su-musica\/\"><img decoding=\"async\" src=\"https:\/\/extralibris.net\/giseleteixeira\/wp-content\/uploads\/sites\/8\/2019\/02\/Astor-Piazzolla-su-vida-y-su-musica.png\" style=\"width:80%;\" \/><\/a>          <a href=\"https:\/\/extralibris.net\/giseleteixeira\/item\/astor-piazzolla-su-vida-y-su-musica\/\" rel=\"bookmark\" style=\"display:none;\"><span>Astor Piazzolla, su vida y su m\u00fasica<\/span>          <\/a>      <\/div><\/article><article class=\"55 books type-books status-publish has-post-thumbnail book-series-artes entry genesis-author-pro-book\" itemscope=\"\" itemtype=\"https:\/\/schema.org\/CreativeWork\">      <div class=\"entry-content\" itemprop=\"text\">          <a href=\"https:\/\/extralibris.net\/giseleteixeira\/item\/discepolo-una-biografia-argentina\/\"><img decoding=\"async\" src=\"https:\/\/extralibris.net\/giseleteixeira\/wp-content\/uploads\/sites\/8\/2019\/02\/discepolounabiografiaargentina.png\" style=\"width:80%;\" \/><\/a>          <a href=\"https:\/\/extralibris.net\/giseleteixeira\/item\/discepolo-una-biografia-argentina\/\" rel=\"bookmark\" style=\"display:none;\"><span>Disc\u00e9polo, una biografia argentina<\/span>          <\/a>      <\/div><\/article><\/div><\/div>\n\n\n\n<h1 class=\"has-text-align-left wp-block-heading\"><strong><a href=\"https:\/\/personates.com\/giseleteixeira\/colecao\/historia\/\">Historia<\/a><\/strong><\/h1>\n\n\n\n<p class=\"wp-block-paragraph\"><div class=\"collections\"><div class=\"collection\"><article class=\"173 books type-books status-publish has-post-thumbnail book-series-artes entry genesis-author-pro-book\" itemscope=\"\" itemtype=\"https:\/\/schema.org\/CreativeWork\">      <div class=\"entry-content\" itemprop=\"text\">          <a href=\"https:\/\/extralibris.net\/giseleteixeira\/item\/breve-historia-de-la-argentina\/\"><img decoding=\"async\" src=\"https:\/\/extralibris.net\/giseleteixeira\/wp-content\/uploads\/sites\/8\/2019\/02\/Breve-Historia-de-la-Argentina.png\" style=\"width:80%;\" \/><\/a>          <a href=\"https:\/\/extralibris.net\/giseleteixeira\/item\/breve-historia-de-la-argentina\/\" rel=\"bookmark\" style=\"display:none;\"><span>Breve Historia de la Argentina<\/span>          <\/a>      <\/div><\/article><article class=\"172 books type-books status-publish has-post-thumbnail book-series-artes entry genesis-author-pro-book\" itemscope=\"\" itemtype=\"https:\/\/schema.org\/CreativeWork\">      <div class=\"entry-content\" itemprop=\"text\">          <a href=\"https:\/\/extralibris.net\/giseleteixeira\/item\/buenos-aires-es-leyenda\/\"><img decoding=\"async\" src=\"https:\/\/extralibris.net\/giseleteixeira\/wp-content\/uploads\/sites\/8\/2019\/02\/Buenos-Aires-es-Leyenda.png\" style=\"width:80%;\" \/><\/a>          <a href=\"https:\/\/extralibris.net\/giseleteixeira\/item\/buenos-aires-es-leyenda\/\" rel=\"bookmark\" style=\"display:none;\"><span>Buenos Aires es Leyenda<\/span>          <\/a>      <\/div><\/article><article class=\"171 books type-books status-publish has-post-thumbnail book-series-artes entry genesis-author-pro-book\" itemscope=\"\" itemtype=\"https:\/\/schema.org\/CreativeWork\">      <div class=\"entry-content\" itemprop=\"text\">          <a href=\"https:\/\/extralibris.net\/giseleteixeira\/item\/el-libro-de-oro-de-la-argentinidad\/\"><img decoding=\"async\" src=\"https:\/\/extralibris.net\/giseleteixeira\/wp-content\/uploads\/sites\/8\/2019\/02\/El-Libro-de-Oro-de-la-Argentinidad.png\" style=\"width:80%;\" \/><\/a>          <a href=\"https:\/\/extralibris.net\/giseleteixeira\/item\/el-libro-de-oro-de-la-argentinidad\/\" rel=\"bookmark\" style=\"display:none;\"><span>El Libro de Oro de la Argentinidad<\/span>          <\/a>      <\/div><\/article><article class=\"170 books type-books status-publish has-post-thumbnail book-series-artes entry genesis-author-pro-book\" itemscope=\"\" itemtype=\"https:\/\/schema.org\/CreativeWork\">      <div class=\"entry-content\" itemprop=\"text\">          <a href=\"https:\/\/extralibris.net\/giseleteixeira\/item\/historia-integral-de-la-argentina-tomo-x\/\"><img decoding=\"async\" src=\"https:\/\/extralibris.net\/giseleteixeira\/wp-content\/uploads\/sites\/8\/2019\/02\/Historia-Integral-de-la-Argentina-\u2013-Tomo-X.png\" style=\"width:80%;\" \/><\/a>          <a href=\"https:\/\/extralibris.net\/giseleteixeira\/item\/historia-integral-de-la-argentina-tomo-x\/\" rel=\"bookmark\" style=\"display:none;\"><span>Historia Integral de la Argentina &#8211; Tomo X<\/span>          <\/a>      <\/div><\/article><article class=\"169 books type-books status-publish has-post-thumbnail book-series-artes entry genesis-author-pro-book\" itemscope=\"\" itemtype=\"https:\/\/schema.org\/CreativeWork\">      <div class=\"entry-content\" itemprop=\"text\">          <a href=\"https:\/\/extralibris.net\/giseleteixeira\/item\/historias-insolitas-de-la-historia-argentina\/\"><img decoding=\"async\" src=\"https:\/\/extralibris.net\/giseleteixeira\/wp-content\/uploads\/sites\/8\/2019\/02\/Historias-Insolitas-de-la-Historia-Argentina.png\" style=\"width:80%;\" \/><\/a>          <a href=\"https:\/\/extralibris.net\/giseleteixeira\/item\/historias-insolitas-de-la-historia-argentina\/\" rel=\"bookmark\" style=\"display:none;\"><span>Historias Insolitas de la Historia Argentina<\/span>          <\/a>      <\/div><\/article><article class=\"168 books type-books status-publish has-post-thumbnail book-series-artes entry genesis-author-pro-book\" itemscope=\"\" itemtype=\"https:\/\/schema.org\/CreativeWork\">      <div class=\"entry-content\" itemprop=\"text\">          <a href=\"https:\/\/extralibris.net\/giseleteixeira\/item\/buenos-aires-ciudad-secreta\/\"><img decoding=\"async\" src=\"https:\/\/extralibris.net\/giseleteixeira\/wp-content\/uploads\/sites\/8\/2019\/02\/Buenos-Aires-Ciudad-Secreta.png\" style=\"width:80%;\" \/><\/a>          <a href=\"https:\/\/extralibris.net\/giseleteixeira\/item\/buenos-aires-ciudad-secreta\/\" rel=\"bookmark\" style=\"display:none;\"><span>Buenos Aires, Ciudad Secreta<\/span>          <\/a>      <\/div><\/article><article class=\"167 books type-books status-publish has-post-thumbnail book-series-artes entry genesis-author-pro-book\" itemscope=\"\" itemtype=\"https:\/\/schema.org\/CreativeWork\">      <div class=\"entry-content\" itemprop=\"text\">          <a href=\"https:\/\/extralibris.net\/giseleteixeira\/item\/buenos-aires-1536-2006\/\"><img decoding=\"async\" src=\"https:\/\/extralibris.net\/giseleteixeira\/wp-content\/uploads\/sites\/8\/2019\/02\/Buenos-Aires-1536-2006.png\" style=\"width:80%;\" \/><\/a>          <a href=\"https:\/\/extralibris.net\/giseleteixeira\/item\/buenos-aires-1536-2006\/\" rel=\"bookmark\" style=\"display:none;\"><span>Buenos Aires 1536-2006<\/span>          <\/a>      <\/div><\/article><article class=\"166 books type-books status-publish has-post-thumbnail book-series-artes entry genesis-author-pro-book\" itemscope=\"\" itemtype=\"https:\/\/schema.org\/CreativeWork\">      <div class=\"entry-content\" itemprop=\"text\">          <a href=\"https:\/\/extralibris.net\/giseleteixeira\/item\/las-mil-y-una-curiosidades-de-buenos-aires\/\"><img decoding=\"async\" src=\"https:\/\/extralibris.net\/giseleteixeira\/wp-content\/uploads\/sites\/8\/2019\/02\/Las-mil-y-una-curiosidades-de-Buenos-Aires.png\" style=\"width:80%;\" \/><\/a>          <a href=\"https:\/\/extralibris.net\/giseleteixeira\/item\/las-mil-y-una-curiosidades-de-buenos-aires\/\" rel=\"bookmark\" style=\"display:none;\"><span>Las mil y una curiosidades de Buenos Aires<\/span>          <\/a>      <\/div><\/article><article class=\"165 books type-books status-publish has-post-thumbnail book-series-artes entry genesis-author-pro-book\" itemscope=\"\" itemtype=\"https:\/\/schema.org\/CreativeWork\">      <div class=\"entry-content\" itemprop=\"text\">          <a href=\"https:\/\/extralibris.net\/giseleteixeira\/item\/la-buenos-aires-ajena-testimonios-de-extranjeros-de-1536-hasta\/\"><img decoding=\"async\" src=\"https:\/\/extralibris.net\/giseleteixeira\/wp-content\/uploads\/sites\/8\/2019\/02\/La-Buenos-Aires-Ajena-\u2013-testimonios-de-extranjeros-de-1536-hasta.png\" style=\"width:80%;\" \/><\/a>          <a href=\"https:\/\/extralibris.net\/giseleteixeira\/item\/la-buenos-aires-ajena-testimonios-de-extranjeros-de-1536-hasta\/\" rel=\"bookmark\" style=\"display:none;\"><span>La Buenos Aires Ajena &#8211; testimonios de extranjeros de 1536 hasta<\/span>          <\/a>      <\/div><\/article><article class=\"164 books type-books status-publish has-post-thumbnail book-series-artes entry genesis-author-pro-book\" itemscope=\"\" itemtype=\"https:\/\/schema.org\/CreativeWork\">      <div class=\"entry-content\" itemprop=\"text\">          <a href=\"https:\/\/extralibris.net\/giseleteixeira\/item\/buenos-aires-de-fiesta-luces-y-sombras-del-centenario\/\"><img decoding=\"async\" src=\"https:\/\/extralibris.net\/giseleteixeira\/wp-content\/uploads\/sites\/8\/2019\/02\/Buenos-Aires-de-Fiesta-\u2013-Luces-y-sombras-del-Centenario.png\" style=\"width:80%;\" \/><\/a>          <a href=\"https:\/\/extralibris.net\/giseleteixeira\/item\/buenos-aires-de-fiesta-luces-y-sombras-del-centenario\/\" rel=\"bookmark\" style=\"display:none;\"><span>Buenos Aires de Fiesta &#8211; Luces y sombras del Centenario<\/span>          <\/a>      <\/div><\/article><\/div><\/div>\n\n\n\n<h1 class=\"wp-block-heading\" id=\"mce_18\"><strong><a href=\"https:\/\/personates.com\/giseleteixeira\/colecao\/turismo\/\">Turismo<\/a><\/strong><\/h1>\n\n\n\n<p class=\"wp-block-paragraph\"><div class=\"collections\"><div class=\"collection\"><article class=\"223 books type-books status-publish has-post-thumbnail book-series-artes entry genesis-author-pro-book\" itemscope=\"\" itemtype=\"https:\/\/schema.org\/CreativeWork\">      <div class=\"entry-content\" itemprop=\"text\">          <a href=\"https:\/\/extralibris.net\/giseleteixeira\/item\/heladerias-de-buenos-aires\/\"><img decoding=\"async\" src=\"https:\/\/extralibris.net\/giseleteixeira\/wp-content\/uploads\/sites\/8\/2019\/02\/Heladerias-de-Buenos-Aires.png\" style=\"width:80%;\" \/><\/a>          <a href=\"https:\/\/extralibris.net\/giseleteixeira\/item\/heladerias-de-buenos-aires\/\" rel=\"bookmark\" style=\"display:none;\"><span>Heladerias de Buenos Aires<\/span>          <\/a>      <\/div><\/article><article class=\"221 books type-books status-publish has-post-thumbnail book-series-artes entry genesis-author-pro-book\" itemscope=\"\" itemtype=\"https:\/\/schema.org\/CreativeWork\">      <div class=\"entry-content\" itemprop=\"text\">          <a href=\"https:\/\/extralibris.net\/giseleteixeira\/item\/buenos-aires-com-criancas\/\"><img decoding=\"async\" src=\"https:\/\/extralibris.net\/giseleteixeira\/wp-content\/uploads\/sites\/8\/2019\/02\/Buenos-aires-com-criancas.png\" style=\"width:80%;\" \/><\/a>          <a href=\"https:\/\/extralibris.net\/giseleteixeira\/item\/buenos-aires-com-criancas\/\" rel=\"bookmark\" style=\"display:none;\"><span>Buenos Aires com crian\u00e7as<\/span>          <\/a>      <\/div><\/article><article class=\"219 books type-books status-publish has-post-thumbnail book-series-artes entry genesis-author-pro-book\" itemscope=\"\" itemtype=\"https:\/\/schema.org\/CreativeWork\">      <div class=\"entry-content\" itemprop=\"text\">          <a href=\"https:\/\/extralibris.net\/giseleteixeira\/item\/buenos-aires-bizarro-la-mas-extraviada-de-las-guias\/\"><img decoding=\"async\" src=\"https:\/\/extralibris.net\/giseleteixeira\/wp-content\/uploads\/sites\/8\/2019\/02\/Buenos-Aires-Bizarro-la-mas-extraviada-de-las-guias.png\" style=\"width:80%;\" \/><\/a>          <a href=\"https:\/\/extralibris.net\/giseleteixeira\/item\/buenos-aires-bizarro-la-mas-extraviada-de-las-guias\/\" rel=\"bookmark\" style=\"display:none;\"><span>Buenos Aires Bizarro &#8211; la m\u00e1s extraviada de las guias<\/span>          <\/a>      <\/div><\/article><article class=\"217 books type-books status-publish has-post-thumbnail book-series-artes entry genesis-author-pro-book\" itemscope=\"\" itemtype=\"https:\/\/schema.org\/CreativeWork\">      <div class=\"entry-content\" itemprop=\"text\">          <a href=\"https:\/\/extralibris.net\/giseleteixeira\/item\/bistros-buenos-aires-onde-comer-bem-bacana-e-barato\/\"><img decoding=\"async\" src=\"https:\/\/extralibris.net\/giseleteixeira\/wp-content\/uploads\/sites\/8\/2019\/02\/Bistros-Buenos-Aires-Onde-Comer-Bem-Bacana-e-Barato.png\" style=\"width:80%;\" \/><\/a>          <a href=\"https:\/\/extralibris.net\/giseleteixeira\/item\/bistros-buenos-aires-onde-comer-bem-bacana-e-barato\/\" rel=\"bookmark\" style=\"display:none;\"><span>Bistros Buenos Aires &#8211; onde comer bem, bacana e barato<\/span>          <\/a>      <\/div><\/article><article class=\"215 books type-books status-publish has-post-thumbnail book-series-artes entry genesis-author-pro-book\" itemscope=\"\" itemtype=\"https:\/\/schema.org\/CreativeWork\">      <div class=\"entry-content\" itemprop=\"text\">          <a href=\"https:\/\/extralibris.net\/giseleteixeira\/item\/50-livrarias-de-buenos-aires\/\"><img decoding=\"async\" src=\"https:\/\/extralibris.net\/giseleteixeira\/wp-content\/uploads\/sites\/8\/2019\/02\/50-livrarias-de-Buenos-Aires.png\" style=\"width:80%;\" \/><\/a>          <a href=\"https:\/\/extralibris.net\/giseleteixeira\/item\/50-livrarias-de-buenos-aires\/\" rel=\"bookmark\" style=\"display:none;\"><span>50 livrarias de Buenos Aires<\/span>          <\/a>      <\/div><\/article><article class=\"213 books type-books status-publish has-post-thumbnail book-series-artes entry genesis-author-pro-book\" itemscope=\"\" itemtype=\"https:\/\/schema.org\/CreativeWork\">      <div class=\"entry-content\" itemprop=\"text\">          <a href=\"https:\/\/extralibris.net\/giseleteixeira\/item\/restaurantes-de-las-colectividades-de-buenos-aires\/\"><img decoding=\"async\" src=\"https:\/\/extralibris.net\/giseleteixeira\/wp-content\/uploads\/sites\/8\/2019\/02\/Restaurantes-de-las-colectividades-de-Buenos-Aires.png\" style=\"width:80%;\" \/><\/a>          <a href=\"https:\/\/extralibris.net\/giseleteixeira\/item\/restaurantes-de-las-colectividades-de-buenos-aires\/\" rel=\"bookmark\" style=\"display:none;\"><span>Restaurantes de las colectividades de Buenos Aires<\/span>          <\/a>      <\/div><\/article><article class=\"211 books type-books status-publish has-post-thumbnail book-series-artes entry genesis-author-pro-book\" itemscope=\"\" itemtype=\"https:\/\/schema.org\/CreativeWork\">      <div class=\"entry-content\" itemprop=\"text\">          <a href=\"https:\/\/extralibris.net\/giseleteixeira\/item\/parrillas-de-buenos-aires\/\"><img decoding=\"async\" src=\"https:\/\/extralibris.net\/giseleteixeira\/wp-content\/uploads\/sites\/8\/2019\/02\/parrillas-de-buenos-aires.png\" style=\"width:80%;\" \/><\/a>          <a href=\"https:\/\/extralibris.net\/giseleteixeira\/item\/parrillas-de-buenos-aires\/\" rel=\"bookmark\" style=\"display:none;\"><span>Parrillas de Buenos Aires<\/span>          <\/a>      <\/div><\/article><article class=\"209 books type-books status-publish has-post-thumbnail book-series-artes entry genesis-author-pro-book\" itemscope=\"\" itemtype=\"https:\/\/schema.org\/CreativeWork\">      <div class=\"entry-content\" itemprop=\"text\">          <a href=\"https:\/\/extralibris.net\/giseleteixeira\/item\/buenos-aires-tiene-historia-once-itinerarios-por-la-ciudad\/\"><img decoding=\"async\" src=\"https:\/\/extralibris.net\/giseleteixeira\/wp-content\/uploads\/sites\/8\/2019\/02\/Buenos-Aires-tiene-historia-once-itinerarios-por-la-ciudad.png\" style=\"width:80%;\" \/><\/a>          <a href=\"https:\/\/extralibris.net\/giseleteixeira\/item\/buenos-aires-tiene-historia-once-itinerarios-por-la-ciudad\/\" rel=\"bookmark\" style=\"display:none;\"><span>Buenos Aires tiene historia &#8211; once itinerarios por la ciudad<\/span>          <\/a>      <\/div><\/article><\/div><\/div> <\/p>\n","protected":false},"excerpt":{"rendered":"<p>Buenos Aires<\/p>\n","protected":false},"author":1,"featured_media":348,"parent":0,"menu_order":1,"comment_status":"closed","ping_status":"closed","template":"templates\/full-width.php","meta":{"_genesis_hide_title":false,"_genesis_hide_breadcrumbs":false,"_genesis_hide_singular_image":false,"_genesis_hide_footer_widgets":false,"_genesis_custom_body_class":"","_genesis_custom_post_class":"","_genesis_layout":"","footnotes":""},"class_list":["post-338","page","type-page","status-publish","has-post-thumbnail","entry"],"yoast_head":"<!-- This site is optimized with the Yoast SEO plugin v28.3 - https:\/\/yoast.com\/product\/yoast-seo-wordpress\/ -->\n<title>Aqui Me Quedo - Gisele Teixeira<\/title>\n<meta name=\"robots\" content=\"index, follow, max-snippet:-1, max-image-preview:large, max-video-preview:-1\" \/>\n<link rel=\"canonical\" href=\"https:\/\/extralibris.net\/giseleteixeira\/\" \/>\n<meta property=\"og:locale\" content=\"pt_BR\" \/>\n<meta property=\"og:type\" content=\"article\" \/>\n<meta property=\"og:title\" content=\"Aqui Me Quedo - Gisele Teixeira\" \/>\n<meta property=\"og:description\" content=\"Buenos Aires\" \/>\n<meta property=\"og:url\" content=\"https:\/\/extralibris.net\/giseleteixeira\/\" \/>\n<meta property=\"og:site_name\" content=\"Gisele Teixeira\" \/>\n<meta property=\"og:image\" content=\"http:\/\/extralibris.net\/giseleteixeira\/wp-content\/uploads\/sites\/8\/2019\/07\/aquimequedobanner.png\" \/>\n\t<meta property=\"og:image:width\" content=\"1600\" \/>\n\t<meta property=\"og:image:height\" content=\"533\" \/>\n\t<meta property=\"og:image:type\" content=\"image\/png\" \/>\n<meta name=\"twitter:card\" content=\"summary_large_image\" \/>\n<script type=\"application\/ld+json\" class=\"yoast-schema-graph\">{\"@context\":\"https:\\\/\\\/schema.org\",\"@graph\":[{\"@type\":\"WebPage\",\"@id\":\"https:\\\/\\\/extralibris.net\\\/giseleteixeira\\\/\",\"url\":\"https:\\\/\\\/extralibris.net\\\/giseleteixeira\\\/\",\"name\":\"Aqui Me Quedo - Gisele Teixeira\",\"isPartOf\":{\"@id\":\"https:\\\/\\\/extralibris.net\\\/giseleteixeira\\\/#website\"},\"primaryImageOfPage\":{\"@id\":\"https:\\\/\\\/extralibris.net\\\/giseleteixeira\\\/#primaryimage\"},\"image\":{\"@id\":\"https:\\\/\\\/extralibris.net\\\/giseleteixeira\\\/#primaryimage\"},\"thumbnailUrl\":\"https:\\\/\\\/extralibris.net\\\/giseleteixeira\\\/wp-content\\\/uploads\\\/sites\\\/8\\\/2019\\\/07\\\/aquimequedobanner.png\",\"datePublished\":\"2018-11-24T00:27:54+00:00\",\"breadcrumb\":{\"@id\":\"https:\\\/\\\/extralibris.net\\\/giseleteixeira\\\/#breadcrumb\"},\"inLanguage\":\"pt-BR\",\"potentialAction\":[{\"@type\":\"ReadAction\",\"target\":[\"https:\\\/\\\/extralibris.net\\\/giseleteixeira\\\/\"]}]},{\"@type\":\"ImageObject\",\"inLanguage\":\"pt-BR\",\"@id\":\"https:\\\/\\\/extralibris.net\\\/giseleteixeira\\\/#primaryimage\",\"url\":\"https:\\\/\\\/extralibris.net\\\/giseleteixeira\\\/wp-content\\\/uploads\\\/sites\\\/8\\\/2019\\\/07\\\/aquimequedobanner.png\",\"contentUrl\":\"https:\\\/\\\/extralibris.net\\\/giseleteixeira\\\/wp-content\\\/uploads\\\/sites\\\/8\\\/2019\\\/07\\\/aquimequedobanner.png\",\"width\":1600,\"height\":533},{\"@type\":\"BreadcrumbList\",\"@id\":\"https:\\\/\\\/extralibris.net\\\/giseleteixeira\\\/#breadcrumb\",\"itemListElement\":[{\"@type\":\"ListItem\",\"position\":1,\"name\":\"In\u00edcio\",\"item\":\"https:\\\/\\\/extralibris.net\\\/giseleteixeira\\\/\"},{\"@type\":\"ListItem\",\"position\":2,\"name\":\"Aqui Me Quedo\"}]},{\"@type\":\"WebSite\",\"@id\":\"https:\\\/\\\/extralibris.net\\\/giseleteixeira\\\/#website\",\"url\":\"https:\\\/\\\/extralibris.net\\\/giseleteixeira\\\/\",\"name\":\"Gisele Teixeira\",\"description\":\"\",\"potentialAction\":[{\"@type\":\"SearchAction\",\"target\":{\"@type\":\"EntryPoint\",\"urlTemplate\":\"https:\\\/\\\/extralibris.net\\\/giseleteixeira\\\/?s={search_term_string}\"},\"query-input\":{\"@type\":\"PropertyValueSpecification\",\"valueRequired\":true,\"valueName\":\"search_term_string\"}}],\"inLanguage\":\"pt-BR\"}]}<\/script>\n<!-- \/ Yoast SEO plugin. -->","yoast_head_json":{"title":"Aqui Me Quedo - Gisele Teixeira","robots":{"index":"index","follow":"follow","max-snippet":"max-snippet:-1","max-image-preview":"max-image-preview:large","max-video-preview":"max-video-preview:-1"},"canonical":"https:\/\/extralibris.net\/giseleteixeira\/","og_locale":"pt_BR","og_type":"article","og_title":"Aqui Me Quedo - Gisele Teixeira","og_description":"Buenos Aires","og_url":"https:\/\/extralibris.net\/giseleteixeira\/","og_site_name":"Gisele Teixeira","og_image":[{"width":1600,"height":533,"url":"http:\/\/extralibris.net\/giseleteixeira\/wp-content\/uploads\/sites\/8\/2019\/07\/aquimequedobanner.png","type":"image\/png"}],"twitter_card":"summary_large_image","schema":{"@context":"https:\/\/schema.org","@graph":[{"@type":"WebPage","@id":"https:\/\/extralibris.net\/giseleteixeira\/","url":"https:\/\/extralibris.net\/giseleteixeira\/","name":"Aqui Me Quedo - Gisele Teixeira","isPartOf":{"@id":"https:\/\/extralibris.net\/giseleteixeira\/#website"},"primaryImageOfPage":{"@id":"https:\/\/extralibris.net\/giseleteixeira\/#primaryimage"},"image":{"@id":"https:\/\/extralibris.net\/giseleteixeira\/#primaryimage"},"thumbnailUrl":"https:\/\/extralibris.net\/giseleteixeira\/wp-content\/uploads\/sites\/8\/2019\/07\/aquimequedobanner.png","datePublished":"2018-11-24T00:27:54+00:00","breadcrumb":{"@id":"https:\/\/extralibris.net\/giseleteixeira\/#breadcrumb"},"inLanguage":"pt-BR","potentialAction":[{"@type":"ReadAction","target":["https:\/\/extralibris.net\/giseleteixeira\/"]}]},{"@type":"ImageObject","inLanguage":"pt-BR","@id":"https:\/\/extralibris.net\/giseleteixeira\/#primaryimage","url":"https:\/\/extralibris.net\/giseleteixeira\/wp-content\/uploads\/sites\/8\/2019\/07\/aquimequedobanner.png","contentUrl":"https:\/\/extralibris.net\/giseleteixeira\/wp-content\/uploads\/sites\/8\/2019\/07\/aquimequedobanner.png","width":1600,"height":533},{"@type":"BreadcrumbList","@id":"https:\/\/extralibris.net\/giseleteixeira\/#breadcrumb","itemListElement":[{"@type":"ListItem","position":1,"name":"In\u00edcio","item":"https:\/\/extralibris.net\/giseleteixeira\/"},{"@type":"ListItem","position":2,"name":"Aqui Me Quedo"}]},{"@type":"WebSite","@id":"https:\/\/extralibris.net\/giseleteixeira\/#website","url":"https:\/\/extralibris.net\/giseleteixeira\/","name":"Gisele Teixeira","description":"","potentialAction":[{"@type":"SearchAction","target":{"@type":"EntryPoint","urlTemplate":"https:\/\/extralibris.net\/giseleteixeira\/?s={search_term_string}"},"query-input":{"@type":"PropertyValueSpecification","valueRequired":true,"valueName":"search_term_string"}}],"inLanguage":"pt-BR"}]}},"featured_image_src":"https:\/\/extralibris.net\/giseleteixeira\/wp-content\/uploads\/sites\/8\/2019\/07\/aquimequedobanner-600x400.png","featured_image_src_square":"https:\/\/extralibris.net\/giseleteixeira\/wp-content\/uploads\/sites\/8\/2019\/07\/aquimequedobanner-600x533.png","_links":{"self":[{"href":"https:\/\/extralibris.net\/giseleteixeira\/wp-json\/wp\/v2\/pages\/338","targetHints":{"allow":["GET"]}}],"collection":[{"href":"https:\/\/extralibris.net\/giseleteixeira\/wp-json\/wp\/v2\/pages"}],"about":[{"href":"https:\/\/extralibris.net\/giseleteixeira\/wp-json\/wp\/v2\/types\/page"}],"author":[{"embeddable":true,"href":"https:\/\/extralibris.net\/giseleteixeira\/wp-json\/wp\/v2\/users\/1"}],"replies":[{"embeddable":true,"href":"https:\/\/extralibris.net\/giseleteixeira\/wp-json\/wp\/v2\/comments?post=338"}],"version-history":[{"count":0,"href":"https:\/\/extralibris.net\/giseleteixeira\/wp-json\/wp\/v2\/pages\/338\/revisions"}],"wp:featuredmedia":[{"embeddable":true,"href":"https:\/\/extralibris.net\/giseleteixeira\/wp-json\/wp\/v2\/media\/348"}],"wp:attachment":[{"href":"https:\/\/extralibris.net\/giseleteixeira\/wp-json\/wp\/v2\/media?parent=338"}],"curies":[{"name":"wp","href":"https:\/\/api.w.org\/{rel}","templated":true}]}}