{"id":5265,"date":"2019-11-26T10:05:07","date_gmt":"2019-11-26T13:05:07","guid":{"rendered":"https:\/\/extralibris.org\/?page_id=5265"},"modified":"2026-02-22T22:09:58","modified_gmt":"2026-02-23T01:09:58","slug":"extralibris","status":"publish","type":"page","link":"https:\/\/extralibris.net\/caruso\/extralibris\/","title":{"rendered":"EXTRALIBRIS"},"content":{"rendered":"\n<div class=\"wp-block-genesis-blocks-gb-container gb-layout-landing-2 gb-block-container alignfull\"><div class=\"gb-container-inside\"><div class=\"gb-container-content\" style=\"max-width:1600px\">\n<div style=\"padding-left:5%;padding-right:5%;padding-bottom:5%;padding-top:5%\" class=\"wp-block-genesis-blocks-gb-container gb-block-container\"><div class=\"gb-container-inside\"><div class=\"gb-container-content\" style=\"max-width:700px\">\n<div class=\"wp-block-group\"><div class=\"wp-block-group__inner-container is-layout-flow wp-block-group-is-layout-flow\"><div class=\"wp-block-image\">\n<figure class=\"aligncenter size-full\"><img loading=\"lazy\" decoding=\"async\" width=\"600\" height=\"100\" src=\"https:\/\/fabianocaruso.com\/wp-content\/uploads\/sites\/10\/2020\/05\/logoextralibrisclean.png\" alt=\"\" class=\"wp-image-2562\" srcset=\"https:\/\/extralibris.net\/caruso\/wp-content\/uploads\/sites\/10\/2020\/05\/logoextralibrisclean.png 600w, https:\/\/extralibris.net\/caruso\/wp-content\/uploads\/sites\/10\/2020\/05\/logoextralibrisclean-300x50.png 300w\" sizes=\"auto, (max-width: 600px) 100vw, 600px\" \/><\/figure>\n<\/div><\/div><\/div>\n\n\n\n<div style=\"height:43px\" aria-hidden=\"true\" class=\"wp-block-spacer\"><\/div>\n\n\n\n<h3 class=\"wp-block-heading has-text-align-left\" id=\"qual-e-o-proposito-da-marca\"><strong>1 CURADORIA FIGITAL DE COLE\u00c7\u00d5ES CONECTADAS<\/strong><\/h3>\n\n\n\n<p class=\"has-medium-font-size wp-block-paragraph\">A <strong>Curadoria Figital de Cole\u00e7\u00f5es Conectadas<\/strong> (f\u00edsico + digital) transforma ambientes de cole\u00e7\u00f5es em experi\u00eancias vivas, conectando conte\u00fados, pessoas e hist\u00f3rias em uma plataforma interativa que amplia o alcance dos encontros em ambientes figitais. Mais do que que criar um cat\u00e1logo interativo, a metodologia ExtraLibris cria percursos simb\u00f3licos e visuais que potencializam a circula\u00e7\u00e3o de ideias, valorizam a produ\u00e7\u00e3o local e fortalecem o di\u00e1logo entre os participantes.<\/p>\n\n\n\n<h3 class=\"wp-block-heading\"><strong>2 PROPOSTA DE VALOR DA EXTRALIBRIS<\/strong><\/h3>\n\n\n<div class=\"wp-block-image\">\n<figure class=\"aligncenter size-large\"><img loading=\"lazy\" decoding=\"async\" width=\"1024\" height=\"523\" src=\"https:\/\/fabianocaruso.com\/wp-content\/uploads\/sites\/10\/2026\/02\/piramidedoimpactosocialextralibris-1024x523.jpg\" alt=\"\" class=\"wp-image-10024\" srcset=\"https:\/\/extralibris.net\/caruso\/wp-content\/uploads\/sites\/10\/2026\/02\/piramidedoimpactosocialextralibris-1024x523.jpg 1024w, https:\/\/extralibris.net\/caruso\/wp-content\/uploads\/sites\/10\/2026\/02\/piramidedoimpactosocialextralibris-300x153.jpg 300w, https:\/\/extralibris.net\/caruso\/wp-content\/uploads\/sites\/10\/2026\/02\/piramidedoimpactosocialextralibris-768x393.jpg 768w\" sizes=\"auto, (max-width: 1024px) 100vw, 1024px\" \/><\/figure>\n<\/div>\n\n\n<p class=\"has-medium-font-size wp-block-paragraph\">A Pir\u00e2mide de Valor ExtraLibris, representa nosso mapa de n\u00edveis de maturidade em curadoria figital &#8211;  uma escada simb\u00f3lica entre <strong>o dado e o sentido<\/strong>, entre <strong>a t\u00e9cnica e a cultura<\/strong>.<\/p>\n\n\n\n<p class=\"has-medium-font-size wp-block-paragraph\">A <strong>ExtraLibris<\/strong> oferece <strong>mentoria e hospedagem<\/strong> certificando profissionais em sua metodologia e plataforma. <strong>Curadoria Figital de Cole\u00e7\u00f5es Conectadas.<\/strong><\/p>\n\n\n\n<p class=\"has-medium-font-size wp-block-paragraph\">Nossa atua\u00e7\u00e3o envolve as \u00e1reas de <strong>educa\u00e7\u00e3o, tecnologia, mem\u00f3ria e cultura<\/strong>, com aplica\u00e7\u00f5es pr\u00e1ticas em escolas, empresas e centros de eventos implementando ambientes de exposi\u00e7\u00e3o h\u00edbridos: f\u00edsicos e digitais.<\/p>\n\n\n\n<h3 class=\"wp-block-heading\"><strong>3 INOVA\u00c7\u00c3O COMO PATENTE<\/strong><\/h3>\n\n\n\n<figure class=\"wp-block-image size-large is-style-default\"><img loading=\"lazy\" decoding=\"async\" width=\"1024\" height=\"585\" src=\"https:\/\/fabianocaruso.com\/wp-content\/uploads\/sites\/10\/2025\/12\/cartografiaextralibriscuradoriafigital2025-1024x585.png\" alt=\"\" class=\"wp-image-10004\" srcset=\"https:\/\/extralibris.net\/caruso\/wp-content\/uploads\/sites\/10\/2025\/12\/cartografiaextralibriscuradoriafigital2025-1024x585.png 1024w, https:\/\/extralibris.net\/caruso\/wp-content\/uploads\/sites\/10\/2025\/12\/cartografiaextralibriscuradoriafigital2025-300x171.png 300w, https:\/\/extralibris.net\/caruso\/wp-content\/uploads\/sites\/10\/2025\/12\/cartografiaextralibriscuradoriafigital2025-768x439.png 768w\" sizes=\"auto, (max-width: 1024px) 100vw, 1024px\" \/><figcaption class=\"wp-element-caption\">Vers\u00e3o aplicada para a ExtraLibris do Krebs Cycle of Creativity proposto por Nery Oxman do MIT<\/figcaption><\/figure>\n\n\n\n<p class=\"has-medium-font-size wp-block-paragraph\">A <strong>ExtraLibris<\/strong> est\u00e1 em processo de registro de patente t\u00e9cnica, que envolve uma proposta de <strong>Ontologia de Lugar<\/strong> a partir da <strong>Indexa\u00e7\u00e3o Espacial Hier\u00e1rquica e Gera\u00e7\u00e3o de Interfaces Din\u00e2micas<\/strong> com a cria\u00e7\u00e3o cole\u00e7\u00f5es conectadas a partir da sua rela\u00e7\u00e3o com seus respectivos suportes. Nossa tecnologia social \u00e9 baseada no desenvolvimento de projeto de tese para a proposi\u00e7\u00e3o de uma <strong>cibern\u00e9tica de terceira ordem<\/strong> como tecnodiplom\u00e1tica entre sistemas de controle (mundo dos dados) e de composi\u00e7\u00e3o (mundo das ideias).<\/p>\n\n\n\n<h3 class=\"wp-block-heading\"><strong>4 SOBRE A METODOLOGIA EXTRALIBRIS<\/strong><\/h3>\n\n\n\n<figure class=\"wp-block-image size-large\"><img loading=\"lazy\" decoding=\"async\" width=\"1024\" height=\"666\" src=\"https:\/\/fabianocaruso.com\/wp-content\/uploads\/sites\/10\/2026\/02\/extralibriscolecoesconectadas-1024x666.jpg\" alt=\"\" class=\"wp-image-10039\" srcset=\"https:\/\/extralibris.net\/caruso\/wp-content\/uploads\/sites\/10\/2026\/02\/extralibriscolecoesconectadas-1024x666.jpg 1024w, https:\/\/extralibris.net\/caruso\/wp-content\/uploads\/sites\/10\/2026\/02\/extralibriscolecoesconectadas-300x195.jpg 300w, https:\/\/extralibris.net\/caruso\/wp-content\/uploads\/sites\/10\/2026\/02\/extralibriscolecoesconectadas-768x499.jpg 768w\" sizes=\"auto, (max-width: 1024px) 100vw, 1024px\" \/><\/figure>\n\n\n\n<p class=\"has-medium-font-size wp-block-paragraph\">A ExtraLibris opera em um <em>loop<\/em> cont\u00ednuo de retroalimenta\u00e7\u00e3o criativa: a <strong>Curadoria Figital de Cole\u00e7\u00f5es Conectadas<\/strong> prop\u00f5e temas e organiza os <strong>Lugares<\/strong> com <strong>Sele\u00e7\u00f5es<\/strong> de <strong>Itens<\/strong>. O <strong>Participante<\/strong>, imerso na experi\u00eancia <strong>f\u00edsica + digital<\/strong>, interage com esses itens e publica seus <em>insights<\/em> e cria\u00e7\u00f5es na web aberta. Esse conte\u00fado gerado pelo participante retorna ao sistema, enriquecendo o cat\u00e1logo e gerando novas camadas de <strong>Autonomia e Colabora\u00e7\u00e3o<\/strong>, que, por sua vez, reiniciar\u00e3o o ciclo.<\/p>\n\n\n\n<h3 class=\"wp-block-heading\"><strong>5 HOSPEDAGEM EM FIGITECA.COM<\/strong><\/h3>\n\n\n\n<figure class=\"wp-block-image size-large\"><img loading=\"lazy\" decoding=\"async\" width=\"1024\" height=\"405\" src=\"https:\/\/fabianocaruso.com\/wp-content\/uploads\/sites\/10\/2025\/08\/figitecaextralibris-1024x405.png\" alt=\"\" class=\"wp-image-9849\" srcset=\"https:\/\/extralibris.net\/caruso\/wp-content\/uploads\/sites\/10\/2025\/08\/figitecaextralibris-1024x405.png 1024w, https:\/\/extralibris.net\/caruso\/wp-content\/uploads\/sites\/10\/2025\/08\/figitecaextralibris-300x119.png 300w, https:\/\/extralibris.net\/caruso\/wp-content\/uploads\/sites\/10\/2025\/08\/figitecaextralibris-768x304.png 768w\" sizes=\"auto, (max-width: 1024px) 100vw, 1024px\" \/><\/figure>\n\n\n\n<p class=\"has-medium-font-size wp-block-paragraph\">A plataforma <strong>extralibris.net<\/strong> \u00e9 o suporte digital da Curadoria Figital em que os projetos s\u00e3o hospedados e acess\u00edveis ao p\u00fablico a partir da cria\u00e7\u00e3o de endere\u00e7os personalizados, antes, durante e ap\u00f3s os eventos &#8211; servindo como nosso principal canal de relacionamento.<\/p>\n\n\n\n<p class=\"has-medium-font-size wp-block-paragraph\">Aqui, livros, objetos e registros documentais n\u00e3o ficam apenas guardados: eles s\u00e3o <strong>promotores de ideias, conex\u00f5es e intelig\u00eancias coletivas<\/strong>.<\/p>\n\n\n\n<p class=\"has-medium-font-size wp-block-paragraph\">As <strong>Figitecas<\/strong> criam <strong>ambientes figitais (f\u00edsico + digitais) din\u00e2micos<\/strong>, onde as ideias circulam, se transformam e se compartilham \u2014 conectando pessoas, hist\u00f3rias e projetos com prop\u00f3sito.<\/p>\n\n\n\n<p class=\"has-medium-font-size wp-block-paragraph\">Nela, profissionais e institui\u00e7\u00f5es podem implementar Figitecas \u2014 organizando itens f\u00edsicos e digitais em lugares, sele\u00e7\u00f5es e eventos. A plataforma disponibiliza as ferramentas para transformar diferentes tipos de objetos de aprendizagem em <strong>redes vivas de conhecimento, cultura e mem\u00f3ria ativa<\/strong>.<\/p>\n\n\n\n<h3 class=\"wp-block-heading\"><strong>6 QUER ORGANIZAR CURADORIAS CONECTADAS?<\/strong><\/h3>\n\n\n\n<p class=\"has-medium-font-size wp-block-paragraph\">Contate-me, <strong>Fabiano Caruso<\/strong>, pelo email <a href=\"mailto:fabianocaruso@gmail.com\">fabianocaruso@gmail.com<\/a>.<\/p>\n<\/div><\/div><\/div>\n<\/div><\/div><\/div>\n","protected":false},"excerpt":{"rendered":"","protected":false},"author":1,"featured_media":0,"parent":0,"menu_order":5,"comment_status":"closed","ping_status":"closed","template":"","meta":{"_genesis_hide_title":true,"_genesis_hide_breadcrumbs":true,"_genesis_hide_singular_image":false,"_genesis_hide_footer_widgets":true,"_genesis_custom_body_class":"","_genesis_custom_post_class":"","_genesis_layout":"","footnotes":""},"class_list":["post-5265","page","type-page","status-publish","entry"],"yoast_head":"<!-- This site is optimized with the Yoast SEO plugin v28.3 - https:\/\/yoast.com\/product\/yoast-seo-wordpress\/ -->\n<title>ExtraLibris - Curadoria Figital de Cole\u00e7\u00f5es Conectadas<\/title>\n<meta name=\"robots\" content=\"index, follow, max-snippet:-1, max-image-preview:large, max-video-preview:-1\" \/>\n<link rel=\"canonical\" href=\"https:\/\/extralibris.net\/caruso\/extralibris\/\" \/>\n<meta property=\"og:locale\" content=\"pt_BR\" \/>\n<meta property=\"og:type\" content=\"article\" \/>\n<meta property=\"og:title\" content=\"ExtraLibris - Curadoria Figital de Cole\u00e7\u00f5es Conectadas\" \/>\n<meta property=\"og:url\" content=\"https:\/\/extralibris.net\/caruso\/extralibris\/\" \/>\n<meta property=\"og:site_name\" content=\"Fabiano Caruso\" \/>\n<meta property=\"article:modified_time\" content=\"2026-02-23T01:09:58+00:00\" \/>\n<meta property=\"og:image\" content=\"https:\/\/fabianocaruso.com\/wp-content\/uploads\/sites\/10\/2020\/05\/logoextralibrisclean.png\" \/>\n<meta name=\"twitter:card\" content=\"summary_large_image\" \/>\n<meta name=\"twitter:label1\" content=\"Est. tempo de leitura\" \/>\n\t<meta name=\"twitter:data1\" content=\"4 minutos\" \/>\n<script type=\"application\/ld+json\" class=\"yoast-schema-graph\">{\"@context\":\"https:\\\/\\\/schema.org\",\"@graph\":[{\"@type\":\"WebPage\",\"@id\":\"https:\\\/\\\/extralibris.net\\\/caruso\\\/extralibris\\\/\",\"url\":\"https:\\\/\\\/extralibris.net\\\/caruso\\\/extralibris\\\/\",\"name\":\"ExtraLibris - Curadoria Figital de Cole\u00e7\u00f5es Conectadas\",\"isPartOf\":{\"@id\":\"https:\\\/\\\/extralibris.net\\\/caruso\\\/#website\"},\"primaryImageOfPage\":{\"@id\":\"https:\\\/\\\/extralibris.net\\\/caruso\\\/extralibris\\\/#primaryimage\"},\"image\":{\"@id\":\"https:\\\/\\\/extralibris.net\\\/caruso\\\/extralibris\\\/#primaryimage\"},\"thumbnailUrl\":\"https:\\\/\\\/fabianocaruso.com\\\/wp-content\\\/uploads\\\/sites\\\/10\\\/2020\\\/05\\\/logoextralibrisclean.png\",\"datePublished\":\"2019-11-26T13:05:07+00:00\",\"dateModified\":\"2026-02-23T01:09:58+00:00\",\"breadcrumb\":{\"@id\":\"https:\\\/\\\/extralibris.net\\\/caruso\\\/extralibris\\\/#breadcrumb\"},\"inLanguage\":\"pt-BR\",\"potentialAction\":[{\"@type\":\"ReadAction\",\"target\":[\"https:\\\/\\\/extralibris.net\\\/caruso\\\/extralibris\\\/\"]}]},{\"@type\":\"ImageObject\",\"inLanguage\":\"pt-BR\",\"@id\":\"https:\\\/\\\/extralibris.net\\\/caruso\\\/extralibris\\\/#primaryimage\",\"url\":\"https:\\\/\\\/fabianocaruso.com\\\/wp-content\\\/uploads\\\/sites\\\/10\\\/2020\\\/05\\\/logoextralibrisclean.png\",\"contentUrl\":\"https:\\\/\\\/fabianocaruso.com\\\/wp-content\\\/uploads\\\/sites\\\/10\\\/2020\\\/05\\\/logoextralibrisclean.png\"},{\"@type\":\"BreadcrumbList\",\"@id\":\"https:\\\/\\\/extralibris.net\\\/caruso\\\/extralibris\\\/#breadcrumb\",\"itemListElement\":[{\"@type\":\"ListItem\",\"position\":1,\"name\":\"In\u00edcio\",\"item\":\"https:\\\/\\\/extralibris.net\\\/caruso\\\/\"},{\"@type\":\"ListItem\",\"position\":2,\"name\":\"EXTRALIBRIS\"}]},{\"@type\":\"WebSite\",\"@id\":\"https:\\\/\\\/extralibris.net\\\/caruso\\\/#website\",\"url\":\"https:\\\/\\\/extralibris.net\\\/caruso\\\/\",\"name\":\"Fabiano Caruso\",\"description\":\"\",\"publisher\":{\"@id\":\"https:\\\/\\\/extralibris.net\\\/caruso\\\/#organization\"},\"potentialAction\":[{\"@type\":\"SearchAction\",\"target\":{\"@type\":\"EntryPoint\",\"urlTemplate\":\"https:\\\/\\\/extralibris.net\\\/caruso\\\/?s={search_term_string}\"},\"query-input\":{\"@type\":\"PropertyValueSpecification\",\"valueRequired\":true,\"valueName\":\"search_term_string\"}}],\"inLanguage\":\"pt-BR\"},{\"@type\":\"Organization\",\"@id\":\"https:\\\/\\\/extralibris.net\\\/caruso\\\/#organization\",\"name\":\"Fabiano Caruso\",\"url\":\"https:\\\/\\\/extralibris.net\\\/caruso\\\/\",\"logo\":{\"@type\":\"ImageObject\",\"inLanguage\":\"pt-BR\",\"@id\":\"https:\\\/\\\/extralibris.net\\\/caruso\\\/#\\\/schema\\\/logo\\\/image\\\/\",\"url\":\"https:\\\/\\\/extralibris.net\\\/caruso\\\/wp-content\\\/uploads\\\/sites\\\/10\\\/2021\\\/08\\\/extralibrisorgtopo.png\",\"contentUrl\":\"https:\\\/\\\/extralibris.net\\\/caruso\\\/wp-content\\\/uploads\\\/sites\\\/10\\\/2021\\\/08\\\/extralibrisorgtopo.png\",\"width\":240,\"height\":120,\"caption\":\"Fabiano Caruso\"},\"image\":{\"@id\":\"https:\\\/\\\/extralibris.net\\\/caruso\\\/#\\\/schema\\\/logo\\\/image\\\/\"}}]}<\/script>\n<!-- \/ Yoast SEO plugin. -->","yoast_head_json":{"title":"ExtraLibris - Curadoria Figital de Cole\u00e7\u00f5es Conectadas","robots":{"index":"index","follow":"follow","max-snippet":"max-snippet:-1","max-image-preview":"max-image-preview:large","max-video-preview":"max-video-preview:-1"},"canonical":"https:\/\/extralibris.net\/caruso\/extralibris\/","og_locale":"pt_BR","og_type":"article","og_title":"ExtraLibris - Curadoria Figital de Cole\u00e7\u00f5es Conectadas","og_url":"https:\/\/extralibris.net\/caruso\/extralibris\/","og_site_name":"Fabiano Caruso","article_modified_time":"2026-02-23T01:09:58+00:00","og_image":[{"url":"https:\/\/fabianocaruso.com\/wp-content\/uploads\/sites\/10\/2020\/05\/logoextralibrisclean.png","type":"","width":"","height":""}],"twitter_card":"summary_large_image","twitter_misc":{"Est. tempo de leitura":"4 minutos"},"schema":{"@context":"https:\/\/schema.org","@graph":[{"@type":"WebPage","@id":"https:\/\/extralibris.net\/caruso\/extralibris\/","url":"https:\/\/extralibris.net\/caruso\/extralibris\/","name":"ExtraLibris - Curadoria Figital de Cole\u00e7\u00f5es Conectadas","isPartOf":{"@id":"https:\/\/extralibris.net\/caruso\/#website"},"primaryImageOfPage":{"@id":"https:\/\/extralibris.net\/caruso\/extralibris\/#primaryimage"},"image":{"@id":"https:\/\/extralibris.net\/caruso\/extralibris\/#primaryimage"},"thumbnailUrl":"https:\/\/fabianocaruso.com\/wp-content\/uploads\/sites\/10\/2020\/05\/logoextralibrisclean.png","datePublished":"2019-11-26T13:05:07+00:00","dateModified":"2026-02-23T01:09:58+00:00","breadcrumb":{"@id":"https:\/\/extralibris.net\/caruso\/extralibris\/#breadcrumb"},"inLanguage":"pt-BR","potentialAction":[{"@type":"ReadAction","target":["https:\/\/extralibris.net\/caruso\/extralibris\/"]}]},{"@type":"ImageObject","inLanguage":"pt-BR","@id":"https:\/\/extralibris.net\/caruso\/extralibris\/#primaryimage","url":"https:\/\/fabianocaruso.com\/wp-content\/uploads\/sites\/10\/2020\/05\/logoextralibrisclean.png","contentUrl":"https:\/\/fabianocaruso.com\/wp-content\/uploads\/sites\/10\/2020\/05\/logoextralibrisclean.png"},{"@type":"BreadcrumbList","@id":"https:\/\/extralibris.net\/caruso\/extralibris\/#breadcrumb","itemListElement":[{"@type":"ListItem","position":1,"name":"In\u00edcio","item":"https:\/\/extralibris.net\/caruso\/"},{"@type":"ListItem","position":2,"name":"EXTRALIBRIS"}]},{"@type":"WebSite","@id":"https:\/\/extralibris.net\/caruso\/#website","url":"https:\/\/extralibris.net\/caruso\/","name":"Fabiano Caruso","description":"","publisher":{"@id":"https:\/\/extralibris.net\/caruso\/#organization"},"potentialAction":[{"@type":"SearchAction","target":{"@type":"EntryPoint","urlTemplate":"https:\/\/extralibris.net\/caruso\/?s={search_term_string}"},"query-input":{"@type":"PropertyValueSpecification","valueRequired":true,"valueName":"search_term_string"}}],"inLanguage":"pt-BR"},{"@type":"Organization","@id":"https:\/\/extralibris.net\/caruso\/#organization","name":"Fabiano Caruso","url":"https:\/\/extralibris.net\/caruso\/","logo":{"@type":"ImageObject","inLanguage":"pt-BR","@id":"https:\/\/extralibris.net\/caruso\/#\/schema\/logo\/image\/","url":"https:\/\/extralibris.net\/caruso\/wp-content\/uploads\/sites\/10\/2021\/08\/extralibrisorgtopo.png","contentUrl":"https:\/\/extralibris.net\/caruso\/wp-content\/uploads\/sites\/10\/2021\/08\/extralibrisorgtopo.png","width":240,"height":120,"caption":"Fabiano Caruso"},"image":{"@id":"https:\/\/extralibris.net\/caruso\/#\/schema\/logo\/image\/"}}]}},"featured_image_src":null,"featured_image_src_square":null,"_links":{"self":[{"href":"https:\/\/extralibris.net\/caruso\/wp-json\/wp\/v2\/pages\/5265","targetHints":{"allow":["GET"]}}],"collection":[{"href":"https:\/\/extralibris.net\/caruso\/wp-json\/wp\/v2\/pages"}],"about":[{"href":"https:\/\/extralibris.net\/caruso\/wp-json\/wp\/v2\/types\/page"}],"author":[{"embeddable":true,"href":"https:\/\/extralibris.net\/caruso\/wp-json\/wp\/v2\/users\/1"}],"replies":[{"embeddable":true,"href":"https:\/\/extralibris.net\/caruso\/wp-json\/wp\/v2\/comments?post=5265"}],"version-history":[{"count":117,"href":"https:\/\/extralibris.net\/caruso\/wp-json\/wp\/v2\/pages\/5265\/revisions"}],"predecessor-version":[{"id":10064,"href":"https:\/\/extralibris.net\/caruso\/wp-json\/wp\/v2\/pages\/5265\/revisions\/10064"}],"wp:attachment":[{"href":"https:\/\/extralibris.net\/caruso\/wp-json\/wp\/v2\/media?parent=5265"}],"curies":[{"name":"wp","href":"https:\/\/api.w.org\/{rel}","templated":true}]}}