{"id":4151,"date":"2024-07-01T08:49:39","date_gmt":"2024-07-01T11:49:39","guid":{"rendered":"https:\/\/fabianocaruso.com\/?page_id=4151"},"modified":"2026-07-25T09:48:00","modified_gmt":"2026-07-25T12:48:00","slug":"estante-conectada","status":"publish","type":"page","link":"https:\/\/extralibris.net\/caruso\/estante-conectada\/","title":{"rendered":"BIBLIOTECA"},"content":{"rendered":"\n<p class=\"wp-block-paragraph\"><div class=\"collections\"><h2>prateleira 01<\/h2><p>Cole\u00e7\u00f5es de livros na primeira prateleira da minha estante em casa.<\/p><div class=\"collection\"><article class=\"1261 books type-books status-publish has-post-thumbnail book-series-artes entry genesis-author-pro-book\" itemscope=\"\" itemtype=\"https:\/\/schema.org\/CreativeWork\">      <div class=\"entry-content\" itemprop=\"text\">          <a href=\"https:\/\/extralibris.net\/caruso\/item\/501-grandes-escritores\/\"><img decoding=\"async\" src=\"https:\/\/extralibris.net\/caruso\/wp-content\/uploads\/sites\/10\/2019\/07\/501-grandes-escritores.png\" style=\"width:80%;\" \/><\/a>          <a href=\"https:\/\/extralibris.net\/caruso\/item\/501-grandes-escritores\/\" rel=\"bookmark\" style=\"display:none;\"><span>501 grandes escritores<\/span>          <\/a>      <\/div><\/article><article class=\"1157 books type-books status-publish has-post-thumbnail book-series-artes entry genesis-author-pro-book\" itemscope=\"\" itemtype=\"https:\/\/schema.org\/CreativeWork\">      <div class=\"entry-content\" itemprop=\"text\">          <a href=\"https:\/\/extralibris.net\/caruso\/item\/genio\/\"><img decoding=\"async\" src=\"https:\/\/extralibris.net\/caruso\/wp-content\/uploads\/sites\/10\/2019\/07\/Genio.png\" style=\"width:80%;\" \/><\/a>          <a href=\"https:\/\/extralibris.net\/caruso\/item\/genio\/\" rel=\"bookmark\" style=\"display:none;\"><span>G\u00eanio<\/span>          <\/a>      <\/div><\/article><article class=\"1133 books type-books status-publish has-post-thumbnail book-series-artes entry genesis-author-pro-book\" itemscope=\"\" itemtype=\"https:\/\/schema.org\/CreativeWork\">      <div class=\"entry-content\" itemprop=\"text\">          <a href=\"https:\/\/extralibris.net\/caruso\/item\/cartas-a-um-jovem-contestador\/\"><img decoding=\"async\" src=\"https:\/\/extralibris.net\/caruso\/wp-content\/uploads\/sites\/10\/2019\/07\/Cartas-a-um-jovem-contestador.png\" style=\"width:80%;\" \/><\/a>          <a href=\"https:\/\/extralibris.net\/caruso\/item\/cartas-a-um-jovem-contestador\/\" rel=\"bookmark\" style=\"display:none;\"><span>Cartas a um jovem contestador<\/span>          <\/a>      <\/div><\/article><article class=\"1068 books type-books status-publish has-post-thumbnail book-series-artes entry genesis-author-pro-book\" itemscope=\"\" itemtype=\"https:\/\/schema.org\/CreativeWork\">      <div class=\"entry-content\" itemprop=\"text\">          <a href=\"https:\/\/extralibris.net\/caruso\/item\/as-aventuras-de-pi\/\"><img decoding=\"async\" src=\"https:\/\/extralibris.net\/caruso\/wp-content\/uploads\/sites\/10\/2019\/07\/As-aventuras-de-pi.png\" style=\"width:80%;\" \/><\/a>          <a href=\"https:\/\/extralibris.net\/caruso\/item\/as-aventuras-de-pi\/\" rel=\"bookmark\" style=\"display:none;\"><span>As aventuras de pi<\/span>          <\/a>      <\/div><\/article><article class=\"1066 books type-books status-publish has-post-thumbnail book-series-artes entry genesis-author-pro-book\" itemscope=\"\" itemtype=\"https:\/\/schema.org\/CreativeWork\">      <div class=\"entry-content\" itemprop=\"text\">          <a href=\"https:\/\/extralibris.net\/caruso\/item\/fahrenheit-451\/\"><img decoding=\"async\" src=\"https:\/\/extralibris.net\/caruso\/wp-content\/uploads\/sites\/10\/2019\/07\/Fahrenheit-451.png\" style=\"width:80%;\" \/><\/a>          <a href=\"https:\/\/extralibris.net\/caruso\/item\/fahrenheit-451\/\" rel=\"bookmark\" style=\"display:none;\"><span>Fahrenheit 451<\/span>          <\/a>      <\/div><\/article><article class=\"1056 books type-books status-publish has-post-thumbnail book-series-artes entry genesis-author-pro-book\" itemscope=\"\" itemtype=\"https:\/\/schema.org\/CreativeWork\">      <div class=\"entry-content\" itemprop=\"text\">          <a href=\"https:\/\/extralibris.net\/caruso\/item\/enclausurado\/\"><img decoding=\"async\" src=\"https:\/\/extralibris.net\/caruso\/wp-content\/uploads\/sites\/10\/2019\/07\/Enclausurado.png\" style=\"width:80%;\" \/><\/a>          <a href=\"https:\/\/extralibris.net\/caruso\/item\/enclausurado\/\" rel=\"bookmark\" style=\"display:none;\"><span>Enclausurado<\/span>          <\/a>      <\/div><\/article><article class=\"1054 books type-books status-publish has-post-thumbnail book-series-artes entry genesis-author-pro-book\" itemscope=\"\" itemtype=\"https:\/\/schema.org\/CreativeWork\">      <div class=\"entry-content\" itemprop=\"text\">          <a href=\"https:\/\/extralibris.net\/caruso\/item\/anna-karienina\/\"><img decoding=\"async\" src=\"https:\/\/extralibris.net\/caruso\/wp-content\/uploads\/sites\/10\/2019\/07\/Anna-Karienina.png\" style=\"width:80%;\" \/><\/a>          <a href=\"https:\/\/extralibris.net\/caruso\/item\/anna-karienina\/\" rel=\"bookmark\" style=\"display:none;\"><span>Anna Kari\u00eanina<\/span>          <\/a>      <\/div><\/article><article class=\"1048 books type-books status-publish has-post-thumbnail book-series-artes entry genesis-author-pro-book\" itemscope=\"\" itemtype=\"https:\/\/schema.org\/CreativeWork\">      <div class=\"entry-content\" itemprop=\"text\">          <a href=\"https:\/\/extralibris.net\/caruso\/item\/1q84\/\"><img decoding=\"async\" src=\"https:\/\/extralibris.net\/caruso\/wp-content\/uploads\/sites\/10\/2019\/07\/1Q84.png\" style=\"width:80%;\" \/><\/a>          <a href=\"https:\/\/extralibris.net\/caruso\/item\/1q84\/\" rel=\"bookmark\" style=\"display:none;\"><span>1Q84<\/span>          <\/a>      <\/div><\/article><article class=\"1008 books type-books status-publish has-post-thumbnail book-series-artes entry genesis-author-pro-book\" itemscope=\"\" itemtype=\"https:\/\/schema.org\/CreativeWork\">      <div class=\"entry-content\" itemprop=\"text\">          <a href=\"https:\/\/extralibris.net\/caruso\/item\/o-gigante-enterrado\/\"><img decoding=\"async\" src=\"https:\/\/extralibris.net\/caruso\/wp-content\/uploads\/sites\/10\/2019\/07\/O-gigante-enterrado.png\" style=\"width:80%;\" \/><\/a>          <a href=\"https:\/\/extralibris.net\/caruso\/item\/o-gigante-enterrado\/\" rel=\"bookmark\" style=\"display:none;\"><span>O gigante enterrado<\/span>          <\/a>      <\/div><\/article><article class=\"1006 books type-books status-publish has-post-thumbnail book-series-artes entry genesis-author-pro-book\" itemscope=\"\" itemtype=\"https:\/\/schema.org\/CreativeWork\">      <div class=\"entry-content\" itemprop=\"text\">          <a href=\"https:\/\/extralibris.net\/caruso\/item\/o-prazer-de-ler-os-classicos\/\"><img decoding=\"async\" src=\"https:\/\/extralibris.net\/caruso\/wp-content\/uploads\/sites\/10\/2019\/07\/O-prazer-de-ler-os-classicos.png\" style=\"width:80%;\" \/><\/a>          <a href=\"https:\/\/extralibris.net\/caruso\/item\/o-prazer-de-ler-os-classicos\/\" rel=\"bookmark\" style=\"display:none;\"><span>O prazer de ler os cl\u00e1ssicos<\/span>          <\/a>      <\/div><\/article><article class=\"998 books type-books status-publish has-post-thumbnail book-series-artes entry genesis-author-pro-book\" itemscope=\"\" itemtype=\"https:\/\/schema.org\/CreativeWork\">      <div class=\"entry-content\" itemprop=\"text\">          <a href=\"https:\/\/extralibris.net\/caruso\/item\/para-ler-como-um-escritor-um-guia-para-quem-gosta-de-livros-e-para-quem-quer-escreve-los\/\"><img decoding=\"async\" src=\"https:\/\/extralibris.net\/caruso\/wp-content\/uploads\/sites\/10\/2019\/07\/Para-ler-como-um-escritor.png\" style=\"width:80%;\" \/><\/a>          <a href=\"https:\/\/extralibris.net\/caruso\/item\/para-ler-como-um-escritor-um-guia-para-quem-gosta-de-livros-e-para-quem-quer-escreve-los\/\" rel=\"bookmark\" style=\"display:none;\"><span>Para ler como um escritor: Um guia para quem gosta de livros e para quem quer escrev\u00ea-los<\/span>          <\/a>      <\/div><\/article><article class=\"968 books type-books status-publish has-post-thumbnail book-series-artes entry genesis-author-pro-book\" itemscope=\"\" itemtype=\"https:\/\/schema.org\/CreativeWork\">      <div class=\"entry-content\" itemprop=\"text\">          <a href=\"https:\/\/extralibris.net\/caruso\/item\/graca-infinita\/\"><img decoding=\"async\" src=\"https:\/\/extralibris.net\/caruso\/wp-content\/uploads\/sites\/10\/2019\/07\/Graca-infinita.png\" style=\"width:80%;\" \/><\/a>          <a href=\"https:\/\/extralibris.net\/caruso\/item\/graca-infinita\/\" rel=\"bookmark\" style=\"display:none;\"><span>Gra\u00e7a infinita<\/span>          <\/a>      <\/div><\/article><article class=\"953 books type-books status-publish has-post-thumbnail book-series-artes entry genesis-author-pro-book\" itemscope=\"\" itemtype=\"https:\/\/schema.org\/CreativeWork\">      <div class=\"entry-content\" itemprop=\"text\">          <a href=\"https:\/\/extralibris.net\/caruso\/item\/austerlitz\/\"><img decoding=\"async\" src=\"https:\/\/extralibris.net\/caruso\/wp-content\/uploads\/sites\/10\/2019\/07\/Austerlitz.png\" style=\"width:80%;\" \/><\/a>          <a href=\"https:\/\/extralibris.net\/caruso\/item\/austerlitz\/\" rel=\"bookmark\" style=\"display:none;\"><span>Austerlitz<\/span>          <\/a>      <\/div><\/article><article class=\"173 books type-books status-publish has-post-thumbnail book-series-artes entry genesis-author-pro-book\" itemscope=\"\" itemtype=\"https:\/\/schema.org\/CreativeWork\">      <div class=\"entry-content\" itemprop=\"text\">          <a href=\"https:\/\/extralibris.net\/caruso\/item\/a-insustentavel-leveza-do-ser\/\"><img decoding=\"async\" src=\"https:\/\/extralibris.net\/caruso\/wp-content\/uploads\/sites\/10\/2019\/02\/ainsustentavellevezadoser.png\" style=\"width:80%;\" \/><\/a>          <a href=\"https:\/\/extralibris.net\/caruso\/item\/a-insustentavel-leveza-do-ser\/\" rel=\"bookmark\" style=\"display:none;\"><span>A insustent\u00e1vel leveza do ser<\/span>          <\/a>      <\/div><\/article><article class=\"52 books type-books status-publish has-post-thumbnail book-series-artes entry genesis-author-pro-book\" itemscope=\"\" itemtype=\"https:\/\/schema.org\/CreativeWork\">      <div class=\"entry-content\" itemprop=\"text\">          <a href=\"https:\/\/extralibris.net\/caruso\/item\/a-arte-da-ficcao\/\"><img decoding=\"async\" src=\"https:\/\/extralibris.net\/caruso\/wp-content\/uploads\/sites\/10\/2018\/12\/A-arte-da-ficcao.png\" style=\"width:80%;\" \/><\/a>          <a href=\"https:\/\/extralibris.net\/caruso\/item\/a-arte-da-ficcao\/\" rel=\"bookmark\" style=\"display:none;\"><span>A arte da fic\u00e7\u00e3o<\/span>          <\/a>      <\/div><\/article><\/div><\/div>\n\n\n\n<p class=\"wp-block-paragraph\"><div class=\"collections\"><h2>prateleira 02<\/h2><p>Cole\u00e7\u00f5es de livros na segunda prateleira da minha estante em casa.<\/p><div class=\"collection\"><article class=\"1277 books type-books status-publish has-post-thumbnail book-series-artes entry genesis-author-pro-book\" itemscope=\"\" itemtype=\"https:\/\/schema.org\/CreativeWork\">      <div class=\"entry-content\" itemprop=\"text\">          <a href=\"https:\/\/extralibris.net\/caruso\/item\/espiritualidade-para-ceticos\/\"><img decoding=\"async\" src=\"https:\/\/extralibris.net\/caruso\/wp-content\/uploads\/sites\/10\/2019\/07\/Espiritualidade-para-ceticos.png\" style=\"width:80%;\" \/><\/a>          <a href=\"https:\/\/extralibris.net\/caruso\/item\/espiritualidade-para-ceticos\/\" rel=\"bookmark\" style=\"display:none;\"><span>Espiritualidade para c\u00e9ticos<\/span>          <\/a>      <\/div><\/article><article class=\"1276 books type-books status-publish has-post-thumbnail book-series-artes entry genesis-author-pro-book\" itemscope=\"\" itemtype=\"https:\/\/schema.org\/CreativeWork\">      <div class=\"entry-content\" itemprop=\"text\">          <a href=\"https:\/\/extralibris.net\/caruso\/item\/o-fim-do-poder\/\"><img decoding=\"async\" src=\"https:\/\/extralibris.net\/caruso\/wp-content\/uploads\/sites\/10\/2019\/07\/O-fim-do-poder.png\" style=\"width:80%;\" \/><\/a>          <a href=\"https:\/\/extralibris.net\/caruso\/item\/o-fim-do-poder\/\" rel=\"bookmark\" style=\"display:none;\"><span>O fim do poder<\/span>          <\/a>      <\/div><\/article><article class=\"1267 books type-books status-publish has-post-thumbnail book-series-artes entry genesis-author-pro-book\" itemscope=\"\" itemtype=\"https:\/\/schema.org\/CreativeWork\">      <div class=\"entry-content\" itemprop=\"text\">          <a href=\"https:\/\/extralibris.net\/caruso\/item\/verdade-um-guia-para-os-perplexos\/\"><img decoding=\"async\" src=\"https:\/\/extralibris.net\/caruso\/wp-content\/uploads\/sites\/10\/2019\/07\/Verdade-um-guia-para-perplexos.png\" style=\"width:80%;\" \/><\/a>          <a href=\"https:\/\/extralibris.net\/caruso\/item\/verdade-um-guia-para-os-perplexos\/\" rel=\"bookmark\" style=\"display:none;\"><span>Verdade: um guia para os perplexos<\/span>          <\/a>      <\/div><\/article><article class=\"1263 books type-books status-publish has-post-thumbnail book-series-artes entry genesis-author-pro-book\" itemscope=\"\" itemtype=\"https:\/\/schema.org\/CreativeWork\">      <div class=\"entry-content\" itemprop=\"text\">          <a href=\"https:\/\/extralibris.net\/caruso\/item\/alucinacoes-musicais\/\"><img decoding=\"async\" src=\"https:\/\/extralibris.net\/caruso\/wp-content\/uploads\/sites\/10\/2019\/07\/Alucinacoes-musicais.png\" style=\"width:80%;\" \/><\/a>          <a href=\"https:\/\/extralibris.net\/caruso\/item\/alucinacoes-musicais\/\" rel=\"bookmark\" style=\"display:none;\"><span>Alucina\u00e7\u00f5es musicais<\/span>          <\/a>      <\/div><\/article><article class=\"1222 books type-books status-publish has-post-thumbnail book-series-artes entry genesis-author-pro-book\" itemscope=\"\" itemtype=\"https:\/\/schema.org\/CreativeWork\">      <div class=\"entry-content\" itemprop=\"text\">          <a href=\"https:\/\/extralibris.net\/caruso\/item\/auto-engano\/\"><img decoding=\"async\" src=\"https:\/\/extralibris.net\/caruso\/wp-content\/uploads\/sites\/10\/2019\/07\/Auto-engano.png\" style=\"width:80%;\" \/><\/a>          <a href=\"https:\/\/extralibris.net\/caruso\/item\/auto-engano\/\" rel=\"bookmark\" style=\"display:none;\"><span>Auto engano<\/span>          <\/a>      <\/div><\/article><article class=\"1217 books type-books status-publish has-post-thumbnail book-series-artes entry genesis-author-pro-book\" itemscope=\"\" itemtype=\"https:\/\/schema.org\/CreativeWork\">      <div class=\"entry-content\" itemprop=\"text\">          <a href=\"https:\/\/extralibris.net\/caruso\/item\/a-origem-do-genio-perspectivas-darwinianas-sobre-a-criatividade\/\"><img decoding=\"async\" src=\"https:\/\/extralibris.net\/caruso\/wp-content\/uploads\/sites\/10\/2019\/07\/A-origem-do-genio.png\" style=\"width:80%;\" \/><\/a>          <a href=\"https:\/\/extralibris.net\/caruso\/item\/a-origem-do-genio-perspectivas-darwinianas-sobre-a-criatividade\/\" rel=\"bookmark\" style=\"display:none;\"><span>A origem do g\u00eanio: perspectivas darwinianas sobre a criatividade<\/span>          <\/a>      <\/div><\/article><article class=\"1211 books type-books status-publish has-post-thumbnail book-series-artes entry genesis-author-pro-book\" itemscope=\"\" itemtype=\"https:\/\/schema.org\/CreativeWork\">      <div class=\"entry-content\" itemprop=\"text\">          <a href=\"https:\/\/extralibris.net\/caruso\/item\/o-andar-do-bebado-como-o-acaso-determina-nossas-vidas\/\"><img decoding=\"async\" src=\"https:\/\/extralibris.net\/caruso\/wp-content\/uploads\/sites\/10\/2019\/07\/O-andar-do-bebado.png\" style=\"width:80%;\" \/><\/a>          <a href=\"https:\/\/extralibris.net\/caruso\/item\/o-andar-do-bebado-como-o-acaso-determina-nossas-vidas\/\" rel=\"bookmark\" style=\"display:none;\"><span>O andar do b\u00eabado: Como o acaso determina nossas vidas<\/span>          <\/a>      <\/div><\/article><article class=\"1196 books type-books status-publish has-post-thumbnail book-series-artes entry genesis-author-pro-book\" itemscope=\"\" itemtype=\"https:\/\/schema.org\/CreativeWork\">      <div class=\"entry-content\" itemprop=\"text\">          <a href=\"https:\/\/extralibris.net\/caruso\/item\/homo-deus-uma-breve-historia-do-amanha\/\"><img decoding=\"async\" src=\"https:\/\/extralibris.net\/caruso\/wp-content\/uploads\/sites\/10\/2019\/07\/Homo-Deus.png\" style=\"width:80%;\" \/><\/a>          <a href=\"https:\/\/extralibris.net\/caruso\/item\/homo-deus-uma-breve-historia-do-amanha\/\" rel=\"bookmark\" style=\"display:none;\"><span>Homo Deus: uma breve hist\u00f3ria do amanh\u00e3<\/span>          <\/a>      <\/div><\/article><article class=\"1194 books type-books status-publish has-post-thumbnail book-series-artes entry genesis-author-pro-book\" itemscope=\"\" itemtype=\"https:\/\/schema.org\/CreativeWork\">      <div class=\"entry-content\" itemprop=\"text\">          <a href=\"https:\/\/extralibris.net\/caruso\/item\/sapiens-uma-breve-historia-da-humanidade\/\"><img decoding=\"async\" src=\"https:\/\/extralibris.net\/caruso\/wp-content\/uploads\/sites\/10\/2019\/07\/Sapiens.png\" style=\"width:80%;\" \/><\/a>          <a href=\"https:\/\/extralibris.net\/caruso\/item\/sapiens-uma-breve-historia-da-humanidade\/\" rel=\"bookmark\" style=\"display:none;\"><span>Sapiens &#8211; Uma Breve Hist\u00f3ria da Humanidade<\/span>          <\/a>      <\/div><\/article><article class=\"1192 books type-books status-publish has-post-thumbnail book-series-artes entry genesis-author-pro-book\" itemscope=\"\" itemtype=\"https:\/\/schema.org\/CreativeWork\">      <div class=\"entry-content\" itemprop=\"text\">          <a href=\"https:\/\/extralibris.net\/caruso\/item\/em-casa\/\"><img decoding=\"async\" src=\"https:\/\/extralibris.net\/caruso\/wp-content\/uploads\/sites\/10\/2019\/07\/Em-casa.png\" style=\"width:80%;\" \/><\/a>          <a href=\"https:\/\/extralibris.net\/caruso\/item\/em-casa\/\" rel=\"bookmark\" style=\"display:none;\"><span>Em casa<\/span>          <\/a>      <\/div><\/article><article class=\"1190 books type-books status-publish has-post-thumbnail book-series-artes entry genesis-author-pro-book\" itemscope=\"\" itemtype=\"https:\/\/schema.org\/CreativeWork\">      <div class=\"entry-content\" itemprop=\"text\">          <a href=\"https:\/\/extralibris.net\/caruso\/item\/breve-historia-de-quase-tudo\/\"><img decoding=\"async\" src=\"https:\/\/extralibris.net\/caruso\/wp-content\/uploads\/sites\/10\/2019\/07\/Breve-historia-de-quase-tudo.png\" style=\"width:80%;\" \/><\/a>          <a href=\"https:\/\/extralibris.net\/caruso\/item\/breve-historia-de-quase-tudo\/\" rel=\"bookmark\" style=\"display:none;\"><span>Breve hist\u00f3ria de quase tudo<\/span>          <\/a>      <\/div><\/article><article class=\"1176 books type-books status-publish has-post-thumbnail book-series-artes entry genesis-author-pro-book\" itemscope=\"\" itemtype=\"https:\/\/schema.org\/CreativeWork\">      <div class=\"entry-content\" itemprop=\"text\">          <a href=\"https:\/\/extralibris.net\/caruso\/item\/entangled-an-archaeology-of-the-relationships-between-humans-and-things\/\"><img decoding=\"async\" src=\"https:\/\/extralibris.net\/caruso\/wp-content\/uploads\/sites\/10\/2019\/07\/Entangled-An-Archaeology-of-the-Relationships-Between-Humans-and-Things.png\" style=\"width:80%;\" \/><\/a>          <a href=\"https:\/\/extralibris.net\/caruso\/item\/entangled-an-archaeology-of-the-relationships-between-humans-and-things\/\" rel=\"bookmark\" style=\"display:none;\"><span>Entangled: An Archaeology of the Relationships Between Humans and Things<\/span>          <\/a>      <\/div><\/article><article class=\"1174 books type-books status-publish has-post-thumbnail book-series-artes entry genesis-author-pro-book\" itemscope=\"\" itemtype=\"https:\/\/schema.org\/CreativeWork\">      <div class=\"entry-content\" itemprop=\"text\">          <a href=\"https:\/\/extralibris.net\/caruso\/item\/how-things-shape-the-mind-a-theory-of-material-engagement\/\"><img decoding=\"async\" src=\"https:\/\/extralibris.net\/caruso\/wp-content\/uploads\/sites\/10\/2019\/07\/How-things-shape-the-mind.png\" style=\"width:80%;\" \/><\/a>          <a href=\"https:\/\/extralibris.net\/caruso\/item\/how-things-shape-the-mind-a-theory-of-material-engagement\/\" rel=\"bookmark\" style=\"display:none;\"><span>How Things Shape the Mind \u2013 A Theory of Material Engagement<\/span>          <\/a>      <\/div><\/article><article class=\"1171 books type-books status-publish has-post-thumbnail book-series-artes entry genesis-author-pro-book\" itemscope=\"\" itemtype=\"https:\/\/schema.org\/CreativeWork\">      <div class=\"entry-content\" itemprop=\"text\">          <a href=\"https:\/\/extralibris.net\/caruso\/item\/cognitive-gadgets-the-cultural-evolution-of-thinking\/\"><img decoding=\"async\" src=\"https:\/\/extralibris.net\/caruso\/wp-content\/uploads\/sites\/10\/2019\/07\/Cognitive-Gadgets.png\" style=\"width:80%;\" \/><\/a>          <a href=\"https:\/\/extralibris.net\/caruso\/item\/cognitive-gadgets-the-cultural-evolution-of-thinking\/\" rel=\"bookmark\" style=\"display:none;\"><span>Cognitive Gadgets: The Cultural Evolution of Thinking<\/span>          <\/a>      <\/div><\/article><article class=\"1143 books type-books status-publish has-post-thumbnail book-series-artes entry genesis-author-pro-book\" itemscope=\"\" itemtype=\"https:\/\/schema.org\/CreativeWork\">      <div class=\"entry-content\" itemprop=\"text\">          <a href=\"https:\/\/extralibris.net\/caruso\/item\/tabula-rasa\/\"><img decoding=\"async\" src=\"https:\/\/extralibris.net\/caruso\/wp-content\/uploads\/sites\/10\/2019\/07\/Tabula-rasa.png\" style=\"width:80%;\" \/><\/a>          <a href=\"https:\/\/extralibris.net\/caruso\/item\/tabula-rasa\/\" rel=\"bookmark\" style=\"display:none;\"><span>T\u00e1bula rasa<\/span>          <\/a>      <\/div><\/article><article class=\"1076 books type-books status-publish has-post-thumbnail book-series-artes entry genesis-author-pro-book\" itemscope=\"\" itemtype=\"https:\/\/schema.org\/CreativeWork\">      <div class=\"entry-content\" itemprop=\"text\">          <a href=\"https:\/\/extralibris.net\/caruso\/item\/como-chegamos-ate-aqui-a-historia-das-inovacoes-que-fizeram-a-vida-moderna-possivel\/\"><img decoding=\"async\" src=\"https:\/\/extralibris.net\/caruso\/wp-content\/uploads\/sites\/10\/2019\/07\/Como-chegamos-aqui.png\" style=\"width:80%;\" \/><\/a>          <a href=\"https:\/\/extralibris.net\/caruso\/item\/como-chegamos-ate-aqui-a-historia-das-inovacoes-que-fizeram-a-vida-moderna-possivel\/\" rel=\"bookmark\" style=\"display:none;\"><span>Como chegamos at\u00e9 aqui: a hist\u00f3ria das inova\u00e7\u00f5es que fizeram a vida moderna poss\u00edvel<\/span>          <\/a>      <\/div><\/article><article class=\"1040 books type-books status-publish has-post-thumbnail book-series-artes entry genesis-author-pro-book\" itemscope=\"\" itemtype=\"https:\/\/schema.org\/CreativeWork\">      <div class=\"entry-content\" itemprop=\"text\">          <a href=\"https:\/\/extralibris.net\/caruso\/item\/o-poder-dos-quietos\/\"><img decoding=\"async\" src=\"https:\/\/extralibris.net\/caruso\/wp-content\/uploads\/sites\/10\/2019\/07\/O-poder-dos-quietos.png\" style=\"width:80%;\" \/><\/a>          <a href=\"https:\/\/extralibris.net\/caruso\/item\/o-poder-dos-quietos\/\" rel=\"bookmark\" style=\"display:none;\"><span>O poder dos quietos<\/span>          <\/a>      <\/div><\/article><article class=\"1018 books type-books status-publish has-post-thumbnail book-series-artes entry genesis-author-pro-book\" itemscope=\"\" itemtype=\"https:\/\/schema.org\/CreativeWork\">      <div class=\"entry-content\" itemprop=\"text\">          <a href=\"https:\/\/extralibris.net\/caruso\/item\/historia-do-pensamento-ocidental\/\"><img decoding=\"async\" src=\"https:\/\/extralibris.net\/caruso\/wp-content\/uploads\/sites\/10\/2019\/07\/Historia-do-pensamento-ocidental.png\" style=\"width:80%;\" \/><\/a>          <a href=\"https:\/\/extralibris.net\/caruso\/item\/historia-do-pensamento-ocidental\/\" rel=\"bookmark\" style=\"display:none;\"><span>Hist\u00f3ria do Pensamento Ocidental<\/span>          <\/a>      <\/div><\/article><article class=\"1014 books type-books status-publish has-post-thumbnail book-series-artes entry genesis-author-pro-book\" itemscope=\"\" itemtype=\"https:\/\/schema.org\/CreativeWork\">      <div class=\"entry-content\" itemprop=\"text\">          <a href=\"https:\/\/extralibris.net\/caruso\/item\/o-poder-do-sentido\/\"><img decoding=\"async\" src=\"https:\/\/extralibris.net\/caruso\/wp-content\/uploads\/sites\/10\/2019\/07\/O-poder-do-sentido.png\" style=\"width:80%;\" \/><\/a>          <a href=\"https:\/\/extralibris.net\/caruso\/item\/o-poder-do-sentido\/\" rel=\"bookmark\" style=\"display:none;\"><span>O poder do sentido<\/span>          <\/a>      <\/div><\/article><article class=\"1012 books type-books status-publish has-post-thumbnail book-series-artes entry genesis-author-pro-book\" itemscope=\"\" itemtype=\"https:\/\/schema.org\/CreativeWork\">      <div class=\"entry-content\" itemprop=\"text\">          <a href=\"https:\/\/extralibris.net\/caruso\/item\/breve-historia-do-mundo\/\"><img decoding=\"async\" src=\"https:\/\/extralibris.net\/caruso\/wp-content\/uploads\/sites\/10\/2019\/07\/Breve-historia-do-mundo.png\" style=\"width:80%;\" \/><\/a>          <a href=\"https:\/\/extralibris.net\/caruso\/item\/breve-historia-do-mundo\/\" rel=\"bookmark\" style=\"display:none;\"><span>Breve hist\u00f3ria do mundo<\/span>          <\/a>      <\/div><\/article><article class=\"955 books type-books status-publish has-post-thumbnail book-series-artes entry genesis-author-pro-book\" itemscope=\"\" itemtype=\"https:\/\/schema.org\/CreativeWork\">      <div class=\"entry-content\" itemprop=\"text\">          <a href=\"https:\/\/extralibris.net\/caruso\/item\/extralibris-digital-stockholm-syndrome-in-the-post-ontological-age\/\"><img decoding=\"async\" src=\"https:\/\/extralibris.net\/caruso\/wp-content\/uploads\/sites\/10\/2019\/07\/Digital-Stockholm-Syndrome-in-the-Post-Ontological-Age.png\" style=\"width:80%;\" \/><\/a>          <a href=\"https:\/\/extralibris.net\/caruso\/item\/extralibris-digital-stockholm-syndrome-in-the-post-ontological-age\/\" rel=\"bookmark\" style=\"display:none;\"><span>Digital Stockholm Syndrome in the Post-Ontological Age<\/span>          <\/a>      <\/div><\/article><article class=\"951 books type-books status-publish has-post-thumbnail book-series-artes entry genesis-author-pro-book\" itemscope=\"\" itemtype=\"https:\/\/schema.org\/CreativeWork\">      <div class=\"entry-content\" itemprop=\"text\">          <a href=\"https:\/\/extralibris.net\/caruso\/item\/composing-a-life\/\"><img decoding=\"async\" src=\"https:\/\/extralibris.net\/caruso\/wp-content\/uploads\/sites\/10\/2019\/07\/Composing-a-life.png\" style=\"width:80%;\" \/><\/a>          <a href=\"https:\/\/extralibris.net\/caruso\/item\/composing-a-life\/\" rel=\"bookmark\" style=\"display:none;\"><span>Composing a Life<\/span>          <\/a>      <\/div><\/article><article class=\"948 books type-books status-publish has-post-thumbnail book-series-artes entry genesis-author-pro-book\" itemscope=\"\" itemtype=\"https:\/\/schema.org\/CreativeWork\">      <div class=\"entry-content\" itemprop=\"text\">          <a href=\"https:\/\/extralibris.net\/caruso\/item\/the-stack-on-software-and-sovereignty\/\"><img decoding=\"async\" src=\"https:\/\/extralibris.net\/caruso\/wp-content\/uploads\/sites\/10\/2019\/07\/The-Stack-On-software-and-Sovereignty.png\" style=\"width:80%;\" \/><\/a>          <a href=\"https:\/\/extralibris.net\/caruso\/item\/the-stack-on-software-and-sovereignty\/\" rel=\"bookmark\" style=\"display:none;\"><span>The Stack: On Software and Sovereignty<\/span>          <\/a>      <\/div><\/article><article class=\"179 books type-books status-publish has-post-thumbnail book-series-artes entry genesis-author-pro-book\" itemscope=\"\" itemtype=\"https:\/\/schema.org\/CreativeWork\">      <div class=\"entry-content\" itemprop=\"text\">          <a href=\"https:\/\/extralibris.net\/caruso\/item\/longe-da-arvore\/\"><img decoding=\"async\" src=\"https:\/\/extralibris.net\/caruso\/wp-content\/uploads\/sites\/10\/2019\/02\/longedaarvore.png\" style=\"width:80%;\" \/><\/a>          <a href=\"https:\/\/extralibris.net\/caruso\/item\/longe-da-arvore\/\" rel=\"bookmark\" style=\"display:none;\"><span>Longe da \u00e1rvore<\/span>          <\/a>      <\/div><\/article><article class=\"103 books type-books status-publish has-post-thumbnail book-series-artes entry genesis-author-pro-book\" itemscope=\"\" itemtype=\"https:\/\/schema.org\/CreativeWork\">      <div class=\"entry-content\" itemprop=\"text\">          <a href=\"https:\/\/extralibris.net\/caruso\/item\/o-ocio-criativo\/\"><img decoding=\"async\" src=\"https:\/\/extralibris.net\/caruso\/wp-content\/uploads\/sites\/10\/2018\/12\/oociocriativo.png\" style=\"width:80%;\" \/><\/a>          <a href=\"https:\/\/extralibris.net\/caruso\/item\/o-ocio-criativo\/\" rel=\"bookmark\" style=\"display:none;\"><span>O \u00f3cio criativo<\/span>          <\/a>      <\/div><\/article><\/div><\/div>\n\n\n\n<p class=\"wp-block-paragraph\"><div class=\"collections\"><h2>prateleira 03<\/h2><p>Cole\u00e7\u00f5es de livros na terceira prateleira da minha estante em casa.<\/p><div class=\"collection\"><article class=\"1228 books type-books status-publish has-post-thumbnail book-series-artes entry genesis-author-pro-book\" itemscope=\"\" itemtype=\"https:\/\/schema.org\/CreativeWork\">      <div class=\"entry-content\" itemprop=\"text\">          <a href=\"https:\/\/extralibris.net\/caruso\/item\/como-escrever-bem\/\"><img decoding=\"async\" src=\"https:\/\/extralibris.net\/caruso\/wp-content\/uploads\/sites\/10\/2019\/07\/Como-escrever-bem.png\" style=\"width:80%;\" \/><\/a>          <a href=\"https:\/\/extralibris.net\/caruso\/item\/como-escrever-bem\/\" rel=\"bookmark\" style=\"display:none;\"><span>Como Escrever Bem<\/span>          <\/a>      <\/div><\/article><article class=\"1226 books type-books status-publish has-post-thumbnail book-series-artes entry genesis-author-pro-book\" itemscope=\"\" itemtype=\"https:\/\/schema.org\/CreativeWork\">      <div class=\"entry-content\" itemprop=\"text\">          <a href=\"https:\/\/extralibris.net\/caruso\/item\/a-sutil-arte-de-ligar-o-fda-se\/\"><img decoding=\"async\" src=\"https:\/\/extralibris.net\/caruso\/wp-content\/uploads\/sites\/10\/2019\/07\/A-sutil-arte-de-ligar-o-foda-se.png\" style=\"width:80%;\" \/><\/a>          <a href=\"https:\/\/extralibris.net\/caruso\/item\/a-sutil-arte-de-ligar-o-fda-se\/\" rel=\"bookmark\" style=\"display:none;\"><span>A sutil arte de ligar o f*da-se<\/span>          <\/a>      <\/div><\/article><article class=\"1215 books type-books status-publish has-post-thumbnail book-series-artes entry genesis-author-pro-book\" itemscope=\"\" itemtype=\"https:\/\/schema.org\/CreativeWork\">      <div class=\"entry-content\" itemprop=\"text\">          <a href=\"https:\/\/extralibris.net\/caruso\/item\/o-poder-das-narrativas-nas-organizacoes\/\"><img decoding=\"async\" src=\"https:\/\/extralibris.net\/caruso\/wp-content\/uploads\/sites\/10\/2019\/07\/O-poder-das-narrativas-nas-organizacoes.png\" style=\"width:80%;\" \/><\/a>          <a href=\"https:\/\/extralibris.net\/caruso\/item\/o-poder-das-narrativas-nas-organizacoes\/\" rel=\"bookmark\" style=\"display:none;\"><span>O poder das narrativas nas organiza\u00e7\u00f5es<\/span>          <\/a>      <\/div><\/article><article class=\"1213 books type-books status-publish has-post-thumbnail book-series-artes entry genesis-author-pro-book\" itemscope=\"\" itemtype=\"https:\/\/schema.org\/CreativeWork\">      <div class=\"entry-content\" itemprop=\"text\">          <a href=\"https:\/\/extralibris.net\/caruso\/item\/quem-esta-no-comando\/\"><img decoding=\"async\" src=\"https:\/\/extralibris.net\/caruso\/wp-content\/uploads\/sites\/10\/2019\/07\/Quem-esta-no-comando.png\" style=\"width:80%;\" \/><\/a>          <a href=\"https:\/\/extralibris.net\/caruso\/item\/quem-esta-no-comando\/\" rel=\"bookmark\" style=\"display:none;\"><span>Quem Esta No Comando?<\/span>          <\/a>      <\/div><\/article><article class=\"1209 books type-books status-publish has-post-thumbnail book-series-artes entry genesis-author-pro-book\" itemscope=\"\" itemtype=\"https:\/\/schema.org\/CreativeWork\">      <div class=\"entry-content\" itemprop=\"text\">          <a href=\"https:\/\/extralibris.net\/caruso\/item\/digerati-encontros-com-a-elite-digital\/\"><img decoding=\"async\" src=\"https:\/\/extralibris.net\/caruso\/wp-content\/uploads\/sites\/10\/2019\/07\/Digerati.png\" style=\"width:80%;\" \/><\/a>          <a href=\"https:\/\/extralibris.net\/caruso\/item\/digerati-encontros-com-a-elite-digital\/\" rel=\"bookmark\" style=\"display:none;\"><span>Digerati: Encontros com a elite digital<\/span>          <\/a>      <\/div><\/article><article class=\"1186 books type-books status-publish has-post-thumbnail book-series-artes entry genesis-author-pro-book\" itemscope=\"\" itemtype=\"https:\/\/schema.org\/CreativeWork\">      <div class=\"entry-content\" itemprop=\"text\">          <a href=\"https:\/\/extralibris.net\/caruso\/item\/trabalhe-4-horas-por-semana\/\"><img decoding=\"async\" src=\"https:\/\/extralibris.net\/caruso\/wp-content\/uploads\/sites\/10\/2019\/07\/Trabalhe-4-horas-por-semana.png\" style=\"width:80%;\" \/><\/a>          <a href=\"https:\/\/extralibris.net\/caruso\/item\/trabalhe-4-horas-por-semana\/\" rel=\"bookmark\" style=\"display:none;\"><span>Trabalhe 4 horas por semana<\/span>          <\/a>      <\/div><\/article><article class=\"1182 books type-books status-publish has-post-thumbnail book-series-artes entry genesis-author-pro-book\" itemscope=\"\" itemtype=\"https:\/\/schema.org\/CreativeWork\">      <div class=\"entry-content\" itemprop=\"text\">          <a href=\"https:\/\/extralibris.net\/caruso\/item\/dont-go-back-to-school-a-handbook-for-learning-anything\/\"><img decoding=\"async\" src=\"https:\/\/extralibris.net\/caruso\/wp-content\/uploads\/sites\/10\/2019\/07\/Dont-go-back-to-school.png\" style=\"width:80%;\" \/><\/a>          <a href=\"https:\/\/extralibris.net\/caruso\/item\/dont-go-back-to-school-a-handbook-for-learning-anything\/\" rel=\"bookmark\" style=\"display:none;\"><span>Don&#8217;t Go Back to School: A Handbook for Learning Anything<\/span>          <\/a>      <\/div><\/article><article class=\"1180 books type-books status-publish has-post-thumbnail book-series-artes entry genesis-author-pro-book\" itemscope=\"\" itemtype=\"https:\/\/schema.org\/CreativeWork\">      <div class=\"entry-content\" itemprop=\"text\">          <a href=\"https:\/\/extralibris.net\/caruso\/item\/the-art-of-self-directed-learning-23-tips-for-giving-yourself-an-unconventional-education\/\"><img decoding=\"async\" src=\"https:\/\/extralibris.net\/caruso\/wp-content\/uploads\/sites\/10\/2019\/07\/The-Art-of-Self-Directed-Learning.png\" style=\"width:80%;\" \/><\/a>          <a href=\"https:\/\/extralibris.net\/caruso\/item\/the-art-of-self-directed-learning-23-tips-for-giving-yourself-an-unconventional-education\/\" rel=\"bookmark\" style=\"display:none;\"><span>The Art of Self-Directed Learning: 23 Tips for Giving Yourself an Unconventional Education<\/span>          <\/a>      <\/div><\/article><article class=\"1178 books type-books status-publish has-post-thumbnail book-series-artes entry genesis-author-pro-book\" itemscope=\"\" itemtype=\"https:\/\/schema.org\/CreativeWork\">      <div class=\"entry-content\" itemprop=\"text\">          <a href=\"https:\/\/extralibris.net\/caruso\/item\/the-personal-mba-master-the-art-of-business\/\"><img decoding=\"async\" src=\"https:\/\/extralibris.net\/caruso\/wp-content\/uploads\/sites\/10\/2019\/07\/The-personal-MBA.png\" style=\"width:80%;\" \/><\/a>          <a href=\"https:\/\/extralibris.net\/caruso\/item\/the-personal-mba-master-the-art-of-business\/\" rel=\"bookmark\" style=\"display:none;\"><span>The Personal MBA: Master the Art of Business<\/span>          <\/a>      <\/div><\/article><article class=\"1166 books type-books status-publish has-post-thumbnail book-series-artes entry genesis-author-pro-book\" itemscope=\"\" itemtype=\"https:\/\/schema.org\/CreativeWork\">      <div class=\"entry-content\" itemprop=\"text\">          <a href=\"https:\/\/extralibris.net\/caruso\/item\/isso-e-marketing-para-ser-visto-e-preciso-aprender-a-enxergar\/\"><img decoding=\"async\" src=\"https:\/\/extralibris.net\/caruso\/wp-content\/uploads\/sites\/10\/2019\/07\/Isso-e-marketing.png\" style=\"width:80%;\" \/><\/a>          <a href=\"https:\/\/extralibris.net\/caruso\/item\/isso-e-marketing-para-ser-visto-e-preciso-aprender-a-enxergar\/\" rel=\"bookmark\" style=\"display:none;\"><span>Isso \u00c9 Marketing: Para Ser Visto \u00c9 Preciso Aprender A Enxergar<\/span>          <\/a>      <\/div><\/article><article class=\"1164 books type-books status-publish has-post-thumbnail book-series-artes entry genesis-author-pro-book\" itemscope=\"\" itemtype=\"https:\/\/schema.org\/CreativeWork\">      <div class=\"entry-content\" itemprop=\"text\">          <a href=\"https:\/\/extralibris.net\/caruso\/item\/avalie-o-que-importa-como-o-google-bono-vox-e-a-fundacao-gates-sacudiram-o-mundo-com-os-okrs\/\"><img decoding=\"async\" src=\"https:\/\/extralibris.net\/caruso\/wp-content\/uploads\/sites\/10\/2019\/07\/Avalie-o-que-importa.png\" style=\"width:80%;\" \/><\/a>          <a href=\"https:\/\/extralibris.net\/caruso\/item\/avalie-o-que-importa-como-o-google-bono-vox-e-a-fundacao-gates-sacudiram-o-mundo-com-os-okrs\/\" rel=\"bookmark\" style=\"display:none;\"><span>Avalie o que Importa: Como o Google, Bono Vox e a Funda\u00e7\u00e3o Gates Sacudiram o Mundo com os OKRs<\/span>          <\/a>      <\/div><\/article><article class=\"1162 books type-books status-publish has-post-thumbnail book-series-artes entry genesis-author-pro-book\" itemscope=\"\" itemtype=\"https:\/\/schema.org\/CreativeWork\">      <div class=\"entry-content\" itemprop=\"text\">          <a href=\"https:\/\/extralibris.net\/caruso\/item\/switch-como-mudar-as-coisas-quando-a-mudanca-e-dificil\/\"><img decoding=\"async\" src=\"https:\/\/extralibris.net\/caruso\/wp-content\/uploads\/sites\/10\/2019\/07\/SWITCH-Como-mudar-as-coisas-quando-a-mudanca-e-dificil.png\" style=\"width:80%;\" \/><\/a>          <a href=\"https:\/\/extralibris.net\/caruso\/item\/switch-como-mudar-as-coisas-quando-a-mudanca-e-dificil\/\" rel=\"bookmark\" style=\"display:none;\"><span>SWITCH: Como mudar as coisas quando a mudan\u00e7a \u00e9 dif\u00edcil<\/span>          <\/a>      <\/div><\/article><article class=\"1160 books type-books status-publish has-post-thumbnail book-series-artes entry genesis-author-pro-book\" itemscope=\"\" itemtype=\"https:\/\/schema.org\/CreativeWork\">      <div class=\"entry-content\" itemprop=\"text\">          <a href=\"https:\/\/extralibris.net\/caruso\/item\/ideias-que-colam-por-que-algumas-ideias-pegam-e-outras-nao\/\"><img decoding=\"async\" src=\"https:\/\/extralibris.net\/caruso\/wp-content\/uploads\/sites\/10\/2019\/07\/Ideias-que-colam.png\" style=\"width:80%;\" \/><\/a>          <a href=\"https:\/\/extralibris.net\/caruso\/item\/ideias-que-colam-por-que-algumas-ideias-pegam-e-outras-nao\/\" rel=\"bookmark\" style=\"display:none;\"><span>Ideias que Colam: Por que algumas ideias pegam e outras n\u00e3o<\/span>          <\/a>      <\/div><\/article><article class=\"1150 books type-books status-publish has-post-thumbnail book-series-artes entry genesis-author-pro-book\" itemscope=\"\" itemtype=\"https:\/\/schema.org\/CreativeWork\">      <div class=\"entry-content\" itemprop=\"text\">          <a href=\"https:\/\/extralibris.net\/caruso\/item\/davi-e-golias\/\"><img decoding=\"async\" src=\"https:\/\/extralibris.net\/caruso\/wp-content\/uploads\/sites\/10\/2019\/07\/Davi-e-golias.png\" style=\"width:80%;\" \/><\/a>          <a href=\"https:\/\/extralibris.net\/caruso\/item\/davi-e-golias\/\" rel=\"bookmark\" style=\"display:none;\"><span>Davi e golias<\/span>          <\/a>      <\/div><\/article><article class=\"1139 books type-books status-publish has-post-thumbnail book-series-artes entry genesis-author-pro-book\" itemscope=\"\" itemtype=\"https:\/\/schema.org\/CreativeWork\">      <div class=\"entry-content\" itemprop=\"text\">          <a href=\"https:\/\/extralibris.net\/caruso\/item\/a-nova-desordem-digital\/\"><img decoding=\"async\" src=\"https:\/\/extralibris.net\/caruso\/wp-content\/uploads\/sites\/10\/2019\/07\/A-nova-desordem-digital.png\" style=\"width:80%;\" \/><\/a>          <a href=\"https:\/\/extralibris.net\/caruso\/item\/a-nova-desordem-digital\/\" rel=\"bookmark\" style=\"display:none;\"><span>A Nova Desordem Digital<\/span>          <\/a>      <\/div><\/article><article class=\"1137 books type-books status-publish has-post-thumbnail book-series-artes entry genesis-author-pro-book\" itemscope=\"\" itemtype=\"https:\/\/schema.org\/CreativeWork\">      <div class=\"entry-content\" itemprop=\"text\">          <a href=\"https:\/\/extralibris.net\/caruso\/item\/jornalismo-cultural\/\"><img decoding=\"async\" src=\"https:\/\/extralibris.net\/caruso\/wp-content\/uploads\/sites\/10\/2019\/07\/jornalismo-cultural.png\" style=\"width:80%;\" \/><\/a>          <a href=\"https:\/\/extralibris.net\/caruso\/item\/jornalismo-cultural\/\" rel=\"bookmark\" style=\"display:none;\"><span>Jornalismo Cultural<\/span>          <\/a>      <\/div><\/article><article class=\"1135 books type-books status-publish has-post-thumbnail book-series-artes entry genesis-author-pro-book\" itemscope=\"\" itemtype=\"https:\/\/schema.org\/CreativeWork\">      <div class=\"entry-content\" itemprop=\"text\">          <a href=\"https:\/\/extralibris.net\/caruso\/item\/nasci-para-isso-como-encontrar-o-trabalho-da-sua-vida\/\"><img decoding=\"async\" src=\"https:\/\/extralibris.net\/caruso\/wp-content\/uploads\/sites\/10\/2019\/07\/Nasci-para-isso.png\" style=\"width:80%;\" \/><\/a>          <a href=\"https:\/\/extralibris.net\/caruso\/item\/nasci-para-isso-como-encontrar-o-trabalho-da-sua-vida\/\" rel=\"bookmark\" style=\"display:none;\"><span>Nasci para isso: Como encontrar o trabalho da sua vida<\/span>          <\/a>      <\/div><\/article><article class=\"1058 books type-books status-publish has-post-thumbnail book-series-artes entry genesis-author-pro-book\" itemscope=\"\" itemtype=\"https:\/\/schema.org\/CreativeWork\">      <div class=\"entry-content\" itemprop=\"text\">          <a href=\"https:\/\/extralibris.net\/caruso\/item\/o-novo-poder-como-disseminar-ideias-engajar-pessoas-e-estar-sempre-um-passo-a-frente-em-um-mundo-hiperconectado\/\"><img decoding=\"async\" src=\"https:\/\/extralibris.net\/caruso\/wp-content\/uploads\/sites\/10\/2019\/07\/O-novo-poder.png\" style=\"width:80%;\" \/><\/a>          <a href=\"https:\/\/extralibris.net\/caruso\/item\/o-novo-poder-como-disseminar-ideias-engajar-pessoas-e-estar-sempre-um-passo-a-frente-em-um-mundo-hiperconectado\/\" rel=\"bookmark\" style=\"display:none;\"><span>O novo poder<\/span>          <\/a>      <\/div><\/article><article class=\"1052 books type-books status-publish has-post-thumbnail book-series-artes entry genesis-author-pro-book\" itemscope=\"\" itemtype=\"https:\/\/schema.org\/CreativeWork\">      <div class=\"entry-content\" itemprop=\"text\">          <a href=\"https:\/\/extralibris.net\/caruso\/item\/essencialismo-a-busca-disciplinada-por-menos\/\"><img decoding=\"async\" src=\"https:\/\/extralibris.net\/caruso\/wp-content\/uploads\/sites\/10\/2019\/07\/Essencialismo.png\" style=\"width:80%;\" \/><\/a>          <a href=\"https:\/\/extralibris.net\/caruso\/item\/essencialismo-a-busca-disciplinada-por-menos\/\" rel=\"bookmark\" style=\"display:none;\"><span>Essencialismo: a busca disciplinada por menos<\/span>          <\/a>      <\/div><\/article><article class=\"1050 books type-books status-publish has-post-thumbnail book-series-artes entry genesis-author-pro-book\" itemscope=\"\" itemtype=\"https:\/\/schema.org\/CreativeWork\">      <div class=\"entry-content\" itemprop=\"text\">          <a href=\"https:\/\/extralibris.net\/caruso\/item\/os-inovadores\/\"><img decoding=\"async\" src=\"https:\/\/extralibris.net\/caruso\/wp-content\/uploads\/sites\/10\/2019\/07\/Os-inovadores.png\" style=\"width:80%;\" \/><\/a>          <a href=\"https:\/\/extralibris.net\/caruso\/item\/os-inovadores\/\" rel=\"bookmark\" style=\"display:none;\"><span>Os inovadores<\/span>          <\/a>      <\/div><\/article><article class=\"1046 books type-books status-publish has-post-thumbnail book-series-artes entry genesis-author-pro-book\" itemscope=\"\" itemtype=\"https:\/\/schema.org\/CreativeWork\">      <div class=\"entry-content\" itemprop=\"text\">          <a href=\"https:\/\/extralibris.net\/caruso\/item\/consiga-o-que-voce-quer\/\"><img decoding=\"async\" src=\"https:\/\/extralibris.net\/caruso\/wp-content\/uploads\/sites\/10\/2019\/07\/Consiga-o-que-voce-quer.png\" style=\"width:80%;\" \/><\/a>          <a href=\"https:\/\/extralibris.net\/caruso\/item\/consiga-o-que-voce-quer\/\" rel=\"bookmark\" style=\"display:none;\"><span>Consiga o que voc\u00ea quer<\/span>          <\/a>      <\/div><\/article><article class=\"1020 books type-books status-publish has-post-thumbnail book-series-artes entry genesis-author-pro-book\" itemscope=\"\" itemtype=\"https:\/\/schema.org\/CreativeWork\">      <div class=\"entry-content\" itemprop=\"text\">          <a href=\"https:\/\/extralibris.net\/caruso\/item\/antifragil-coisas-que-se-beneficiam-com-o-caos\/\"><img decoding=\"async\" src=\"https:\/\/extralibris.net\/caruso\/wp-content\/uploads\/sites\/10\/2019\/07\/Antifragil.png\" style=\"width:80%;\" \/><\/a>          <a href=\"https:\/\/extralibris.net\/caruso\/item\/antifragil-coisas-que-se-beneficiam-com-o-caos\/\" rel=\"bookmark\" style=\"display:none;\"><span>Antifragil: coisas que se beneficiam com o caos<\/span>          <\/a>      <\/div><\/article><article class=\"1016 books type-books status-publish has-post-thumbnail book-series-artes entry genesis-author-pro-book\" itemscope=\"\" itemtype=\"https:\/\/schema.org\/CreativeWork\">      <div class=\"entry-content\" itemprop=\"text\">          <a href=\"https:\/\/extralibris.net\/caruso\/item\/mindset\/\"><img decoding=\"async\" src=\"https:\/\/extralibris.net\/caruso\/wp-content\/uploads\/sites\/10\/2019\/07\/Mindset.png\" style=\"width:80%;\" \/><\/a>          <a href=\"https:\/\/extralibris.net\/caruso\/item\/mindset\/\" rel=\"bookmark\" style=\"display:none;\"><span>Mindset<\/span>          <\/a>      <\/div><\/article><article class=\"994 books type-books status-publish has-post-thumbnail book-series-artes entry genesis-author-pro-book\" itemscope=\"\" itemtype=\"https:\/\/schema.org\/CreativeWork\">      <div class=\"entry-content\" itemprop=\"text\">          <a href=\"https:\/\/extralibris.net\/caruso\/item\/originais\/\"><img decoding=\"async\" src=\"https:\/\/extralibris.net\/caruso\/wp-content\/uploads\/sites\/10\/2019\/07\/Originais.png\" style=\"width:80%;\" \/><\/a>          <a href=\"https:\/\/extralibris.net\/caruso\/item\/originais\/\" rel=\"bookmark\" style=\"display:none;\"><span>Originais<\/span>          <\/a>      <\/div><\/article><article class=\"992 books type-books status-publish has-post-thumbnail book-series-artes entry genesis-author-pro-book\" itemscope=\"\" itemtype=\"https:\/\/schema.org\/CreativeWork\">      <div class=\"entry-content\" itemprop=\"text\">          <a href=\"https:\/\/extralibris.net\/caruso\/item\/vai-la-e-faz-como-empreender-na-era-digital-e-tirar-ideias-do-papel\/\"><img decoding=\"async\" src=\"https:\/\/extralibris.net\/caruso\/wp-content\/uploads\/sites\/10\/2019\/07\/Vai-la-e-faz.png\" style=\"width:80%;\" \/><\/a>          <a href=\"https:\/\/extralibris.net\/caruso\/item\/vai-la-e-faz-como-empreender-na-era-digital-e-tirar-ideias-do-papel\/\" rel=\"bookmark\" style=\"display:none;\"><span>Vai l\u00e1 e faz: como empreender na era digital e tirar ideias do papel<\/span>          <\/a>      <\/div><\/article><article class=\"990 books type-books status-publish has-post-thumbnail book-series-artes entry genesis-author-pro-book\" itemscope=\"\" itemtype=\"https:\/\/schema.org\/CreativeWork\">      <div class=\"entry-content\" itemprop=\"text\">          <a href=\"https:\/\/extralibris.net\/caruso\/item\/arriscando-a-propria-pele-assimetrias-ocultas-no-cotidiano\/\"><img decoding=\"async\" src=\"https:\/\/extralibris.net\/caruso\/wp-content\/uploads\/sites\/10\/2019\/07\/Arriscando-a-propria-pele.png\" style=\"width:80%;\" \/><\/a>          <a href=\"https:\/\/extralibris.net\/caruso\/item\/arriscando-a-propria-pele-assimetrias-ocultas-no-cotidiano\/\" rel=\"bookmark\" style=\"display:none;\"><span>Arriscando a pr\u00f3pria pele: Assimetrias ocultas no cotidiano<\/span>          <\/a>      <\/div><\/article><article class=\"986 books type-books status-publish has-post-thumbnail book-series-artes entry genesis-author-pro-book\" itemscope=\"\" itemtype=\"https:\/\/schema.org\/CreativeWork\">      <div class=\"entry-content\" itemprop=\"text\">          <a href=\"https:\/\/extralibris.net\/caruso\/item\/how-to-do-nothing-resisting-the-attention-economy\/\"><img decoding=\"async\" src=\"https:\/\/extralibris.net\/caruso\/wp-content\/uploads\/sites\/10\/2019\/07\/How-to-do-nothing.png\" style=\"width:80%;\" \/><\/a>          <a href=\"https:\/\/extralibris.net\/caruso\/item\/how-to-do-nothing-resisting-the-attention-economy\/\" rel=\"bookmark\" style=\"display:none;\"><span>How to Do Nothing: Resisting the Attention Economy<\/span>          <\/a>      <\/div><\/article><article class=\"974 books type-books status-publish has-post-thumbnail book-series-artes entry genesis-author-pro-book\" itemscope=\"\" itemtype=\"https:\/\/schema.org\/CreativeWork\">      <div class=\"entry-content\" itemprop=\"text\">          <a href=\"https:\/\/extralibris.net\/caruso\/item\/the-technology-fallacy-how-people-are-the-real-key-to-digital-transformation\/\"><img decoding=\"async\" src=\"https:\/\/extralibris.net\/caruso\/wp-content\/uploads\/sites\/10\/2019\/07\/The-Technology-Fallacy.png\" style=\"width:80%;\" \/><\/a>          <a href=\"https:\/\/extralibris.net\/caruso\/item\/the-technology-fallacy-how-people-are-the-real-key-to-digital-transformation\/\" rel=\"bookmark\" style=\"display:none;\"><span>The Technology Fallacy: How People Are the Real Key to Digital Transformation<\/span>          <\/a>      <\/div><\/article><article class=\"972 books type-books status-publish has-post-thumbnail book-series-artes entry genesis-author-pro-book\" itemscope=\"\" itemtype=\"https:\/\/schema.org\/CreativeWork\">      <div class=\"entry-content\" itemprop=\"text\">          <a href=\"https:\/\/extralibris.net\/caruso\/item\/tech-humanist-how-you-can-make-technology-better-for-business-and-better-for-humans\/\"><img decoding=\"async\" src=\"https:\/\/extralibris.net\/caruso\/wp-content\/uploads\/sites\/10\/2019\/07\/Tech-Humanist.png\" style=\"width:80%;\" \/><\/a>          <a href=\"https:\/\/extralibris.net\/caruso\/item\/tech-humanist-how-you-can-make-technology-better-for-business-and-better-for-humans\/\" rel=\"bookmark\" style=\"display:none;\"><span>Tech Humanist: How You Can Make Technology Better for Business and Better for Humans<\/span>          <\/a>      <\/div><\/article><article class=\"966 books type-books status-publish has-post-thumbnail book-series-artes entry genesis-author-pro-book\" itemscope=\"\" itemtype=\"https:\/\/schema.org\/CreativeWork\">      <div class=\"entry-content\" itemprop=\"text\">          <a href=\"https:\/\/extralibris.net\/caruso\/item\/pixels-and-place-connecting-human-experience-across-physical-and-digital-spaces\/\"><img decoding=\"async\" src=\"https:\/\/extralibris.net\/caruso\/wp-content\/uploads\/sites\/10\/2019\/07\/Pixels-and-Place.png\" style=\"width:80%;\" \/><\/a>          <a href=\"https:\/\/extralibris.net\/caruso\/item\/pixels-and-place-connecting-human-experience-across-physical-and-digital-spaces\/\" rel=\"bookmark\" style=\"display:none;\"><span>Pixels and Place: Connecting Human Experience Across Physical and Digital Spaces<\/span>          <\/a>      <\/div><\/article><article class=\"107 books type-books status-publish has-post-thumbnail book-series-artes entry genesis-author-pro-book\" itemscope=\"\" itemtype=\"https:\/\/schema.org\/CreativeWork\">      <div class=\"entry-content\" itemprop=\"text\">          <a href=\"https:\/\/extralibris.net\/caruso\/item\/a-logica-do-cisne-negro\/\"><img decoding=\"async\" src=\"https:\/\/extralibris.net\/caruso\/wp-content\/uploads\/sites\/10\/2018\/12\/alogicadocisnenegro.png\" style=\"width:80%;\" \/><\/a>          <a href=\"https:\/\/extralibris.net\/caruso\/item\/a-logica-do-cisne-negro\/\" rel=\"bookmark\" style=\"display:none;\"><span>A l\u00f3gica do cisne negro<\/span>          <\/a>      <\/div><\/article><\/div><\/div>\n","protected":false},"excerpt":{"rendered":"<p>minha estante conectada<\/p>\n","protected":false},"author":1,"featured_media":0,"parent":0,"menu_order":15,"comment_status":"closed","ping_status":"closed","template":"","meta":{"_genesis_hide_title":false,"_genesis_hide_breadcrumbs":false,"_genesis_hide_singular_image":false,"_genesis_hide_footer_widgets":false,"_genesis_custom_body_class":"","_genesis_custom_post_class":"","_genesis_layout":"","footnotes":""},"class_list":["post-4151","page","type-page","status-publish","entry"],"yoast_head":"<!-- This site is optimized with the Yoast SEO plugin v28.3 - https:\/\/yoast.com\/product\/yoast-seo-wordpress\/ -->\n<title>Fabiano Caruso - Biblioteca Figital<\/title>\n<meta name=\"description\" content=\"Biblioteca figital com estantes presenciais conectadas. Ambiente criado a partir da curadoria de cole\u00e7\u00f5es e refer\u00eancias pessoais.\" \/>\n<meta name=\"robots\" content=\"index, follow, max-snippet:-1, max-image-preview:large, max-video-preview:-1\" \/>\n<link rel=\"canonical\" href=\"https:\/\/extralibris.net\/caruso\/estante-conectada\/\" \/>\n<meta property=\"og:locale\" content=\"pt_BR\" \/>\n<meta property=\"og:type\" content=\"article\" \/>\n<meta property=\"og:title\" content=\"Fabiano Caruso - Biblioteca Figital\" \/>\n<meta property=\"og:description\" content=\"Biblioteca figital com estantes presenciais conectadas. Ambiente criado a partir da curadoria de cole\u00e7\u00f5es e refer\u00eancias pessoais.\" \/>\n<meta property=\"og:url\" content=\"https:\/\/extralibris.net\/caruso\/estante-conectada\/\" \/>\n<meta property=\"og:site_name\" content=\"Fabiano Caruso\" \/>\n<meta property=\"article:modified_time\" content=\"2026-07-25T12:48:00+00:00\" \/>\n<meta name=\"twitter:card\" content=\"summary_large_image\" \/>\n<script type=\"application\/ld+json\" class=\"yoast-schema-graph\">{\"@context\":\"https:\\\/\\\/schema.org\",\"@graph\":[{\"@type\":\"WebPage\",\"@id\":\"https:\\\/\\\/extralibris.net\\\/caruso\\\/estante-conectada\\\/\",\"url\":\"https:\\\/\\\/extralibris.net\\\/caruso\\\/estante-conectada\\\/\",\"name\":\"Fabiano Caruso - Biblioteca Figital\",\"isPartOf\":{\"@id\":\"https:\\\/\\\/extralibris.net\\\/caruso\\\/#website\"},\"datePublished\":\"2024-07-01T11:49:39+00:00\",\"dateModified\":\"2026-07-25T12:48:00+00:00\",\"description\":\"Biblioteca figital com estantes presenciais conectadas. Ambiente criado a partir da curadoria de cole\u00e7\u00f5es e refer\u00eancias pessoais.\",\"breadcrumb\":{\"@id\":\"https:\\\/\\\/extralibris.net\\\/caruso\\\/estante-conectada\\\/#breadcrumb\"},\"inLanguage\":\"pt-BR\",\"potentialAction\":[{\"@type\":\"ReadAction\",\"target\":[\"https:\\\/\\\/extralibris.net\\\/caruso\\\/estante-conectada\\\/\"]}]},{\"@type\":\"BreadcrumbList\",\"@id\":\"https:\\\/\\\/extralibris.net\\\/caruso\\\/estante-conectada\\\/#breadcrumb\",\"itemListElement\":[{\"@type\":\"ListItem\",\"position\":1,\"name\":\"In\u00edcio\",\"item\":\"https:\\\/\\\/extralibris.net\\\/caruso\\\/\"},{\"@type\":\"ListItem\",\"position\":2,\"name\":\"BIBLIOTECA\"}]},{\"@type\":\"WebSite\",\"@id\":\"https:\\\/\\\/extralibris.net\\\/caruso\\\/#website\",\"url\":\"https:\\\/\\\/extralibris.net\\\/caruso\\\/\",\"name\":\"Fabiano Caruso\",\"description\":\"\",\"publisher\":{\"@id\":\"https:\\\/\\\/extralibris.net\\\/caruso\\\/#organization\"},\"potentialAction\":[{\"@type\":\"SearchAction\",\"target\":{\"@type\":\"EntryPoint\",\"urlTemplate\":\"https:\\\/\\\/extralibris.net\\\/caruso\\\/?s={search_term_string}\"},\"query-input\":{\"@type\":\"PropertyValueSpecification\",\"valueRequired\":true,\"valueName\":\"search_term_string\"}}],\"inLanguage\":\"pt-BR\"},{\"@type\":\"Organization\",\"@id\":\"https:\\\/\\\/extralibris.net\\\/caruso\\\/#organization\",\"name\":\"Fabiano Caruso\",\"url\":\"https:\\\/\\\/extralibris.net\\\/caruso\\\/\",\"logo\":{\"@type\":\"ImageObject\",\"inLanguage\":\"pt-BR\",\"@id\":\"https:\\\/\\\/extralibris.net\\\/caruso\\\/#\\\/schema\\\/logo\\\/image\\\/\",\"url\":\"https:\\\/\\\/extralibris.net\\\/caruso\\\/wp-content\\\/uploads\\\/sites\\\/10\\\/2021\\\/08\\\/extralibrisorgtopo.png\",\"contentUrl\":\"https:\\\/\\\/extralibris.net\\\/caruso\\\/wp-content\\\/uploads\\\/sites\\\/10\\\/2021\\\/08\\\/extralibrisorgtopo.png\",\"width\":240,\"height\":120,\"caption\":\"Fabiano Caruso\"},\"image\":{\"@id\":\"https:\\\/\\\/extralibris.net\\\/caruso\\\/#\\\/schema\\\/logo\\\/image\\\/\"}}]}<\/script>\n<!-- \/ Yoast SEO plugin. -->","yoast_head_json":{"title":"Fabiano Caruso - Biblioteca Figital","description":"Biblioteca figital com estantes presenciais conectadas. Ambiente criado a partir da curadoria de cole\u00e7\u00f5es e refer\u00eancias pessoais.","robots":{"index":"index","follow":"follow","max-snippet":"max-snippet:-1","max-image-preview":"max-image-preview:large","max-video-preview":"max-video-preview:-1"},"canonical":"https:\/\/extralibris.net\/caruso\/estante-conectada\/","og_locale":"pt_BR","og_type":"article","og_title":"Fabiano Caruso - Biblioteca Figital","og_description":"Biblioteca figital com estantes presenciais conectadas. Ambiente criado a partir da curadoria de cole\u00e7\u00f5es e refer\u00eancias pessoais.","og_url":"https:\/\/extralibris.net\/caruso\/estante-conectada\/","og_site_name":"Fabiano Caruso","article_modified_time":"2026-07-25T12:48:00+00:00","twitter_card":"summary_large_image","schema":{"@context":"https:\/\/schema.org","@graph":[{"@type":"WebPage","@id":"https:\/\/extralibris.net\/caruso\/estante-conectada\/","url":"https:\/\/extralibris.net\/caruso\/estante-conectada\/","name":"Fabiano Caruso - Biblioteca Figital","isPartOf":{"@id":"https:\/\/extralibris.net\/caruso\/#website"},"datePublished":"2024-07-01T11:49:39+00:00","dateModified":"2026-07-25T12:48:00+00:00","description":"Biblioteca figital com estantes presenciais conectadas. Ambiente criado a partir da curadoria de cole\u00e7\u00f5es e refer\u00eancias pessoais.","breadcrumb":{"@id":"https:\/\/extralibris.net\/caruso\/estante-conectada\/#breadcrumb"},"inLanguage":"pt-BR","potentialAction":[{"@type":"ReadAction","target":["https:\/\/extralibris.net\/caruso\/estante-conectada\/"]}]},{"@type":"BreadcrumbList","@id":"https:\/\/extralibris.net\/caruso\/estante-conectada\/#breadcrumb","itemListElement":[{"@type":"ListItem","position":1,"name":"In\u00edcio","item":"https:\/\/extralibris.net\/caruso\/"},{"@type":"ListItem","position":2,"name":"BIBLIOTECA"}]},{"@type":"WebSite","@id":"https:\/\/extralibris.net\/caruso\/#website","url":"https:\/\/extralibris.net\/caruso\/","name":"Fabiano Caruso","description":"","publisher":{"@id":"https:\/\/extralibris.net\/caruso\/#organization"},"potentialAction":[{"@type":"SearchAction","target":{"@type":"EntryPoint","urlTemplate":"https:\/\/extralibris.net\/caruso\/?s={search_term_string}"},"query-input":{"@type":"PropertyValueSpecification","valueRequired":true,"valueName":"search_term_string"}}],"inLanguage":"pt-BR"},{"@type":"Organization","@id":"https:\/\/extralibris.net\/caruso\/#organization","name":"Fabiano Caruso","url":"https:\/\/extralibris.net\/caruso\/","logo":{"@type":"ImageObject","inLanguage":"pt-BR","@id":"https:\/\/extralibris.net\/caruso\/#\/schema\/logo\/image\/","url":"https:\/\/extralibris.net\/caruso\/wp-content\/uploads\/sites\/10\/2021\/08\/extralibrisorgtopo.png","contentUrl":"https:\/\/extralibris.net\/caruso\/wp-content\/uploads\/sites\/10\/2021\/08\/extralibrisorgtopo.png","width":240,"height":120,"caption":"Fabiano Caruso"},"image":{"@id":"https:\/\/extralibris.net\/caruso\/#\/schema\/logo\/image\/"}}]}},"featured_image_src":null,"featured_image_src_square":null,"_links":{"self":[{"href":"https:\/\/extralibris.net\/caruso\/wp-json\/wp\/v2\/pages\/4151","targetHints":{"allow":["GET"]}}],"collection":[{"href":"https:\/\/extralibris.net\/caruso\/wp-json\/wp\/v2\/pages"}],"about":[{"href":"https:\/\/extralibris.net\/caruso\/wp-json\/wp\/v2\/types\/page"}],"author":[{"embeddable":true,"href":"https:\/\/extralibris.net\/caruso\/wp-json\/wp\/v2\/users\/1"}],"replies":[{"embeddable":true,"href":"https:\/\/extralibris.net\/caruso\/wp-json\/wp\/v2\/comments?post=4151"}],"version-history":[{"count":7,"href":"https:\/\/extralibris.net\/caruso\/wp-json\/wp\/v2\/pages\/4151\/revisions"}],"predecessor-version":[{"id":10121,"href":"https:\/\/extralibris.net\/caruso\/wp-json\/wp\/v2\/pages\/4151\/revisions\/10121"}],"wp:attachment":[{"href":"https:\/\/extralibris.net\/caruso\/wp-json\/wp\/v2\/media?parent=4151"}],"curies":[{"name":"wp","href":"https:\/\/api.w.org\/{rel}","templated":true}]}}