{"id":334,"date":"2019-02-05T12:47:42","date_gmt":"2019-02-05T14:47:42","guid":{"rendered":"http:\/\/extralibris.org\/curso\/?page_id=2"},"modified":"2025-05-29T21:27:55","modified_gmt":"2025-05-30T00:27:55","slug":"capacitacao","status":"publish","type":"page","link":"https:\/\/extralibris.net\/caruso\/capacitacao\/","title":{"rendered":"CAPACITA\u00c7\u00c3O"},"content":{"rendered":"<div class=\"wp-block-image\">\n<figure class=\"aligncenter size-full\"><img loading=\"lazy\" decoding=\"async\" width=\"600\" height=\"100\" src=\"https:\/\/extralibris.net\/wp-content\/uploads\/2025\/05\/logoextralibrisclean.png\" alt=\"\" class=\"wp-image-8971\" srcset=\"https:\/\/extralibris.net\/caruso\/wp-content\/uploads\/sites\/10\/2025\/05\/logoextralibrisclean.png 600w, https:\/\/extralibris.net\/caruso\/wp-content\/uploads\/sites\/10\/2025\/05\/logoextralibrisclean-300x50.png 300w\" sizes=\"auto, (max-width: 600px) 100vw, 600px\" \/><\/figure>\n<\/div>\n\n\n<div style=\"color:#ddd\" class=\"wp-block-genesis-blocks-gb-spacer gb-block-spacer gb-divider-solid gb-divider-size-1\"><hr style=\"height:20px\" \/><\/div>\n\n\n\n<h2 class=\"wp-block-heading has-text-align-center\"><strong>M\u00d3DULO 1:<\/strong> <strong>ORGANIZA\u00c7\u00c3O<\/strong><\/h2>\n\n\n\n<h3 class=\"wp-block-heading has-text-align-center\"><strong>organizando exposi\u00e7\u00f5es no ambiente presencial<\/strong><\/h3>\n\n\n\n<p class=\"has-text-align-center wp-block-paragraph\"><div class=\"collections\"><div class=\"collection\"><article class=\"151 books type-books status-publish has-post-thumbnail book-series-artes entry genesis-author-pro-book\" itemscope=\"\" itemtype=\"https:\/\/schema.org\/CreativeWork\">      <div class=\"entry-content\" itemprop=\"text\">          <a href=\"https:\/\/extralibris.net\/caruso\/item\/selecao-organizando-os-itens-em-colecoes\/\"><img decoding=\"async\" src=\"https:\/\/extralibris.net\/caruso\/wp-content\/uploads\/sites\/10\/2023\/05\/U01A01.jpg\" style=\"width:80%;\" \/><\/a>          <a href=\"https:\/\/extralibris.net\/caruso\/item\/selecao-organizando-os-itens-em-colecoes\/\" rel=\"bookmark\" style=\"display:none;\"><span>Sele\u00e7\u00e3o: organizando os itens em cole\u00e7\u00f5es<\/span>          <\/a>      <\/div><\/article><article class=\"149 books type-books status-publish has-post-thumbnail book-series-artes entry genesis-author-pro-book\" itemscope=\"\" itemtype=\"https:\/\/schema.org\/CreativeWork\">      <div class=\"entry-content\" itemprop=\"text\">          <a href=\"https:\/\/extralibris.net\/caruso\/item\/descricao-descrevendo-as-colecoes-no-acervo\/\"><img decoding=\"async\" src=\"https:\/\/extralibris.net\/caruso\/wp-content\/uploads\/sites\/10\/2023\/05\/U01A02.jpg\" style=\"width:80%;\" \/><\/a>          <a href=\"https:\/\/extralibris.net\/caruso\/item\/descricao-descrevendo-as-colecoes-no-acervo\/\" rel=\"bookmark\" style=\"display:none;\"><span>Descri\u00e7\u00e3o: descrevendo as cole\u00e7\u00f5es no acervo<\/span>          <\/a>      <\/div><\/article><article class=\"136 books type-books status-publish has-post-thumbnail book-series-artes entry genesis-author-pro-book\" itemscope=\"\" itemtype=\"https:\/\/schema.org\/CreativeWork\">      <div class=\"entry-content\" itemprop=\"text\">          <a href=\"https:\/\/extralibris.net\/caruso\/item\/catalogacao-publicando-conteudo-sobre-os-itens\/\"><img decoding=\"async\" src=\"https:\/\/extralibris.net\/caruso\/wp-content\/uploads\/sites\/10\/2023\/05\/U01A04.jpg\" style=\"width:80%;\" \/><\/a>          <a href=\"https:\/\/extralibris.net\/caruso\/item\/catalogacao-publicando-conteudo-sobre-os-itens\/\" rel=\"bookmark\" style=\"display:none;\"><span>Cataloga\u00e7\u00e3o: publicando conte\u00fado sobre os itens<\/span>          <\/a>      <\/div><\/article><article class=\"147 books type-books status-publish has-post-thumbnail book-series-artes entry genesis-author-pro-book\" itemscope=\"\" itemtype=\"https:\/\/schema.org\/CreativeWork\">      <div class=\"entry-content\" itemprop=\"text\">          <a href=\"https:\/\/extralibris.net\/caruso\/item\/identificando-as-colecoes-no-acervo\/\"><img decoding=\"async\" src=\"https:\/\/extralibris.net\/caruso\/wp-content\/uploads\/sites\/10\/2023\/05\/U01A03.jpg\" style=\"width:80%;\" \/><\/a>          <a href=\"https:\/\/extralibris.net\/caruso\/item\/identificando-as-colecoes-no-acervo\/\" rel=\"bookmark\" style=\"display:none;\"><span>Sinaliza\u00e7\u00e3o: identificando as cole\u00e7\u00f5es no acervo<\/span>          <\/a>      <\/div><\/article><article class=\"4005 books type-books status-publish has-post-thumbnail book-series-artes entry genesis-author-pro-book\" itemscope=\"\" itemtype=\"https:\/\/schema.org\/CreativeWork\">      <div class=\"entry-content\" itemprop=\"text\">          <a href=\"https:\/\/extralibris.net\/caruso\/item\/apresentacao-do-ambiente-organizado\/\"><img decoding=\"async\" src=\"https:\/\/extralibris.net\/caruso\/wp-content\/uploads\/sites\/10\/2023\/05\/U01A05.jpg\" style=\"width:80%;\" \/><\/a>          <a href=\"https:\/\/extralibris.net\/caruso\/item\/apresentacao-do-ambiente-organizado\/\" rel=\"bookmark\" style=\"display:none;\"><span>Apresenta\u00e7\u00e3o: ambiente organizado<\/span>          <\/a>      <\/div><\/article><\/div><\/div>\n\n\n\n<h2 class=\"wp-block-heading has-text-align-center\"><strong>M\u00d3DULO 2:<\/strong> <strong>COMPARTILHAMENTO<\/strong><\/h2>\n\n\n\n<h3 class=\"wp-block-heading has-text-align-center\"><strong>publicando exposi\u00e7\u00f5es na ambiente digital<\/strong><\/h3>\n\n\n\n<p class=\"has-text-align-center wp-block-paragraph\"><div class=\"collections\"><div class=\"collection\"><article class=\"208 books type-books status-publish has-post-thumbnail book-series-artes entry genesis-author-pro-book\" itemscope=\"\" itemtype=\"https:\/\/schema.org\/CreativeWork\">      <div class=\"entry-content\" itemprop=\"text\">          <a href=\"https:\/\/extralibris.net\/caruso\/item\/banner-promovendo-o-seu-acervo\/\"><img decoding=\"async\" src=\"https:\/\/extralibris.net\/caruso\/wp-content\/uploads\/sites\/10\/2023\/05\/U02A01.jpg\" style=\"width:80%;\" \/><\/a>          <a href=\"https:\/\/extralibris.net\/caruso\/item\/banner-promovendo-o-seu-acervo\/\" rel=\"bookmark\" style=\"display:none;\"><span>Banner: promovendo o seu acervo<\/span>          <\/a>      <\/div><\/article><article class=\"131 books type-books status-publish has-post-thumbnail book-series-artes entry genesis-author-pro-book\" itemscope=\"\" itemtype=\"https:\/\/schema.org\/CreativeWork\">      <div class=\"entry-content\" itemprop=\"text\">          <a href=\"https:\/\/extralibris.net\/caruso\/item\/secoes-adicionando-os-suportes-das-colecoes\/\"><img decoding=\"async\" src=\"https:\/\/extralibris.net\/caruso\/wp-content\/uploads\/sites\/10\/2023\/05\/U02A02.jpg\" style=\"width:80%;\" \/><\/a>          <a href=\"https:\/\/extralibris.net\/caruso\/item\/secoes-adicionando-os-suportes-das-colecoes\/\" rel=\"bookmark\" style=\"display:none;\"><span>Se\u00e7\u00f5es: adicionando os suportes das cole\u00e7\u00f5es<\/span>          <\/a>      <\/div><\/article><article class=\"129 books type-books status-publish has-post-thumbnail book-series-artes entry genesis-author-pro-book\" itemscope=\"\" itemtype=\"https:\/\/schema.org\/CreativeWork\">      <div class=\"entry-content\" itemprop=\"text\">          <a href=\"https:\/\/extralibris.net\/caruso\/item\/identificando-colecoes-nos-suportes\/\"><img decoding=\"async\" src=\"https:\/\/extralibris.net\/caruso\/wp-content\/uploads\/sites\/10\/2023\/05\/U02A03.jpg\" style=\"width:80%;\" \/><\/a>          <a href=\"https:\/\/extralibris.net\/caruso\/item\/identificando-colecoes-nos-suportes\/\" rel=\"bookmark\" style=\"display:none;\"><span>Liga\u00e7\u00f5es: identificando as cole\u00e7\u00f5es nos suportes<\/span>          <\/a>      <\/div><\/article><article class=\"122 books type-books status-publish has-post-thumbnail book-series-artes entry genesis-author-pro-book\" itemscope=\"\" itemtype=\"https:\/\/schema.org\/CreativeWork\">      <div class=\"entry-content\" itemprop=\"text\">          <a href=\"https:\/\/extralibris.net\/caruso\/item\/publicando-a-imagem-dos-itens\/\"><img decoding=\"async\" src=\"https:\/\/extralibris.net\/caruso\/wp-content\/uploads\/sites\/10\/2023\/05\/U02A04.jpg\" style=\"width:80%;\" \/><\/a>          <a href=\"https:\/\/extralibris.net\/caruso\/item\/publicando-a-imagem-dos-itens\/\" rel=\"bookmark\" style=\"display:none;\"><span>Poster: publicando a apresenta\u00e7\u00e3o dos itens<\/span>          <\/a>      <\/div><\/article><article class=\"4006 books type-books status-publish has-post-thumbnail book-series-artes entry genesis-author-pro-book\" itemscope=\"\" itemtype=\"https:\/\/schema.org\/CreativeWork\">      <div class=\"entry-content\" itemprop=\"text\">          <a href=\"https:\/\/extralibris.net\/caruso\/item\/compartilhando-ambiente-conectado\/\"><img decoding=\"async\" src=\"https:\/\/extralibris.net\/caruso\/wp-content\/uploads\/sites\/10\/2023\/05\/U02A05.jpg\" style=\"width:80%;\" \/><\/a>          <a href=\"https:\/\/extralibris.net\/caruso\/item\/compartilhando-ambiente-conectado\/\" rel=\"bookmark\" style=\"display:none;\"><span>Compartilhando: ambiente conectado<\/span>          <\/a>      <\/div><\/article><\/div><\/div>\n\n\n\n<h2 class=\"wp-block-heading has-text-align-center\"><strong>M\u00d3DULO 3:<\/strong> <strong>PARTICIPA\u00c7\u00c3O<\/strong><\/h2>\n\n\n\n<h3 class=\"wp-block-heading has-text-align-center\"><strong>transformando exposi\u00e7\u00f5es em eventos sociais<\/strong><\/h3>\n\n\n\n<p class=\"has-text-align-center wp-block-paragraph\"><div class=\"collections\"><div class=\"collection\"><article class=\"321 books type-books status-publish has-post-thumbnail book-series-artes entry genesis-author-pro-book\" itemscope=\"\" itemtype=\"https:\/\/schema.org\/CreativeWork\">      <div class=\"entry-content\" itemprop=\"text\">          <a href=\"https:\/\/extralibris.net\/caruso\/item\/colaboracao-abordagens-de-participacao-com-o-ambiente-de-exposicoes\/\"><img decoding=\"async\" src=\"https:\/\/extralibris.net\/caruso\/wp-content\/uploads\/sites\/10\/2023\/05\/U02A04.jpg\" style=\"width:80%;\" \/><\/a>          <a href=\"https:\/\/extralibris.net\/caruso\/item\/colaboracao-abordagens-de-participacao-com-o-ambiente-de-exposicoes\/\" rel=\"bookmark\" style=\"display:none;\"><span>Colabora\u00e7\u00e3o: abordagens de participa\u00e7\u00e3o com o ambiente<\/span>          <\/a>      <\/div><\/article><article class=\"162 books type-books status-publish has-post-thumbnail book-series-artes entry genesis-author-pro-book\" itemscope=\"\" itemtype=\"https:\/\/schema.org\/CreativeWork\">      <div class=\"entry-content\" itemprop=\"text\">          <a href=\"https:\/\/extralibris.net\/caruso\/item\/colecoes-temas-de-organizacao-sugeridos-pelos-participantes\/\"><img decoding=\"async\" src=\"https:\/\/extralibris.net\/caruso\/wp-content\/uploads\/sites\/10\/2023\/05\/U03A02.jpg\" style=\"width:80%;\" \/><\/a>          <a href=\"https:\/\/extralibris.net\/caruso\/item\/colecoes-temas-de-organizacao-sugeridos-pelos-participantes\/\" rel=\"bookmark\" style=\"display:none;\"><span>Cole\u00e7\u00f5es: temas de organiza\u00e7\u00e3o sugeridos pelos participantes<\/span>          <\/a>      <\/div><\/article><article class=\"160 books type-books status-publish has-post-thumbnail book-series-artes entry genesis-author-pro-book\" itemscope=\"\" itemtype=\"https:\/\/schema.org\/CreativeWork\">      <div class=\"entry-content\" itemprop=\"text\">          <a href=\"https:\/\/extralibris.net\/caruso\/item\/perfis-ambientes-organizadas-de-acordo-com-o-perfil-dos-participantes\/\"><img decoding=\"async\" src=\"https:\/\/extralibris.net\/caruso\/wp-content\/uploads\/sites\/10\/2023\/05\/U03A02.jpg\" style=\"width:80%;\" \/><\/a>          <a href=\"https:\/\/extralibris.net\/caruso\/item\/perfis-ambientes-organizadas-de-acordo-com-o-perfil-dos-participantes\/\" rel=\"bookmark\" style=\"display:none;\"><span>Perfis: ambientes organizados de acordo com o perfil dos participantes<\/span>          <\/a>      <\/div><\/article><article class=\"158 books type-books status-publish has-post-thumbnail book-series-artes entry genesis-author-pro-book\" itemscope=\"\" itemtype=\"https:\/\/schema.org\/CreativeWork\">      <div class=\"entry-content\" itemprop=\"text\">          <a href=\"https:\/\/extralibris.net\/caruso\/item\/conversa-o-catalogo-que-apresenta-historias-dos-participantes\/\"><img decoding=\"async\" src=\"https:\/\/extralibris.net\/caruso\/wp-content\/uploads\/sites\/10\/2023\/05\/U03A04.jpg\" style=\"width:80%;\" \/><\/a>          <a href=\"https:\/\/extralibris.net\/caruso\/item\/conversa-o-catalogo-que-apresenta-historias-dos-participantes\/\" rel=\"bookmark\" style=\"display:none;\"><span>Conversas: o cat\u00e1logo que apresenta hist\u00f3rias dos participantes<\/span>          <\/a>      <\/div><\/article><article class=\"970 books type-books status-publish has-post-thumbnail book-series-artes entry genesis-author-pro-book\" itemscope=\"\" itemtype=\"https:\/\/schema.org\/CreativeWork\">      <div class=\"entry-content\" itemprop=\"text\">          <a href=\"https:\/\/extralibris.net\/caruso\/item\/divulgacao-promovendo-o-ambiente-participativo\/\"><img decoding=\"async\" src=\"https:\/\/extralibris.net\/caruso\/wp-content\/uploads\/sites\/10\/2023\/05\/U03A05.jpg\" style=\"width:80%;\" \/><\/a>          <a href=\"https:\/\/extralibris.net\/caruso\/item\/divulgacao-promovendo-o-ambiente-participativo\/\" rel=\"bookmark\" style=\"display:none;\"><span>Divulga\u00e7\u00e3o: promovendo o ambiente participativo<\/span>          <\/a>      <\/div><\/article><\/div><\/div> <\/p>\n","protected":false},"excerpt":{"rendered":"<p>CURADORIA FIGITAL<\/p>\n","protected":false},"author":1,"featured_media":0,"parent":0,"menu_order":6,"comment_status":"closed","ping_status":"closed","template":"templates\/full-width.php","meta":{"_genesis_hide_title":false,"_genesis_hide_breadcrumbs":false,"_genesis_hide_singular_image":false,"_genesis_hide_footer_widgets":false,"_genesis_custom_body_class":"","_genesis_custom_post_class":"","_genesis_layout":"","footnotes":""},"class_list":["post-334","page","type-page","status-publish","entry"],"yoast_head":"<!-- This site is optimized with the Yoast SEO plugin v28.3 - https:\/\/yoast.com\/product\/yoast-seo-wordpress\/ -->\n<title>ExtraLibris - Curadoria Figital de Exposi\u00e7\u00f5es Conectadas<\/title>\n<meta name=\"description\" content=\"Catalogue, colecione e localize qualquer item. Mentoria e hospedagem para cria\u00e7\u00e3o de ambientes de exposi\u00e7\u00e3o conectados.\" \/>\n<meta name=\"robots\" content=\"index, follow, max-snippet:-1, max-image-preview:large, max-video-preview:-1\" \/>\n<link rel=\"canonical\" href=\"https:\/\/extralibris.net\/caruso\/capacitacao\/\" \/>\n<meta property=\"og:locale\" content=\"pt_BR\" \/>\n<meta property=\"og:type\" content=\"article\" \/>\n<meta property=\"og:title\" content=\"ExtraLibris - Curadoria Figital de Exposi\u00e7\u00f5es Conectadas\" \/>\n<meta property=\"og:description\" content=\"Catalogue, colecione e localize qualquer item. Mentoria e hospedagem para cria\u00e7\u00e3o de ambientes de exposi\u00e7\u00e3o conectados.\" \/>\n<meta property=\"og:url\" content=\"https:\/\/extralibris.net\/caruso\/capacitacao\/\" \/>\n<meta property=\"og:site_name\" content=\"Fabiano Caruso\" \/>\n<meta property=\"article:modified_time\" content=\"2025-05-30T00:27:55+00:00\" \/>\n<meta property=\"og:image\" content=\"https:\/\/extralibris.net\/wp-content\/uploads\/2025\/05\/logoextralibrisclean.png\" \/>\n<meta name=\"twitter:card\" content=\"summary_large_image\" \/>\n<meta name=\"twitter:label1\" content=\"Est. tempo de leitura\" \/>\n\t<meta name=\"twitter:data1\" content=\"1 minuto\" \/>\n<script type=\"application\/ld+json\" class=\"yoast-schema-graph\">{\"@context\":\"https:\\\/\\\/schema.org\",\"@graph\":[{\"@type\":\"WebPage\",\"@id\":\"https:\\\/\\\/extralibris.net\\\/caruso\\\/capacitacao\\\/\",\"url\":\"https:\\\/\\\/extralibris.net\\\/caruso\\\/capacitacao\\\/\",\"name\":\"ExtraLibris - Curadoria Figital de Exposi\u00e7\u00f5es Conectadas\",\"isPartOf\":{\"@id\":\"https:\\\/\\\/extralibris.net\\\/caruso\\\/#website\"},\"primaryImageOfPage\":{\"@id\":\"https:\\\/\\\/extralibris.net\\\/caruso\\\/capacitacao\\\/#primaryimage\"},\"image\":{\"@id\":\"https:\\\/\\\/extralibris.net\\\/caruso\\\/capacitacao\\\/#primaryimage\"},\"thumbnailUrl\":\"https:\\\/\\\/extralibris.net\\\/wp-content\\\/uploads\\\/2025\\\/05\\\/logoextralibrisclean.png\",\"datePublished\":\"2019-02-05T14:47:42+00:00\",\"dateModified\":\"2025-05-30T00:27:55+00:00\",\"description\":\"Catalogue, colecione e localize qualquer item. Mentoria e hospedagem para cria\u00e7\u00e3o de ambientes de exposi\u00e7\u00e3o conectados.\",\"breadcrumb\":{\"@id\":\"https:\\\/\\\/extralibris.net\\\/caruso\\\/capacitacao\\\/#breadcrumb\"},\"inLanguage\":\"pt-BR\",\"potentialAction\":[{\"@type\":\"ReadAction\",\"target\":[\"https:\\\/\\\/extralibris.net\\\/caruso\\\/capacitacao\\\/\"]}]},{\"@type\":\"ImageObject\",\"inLanguage\":\"pt-BR\",\"@id\":\"https:\\\/\\\/extralibris.net\\\/caruso\\\/capacitacao\\\/#primaryimage\",\"url\":\"https:\\\/\\\/extralibris.net\\\/wp-content\\\/uploads\\\/2025\\\/05\\\/logoextralibrisclean.png\",\"contentUrl\":\"https:\\\/\\\/extralibris.net\\\/wp-content\\\/uploads\\\/2025\\\/05\\\/logoextralibrisclean.png\"},{\"@type\":\"BreadcrumbList\",\"@id\":\"https:\\\/\\\/extralibris.net\\\/caruso\\\/capacitacao\\\/#breadcrumb\",\"itemListElement\":[{\"@type\":\"ListItem\",\"position\":1,\"name\":\"In\u00edcio\",\"item\":\"https:\\\/\\\/extralibris.net\\\/caruso\\\/\"},{\"@type\":\"ListItem\",\"position\":2,\"name\":\"CAPACITA\u00c7\u00c3O\"}]},{\"@type\":\"WebSite\",\"@id\":\"https:\\\/\\\/extralibris.net\\\/caruso\\\/#website\",\"url\":\"https:\\\/\\\/extralibris.net\\\/caruso\\\/\",\"name\":\"Fabiano Caruso\",\"description\":\"\",\"publisher\":{\"@id\":\"https:\\\/\\\/extralibris.net\\\/caruso\\\/#organization\"},\"potentialAction\":[{\"@type\":\"SearchAction\",\"target\":{\"@type\":\"EntryPoint\",\"urlTemplate\":\"https:\\\/\\\/extralibris.net\\\/caruso\\\/?s={search_term_string}\"},\"query-input\":{\"@type\":\"PropertyValueSpecification\",\"valueRequired\":true,\"valueName\":\"search_term_string\"}}],\"inLanguage\":\"pt-BR\"},{\"@type\":\"Organization\",\"@id\":\"https:\\\/\\\/extralibris.net\\\/caruso\\\/#organization\",\"name\":\"Fabiano Caruso\",\"url\":\"https:\\\/\\\/extralibris.net\\\/caruso\\\/\",\"logo\":{\"@type\":\"ImageObject\",\"inLanguage\":\"pt-BR\",\"@id\":\"https:\\\/\\\/extralibris.net\\\/caruso\\\/#\\\/schema\\\/logo\\\/image\\\/\",\"url\":\"https:\\\/\\\/extralibris.net\\\/caruso\\\/wp-content\\\/uploads\\\/sites\\\/10\\\/2021\\\/08\\\/extralibrisorgtopo.png\",\"contentUrl\":\"https:\\\/\\\/extralibris.net\\\/caruso\\\/wp-content\\\/uploads\\\/sites\\\/10\\\/2021\\\/08\\\/extralibrisorgtopo.png\",\"width\":240,\"height\":120,\"caption\":\"Fabiano Caruso\"},\"image\":{\"@id\":\"https:\\\/\\\/extralibris.net\\\/caruso\\\/#\\\/schema\\\/logo\\\/image\\\/\"}}]}<\/script>\n<!-- \/ Yoast SEO plugin. -->","yoast_head_json":{"title":"ExtraLibris - Curadoria Figital de Exposi\u00e7\u00f5es Conectadas","description":"Catalogue, colecione e localize qualquer item. Mentoria e hospedagem para cria\u00e7\u00e3o de ambientes de exposi\u00e7\u00e3o conectados.","robots":{"index":"index","follow":"follow","max-snippet":"max-snippet:-1","max-image-preview":"max-image-preview:large","max-video-preview":"max-video-preview:-1"},"canonical":"https:\/\/extralibris.net\/caruso\/capacitacao\/","og_locale":"pt_BR","og_type":"article","og_title":"ExtraLibris - Curadoria Figital de Exposi\u00e7\u00f5es Conectadas","og_description":"Catalogue, colecione e localize qualquer item. Mentoria e hospedagem para cria\u00e7\u00e3o de ambientes de exposi\u00e7\u00e3o conectados.","og_url":"https:\/\/extralibris.net\/caruso\/capacitacao\/","og_site_name":"Fabiano Caruso","article_modified_time":"2025-05-30T00:27:55+00:00","og_image":[{"url":"https:\/\/extralibris.net\/wp-content\/uploads\/2025\/05\/logoextralibrisclean.png","type":"","width":"","height":""}],"twitter_card":"summary_large_image","twitter_misc":{"Est. tempo de leitura":"1 minuto"},"schema":{"@context":"https:\/\/schema.org","@graph":[{"@type":"WebPage","@id":"https:\/\/extralibris.net\/caruso\/capacitacao\/","url":"https:\/\/extralibris.net\/caruso\/capacitacao\/","name":"ExtraLibris - Curadoria Figital de Exposi\u00e7\u00f5es Conectadas","isPartOf":{"@id":"https:\/\/extralibris.net\/caruso\/#website"},"primaryImageOfPage":{"@id":"https:\/\/extralibris.net\/caruso\/capacitacao\/#primaryimage"},"image":{"@id":"https:\/\/extralibris.net\/caruso\/capacitacao\/#primaryimage"},"thumbnailUrl":"https:\/\/extralibris.net\/wp-content\/uploads\/2025\/05\/logoextralibrisclean.png","datePublished":"2019-02-05T14:47:42+00:00","dateModified":"2025-05-30T00:27:55+00:00","description":"Catalogue, colecione e localize qualquer item. Mentoria e hospedagem para cria\u00e7\u00e3o de ambientes de exposi\u00e7\u00e3o conectados.","breadcrumb":{"@id":"https:\/\/extralibris.net\/caruso\/capacitacao\/#breadcrumb"},"inLanguage":"pt-BR","potentialAction":[{"@type":"ReadAction","target":["https:\/\/extralibris.net\/caruso\/capacitacao\/"]}]},{"@type":"ImageObject","inLanguage":"pt-BR","@id":"https:\/\/extralibris.net\/caruso\/capacitacao\/#primaryimage","url":"https:\/\/extralibris.net\/wp-content\/uploads\/2025\/05\/logoextralibrisclean.png","contentUrl":"https:\/\/extralibris.net\/wp-content\/uploads\/2025\/05\/logoextralibrisclean.png"},{"@type":"BreadcrumbList","@id":"https:\/\/extralibris.net\/caruso\/capacitacao\/#breadcrumb","itemListElement":[{"@type":"ListItem","position":1,"name":"In\u00edcio","item":"https:\/\/extralibris.net\/caruso\/"},{"@type":"ListItem","position":2,"name":"CAPACITA\u00c7\u00c3O"}]},{"@type":"WebSite","@id":"https:\/\/extralibris.net\/caruso\/#website","url":"https:\/\/extralibris.net\/caruso\/","name":"Fabiano Caruso","description":"","publisher":{"@id":"https:\/\/extralibris.net\/caruso\/#organization"},"potentialAction":[{"@type":"SearchAction","target":{"@type":"EntryPoint","urlTemplate":"https:\/\/extralibris.net\/caruso\/?s={search_term_string}"},"query-input":{"@type":"PropertyValueSpecification","valueRequired":true,"valueName":"search_term_string"}}],"inLanguage":"pt-BR"},{"@type":"Organization","@id":"https:\/\/extralibris.net\/caruso\/#organization","name":"Fabiano Caruso","url":"https:\/\/extralibris.net\/caruso\/","logo":{"@type":"ImageObject","inLanguage":"pt-BR","@id":"https:\/\/extralibris.net\/caruso\/#\/schema\/logo\/image\/","url":"https:\/\/extralibris.net\/caruso\/wp-content\/uploads\/sites\/10\/2021\/08\/extralibrisorgtopo.png","contentUrl":"https:\/\/extralibris.net\/caruso\/wp-content\/uploads\/sites\/10\/2021\/08\/extralibrisorgtopo.png","width":240,"height":120,"caption":"Fabiano Caruso"},"image":{"@id":"https:\/\/extralibris.net\/caruso\/#\/schema\/logo\/image\/"}}]}},"featured_image_src":null,"featured_image_src_square":null,"_links":{"self":[{"href":"https:\/\/extralibris.net\/caruso\/wp-json\/wp\/v2\/pages\/334","targetHints":{"allow":["GET"]}}],"collection":[{"href":"https:\/\/extralibris.net\/caruso\/wp-json\/wp\/v2\/pages"}],"about":[{"href":"https:\/\/extralibris.net\/caruso\/wp-json\/wp\/v2\/types\/page"}],"author":[{"embeddable":true,"href":"https:\/\/extralibris.net\/caruso\/wp-json\/wp\/v2\/users\/1"}],"replies":[{"embeddable":true,"href":"https:\/\/extralibris.net\/caruso\/wp-json\/wp\/v2\/comments?post=334"}],"version-history":[{"count":1,"href":"https:\/\/extralibris.net\/caruso\/wp-json\/wp\/v2\/pages\/334\/revisions"}],"predecessor-version":[{"id":9713,"href":"https:\/\/extralibris.net\/caruso\/wp-json\/wp\/v2\/pages\/334\/revisions\/9713"}],"wp:attachment":[{"href":"https:\/\/extralibris.net\/caruso\/wp-json\/wp\/v2\/media?parent=334"}],"curies":[{"name":"wp","href":"https:\/\/api.w.org\/{rel}","templated":true}]}}