{"id":2987,"date":"2020-06-27T18:47:46","date_gmt":"2020-06-27T21:47:46","guid":{"rendered":"https:\/\/fabianocaruso.com\/?page_id=2987"},"modified":"2026-07-04T09:32:25","modified_gmt":"2026-07-04T12:32:25","slug":"ciencia-aberta-acoes-de-pesquisadores-academicos-na-web-aberta","status":"publish","type":"page","link":"https:\/\/extralibris.net\/caruso\/ciencia-aberta-acoes-de-pesquisadores-academicos-na-web-aberta\/","title":{"rendered":"CI\u00caNCIA ABERTA"},"content":{"rendered":"\n<p class=\"has-text-align-center has-medium-font-size wp-block-paragraph\">A seguir um estudo a partir da pesquisa para a ExtraLibris sobre formato de publica\u00e7\u00e3o figital (f\u00edsico + digital) a partir da proposta de ci\u00eancia aberta. A minha disserta\u00e7\u00e3o na \u00edntegra foi repensada a partir de uma proposta de &#8216;composi\u00e7\u00e3o&#8217; em que os elementos da pesquisa podem ser reunidos e n\u00e3o precisam ser necessariamente lidos e explorados de forma sequencial. A vers\u00e3o f\u00edsica da produ\u00e7\u00e3o pode ser entregue e apresentada com elementos como cards, posters e paineis, que s\u00e3o transpostos para uma interface digital naveg\u00e1vel. Ou seja, \u00e9 uma abordagem da metodologia ExtraLibris aplicada para al\u00e9m dos itens e sim para transposi\u00e7\u00e3o da documenta\u00e7\u00e3o &#8211; em uma perspectiva da documentariedade al\u00e9m da bibliogr\u00e1fica. <\/p>\n\n\n\n<hr class=\"wp-block-separator has-css-opacity is-style-wide\"\/>\n\n\n\n<p class=\"has-text-align-left wp-block-paragraph\"><div class=\"collections\"><div class=\"collection\"><article class=\"2771 books type-books status-publish has-post-thumbnail book-series-artes entry genesis-author-pro-book\" itemscope=\"\" itemtype=\"https:\/\/schema.org\/CreativeWork\">      <div class=\"entry-content\" itemprop=\"text\">          <a href=\"https:\/\/extralibris.net\/caruso\/item\/1-introducao\/\"><img decoding=\"async\" src=\"https:\/\/extralibris.net\/caruso\/wp-content\/uploads\/sites\/10\/2020\/06\/introducao.jpg\" style=\"width:80%;\" \/><\/a>          <a href=\"https:\/\/extralibris.net\/caruso\/item\/1-introducao\/\" rel=\"bookmark\" style=\"display:none;\"><span>1 Introdu\u00e7\u00e3o<\/span>          <\/a>      <\/div><\/article><article class=\"3114 books type-books status-publish has-post-thumbnail book-series-artes entry genesis-author-pro-book\" itemscope=\"\" itemtype=\"https:\/\/schema.org\/CreativeWork\">      <div class=\"entry-content\" itemprop=\"text\">          <a href=\"https:\/\/extralibris.net\/caruso\/item\/2-o-cenario-digital-e-a-ciencia-aberta\/\"><img decoding=\"async\" src=\"https:\/\/extralibris.net\/caruso\/wp-content\/uploads\/sites\/10\/2020\/07\/cenario.jpg\" style=\"width:80%;\" \/><\/a>          <a href=\"https:\/\/extralibris.net\/caruso\/item\/2-o-cenario-digital-e-a-ciencia-aberta\/\" rel=\"bookmark\" style=\"display:none;\"><span>2 O cen\u00e1rio digital e a ci\u00eancia aberta<\/span>          <\/a>      <\/div><\/article><article class=\"3116 books type-books status-publish has-post-thumbnail book-series-artes entry genesis-author-pro-book\" itemscope=\"\" itemtype=\"https:\/\/schema.org\/CreativeWork\">      <div class=\"entry-content\" itemprop=\"text\">          <a href=\"https:\/\/extralibris.net\/caruso\/item\/2-1-do-conceito-openness-a-web-aberta\/\"><img decoding=\"async\" src=\"https:\/\/extralibris.net\/caruso\/wp-content\/uploads\/sites\/10\/2020\/07\/openness.jpg\" style=\"width:80%;\" \/><\/a>          <a href=\"https:\/\/extralibris.net\/caruso\/item\/2-1-do-conceito-openness-a-web-aberta\/\" rel=\"bookmark\" style=\"display:none;\"><span>2.1 Do conceito de openness a web aberta<\/span>          <\/a>      <\/div><\/article><article class=\"3119 books type-books status-publish has-post-thumbnail book-series-artes entry genesis-author-pro-book\" itemscope=\"\" itemtype=\"https:\/\/schema.org\/CreativeWork\">      <div class=\"entry-content\" itemprop=\"text\">          <a href=\"https:\/\/extralibris.net\/caruso\/item\/2-2-a-consumerizacao-das-tecnologias-da-informacao\/\"><img decoding=\"async\" src=\"https:\/\/extralibris.net\/caruso\/wp-content\/uploads\/sites\/10\/2020\/07\/consumerizacao.jpg\" style=\"width:80%;\" \/><\/a>          <a href=\"https:\/\/extralibris.net\/caruso\/item\/2-2-a-consumerizacao-das-tecnologias-da-informacao\/\" rel=\"bookmark\" style=\"display:none;\"><span>2.2 A consumeriza\u00e7\u00e3o das tecnologias da informa\u00e7\u00e3o<\/span>          <\/a>      <\/div><\/article><article class=\"3121 books type-books status-publish has-post-thumbnail book-series-artes entry genesis-author-pro-book\" itemscope=\"\" itemtype=\"https:\/\/schema.org\/CreativeWork\">      <div class=\"entry-content\" itemprop=\"text\">          <a href=\"https:\/\/extralibris.net\/caruso\/item\/2-3-as-correntes-de-pensamento-da-ciencia-aberta\/\"><img decoding=\"async\" src=\"https:\/\/extralibris.net\/caruso\/wp-content\/uploads\/sites\/10\/2020\/07\/correntes.jpg\" style=\"width:80%;\" \/><\/a>          <a href=\"https:\/\/extralibris.net\/caruso\/item\/2-3-as-correntes-de-pensamento-da-ciencia-aberta\/\" rel=\"bookmark\" style=\"display:none;\"><span>2.3 As correntes de pensamento da ci\u00eancia aberta<\/span>          <\/a>      <\/div><\/article><\/div><\/div>\n\n\n\n<p class=\"has-text-align-left wp-block-paragraph\"><div class=\"collections\"><div class=\"collection\"><article class=\"3123 books type-books status-publish has-post-thumbnail book-series-artes entry genesis-author-pro-book\" itemscope=\"\" itemtype=\"https:\/\/schema.org\/CreativeWork\">      <div class=\"entry-content\" itemprop=\"text\">          <a href=\"https:\/\/extralibris.net\/caruso\/item\/2-3-1-a-corrente-publica\/\"><img decoding=\"async\" src=\"https:\/\/extralibris.net\/caruso\/wp-content\/uploads\/sites\/10\/2020\/07\/publica.jpg\" style=\"width:80%;\" \/><\/a>          <a href=\"https:\/\/extralibris.net\/caruso\/item\/2-3-1-a-corrente-publica\/\" rel=\"bookmark\" style=\"display:none;\"><span>2.3.1 A corrente p\u00fablica<\/span>          <\/a>      <\/div><\/article><article class=\"3127 books type-books status-publish has-post-thumbnail book-series-artes entry genesis-author-pro-book\" itemscope=\"\" itemtype=\"https:\/\/schema.org\/CreativeWork\">      <div class=\"entry-content\" itemprop=\"text\">          <a href=\"https:\/\/extralibris.net\/caruso\/item\/2-3-2-a-corrente-democratica\/\"><img decoding=\"async\" src=\"https:\/\/extralibris.net\/caruso\/wp-content\/uploads\/sites\/10\/2020\/07\/democratica.jpg\" style=\"width:80%;\" \/><\/a>          <a href=\"https:\/\/extralibris.net\/caruso\/item\/2-3-2-a-corrente-democratica\/\" rel=\"bookmark\" style=\"display:none;\"><span>2.3.2 A corrente democr\u00e1tica<\/span>          <\/a>      <\/div><\/article><article class=\"3133 books type-books status-publish has-post-thumbnail book-series-artes entry genesis-author-pro-book\" itemscope=\"\" itemtype=\"https:\/\/schema.org\/CreativeWork\">      <div class=\"entry-content\" itemprop=\"text\">          <a href=\"https:\/\/extralibris.net\/caruso\/item\/2-3-3-a-corrente-da-infraestrutura\/\"><img decoding=\"async\" src=\"https:\/\/extralibris.net\/caruso\/wp-content\/uploads\/sites\/10\/2020\/07\/infraestrutura.jpg\" style=\"width:80%;\" \/><\/a>          <a href=\"https:\/\/extralibris.net\/caruso\/item\/2-3-3-a-corrente-da-infraestrutura\/\" rel=\"bookmark\" style=\"display:none;\"><span>2.3.3 A corrente da infraestrutura<\/span>          <\/a>      <\/div><\/article><article class=\"3135 books type-books status-publish has-post-thumbnail book-series-artes entry genesis-author-pro-book\" itemscope=\"\" itemtype=\"https:\/\/schema.org\/CreativeWork\">      <div class=\"entry-content\" itemprop=\"text\">          <a href=\"https:\/\/extralibris.net\/caruso\/item\/2-3-4-a-corrente-das-metricas\/\"><img decoding=\"async\" src=\"https:\/\/extralibris.net\/caruso\/wp-content\/uploads\/sites\/10\/2020\/07\/metricas.jpg\" style=\"width:80%;\" \/><\/a>          <a href=\"https:\/\/extralibris.net\/caruso\/item\/2-3-4-a-corrente-das-metricas\/\" rel=\"bookmark\" style=\"display:none;\"><span>2.3.4 A corrente das m\u00e9tricas<\/span>          <\/a>      <\/div><\/article><article class=\"3137 books type-books status-publish has-post-thumbnail book-series-artes entry genesis-author-pro-book\" itemscope=\"\" itemtype=\"https:\/\/schema.org\/CreativeWork\">      <div class=\"entry-content\" itemprop=\"text\">          <a href=\"https:\/\/extralibris.net\/caruso\/item\/2-3-5-a-corrente-pragmatica\/\"><img decoding=\"async\" src=\"https:\/\/extralibris.net\/caruso\/wp-content\/uploads\/sites\/10\/2020\/07\/pragmatica.jpg\" style=\"width:80%;\" \/><\/a>          <a href=\"https:\/\/extralibris.net\/caruso\/item\/2-3-5-a-corrente-pragmatica\/\" rel=\"bookmark\" style=\"display:none;\"><span>2.3.5 A corrente pragm\u00e1tica<\/span>          <\/a>      <\/div><\/article><\/div><\/div>\n\n\n\n<p class=\"wp-block-paragraph\"><div class=\"collections\"><div class=\"collection\"><article class=\"3139 books type-books status-publish has-post-thumbnail book-series-artes entry genesis-author-pro-book\" itemscope=\"\" itemtype=\"https:\/\/schema.org\/CreativeWork\">      <div class=\"entry-content\" itemprop=\"text\">          <a href=\"https:\/\/extralibris.net\/caruso\/item\/3-a-producao-de-conhecimento-na-academia\/\"><img decoding=\"async\" src=\"https:\/\/extralibris.net\/caruso\/wp-content\/uploads\/sites\/10\/2020\/07\/academia.jpg\" style=\"width:80%;\" \/><\/a>          <a href=\"https:\/\/extralibris.net\/caruso\/item\/3-a-producao-de-conhecimento-na-academia\/\" rel=\"bookmark\" style=\"display:none;\"><span>3 A produ\u00e7\u00e3o de conhecimento na academia<\/span>          <\/a>      <\/div><\/article><article class=\"3141 books type-books status-publish has-post-thumbnail book-series-artes entry genesis-author-pro-book\" itemscope=\"\" itemtype=\"https:\/\/schema.org\/CreativeWork\">      <div class=\"entry-content\" itemprop=\"text\">          <a href=\"https:\/\/extralibris.net\/caruso\/item\/3-1-os-pesquisadores-e-o-ethos-da-ciencia\/\"><img decoding=\"async\" src=\"https:\/\/extralibris.net\/caruso\/wp-content\/uploads\/sites\/10\/2020\/07\/pesquisadores.jpg\" style=\"width:80%;\" \/><\/a>          <a href=\"https:\/\/extralibris.net\/caruso\/item\/3-1-os-pesquisadores-e-o-ethos-da-ciencia\/\" rel=\"bookmark\" style=\"display:none;\"><span>3.1 Os pesquisadores e o ethos da ci\u00eancia<\/span>          <\/a>      <\/div><\/article><article class=\"3143 books type-books status-publish has-post-thumbnail book-series-artes entry genesis-author-pro-book\" itemscope=\"\" itemtype=\"https:\/\/schema.org\/CreativeWork\">      <div class=\"entry-content\" itemprop=\"text\">          <a href=\"https:\/\/extralibris.net\/caruso\/item\/3-2-as-tradicoes-de-pesquisa-academica\/\"><img decoding=\"async\" src=\"https:\/\/extralibris.net\/caruso\/wp-content\/uploads\/sites\/10\/2020\/07\/tradicoes.jpg\" style=\"width:80%;\" \/><\/a>          <a href=\"https:\/\/extralibris.net\/caruso\/item\/3-2-as-tradicoes-de-pesquisa-academica\/\" rel=\"bookmark\" style=\"display:none;\"><span>3.2 As tradi\u00e7\u00f5es de pesquisa acad\u00eamica<\/span>          <\/a>      <\/div><\/article><article class=\"3736 books type-books status-publish has-post-thumbnail book-series-artes entry genesis-author-pro-book\" itemscope=\"\" itemtype=\"https:\/\/schema.org\/CreativeWork\">      <div class=\"entry-content\" itemprop=\"text\">          <a href=\"https:\/\/extralibris.net\/caruso\/item\/3-3-o-ciclo-de-vida-de-pesquisa-e-os-produtos-digitais\/\"><img decoding=\"async\" src=\"https:\/\/extralibris.net\/caruso\/wp-content\/uploads\/sites\/10\/2020\/07\/ciclo-de-vida.jpg\" style=\"width:80%;\" \/><\/a>          <a href=\"https:\/\/extralibris.net\/caruso\/item\/3-3-o-ciclo-de-vida-de-pesquisa-e-os-produtos-digitais\/\" rel=\"bookmark\" style=\"display:none;\"><span>3.3 O ciclo de vida de pesquisa e os produtos digitais<\/span>          <\/a>      <\/div><\/article><article class=\"3149 books type-books status-publish has-post-thumbnail book-series-artes entry genesis-author-pro-book\" itemscope=\"\" itemtype=\"https:\/\/schema.org\/CreativeWork\">      <div class=\"entry-content\" itemprop=\"text\">          <a href=\"https:\/\/extralibris.net\/caruso\/item\/4-o-engajamento-academico-na-web-aberta\/\"><img decoding=\"async\" src=\"https:\/\/extralibris.net\/caruso\/wp-content\/uploads\/sites\/10\/2020\/07\/engajamento.jpg\" style=\"width:80%;\" \/><\/a>          <a href=\"https:\/\/extralibris.net\/caruso\/item\/4-o-engajamento-academico-na-web-aberta\/\" rel=\"bookmark\" style=\"display:none;\"><span>4 O engajamento acad\u00eamico na web aberta<\/span>          <\/a>      <\/div><\/article><\/div><\/div>\n\n\n\n<p class=\"wp-block-paragraph\"><div class=\"collections\"><div class=\"collection\"><article class=\"3151 books type-books status-publish has-post-thumbnail book-series-artes entry genesis-author-pro-book\" itemscope=\"\" itemtype=\"https:\/\/schema.org\/CreativeWork\">      <div class=\"entry-content\" itemprop=\"text\">          <a href=\"https:\/\/extralibris.net\/caruso\/item\/4-1-a-gestao-do-conhecimento-e-a-colaboracao\/\"><img decoding=\"async\" src=\"https:\/\/extralibris.net\/caruso\/wp-content\/uploads\/sites\/10\/2020\/07\/colaboracao.jpg\" style=\"width:80%;\" \/><\/a>          <a href=\"https:\/\/extralibris.net\/caruso\/item\/4-1-a-gestao-do-conhecimento-e-a-colaboracao\/\" rel=\"bookmark\" style=\"display:none;\"><span>4.1 A gest\u00e3o do conhecimento e a colabora\u00e7\u00e3o<\/span>          <\/a>      <\/div><\/article><article class=\"3156 books type-books status-publish has-post-thumbnail book-series-artes entry genesis-author-pro-book\" itemscope=\"\" itemtype=\"https:\/\/schema.org\/CreativeWork\">      <div class=\"entry-content\" itemprop=\"text\">          <a href=\"https:\/\/extralibris.net\/caruso\/item\/4-2-a-piramide-do-engajamento-digital\/\"><img decoding=\"async\" src=\"https:\/\/extralibris.net\/caruso\/wp-content\/uploads\/sites\/10\/2020\/07\/maturidade.jpg\" style=\"width:80%;\" \/><\/a>          <a href=\"https:\/\/extralibris.net\/caruso\/item\/4-2-a-piramide-do-engajamento-digital\/\" rel=\"bookmark\" style=\"display:none;\"><span>4.2 A pir\u00e2mide do engajamento digital<\/span>          <\/a>      <\/div><\/article><article class=\"3161 books type-books status-publish has-post-thumbnail book-series-artes entry genesis-author-pro-book\" itemscope=\"\" itemtype=\"https:\/\/schema.org\/CreativeWork\">      <div class=\"entry-content\" itemprop=\"text\">          <a href=\"https:\/\/extralibris.net\/caruso\/item\/5-metodologia\/\"><img decoding=\"async\" src=\"https:\/\/extralibris.net\/caruso\/wp-content\/uploads\/sites\/10\/2020\/07\/metodologia.jpg\" style=\"width:80%;\" \/><\/a>          <a href=\"https:\/\/extralibris.net\/caruso\/item\/5-metodologia\/\" rel=\"bookmark\" style=\"display:none;\"><span>5 Metodologia<\/span>          <\/a>      <\/div><\/article><article class=\"3163 books type-books status-publish has-post-thumbnail book-series-artes entry genesis-author-pro-book\" itemscope=\"\" itemtype=\"https:\/\/schema.org\/CreativeWork\">      <div class=\"entry-content\" itemprop=\"text\">          <a href=\"https:\/\/extralibris.net\/caruso\/item\/6-analise-e-discussao-dos-resultados\/\"><img decoding=\"async\" src=\"https:\/\/extralibris.net\/caruso\/wp-content\/uploads\/sites\/10\/2020\/07\/analise.jpg\" style=\"width:80%;\" \/><\/a>          <a href=\"https:\/\/extralibris.net\/caruso\/item\/6-analise-e-discussao-dos-resultados\/\" rel=\"bookmark\" style=\"display:none;\"><span>6 An\u00e1lise e discuss\u00e3o dos resultados<\/span>          <\/a>      <\/div><\/article><article class=\"3165 books type-books status-publish has-post-thumbnail book-series-artes entry genesis-author-pro-book\" itemscope=\"\" itemtype=\"https:\/\/schema.org\/CreativeWork\">      <div class=\"entry-content\" itemprop=\"text\">          <a href=\"https:\/\/extralibris.net\/caruso\/item\/7-conclusao\/\"><img decoding=\"async\" src=\"https:\/\/extralibris.net\/caruso\/wp-content\/uploads\/sites\/10\/2020\/07\/conclusao.jpg\" style=\"width:80%;\" \/><\/a>          <a href=\"https:\/\/extralibris.net\/caruso\/item\/7-conclusao\/\" rel=\"bookmark\" style=\"display:none;\"><span>7 Conclus\u00e3o<\/span>          <\/a>      <\/div><\/article><\/div><\/div>\n\n\n\n<p class=\"wp-block-paragraph\"><div class=\"collections\"><div class=\"collection\"><article class=\"3167 books type-books status-publish has-post-thumbnail book-series-artes entry genesis-author-pro-book\" itemscope=\"\" itemtype=\"https:\/\/schema.org\/CreativeWork\">      <div class=\"entry-content\" itemprop=\"text\">          <a href=\"https:\/\/extralibris.net\/caruso\/item\/referencias\/\"><img decoding=\"async\" src=\"https:\/\/extralibris.net\/caruso\/wp-content\/uploads\/sites\/10\/2020\/07\/referencia.jpg\" style=\"width:80%;\" \/><\/a>          <a href=\"https:\/\/extralibris.net\/caruso\/item\/referencias\/\" rel=\"bookmark\" style=\"display:none;\"><span>Refer\u00eancias<\/span>          <\/a>      <\/div><\/article><article class=\"3170 books type-books status-publish has-post-thumbnail book-series-artes entry genesis-author-pro-book\" itemscope=\"\" itemtype=\"https:\/\/schema.org\/CreativeWork\">      <div class=\"entry-content\" itemprop=\"text\">          <a href=\"https:\/\/extralibris.net\/caruso\/item\/apendice-1-formulario-de-engajamento-digital\/\"><img decoding=\"async\" src=\"https:\/\/extralibris.net\/caruso\/wp-content\/uploads\/sites\/10\/2020\/07\/apendice.jpg\" style=\"width:80%;\" \/><\/a>          <a href=\"https:\/\/extralibris.net\/caruso\/item\/apendice-1-formulario-de-engajamento-digital\/\" rel=\"bookmark\" style=\"display:none;\"><span>Ap\u00eandice 1 Formul\u00e1rio de engajamento digital<\/span>          <\/a>      <\/div><\/article><article class=\"3738 books type-books status-publish has-post-thumbnail book-series-artes entry genesis-author-pro-book\" itemscope=\"\" itemtype=\"https:\/\/schema.org\/CreativeWork\">      <div class=\"entry-content\" itemprop=\"text\">          <a href=\"https:\/\/extralibris.net\/caruso\/item\/apendice-2-questionario-aos-pesquisadores-nacionais\/\"><img decoding=\"async\" src=\"https:\/\/extralibris.net\/caruso\/wp-content\/uploads\/sites\/10\/2020\/07\/apendice.jpg\" style=\"width:80%;\" \/><\/a>          <a href=\"https:\/\/extralibris.net\/caruso\/item\/apendice-2-questionario-aos-pesquisadores-nacionais\/\" rel=\"bookmark\" style=\"display:none;\"><span>Ap\u00eandice 2 Question\u00e1rio aos pesquisadores nacionais<\/span>          <\/a>      <\/div><\/article><article class=\"3173 books type-books status-publish has-post-thumbnail book-series-artes entry genesis-author-pro-book\" itemscope=\"\" itemtype=\"https:\/\/schema.org\/CreativeWork\">      <div class=\"entry-content\" itemprop=\"text\">          <a href=\"https:\/\/extralibris.net\/caruso\/item\/apendice-3-questionario-aos-pesquisadores-internacionais\/\"><img decoding=\"async\" src=\"https:\/\/extralibris.net\/caruso\/wp-content\/uploads\/sites\/10\/2020\/07\/apendice.jpg\" style=\"width:80%;\" \/><\/a>          <a href=\"https:\/\/extralibris.net\/caruso\/item\/apendice-3-questionario-aos-pesquisadores-internacionais\/\" rel=\"bookmark\" style=\"display:none;\"><span>Ap\u00eandice 3 Question\u00e1rio aos pesquisadores internacionais<\/span>          <\/a>      <\/div><\/article><article class=\"3174 books type-books status-publish has-post-thumbnail book-series-artes entry genesis-author-pro-book\" itemscope=\"\" itemtype=\"https:\/\/schema.org\/CreativeWork\">      <div class=\"entry-content\" itemprop=\"text\">          <a href=\"https:\/\/extralibris.net\/caruso\/item\/anexo-1-relatorio-de-envio-de-email-pelos-pesquisadores\/\"><img decoding=\"async\" src=\"https:\/\/extralibris.net\/caruso\/wp-content\/uploads\/sites\/10\/2020\/07\/anexo.jpg\" style=\"width:80%;\" \/><\/a>          <a href=\"https:\/\/extralibris.net\/caruso\/item\/anexo-1-relatorio-de-envio-de-email-pelos-pesquisadores\/\" rel=\"bookmark\" style=\"display:none;\"><span>Anexo 1 Relat\u00f3rio de envio de email pelos pesquisadores<\/span>          <\/a>      <\/div><\/article><\/div><\/div>\n\n\n\n<hr class=\"wp-block-separator has-css-opacity is-style-wide\"\/>\n\n\n\n<p class=\"has-text-align-center has-medium-font-size wp-block-paragraph\">Busca analisar as a\u00e7\u00f5es de pesquisadores acad\u00eamicos na <em>web<\/em> aberta. Para tanto faz uma revis\u00e3o de literatura de problemas norteadores da pesquisa como o conceito de abertura (<em>openness<\/em>), a&nbsp; consumeriza\u00e7\u00e3o da tecnologia da informa\u00e7\u00e3o, e as correntes de pensamento da ci\u00eancia aberta. Faz uma introdu\u00e7\u00e3o de quest\u00f5es relacionadas a produ\u00e7\u00e3o do conhecimento na academia, como a dos pesquisadores e o <em>ethos<\/em> da ci\u00eancia, as tradi\u00e7\u00f5es de pesquisa acad\u00eamicas e o ciclo de vida da pesquisa acad\u00eamica. Para a cria\u00e7\u00e3o da metodologia para an\u00e1lise das a\u00e7\u00f5es dos pesquisadores, a gest\u00e3o do conhecimento \u00e9 vista como uma disciplina que prov\u00ea a defini\u00e7\u00e3o de crit\u00e9rios para a utiliza\u00e7\u00e3o de tecnologias emergentes para a colabora\u00e7\u00e3o e a pir\u00e2mide do engajamento para identificar as a\u00e7\u00f5es poss\u00edveis na <em>web<\/em>. A partir da fundamenta\u00e7\u00e3o te\u00f3rica, desenvolve uma metodologia para avalia\u00e7\u00e3o das a\u00e7\u00f5es de engajamento acad\u00eamico atrav\u00e9s da an\u00e1lise de sites de pesquisadores e da colabora\u00e7\u00e3o atrav\u00e9s do envio de um question\u00e1rio. Em suas conclus\u00f5es identificou a diversidade de a\u00e7\u00f5es dos acad\u00eamicos em rela\u00e7\u00e3o \u00e0s formas de engajamento e ado\u00e7\u00e3o das tecnologias digitais, em conson\u00e2ncia com a emerg\u00eancia de iniciativas relacionadas a pr\u00f3pria ci\u00eancia aberta. Al\u00e9m de sugerir dire\u00e7\u00f5es para novas pesquisas em ci\u00eancia da informa\u00e7\u00e3o relacionadas ao tema.&nbsp;<\/p>\n","protected":false},"excerpt":{"rendered":"<p>a\u00e7\u00f5es de pesquisadores acad\u00eamicos na web aberta<\/p>\n","protected":false},"author":1,"featured_media":0,"parent":0,"menu_order":6,"comment_status":"closed","ping_status":"closed","template":"","meta":{"_genesis_hide_title":false,"_genesis_hide_breadcrumbs":false,"_genesis_hide_singular_image":false,"_genesis_hide_footer_widgets":false,"_genesis_custom_body_class":"","_genesis_custom_post_class":"","_genesis_layout":"","footnotes":""},"class_list":["post-2987","page","type-page","status-publish","entry"],"yoast_head":"<!-- This site is optimized with the Yoast SEO plugin v28.3 - https:\/\/yoast.com\/product\/yoast-seo-wordpress\/ -->\n<title>CI\u00caNCIA ABERTA - Fabiano Caruso<\/title>\n<meta name=\"robots\" content=\"index, follow, max-snippet:-1, max-image-preview:large, max-video-preview:-1\" \/>\n<link rel=\"canonical\" href=\"https:\/\/extralibris.net\/caruso\/ciencia-aberta-acoes-de-pesquisadores-academicos-na-web-aberta\/\" \/>\n<meta property=\"og:locale\" content=\"pt_BR\" \/>\n<meta property=\"og:type\" content=\"article\" \/>\n<meta property=\"og:title\" content=\"CI\u00caNCIA ABERTA - Fabiano Caruso\" \/>\n<meta property=\"og:description\" content=\"a\u00e7\u00f5es de pesquisadores acad\u00eamicos na web aberta\" \/>\n<meta property=\"og:url\" content=\"https:\/\/extralibris.net\/caruso\/ciencia-aberta-acoes-de-pesquisadores-academicos-na-web-aberta\/\" \/>\n<meta property=\"og:site_name\" content=\"Fabiano Caruso\" \/>\n<meta property=\"article:modified_time\" content=\"2026-07-04T12:32:25+00:00\" \/>\n<meta name=\"twitter:card\" content=\"summary_large_image\" \/>\n<meta name=\"twitter:label1\" content=\"Est. tempo de leitura\" \/>\n\t<meta name=\"twitter:data1\" content=\"2 minutos\" \/>\n<script type=\"application\/ld+json\" class=\"yoast-schema-graph\">{\"@context\":\"https:\\\/\\\/schema.org\",\"@graph\":[{\"@type\":\"WebPage\",\"@id\":\"https:\\\/\\\/extralibris.net\\\/caruso\\\/ciencia-aberta-acoes-de-pesquisadores-academicos-na-web-aberta\\\/\",\"url\":\"https:\\\/\\\/extralibris.net\\\/caruso\\\/ciencia-aberta-acoes-de-pesquisadores-academicos-na-web-aberta\\\/\",\"name\":\"CI\u00caNCIA ABERTA - Fabiano Caruso\",\"isPartOf\":{\"@id\":\"https:\\\/\\\/extralibris.net\\\/caruso\\\/#website\"},\"datePublished\":\"2020-06-27T21:47:46+00:00\",\"dateModified\":\"2026-07-04T12:32:25+00:00\",\"breadcrumb\":{\"@id\":\"https:\\\/\\\/extralibris.net\\\/caruso\\\/ciencia-aberta-acoes-de-pesquisadores-academicos-na-web-aberta\\\/#breadcrumb\"},\"inLanguage\":\"pt-BR\",\"potentialAction\":[{\"@type\":\"ReadAction\",\"target\":[\"https:\\\/\\\/extralibris.net\\\/caruso\\\/ciencia-aberta-acoes-de-pesquisadores-academicos-na-web-aberta\\\/\"]}]},{\"@type\":\"BreadcrumbList\",\"@id\":\"https:\\\/\\\/extralibris.net\\\/caruso\\\/ciencia-aberta-acoes-de-pesquisadores-academicos-na-web-aberta\\\/#breadcrumb\",\"itemListElement\":[{\"@type\":\"ListItem\",\"position\":1,\"name\":\"In\u00edcio\",\"item\":\"https:\\\/\\\/extralibris.net\\\/caruso\\\/\"},{\"@type\":\"ListItem\",\"position\":2,\"name\":\"CI\u00caNCIA ABERTA\"}]},{\"@type\":\"WebSite\",\"@id\":\"https:\\\/\\\/extralibris.net\\\/caruso\\\/#website\",\"url\":\"https:\\\/\\\/extralibris.net\\\/caruso\\\/\",\"name\":\"Fabiano Caruso\",\"description\":\"\",\"publisher\":{\"@id\":\"https:\\\/\\\/extralibris.net\\\/caruso\\\/#organization\"},\"potentialAction\":[{\"@type\":\"SearchAction\",\"target\":{\"@type\":\"EntryPoint\",\"urlTemplate\":\"https:\\\/\\\/extralibris.net\\\/caruso\\\/?s={search_term_string}\"},\"query-input\":{\"@type\":\"PropertyValueSpecification\",\"valueRequired\":true,\"valueName\":\"search_term_string\"}}],\"inLanguage\":\"pt-BR\"},{\"@type\":\"Organization\",\"@id\":\"https:\\\/\\\/extralibris.net\\\/caruso\\\/#organization\",\"name\":\"Fabiano Caruso\",\"url\":\"https:\\\/\\\/extralibris.net\\\/caruso\\\/\",\"logo\":{\"@type\":\"ImageObject\",\"inLanguage\":\"pt-BR\",\"@id\":\"https:\\\/\\\/extralibris.net\\\/caruso\\\/#\\\/schema\\\/logo\\\/image\\\/\",\"url\":\"https:\\\/\\\/extralibris.net\\\/caruso\\\/wp-content\\\/uploads\\\/sites\\\/10\\\/2021\\\/08\\\/extralibrisorgtopo.png\",\"contentUrl\":\"https:\\\/\\\/extralibris.net\\\/caruso\\\/wp-content\\\/uploads\\\/sites\\\/10\\\/2021\\\/08\\\/extralibrisorgtopo.png\",\"width\":240,\"height\":120,\"caption\":\"Fabiano Caruso\"},\"image\":{\"@id\":\"https:\\\/\\\/extralibris.net\\\/caruso\\\/#\\\/schema\\\/logo\\\/image\\\/\"}}]}<\/script>\n<!-- \/ Yoast SEO plugin. -->","yoast_head_json":{"title":"CI\u00caNCIA ABERTA - Fabiano Caruso","robots":{"index":"index","follow":"follow","max-snippet":"max-snippet:-1","max-image-preview":"max-image-preview:large","max-video-preview":"max-video-preview:-1"},"canonical":"https:\/\/extralibris.net\/caruso\/ciencia-aberta-acoes-de-pesquisadores-academicos-na-web-aberta\/","og_locale":"pt_BR","og_type":"article","og_title":"CI\u00caNCIA ABERTA - Fabiano Caruso","og_description":"a\u00e7\u00f5es de pesquisadores acad\u00eamicos na web aberta","og_url":"https:\/\/extralibris.net\/caruso\/ciencia-aberta-acoes-de-pesquisadores-academicos-na-web-aberta\/","og_site_name":"Fabiano Caruso","article_modified_time":"2026-07-04T12:32:25+00:00","twitter_card":"summary_large_image","twitter_misc":{"Est. tempo de leitura":"2 minutos"},"schema":{"@context":"https:\/\/schema.org","@graph":[{"@type":"WebPage","@id":"https:\/\/extralibris.net\/caruso\/ciencia-aberta-acoes-de-pesquisadores-academicos-na-web-aberta\/","url":"https:\/\/extralibris.net\/caruso\/ciencia-aberta-acoes-de-pesquisadores-academicos-na-web-aberta\/","name":"CI\u00caNCIA ABERTA - Fabiano Caruso","isPartOf":{"@id":"https:\/\/extralibris.net\/caruso\/#website"},"datePublished":"2020-06-27T21:47:46+00:00","dateModified":"2026-07-04T12:32:25+00:00","breadcrumb":{"@id":"https:\/\/extralibris.net\/caruso\/ciencia-aberta-acoes-de-pesquisadores-academicos-na-web-aberta\/#breadcrumb"},"inLanguage":"pt-BR","potentialAction":[{"@type":"ReadAction","target":["https:\/\/extralibris.net\/caruso\/ciencia-aberta-acoes-de-pesquisadores-academicos-na-web-aberta\/"]}]},{"@type":"BreadcrumbList","@id":"https:\/\/extralibris.net\/caruso\/ciencia-aberta-acoes-de-pesquisadores-academicos-na-web-aberta\/#breadcrumb","itemListElement":[{"@type":"ListItem","position":1,"name":"In\u00edcio","item":"https:\/\/extralibris.net\/caruso\/"},{"@type":"ListItem","position":2,"name":"CI\u00caNCIA ABERTA"}]},{"@type":"WebSite","@id":"https:\/\/extralibris.net\/caruso\/#website","url":"https:\/\/extralibris.net\/caruso\/","name":"Fabiano Caruso","description":"","publisher":{"@id":"https:\/\/extralibris.net\/caruso\/#organization"},"potentialAction":[{"@type":"SearchAction","target":{"@type":"EntryPoint","urlTemplate":"https:\/\/extralibris.net\/caruso\/?s={search_term_string}"},"query-input":{"@type":"PropertyValueSpecification","valueRequired":true,"valueName":"search_term_string"}}],"inLanguage":"pt-BR"},{"@type":"Organization","@id":"https:\/\/extralibris.net\/caruso\/#organization","name":"Fabiano Caruso","url":"https:\/\/extralibris.net\/caruso\/","logo":{"@type":"ImageObject","inLanguage":"pt-BR","@id":"https:\/\/extralibris.net\/caruso\/#\/schema\/logo\/image\/","url":"https:\/\/extralibris.net\/caruso\/wp-content\/uploads\/sites\/10\/2021\/08\/extralibrisorgtopo.png","contentUrl":"https:\/\/extralibris.net\/caruso\/wp-content\/uploads\/sites\/10\/2021\/08\/extralibrisorgtopo.png","width":240,"height":120,"caption":"Fabiano Caruso"},"image":{"@id":"https:\/\/extralibris.net\/caruso\/#\/schema\/logo\/image\/"}}]}},"featured_image_src":null,"featured_image_src_square":null,"_links":{"self":[{"href":"https:\/\/extralibris.net\/caruso\/wp-json\/wp\/v2\/pages\/2987","targetHints":{"allow":["GET"]}}],"collection":[{"href":"https:\/\/extralibris.net\/caruso\/wp-json\/wp\/v2\/pages"}],"about":[{"href":"https:\/\/extralibris.net\/caruso\/wp-json\/wp\/v2\/types\/page"}],"author":[{"embeddable":true,"href":"https:\/\/extralibris.net\/caruso\/wp-json\/wp\/v2\/users\/1"}],"replies":[{"embeddable":true,"href":"https:\/\/extralibris.net\/caruso\/wp-json\/wp\/v2\/comments?post=2987"}],"version-history":[{"count":5,"href":"https:\/\/extralibris.net\/caruso\/wp-json\/wp\/v2\/pages\/2987\/revisions"}],"predecessor-version":[{"id":9760,"href":"https:\/\/extralibris.net\/caruso\/wp-json\/wp\/v2\/pages\/2987\/revisions\/9760"}],"wp:attachment":[{"href":"https:\/\/extralibris.net\/caruso\/wp-json\/wp\/v2\/media?parent=2987"}],"curies":[{"name":"wp","href":"https:\/\/api.w.org\/{rel}","templated":true}]}}