{"id":2520,"date":"2020-05-13T22:59:08","date_gmt":"2020-05-14T01:59:08","guid":{"rendered":"https:\/\/extralibris.org\/fabianocaruso\/?page_id=2520"},"modified":"2025-10-19T11:46:24","modified_gmt":"2025-10-19T14:46:24","slug":"sobre","status":"publish","type":"page","link":"https:\/\/extralibris.net\/caruso\/sobre\/","title":{"rendered":"CURADORIA"},"content":{"rendered":"<div class=\"wp-block-image is-resized is-style-rounded\">\n<figure class=\"aligncenter size-large\"><img loading=\"lazy\" decoding=\"async\" width=\"800\" height=\"800\" src=\"https:\/\/extralibris.net\/caruso\/wp-content\/uploads\/sites\/10\/2020\/05\/carusoextralibris.png\" alt=\"\" class=\"wp-image-2522\" style=\"width:408px;height:auto\" srcset=\"https:\/\/extralibris.net\/caruso\/wp-content\/uploads\/sites\/10\/2020\/05\/carusoextralibris.png 800w, https:\/\/extralibris.net\/caruso\/wp-content\/uploads\/sites\/10\/2020\/05\/carusoextralibris-300x300.png 300w, https:\/\/extralibris.net\/caruso\/wp-content\/uploads\/sites\/10\/2020\/05\/carusoextralibris-150x150.png 150w, https:\/\/extralibris.net\/caruso\/wp-content\/uploads\/sites\/10\/2020\/05\/carusoextralibris-768x768.png 768w, https:\/\/extralibris.net\/caruso\/wp-content\/uploads\/sites\/10\/2020\/05\/carusoextralibris-80x80.png 80w, https:\/\/extralibris.net\/caruso\/wp-content\/uploads\/sites\/10\/2020\/05\/carusoextralibris-600x600.png 600w\" sizes=\"auto, (max-width: 800px) 100vw, 800px\" \/><\/figure>\n<\/div>\n\n\n<ul class=\"wp-block-social-links aligncenter is-style-default is-layout-flex wp-block-social-links-is-layout-flex\"><li class=\"wp-social-link wp-social-link-linkedin wp-block-social-link\"><a rel=\"noopener nofollow\" target=\"_blank\" href=\"https:\/\/www.linkedin.com\/in\/fabianocaruso\/\" class=\"wp-block-social-link-anchor\"><svg width=\"24\" height=\"24\" viewBox=\"0 0 24 24\" version=\"1.1\" xmlns=\"http:\/\/www.w3.org\/2000\/svg\" aria-hidden=\"true\" focusable=\"false\"><path d=\"M19.7,3H4.3C3.582,3,3,3.582,3,4.3v15.4C3,20.418,3.582,21,4.3,21h15.4c0.718,0,1.3-0.582,1.3-1.3V4.3 C21,3.582,20.418,3,19.7,3z M8.339,18.338H5.667v-8.59h2.672V18.338z M7.004,8.574c-0.857,0-1.549-0.694-1.549-1.548 c0-0.855,0.691-1.548,1.549-1.548c0.854,0,1.547,0.694,1.547,1.548C8.551,7.881,7.858,8.574,7.004,8.574z M18.339,18.338h-2.669 v-4.177c0-0.996-0.017-2.278-1.387-2.278c-1.389,0-1.601,1.086-1.601,2.206v4.249h-2.667v-8.59h2.559v1.174h0.037 c0.356-0.675,1.227-1.387,2.526-1.387c2.703,0,3.203,1.779,3.203,4.092V18.338z\"><\/path><\/svg><span class=\"wp-block-social-link-label screen-reader-text\">LinkedIn<\/span><\/a><\/li>\n\n<li class=\"wp-social-link wp-social-link-youtube wp-block-social-link\"><a rel=\"noopener nofollow\" target=\"_blank\" href=\"https:\/\/www.youtube.com\/c\/fabianocaruso\" class=\"wp-block-social-link-anchor\"><svg width=\"24\" height=\"24\" viewBox=\"0 0 24 24\" version=\"1.1\" xmlns=\"http:\/\/www.w3.org\/2000\/svg\" aria-hidden=\"true\" focusable=\"false\"><path d=\"M21.8,8.001c0,0-0.195-1.378-0.795-1.985c-0.76-0.797-1.613-0.801-2.004-0.847c-2.799-0.202-6.997-0.202-6.997-0.202 h-0.009c0,0-4.198,0-6.997,0.202C4.608,5.216,3.756,5.22,2.995,6.016C2.395,6.623,2.2,8.001,2.2,8.001S2,9.62,2,11.238v1.517 c0,1.618,0.2,3.237,0.2,3.237s0.195,1.378,0.795,1.985c0.761,0.797,1.76,0.771,2.205,0.855c1.6,0.153,6.8,0.201,6.8,0.201 s4.203-0.006,7.001-0.209c0.391-0.047,1.243-0.051,2.004-0.847c0.6-0.607,0.795-1.985,0.795-1.985s0.2-1.618,0.2-3.237v-1.517 C22,9.62,21.8,8.001,21.8,8.001z M9.935,14.594l-0.001-5.62l5.404,2.82L9.935,14.594z\"><\/path><\/svg><span class=\"wp-block-social-link-label screen-reader-text\">Youtube<\/span><\/a><\/li>\n\n<li class=\"wp-social-link wp-social-link-instagram wp-block-social-link\"><a rel=\"noopener nofollow\" target=\"_blank\" href=\"https:\/\/www.instagram.com\/fabianocaruso\/\" class=\"wp-block-social-link-anchor\"><svg width=\"24\" height=\"24\" viewBox=\"0 0 24 24\" version=\"1.1\" xmlns=\"http:\/\/www.w3.org\/2000\/svg\" aria-hidden=\"true\" focusable=\"false\"><path d=\"M12,4.622c2.403,0,2.688,0.009,3.637,0.052c0.877,0.04,1.354,0.187,1.671,0.31c0.42,0.163,0.72,0.358,1.035,0.673 c0.315,0.315,0.51,0.615,0.673,1.035c0.123,0.317,0.27,0.794,0.31,1.671c0.043,0.949,0.052,1.234,0.052,3.637 s-0.009,2.688-0.052,3.637c-0.04,0.877-0.187,1.354-0.31,1.671c-0.163,0.42-0.358,0.72-0.673,1.035 c-0.315,0.315-0.615,0.51-1.035,0.673c-0.317,0.123-0.794,0.27-1.671,0.31c-0.949,0.043-1.233,0.052-3.637,0.052 s-2.688-0.009-3.637-0.052c-0.877-0.04-1.354-0.187-1.671-0.31c-0.42-0.163-0.72-0.358-1.035-0.673 c-0.315-0.315-0.51-0.615-0.673-1.035c-0.123-0.317-0.27-0.794-0.31-1.671C4.631,14.688,4.622,14.403,4.622,12 s0.009-2.688,0.052-3.637c0.04-0.877,0.187-1.354,0.31-1.671c0.163-0.42,0.358-0.72,0.673-1.035 c0.315-0.315,0.615-0.51,1.035-0.673c0.317-0.123,0.794-0.27,1.671-0.31C9.312,4.631,9.597,4.622,12,4.622 M12,3 C9.556,3,9.249,3.01,8.289,3.054C7.331,3.098,6.677,3.25,6.105,3.472C5.513,3.702,5.011,4.01,4.511,4.511 c-0.5,0.5-0.808,1.002-1.038,1.594C3.25,6.677,3.098,7.331,3.054,8.289C3.01,9.249,3,9.556,3,12c0,2.444,0.01,2.751,0.054,3.711 c0.044,0.958,0.196,1.612,0.418,2.185c0.23,0.592,0.538,1.094,1.038,1.594c0.5,0.5,1.002,0.808,1.594,1.038 c0.572,0.222,1.227,0.375,2.185,0.418C9.249,20.99,9.556,21,12,21s2.751-0.01,3.711-0.054c0.958-0.044,1.612-0.196,2.185-0.418 c0.592-0.23,1.094-0.538,1.594-1.038c0.5-0.5,0.808-1.002,1.038-1.594c0.222-0.572,0.375-1.227,0.418-2.185 C20.99,14.751,21,14.444,21,12s-0.01-2.751-0.054-3.711c-0.044-0.958-0.196-1.612-0.418-2.185c-0.23-0.592-0.538-1.094-1.038-1.594 c-0.5-0.5-1.002-0.808-1.594-1.038c-0.572-0.222-1.227-0.375-2.185-0.418C14.751,3.01,14.444,3,12,3L12,3z M12,7.378 c-2.552,0-4.622,2.069-4.622,4.622S9.448,16.622,12,16.622s4.622-2.069,4.622-4.622S14.552,7.378,12,7.378z M12,15 c-1.657,0-3-1.343-3-3s1.343-3,3-3s3,1.343,3,3S13.657,15,12,15z M16.804,6.116c-0.596,0-1.08,0.484-1.08,1.08 s0.484,1.08,1.08,1.08c0.596,0,1.08-0.484,1.08-1.08S17.401,6.116,16.804,6.116z\"><\/path><\/svg><span class=\"wp-block-social-link-label screen-reader-text\">Instagram<\/span><\/a><\/li>\n\n<li class=\"wp-social-link wp-social-link-twitter wp-block-social-link\"><a rel=\"noopener nofollow\" target=\"_blank\" href=\"https:\/\/twitter.com\/caruso\" class=\"wp-block-social-link-anchor\"><svg width=\"24\" height=\"24\" viewBox=\"0 0 24 24\" version=\"1.1\" xmlns=\"http:\/\/www.w3.org\/2000\/svg\" aria-hidden=\"true\" focusable=\"false\"><path d=\"M22.23,5.924c-0.736,0.326-1.527,0.547-2.357,0.646c0.847-0.508,1.498-1.312,1.804-2.27 c-0.793,0.47-1.671,0.812-2.606,0.996C18.324,4.498,17.257,4,16.077,4c-2.266,0-4.103,1.837-4.103,4.103 c0,0.322,0.036,0.635,0.106,0.935C8.67,8.867,5.647,7.234,3.623,4.751C3.27,5.357,3.067,6.062,3.067,6.814 c0,1.424,0.724,2.679,1.825,3.415c-0.673-0.021-1.305-0.206-1.859-0.513c0,0.017,0,0.034,0,0.052c0,1.988,1.414,3.647,3.292,4.023 c-0.344,0.094-0.707,0.144-1.081,0.144c-0.264,0-0.521-0.026-0.772-0.074c0.522,1.63,2.038,2.816,3.833,2.85 c-1.404,1.1-3.174,1.756-5.096,1.756c-0.331,0-0.658-0.019-0.979-0.057c1.816,1.164,3.973,1.843,6.29,1.843 c7.547,0,11.675-6.252,11.675-11.675c0-0.178-0.004-0.355-0.012-0.531C20.985,7.47,21.68,6.747,22.23,5.924z\"><\/path><\/svg><span class=\"wp-block-social-link-label screen-reader-text\">Twitter<\/span><\/a><\/li><\/ul>\n\n\n\n<h2 class=\"wp-block-heading\">Fabiano de Sousa Caruso<\/h2>\n\n\n\n<p class=\"has-medium-font-size wp-block-paragraph\">Pesquisador independente desenvolvendo a metodologia e plataforma <strong>ExtraLibris<\/strong> em <strong>Curadoria Figital de Cole\u00e7\u00f5es Conectadas<\/strong> para apoiar a implementa\u00e7\u00e3o de <strong>Figitecas (f\u00edsico + digital + cole\u00e7\u00f5es)<\/strong> em <strong><a href=\"https:\/\/extralibris.net\">extralibris.net<\/a><\/strong><\/p>\n\n\n\n<p class=\"has-medium-font-size wp-block-paragraph\">Atuo como Analista Educacional na <strong>Diretoria de Educa\u00e7\u00e3o e Tecnologia<\/strong> da FIEG como respons\u00e1vel pelo <strong>Ecossistema Bibliogr\u00e1fico e Documental SESI SENAI Goi\u00e1s<\/strong>.<\/p>\n\n\n\n<p class=\"has-medium-font-size wp-block-paragraph\">Na \u00e1rea corporativa atuei como&nbsp;<strong>Consultor em<\/strong>&nbsp;<strong>Aprendizagem Organizacional<\/strong>,&nbsp;<strong>Gest\u00e3o do Conhecimento<\/strong>,&nbsp;<strong>Sistemas de<\/strong>&nbsp;<strong>Gest\u00e3o da Inova\u00e7\u00e3o, Projetos de Desenvolvimento de Software<\/strong>,&nbsp;<strong>Desenvolvimento de<\/strong>&nbsp;<strong>Portais Corporativos e Marketing Digital<\/strong>.<\/p>\n\n\n\n<p class=\"has-medium-font-size wp-block-paragraph\">Na \u00e1rea social social atuei como gestor educacional e designer instrucional. Respons\u00e1vel pelo desenvolvimento de\u00a0<strong>cursos de atualiza\u00e7\u00e3o profissional<\/strong>, dando origem a plataforma de educa\u00e7\u00e3o \u00e0 dist\u00e2ncia da<strong>\u00a0ExtraLibris<\/strong>.<strong>\u00a0Certificando profissionais que atuam em bibliotecas<\/strong>\u00a0para lidar com os desafios profissionais na era p\u00f3s-digital. No per\u00edodo de 5 anos foram abertas mais de <a href=\"https:\/\/drive.google.com\/drive\/folders\/1-YW1fPgG3n0RuoeQKGcMRu6nwYqRmYHu?usp=sharing\">60 turmas certificando mais de 1000 estudantes e profissionais<\/a>. <\/p>\n\n\n\n<p class=\"has-medium-font-size wp-block-paragraph\">Na \u00e1rea acad\u00eamica atuei como<strong>&nbsp;<a href=\"https:\/\/cin.ced.ufsc.br\/\"><strong>Professor substituto no<\/strong>&nbsp;Departamento de Ci\u00eancia da Informa\u00e7\u00e3o na UFSC<\/a>,<\/strong>&nbsp;ministrando as disciplinas de&nbsp;<strong>Gest\u00e3o da Qualidade em Unidades de Informa\u00e7\u00e3o<\/strong>,&nbsp;<strong>Estudo de Usu\u00e1rios e de Comunidades<\/strong>,<strong>&nbsp;Metodologia da Pesquisa Bibliogr\u00e1fica<\/strong>,&nbsp;<strong>\u00c9tica Profissional<\/strong>,&nbsp;<strong>Estudo de Usu\u00e1rios da Informa\u00e7\u00e3o<\/strong>,&nbsp;<strong>Refer\u00eancia<\/strong>,&nbsp;<strong>Gest\u00e3o da Informa\u00e7\u00e3o e Arquivos<\/strong>,&nbsp;<strong>Introdu\u00e7\u00e3o a Ci\u00eancia da Informa\u00e7\u00e3o<\/strong>,&nbsp;<strong>Recupera\u00e7\u00e3o da Informa\u00e7\u00e3o<\/strong>&nbsp;e&nbsp;<strong>Sistemas de Organiza\u00e7\u00e3o do Conhecimento<\/strong>, para sete cursos de gradua\u00e7\u00e3o distintos na universidade federal.<\/p>\n\n\n\n<p class=\"has-medium-font-size wp-block-paragraph\"><strong>Especialista\u00a0<\/strong>em<strong>\u00a0<a href=\"https:\/\/www.ead.senac.br\/pos-graduacao\/design-instrucional\/\">Design Instrucional<\/a>\u00a0<\/strong>pelo Programa de P\u00f3s-Gradua\u00e7\u00e3o lato sensu do SENAC-SP.<\/p>\n\n\n\n<p class=\"has-medium-font-size wp-block-paragraph\"><strong>Especialista<\/strong>&nbsp;em&nbsp;<strong><a href=\"https:\/\/www.udacity.com\/course\/digital-marketing-nanodegree--nd018\">Marketing Digital<\/a><\/strong>&nbsp;pelo programa de Nanodegree da&nbsp;<strong>Udacity<\/strong>.<\/p>\n\n\n\n<p class=\"has-medium-font-size wp-block-paragraph\"><strong><a href=\"http:\/\/www.ci.uff.br\/ppgci\/\"><strong>Mestre em Ci\u00eancia a Informa\u00e7\u00e3o pela<\/strong>&nbsp;Universidade Federal Fluminense &#8211; PPGCI UFF<\/a><\/strong>, com a disserta\u00e7\u00e3o \u201c<strong>Ci\u00eancia Aberta \u2013&nbsp;A\u00e7\u00f5es de Pesquisadores Acad\u00eamicos na Web Aberta<\/strong>\u201c. Em que busca analisar as a\u00e7\u00f5es de pesquisadores acad\u00eamicos na&nbsp;<em>web<\/em>&nbsp;aberta. Para tanto faz uma revis\u00e3o de literatura de problemas norteadores da pesquisa como o conceito de abertura (<em>openness<\/em>), a consumeriza\u00e7\u00e3o da tecnologia da informa\u00e7\u00e3o, e as correntes de pensamento da ci\u00eancia aberta. Faz uma introdu\u00e7\u00e3o de quest\u00f5es relacionadas a produ\u00e7\u00e3o do conhecimento na academia, como a dos pesquisadores e o&nbsp;<em>ethos<\/em>&nbsp;da ci\u00eancia, as tradi\u00e7\u00f5es de pesquisa acad\u00eamicas e o ciclo de vida da pesquisa acad\u00eamica. Para a cria\u00e7\u00e3o da metodologia para an\u00e1lise das a\u00e7\u00f5es dos pesquisadores, a gest\u00e3o do conhecimento \u00e9 vista como uma disciplina que prove a defini\u00e7\u00e3o de crit\u00e9rios para a utiliza\u00e7\u00e3o de tecnologias emergentes para a colabora\u00e7\u00e3o e a pir\u00e2mide do engajamento para identificar as a\u00e7\u00f5es poss\u00edveis na&nbsp;<em>web<\/em>. A partir da fundamenta\u00e7\u00e3o te\u00f3rica, desenvolve uma metodologia para avalia\u00e7\u00e3o das a\u00e7\u00f5es de engajamento acad\u00eamico atrav\u00e9s da an\u00e1lise de&nbsp;<em>sites<\/em>&nbsp;de pesquisadores e da colabora\u00e7\u00e3o atrav\u00e9s do envio de um question\u00e1rio. Em suas conclus\u00f5es identificou a diversidade de a\u00e7\u00f5es dos acad\u00eamicos em rela\u00e7\u00e3o \u00e0s formas de engajamento e ado\u00e7\u00e3o das tecnologias digitais, em conson\u00e2ncia com a emerg\u00eancia de iniciativas relacionadas a pr\u00f3pria ci\u00eancia aberta. Al\u00e9m de sugerir dire\u00e7\u00f5es para novas pesquisas em ci\u00eancia da informa\u00e7\u00e3o relacionadas ao tema.<\/p>\n","protected":false},"excerpt":{"rendered":"<p>Fabiano de Sousa Caruso Pesquisador independente desenvolvendo a metodologia e plataforma ExtraLibris em Curadoria Figital de Cole\u00e7\u00f5es Conectadas para apoiar a implementa\u00e7\u00e3o de Figitecas (f\u00edsico + digital + cole\u00e7\u00f5es) em extralibris.net Atuo como Analista Educacional na Diretoria de Educa\u00e7\u00e3o e Tecnologia da FIEG como respons\u00e1vel pelo Ecossistema Bibliogr\u00e1fico e Documental SESI SENAI Goi\u00e1s. Na \u00e1rea &hellip;<\/p>\n","protected":false},"author":1,"featured_media":0,"parent":0,"menu_order":9,"comment_status":"closed","ping_status":"closed","template":"","meta":{"_genesis_hide_title":true,"_genesis_hide_breadcrumbs":false,"_genesis_hide_singular_image":false,"_genesis_hide_footer_widgets":true,"_genesis_custom_body_class":"","_genesis_custom_post_class":"","_genesis_layout":"md-content","footnotes":""},"class_list":["post-2520","page","type-page","status-publish","entry"],"yoast_head":"<!-- This site is optimized with the Yoast SEO plugin v28.3 - https:\/\/yoast.com\/product\/yoast-seo-wordpress\/ -->\n<title>CURADORIA - Fabiano Caruso<\/title>\n<meta name=\"robots\" content=\"index, follow, max-snippet:-1, max-image-preview:large, max-video-preview:-1\" \/>\n<link rel=\"canonical\" href=\"https:\/\/extralibris.net\/caruso\/sobre\/\" \/>\n<meta property=\"og:locale\" content=\"pt_BR\" \/>\n<meta property=\"og:type\" content=\"article\" \/>\n<meta property=\"og:title\" content=\"CURADORIA - Fabiano Caruso\" \/>\n<meta property=\"og:description\" content=\"Fabiano de Sousa Caruso Pesquisador independente desenvolvendo a metodologia e plataforma ExtraLibris em Curadoria Figital de Cole\u00e7\u00f5es Conectadas para apoiar a implementa\u00e7\u00e3o de Figitecas (f\u00edsico + digital + cole\u00e7\u00f5es) em extralibris.net Atuo como Analista Educacional na Diretoria de Educa\u00e7\u00e3o e Tecnologia da FIEG como respons\u00e1vel pelo Ecossistema Bibliogr\u00e1fico e Documental SESI SENAI Goi\u00e1s. Na \u00e1rea &hellip;\" \/>\n<meta property=\"og:url\" content=\"https:\/\/extralibris.net\/caruso\/sobre\/\" \/>\n<meta property=\"og:site_name\" content=\"Fabiano Caruso\" \/>\n<meta property=\"article:modified_time\" content=\"2025-10-19T14:46:24+00:00\" \/>\n<meta property=\"og:image\" content=\"https:\/\/extralibris.net\/caruso\/wp-content\/uploads\/sites\/10\/2020\/05\/carusoextralibris.png\" \/>\n<meta name=\"twitter:card\" content=\"summary_large_image\" \/>\n<meta name=\"twitter:label1\" content=\"Est. tempo de leitura\" \/>\n\t<meta name=\"twitter:data1\" content=\"3 minutos\" \/>\n<script type=\"application\/ld+json\" class=\"yoast-schema-graph\">{\"@context\":\"https:\\\/\\\/schema.org\",\"@graph\":[{\"@type\":\"WebPage\",\"@id\":\"https:\\\/\\\/extralibris.net\\\/caruso\\\/sobre\\\/\",\"url\":\"https:\\\/\\\/extralibris.net\\\/caruso\\\/sobre\\\/\",\"name\":\"CURADORIA - Fabiano Caruso\",\"isPartOf\":{\"@id\":\"https:\\\/\\\/extralibris.net\\\/caruso\\\/#website\"},\"primaryImageOfPage\":{\"@id\":\"https:\\\/\\\/extralibris.net\\\/caruso\\\/sobre\\\/#primaryimage\"},\"image\":{\"@id\":\"https:\\\/\\\/extralibris.net\\\/caruso\\\/sobre\\\/#primaryimage\"},\"thumbnailUrl\":\"https:\\\/\\\/extralibris.net\\\/caruso\\\/wp-content\\\/uploads\\\/sites\\\/10\\\/2020\\\/05\\\/carusoextralibris.png\",\"datePublished\":\"2020-05-14T01:59:08+00:00\",\"dateModified\":\"2025-10-19T14:46:24+00:00\",\"breadcrumb\":{\"@id\":\"https:\\\/\\\/extralibris.net\\\/caruso\\\/sobre\\\/#breadcrumb\"},\"inLanguage\":\"pt-BR\",\"potentialAction\":[{\"@type\":\"ReadAction\",\"target\":[\"https:\\\/\\\/extralibris.net\\\/caruso\\\/sobre\\\/\"]}]},{\"@type\":\"ImageObject\",\"inLanguage\":\"pt-BR\",\"@id\":\"https:\\\/\\\/extralibris.net\\\/caruso\\\/sobre\\\/#primaryimage\",\"url\":\"https:\\\/\\\/extralibris.net\\\/caruso\\\/wp-content\\\/uploads\\\/sites\\\/10\\\/2020\\\/05\\\/carusoextralibris.png\",\"contentUrl\":\"https:\\\/\\\/extralibris.net\\\/caruso\\\/wp-content\\\/uploads\\\/sites\\\/10\\\/2020\\\/05\\\/carusoextralibris.png\",\"width\":800,\"height\":800},{\"@type\":\"BreadcrumbList\",\"@id\":\"https:\\\/\\\/extralibris.net\\\/caruso\\\/sobre\\\/#breadcrumb\",\"itemListElement\":[{\"@type\":\"ListItem\",\"position\":1,\"name\":\"In\u00edcio\",\"item\":\"https:\\\/\\\/extralibris.net\\\/caruso\\\/\"},{\"@type\":\"ListItem\",\"position\":2,\"name\":\"CURADORIA\"}]},{\"@type\":\"WebSite\",\"@id\":\"https:\\\/\\\/extralibris.net\\\/caruso\\\/#website\",\"url\":\"https:\\\/\\\/extralibris.net\\\/caruso\\\/\",\"name\":\"Fabiano Caruso\",\"description\":\"\",\"publisher\":{\"@id\":\"https:\\\/\\\/extralibris.net\\\/caruso\\\/#organization\"},\"potentialAction\":[{\"@type\":\"SearchAction\",\"target\":{\"@type\":\"EntryPoint\",\"urlTemplate\":\"https:\\\/\\\/extralibris.net\\\/caruso\\\/?s={search_term_string}\"},\"query-input\":{\"@type\":\"PropertyValueSpecification\",\"valueRequired\":true,\"valueName\":\"search_term_string\"}}],\"inLanguage\":\"pt-BR\"},{\"@type\":\"Organization\",\"@id\":\"https:\\\/\\\/extralibris.net\\\/caruso\\\/#organization\",\"name\":\"Fabiano Caruso\",\"url\":\"https:\\\/\\\/extralibris.net\\\/caruso\\\/\",\"logo\":{\"@type\":\"ImageObject\",\"inLanguage\":\"pt-BR\",\"@id\":\"https:\\\/\\\/extralibris.net\\\/caruso\\\/#\\\/schema\\\/logo\\\/image\\\/\",\"url\":\"https:\\\/\\\/extralibris.net\\\/caruso\\\/wp-content\\\/uploads\\\/sites\\\/10\\\/2021\\\/08\\\/extralibrisorgtopo.png\",\"contentUrl\":\"https:\\\/\\\/extralibris.net\\\/caruso\\\/wp-content\\\/uploads\\\/sites\\\/10\\\/2021\\\/08\\\/extralibrisorgtopo.png\",\"width\":240,\"height\":120,\"caption\":\"Fabiano Caruso\"},\"image\":{\"@id\":\"https:\\\/\\\/extralibris.net\\\/caruso\\\/#\\\/schema\\\/logo\\\/image\\\/\"}}]}<\/script>\n<!-- \/ Yoast SEO plugin. -->","yoast_head_json":{"title":"CURADORIA - Fabiano Caruso","robots":{"index":"index","follow":"follow","max-snippet":"max-snippet:-1","max-image-preview":"max-image-preview:large","max-video-preview":"max-video-preview:-1"},"canonical":"https:\/\/extralibris.net\/caruso\/sobre\/","og_locale":"pt_BR","og_type":"article","og_title":"CURADORIA - Fabiano Caruso","og_description":"Fabiano de Sousa Caruso Pesquisador independente desenvolvendo a metodologia e plataforma ExtraLibris em Curadoria Figital de Cole\u00e7\u00f5es Conectadas para apoiar a implementa\u00e7\u00e3o de Figitecas (f\u00edsico + digital + cole\u00e7\u00f5es) em extralibris.net Atuo como Analista Educacional na Diretoria de Educa\u00e7\u00e3o e Tecnologia da FIEG como respons\u00e1vel pelo Ecossistema Bibliogr\u00e1fico e Documental SESI SENAI Goi\u00e1s. Na \u00e1rea &hellip;","og_url":"https:\/\/extralibris.net\/caruso\/sobre\/","og_site_name":"Fabiano Caruso","article_modified_time":"2025-10-19T14:46:24+00:00","og_image":[{"url":"https:\/\/extralibris.net\/caruso\/wp-content\/uploads\/sites\/10\/2020\/05\/carusoextralibris.png","type":"","width":"","height":""}],"twitter_card":"summary_large_image","twitter_misc":{"Est. tempo de leitura":"3 minutos"},"schema":{"@context":"https:\/\/schema.org","@graph":[{"@type":"WebPage","@id":"https:\/\/extralibris.net\/caruso\/sobre\/","url":"https:\/\/extralibris.net\/caruso\/sobre\/","name":"CURADORIA - Fabiano Caruso","isPartOf":{"@id":"https:\/\/extralibris.net\/caruso\/#website"},"primaryImageOfPage":{"@id":"https:\/\/extralibris.net\/caruso\/sobre\/#primaryimage"},"image":{"@id":"https:\/\/extralibris.net\/caruso\/sobre\/#primaryimage"},"thumbnailUrl":"https:\/\/extralibris.net\/caruso\/wp-content\/uploads\/sites\/10\/2020\/05\/carusoextralibris.png","datePublished":"2020-05-14T01:59:08+00:00","dateModified":"2025-10-19T14:46:24+00:00","breadcrumb":{"@id":"https:\/\/extralibris.net\/caruso\/sobre\/#breadcrumb"},"inLanguage":"pt-BR","potentialAction":[{"@type":"ReadAction","target":["https:\/\/extralibris.net\/caruso\/sobre\/"]}]},{"@type":"ImageObject","inLanguage":"pt-BR","@id":"https:\/\/extralibris.net\/caruso\/sobre\/#primaryimage","url":"https:\/\/extralibris.net\/caruso\/wp-content\/uploads\/sites\/10\/2020\/05\/carusoextralibris.png","contentUrl":"https:\/\/extralibris.net\/caruso\/wp-content\/uploads\/sites\/10\/2020\/05\/carusoextralibris.png","width":800,"height":800},{"@type":"BreadcrumbList","@id":"https:\/\/extralibris.net\/caruso\/sobre\/#breadcrumb","itemListElement":[{"@type":"ListItem","position":1,"name":"In\u00edcio","item":"https:\/\/extralibris.net\/caruso\/"},{"@type":"ListItem","position":2,"name":"CURADORIA"}]},{"@type":"WebSite","@id":"https:\/\/extralibris.net\/caruso\/#website","url":"https:\/\/extralibris.net\/caruso\/","name":"Fabiano Caruso","description":"","publisher":{"@id":"https:\/\/extralibris.net\/caruso\/#organization"},"potentialAction":[{"@type":"SearchAction","target":{"@type":"EntryPoint","urlTemplate":"https:\/\/extralibris.net\/caruso\/?s={search_term_string}"},"query-input":{"@type":"PropertyValueSpecification","valueRequired":true,"valueName":"search_term_string"}}],"inLanguage":"pt-BR"},{"@type":"Organization","@id":"https:\/\/extralibris.net\/caruso\/#organization","name":"Fabiano Caruso","url":"https:\/\/extralibris.net\/caruso\/","logo":{"@type":"ImageObject","inLanguage":"pt-BR","@id":"https:\/\/extralibris.net\/caruso\/#\/schema\/logo\/image\/","url":"https:\/\/extralibris.net\/caruso\/wp-content\/uploads\/sites\/10\/2021\/08\/extralibrisorgtopo.png","contentUrl":"https:\/\/extralibris.net\/caruso\/wp-content\/uploads\/sites\/10\/2021\/08\/extralibrisorgtopo.png","width":240,"height":120,"caption":"Fabiano Caruso"},"image":{"@id":"https:\/\/extralibris.net\/caruso\/#\/schema\/logo\/image\/"}}]}},"featured_image_src":null,"featured_image_src_square":null,"_links":{"self":[{"href":"https:\/\/extralibris.net\/caruso\/wp-json\/wp\/v2\/pages\/2520","targetHints":{"allow":["GET"]}}],"collection":[{"href":"https:\/\/extralibris.net\/caruso\/wp-json\/wp\/v2\/pages"}],"about":[{"href":"https:\/\/extralibris.net\/caruso\/wp-json\/wp\/v2\/types\/page"}],"author":[{"embeddable":true,"href":"https:\/\/extralibris.net\/caruso\/wp-json\/wp\/v2\/users\/1"}],"replies":[{"embeddable":true,"href":"https:\/\/extralibris.net\/caruso\/wp-json\/wp\/v2\/comments?post=2520"}],"version-history":[{"count":14,"href":"https:\/\/extralibris.net\/caruso\/wp-json\/wp\/v2\/pages\/2520\/revisions"}],"predecessor-version":[{"id":9973,"href":"https:\/\/extralibris.net\/caruso\/wp-json\/wp\/v2\/pages\/2520\/revisions\/9973"}],"wp:attachment":[{"href":"https:\/\/extralibris.net\/caruso\/wp-json\/wp\/v2\/media?parent=2520"}],"curies":[{"name":"wp","href":"https:\/\/api.w.org\/{rel}","templated":true}]}}