{"id":1572,"date":"2019-08-25T23:23:04","date_gmt":"2019-08-26T02:23:04","guid":{"rendered":"https:\/\/extralibris.org\/fabianocaruso\/?page_id=1572"},"modified":"2026-07-25T02:14:27","modified_gmt":"2026-07-25T05:14:27","slug":"biblioteca","status":"publish","type":"page","link":"https:\/\/extralibris.net\/caruso\/","title":{"rendered":"FABIANO CARUSO"},"content":{"rendered":"\n<p class=\"has-text-align-left wp-block-paragraph\"><div class=\"collections\"><h2>Leituras ExtraLibris<\/h2><div class=\"collection\"><article class=\"10081 books type-books status-publish has-post-thumbnail book-series-artes entry genesis-author-pro-book\" itemscope=\"\" itemtype=\"https:\/\/schema.org\/CreativeWork\">      <div class=\"entry-content\" itemprop=\"text\">          <a href=\"https:\/\/extralibris.net\/caruso\/item\/liderar-a-partir-do-futuro-que-emerge\/\"><img decoding=\"async\" src=\"https:\/\/extralibris.net\/caruso\/wp-content\/uploads\/sites\/10\/2026\/02\/liderar-a-partir-do-futuro-que-emerge.png\" style=\"width:80%;\" \/><\/a>          <a href=\"https:\/\/extralibris.net\/caruso\/item\/liderar-a-partir-do-futuro-que-emerge\/\" rel=\"bookmark\" style=\"display:none;\"><span>Liderar a partir do futuro que emerge<\/span>          <\/a>      <\/div><\/article><article class=\"10045 books type-books status-publish has-post-thumbnail book-series-artes entry genesis-author-pro-book\" itemscope=\"\" itemtype=\"https:\/\/schema.org\/CreativeWork\">      <div class=\"entry-content\" itemprop=\"text\">          <a href=\"https:\/\/extralibris.net\/caruso\/item\/the-stack-on-software-and-sovereignty-2\/\"><img decoding=\"async\" src=\"https:\/\/extralibris.net\/caruso\/wp-content\/uploads\/sites\/10\/2026\/02\/The-Stack-On-Software-and-Sovereignty.png\" style=\"width:80%;\" \/><\/a>          <a href=\"https:\/\/extralibris.net\/caruso\/item\/the-stack-on-software-and-sovereignty-2\/\" rel=\"bookmark\" style=\"display:none;\"><span>The Stack: On Software and Sovereignty<\/span>          <\/a>      <\/div><\/article><article class=\"9869 books type-books status-publish has-post-thumbnail book-series-artes entry genesis-author-pro-book\" itemscope=\"\" itemtype=\"https:\/\/schema.org\/CreativeWork\">      <div class=\"entry-content\" itemprop=\"text\">          <a href=\"https:\/\/extralibris.net\/caruso\/item\/the-democracy-of-objects\/\"><img decoding=\"async\" src=\"https:\/\/extralibris.net\/caruso\/wp-content\/uploads\/sites\/10\/2025\/09\/extralibristhedemocracyofobjects.jpg\" style=\"width:80%;\" \/><\/a>          <a href=\"https:\/\/extralibris.net\/caruso\/item\/the-democracy-of-objects\/\" rel=\"bookmark\" style=\"display:none;\"><span>The Democracy of Objects<\/span>          <\/a>      <\/div><\/article><article class=\"9834 books type-books status-publish has-post-thumbnail book-series-artes entry genesis-author-pro-book\" itemscope=\"\" itemtype=\"https:\/\/schema.org\/CreativeWork\">      <div class=\"entry-content\" itemprop=\"text\">          <a href=\"https:\/\/extralibris.net\/caruso\/item\/pixels-and-place\/\"><img decoding=\"async\" src=\"https:\/\/extralibris.net\/caruso\/wp-content\/uploads\/sites\/10\/2025\/07\/extralibrispixelsandplace.jpg\" style=\"width:80%;\" \/><\/a>          <a href=\"https:\/\/extralibris.net\/caruso\/item\/pixels-and-place\/\" rel=\"bookmark\" style=\"display:none;\"><span>Pixels and Place<\/span>          <\/a>      <\/div><\/article><article class=\"9832 books type-books status-publish has-post-thumbnail book-series-artes entry genesis-author-pro-book\" itemscope=\"\" itemtype=\"https:\/\/schema.org\/CreativeWork\">      <div class=\"entry-content\" itemprop=\"text\">          <a href=\"https:\/\/extralibris.net\/caruso\/item\/prince-of-networks-bruno-latour-and-metaphysics-de-graham-harman\/\"><img decoding=\"async\" src=\"https:\/\/extralibris.net\/caruso\/wp-content\/uploads\/sites\/10\/2025\/07\/extralibrisprinceofnetworks.jpg\" style=\"width:80%;\" \/><\/a>          <a href=\"https:\/\/extralibris.net\/caruso\/item\/prince-of-networks-bruno-latour-and-metaphysics-de-graham-harman\/\" rel=\"bookmark\" style=\"display:none;\"><span>Prince of Networks: Bruno Latour and Metaphysics de Graham Harman<\/span>          <\/a>      <\/div><\/article><article class=\"9830 books type-books status-publish has-post-thumbnail book-series-artes entry genesis-author-pro-book\" itemscope=\"\" itemtype=\"https:\/\/schema.org\/CreativeWork\">      <div class=\"entry-content\" itemprop=\"text\">          <a href=\"https:\/\/extralibris.net\/caruso\/item\/object-oriented-ontology-a-new-theory-of-everything\/\"><img decoding=\"async\" src=\"https:\/\/extralibris.net\/caruso\/wp-content\/uploads\/sites\/10\/2025\/07\/extralibrisobjectorientedontology.jpg\" style=\"width:80%;\" \/><\/a>          <a href=\"https:\/\/extralibris.net\/caruso\/item\/object-oriented-ontology-a-new-theory-of-everything\/\" rel=\"bookmark\" style=\"display:none;\"><span>Object-Oriented Ontology: A New Theory of Everything<\/span>          <\/a>      <\/div><\/article><article class=\"9777 books type-books status-publish has-post-thumbnail book-series-artes entry genesis-author-pro-book\" itemscope=\"\" itemtype=\"https:\/\/schema.org\/CreativeWork\">      <div class=\"entry-content\" itemprop=\"text\">          <a href=\"https:\/\/extralibris.net\/caruso\/item\/extralibris-the-gutenberg-parenthesis-de-jeff-jarvis\/\"><img decoding=\"async\" src=\"https:\/\/extralibris.net\/caruso\/wp-content\/uploads\/sites\/10\/2025\/06\/extralibristhegutenbergparentesis.jpg\" style=\"width:80%;\" \/><\/a>          <a href=\"https:\/\/extralibris.net\/caruso\/item\/extralibris-the-gutenberg-parenthesis-de-jeff-jarvis\/\" rel=\"bookmark\" style=\"display:none;\"><span>The Gutenberg Parenthesis, de Jeff Jarvis<\/span>          <\/a>      <\/div><\/article><article class=\"9775 books type-books status-publish has-post-thumbnail book-series-artes entry genesis-author-pro-book\" itemscope=\"\" itemtype=\"https:\/\/schema.org\/CreativeWork\">      <div class=\"entry-content\" itemprop=\"text\">          <a href=\"https:\/\/extralibris.net\/caruso\/item\/cognitive-pluralism-de-steven-horst\/\"><img decoding=\"async\" src=\"https:\/\/extralibris.net\/caruso\/wp-content\/uploads\/sites\/10\/2025\/06\/extralibriscognitiveplurarism.jpg\" style=\"width:80%;\" \/><\/a>          <a href=\"https:\/\/extralibris.net\/caruso\/item\/cognitive-pluralism-de-steven-horst\/\" rel=\"bookmark\" style=\"display:none;\"><span>Cognitive Pluralism, de Steven Horst<\/span>          <\/a>      <\/div><\/article><article class=\"9772 books type-books status-publish has-post-thumbnail book-series-artes entry genesis-author-pro-book\" itemscope=\"\" itemtype=\"https:\/\/schema.org\/CreativeWork\">      <div class=\"entry-content\" itemprop=\"text\">          <a href=\"https:\/\/extralibris.net\/caruso\/item\/extralibris-pandoras-hope-de-bruno-latour\/\"><img decoding=\"async\" src=\"https:\/\/extralibris.net\/caruso\/wp-content\/uploads\/sites\/10\/2025\/06\/extralibrispandoreshopelatour.jpg\" style=\"width:80%;\" \/><\/a>          <a href=\"https:\/\/extralibris.net\/caruso\/item\/extralibris-pandoras-hope-de-bruno-latour\/\" rel=\"bookmark\" style=\"display:none;\"><span>Pandora\u2019s Hope, de Bruno Latour<\/span>          <\/a>      <\/div><\/article><article class=\"9722 books type-books status-publish has-post-thumbnail book-series-artes entry genesis-author-pro-book\" itemscope=\"\" itemtype=\"https:\/\/schema.org\/CreativeWork\">      <div class=\"entry-content\" itemprop=\"text\">          <a href=\"https:\/\/extralibris.net\/caruso\/item\/extralibris-design-empathy-interpretation-toward-interpretive-design-research-por-ilpo-koskinen\/\"><img decoding=\"async\" src=\"https:\/\/extralibris.net\/caruso\/wp-content\/uploads\/sites\/10\/2025\/06\/design-empathy-interpretation.png\" style=\"width:80%;\" \/><\/a>          <a href=\"https:\/\/extralibris.net\/caruso\/item\/extralibris-design-empathy-interpretation-toward-interpretive-design-research-por-ilpo-koskinen\/\" rel=\"bookmark\" style=\"display:none;\"><span>Design, Empathy, Interpretation: Toward Interpretive Design Research por Ilpo Koskinen<\/span>          <\/a>      <\/div><\/article><article class=\"9721 books type-books status-publish has-post-thumbnail book-series-artes entry genesis-author-pro-book\" itemscope=\"\" itemtype=\"https:\/\/schema.org\/CreativeWork\">      <div class=\"entry-content\" itemprop=\"text\">          <a href=\"https:\/\/extralibris.net\/caruso\/item\/extralibris-a-nova-desordem-digital\/\"><img decoding=\"async\" src=\"https:\/\/extralibris.net\/caruso\/wp-content\/uploads\/sites\/10\/2019\/07\/A-nova-desordem-digital.png\" style=\"width:80%;\" \/><\/a>          <a href=\"https:\/\/extralibris.net\/caruso\/item\/extralibris-a-nova-desordem-digital\/\" rel=\"bookmark\" style=\"display:none;\"><span>A nova desordem digital<\/span>          <\/a>      <\/div><\/article><article class=\"4259 books type-books status-publish has-post-thumbnail book-series-artes entry genesis-author-pro-book\" itemscope=\"\" itemtype=\"https:\/\/schema.org\/CreativeWork\">      <div class=\"entry-content\" itemprop=\"text\">          <a href=\"https:\/\/extralibris.net\/caruso\/item\/indexing-it-all-the-subject-in-the-age-of-documentation-information-and-data\/\"><img decoding=\"async\" src=\"https:\/\/extralibris.net\/caruso\/wp-content\/uploads\/sites\/10\/2025\/04\/Indexing-It-All-The-Subject-in-the-Age-of-Documentation-Information-and-Data.png\" style=\"width:80%;\" \/><\/a>          <a href=\"https:\/\/extralibris.net\/caruso\/item\/indexing-it-all-the-subject-in-the-age-of-documentation-information-and-data\/\" rel=\"bookmark\" style=\"display:none;\"><span>Indexing It All  &#8211; The Subject in the Age of Documentation, Information, and Data<\/span>          <\/a>      <\/div><\/article><article class=\"4255 books type-books status-publish has-post-thumbnail book-series-artes entry genesis-author-pro-book\" itemscope=\"\" itemtype=\"https:\/\/schema.org\/CreativeWork\">      <div class=\"entry-content\" itemprop=\"text\">          <a href=\"https:\/\/extralibris.net\/caruso\/item\/cats-carpenters-and-accountants-bibliographical-foundations-of-information-science\/\"><img decoding=\"async\" src=\"https:\/\/extralibris.net\/caruso\/wp-content\/uploads\/sites\/10\/2025\/04\/Cats-Carpenters-and-Accountants-Bibliographical-Foundations-of-Information-Science.png\" style=\"width:80%;\" \/><\/a>          <a href=\"https:\/\/extralibris.net\/caruso\/item\/cats-carpenters-and-accountants-bibliographical-foundations-of-information-science\/\" rel=\"bookmark\" style=\"display:none;\"><span>Cats, Carpenters, and Accountants &#8211; Bibliographical Foundations of Information Science<\/span>          <\/a>      <\/div><\/article><article class=\"4253 books type-books status-publish has-post-thumbnail book-series-artes entry genesis-author-pro-book\" itemscope=\"\" itemtype=\"https:\/\/schema.org\/CreativeWork\">      <div class=\"entry-content\" itemprop=\"text\">          <a href=\"https:\/\/extralibris.net\/caruso\/item\/extralibris-documentarity-evidence-ontology-and-inscription\/\"><img decoding=\"async\" src=\"https:\/\/extralibris.net\/caruso\/wp-content\/uploads\/sites\/10\/2025\/04\/Documentarity-evidence-ontology-and-inscription.png\" style=\"width:80%;\" \/><\/a>          <a href=\"https:\/\/extralibris.net\/caruso\/item\/extralibris-documentarity-evidence-ontology-and-inscription\/\" rel=\"bookmark\" style=\"display:none;\"><span>Documentarity &#8211; evidence, ontology and inscription<\/span>          <\/a>      <\/div><\/article><article class=\"4250 books type-books status-publish has-post-thumbnail book-series-artes entry genesis-author-pro-book\" itemscope=\"\" itemtype=\"https:\/\/schema.org\/CreativeWork\">      <div class=\"entry-content\" itemprop=\"text\">          <a href=\"https:\/\/extralibris.net\/caruso\/item\/graphesis-visual-forms-of-knowledge-production\/\"><img decoding=\"async\" src=\"https:\/\/extralibris.net\/caruso\/wp-content\/uploads\/sites\/10\/2025\/04\/Graphesis-Visual-Forms-of-Knowledge-Production.png\" style=\"width:80%;\" \/><\/a>          <a href=\"https:\/\/extralibris.net\/caruso\/item\/graphesis-visual-forms-of-knowledge-production\/\" rel=\"bookmark\" style=\"display:none;\"><span>Graphesis: Visual Forms of Knowledge Production<\/span>          <\/a>      <\/div><\/article><\/div><\/div>\n\n\n\n<p class=\"has-text-align-left wp-block-paragraph\"><div class=\"collections\"><h2>Cr\u00edtica da Intelig\u00eancia Artificial<\/h2><div class=\"collection\"><article class=\"10065 books type-books status-publish has-post-thumbnail book-series-artes entry genesis-author-pro-book\" itemscope=\"\" itemtype=\"https:\/\/schema.org\/CreativeWork\">      <div class=\"entry-content\" itemprop=\"text\">          <a href=\"https:\/\/extralibris.net\/caruso\/item\/design-justice-community-led-practices-to-build-the-worlds-we-need\/\"><img decoding=\"async\" src=\"https:\/\/extralibris.net\/caruso\/wp-content\/uploads\/sites\/10\/2026\/02\/design-justice.png\" style=\"width:80%;\" \/><\/a>          <a href=\"https:\/\/extralibris.net\/caruso\/item\/design-justice-community-led-practices-to-build-the-worlds-we-need\/\" rel=\"bookmark\" style=\"display:none;\"><span>Design Justice &#8211; Community-Led Practices to Build the Worlds We Need<\/span>          <\/a>      <\/div><\/article><article class=\"10052 books type-books status-publish has-post-thumbnail book-series-artes entry genesis-author-pro-book\" itemscope=\"\" itemtype=\"https:\/\/schema.org\/CreativeWork\">      <div class=\"entry-content\" itemprop=\"text\">          <a href=\"https:\/\/extralibris.net\/caruso\/item\/automation-and-the-future-of-work\/\"><img decoding=\"async\" src=\"https:\/\/extralibris.net\/caruso\/wp-content\/uploads\/sites\/10\/2026\/02\/Automation-and-the-Future-of-Work.png\" style=\"width:80%;\" \/><\/a>          <a href=\"https:\/\/extralibris.net\/caruso\/item\/automation-and-the-future-of-work\/\" rel=\"bookmark\" style=\"display:none;\"><span>Automation and the Future of Work<\/span>          <\/a>      <\/div><\/article><article class=\"10043 books type-books status-publish has-post-thumbnail book-series-artes entry genesis-author-pro-book\" itemscope=\"\" itemtype=\"https:\/\/schema.org\/CreativeWork\">      <div class=\"entry-content\" itemprop=\"text\">          <a href=\"https:\/\/extralibris.net\/caruso\/item\/algorithms-of-resistance-the-everyday-fight-against-platform-power\/\"><img decoding=\"async\" src=\"https:\/\/extralibris.net\/caruso\/wp-content\/uploads\/sites\/10\/2026\/02\/Algorithms-of-Resistance.png\" style=\"width:80%;\" \/><\/a>          <a href=\"https:\/\/extralibris.net\/caruso\/item\/algorithms-of-resistance-the-everyday-fight-against-platform-power\/\" rel=\"bookmark\" style=\"display:none;\"><span>Algorithms of Resistance: The Everyday Fight against Platform Power<\/span>          <\/a>      <\/div><\/article><article class=\"9939 books type-books status-publish has-post-thumbnail book-series-artes entry genesis-author-pro-book\" itemscope=\"\" itemtype=\"https:\/\/schema.org\/CreativeWork\">      <div class=\"entry-content\" itemprop=\"text\">          <a href=\"https:\/\/extralibris.net\/caruso\/item\/everything-platforms\/\"><img decoding=\"async\" src=\"https:\/\/extralibris.net\/caruso\/wp-content\/uploads\/sites\/10\/2025\/10\/everything_platforms.jpg\" style=\"width:80%;\" \/><\/a>          <a href=\"https:\/\/extralibris.net\/caruso\/item\/everything-platforms\/\" rel=\"bookmark\" style=\"display:none;\"><span>Everything Platforms<\/span>          <\/a>      <\/div><\/article><article class=\"9819 books type-books status-publish has-post-thumbnail book-series-artes entry genesis-author-pro-book\" itemscope=\"\" itemtype=\"https:\/\/schema.org\/CreativeWork\">      <div class=\"entry-content\" itemprop=\"text\">          <a href=\"https:\/\/extralibris.net\/caruso\/item\/the-extinction-of-experience-being-human-in-a-disembodied-world\/\"><img decoding=\"async\" src=\"https:\/\/extralibris.net\/caruso\/wp-content\/uploads\/sites\/10\/2025\/06\/extralibristheextincionofexperience.jpg\" style=\"width:80%;\" \/><\/a>          <a href=\"https:\/\/extralibris.net\/caruso\/item\/the-extinction-of-experience-being-human-in-a-disembodied-world\/\" rel=\"bookmark\" style=\"display:none;\"><span>The Extinction of Experience: Being Human in a Disembodied World<\/span>          <\/a>      <\/div><\/article><article class=\"9739 books type-books status-publish has-post-thumbnail book-series-artes entry genesis-author-pro-book\" itemscope=\"\" itemtype=\"https:\/\/schema.org\/CreativeWork\">      <div class=\"entry-content\" itemprop=\"text\">          <a href=\"https:\/\/extralibris.net\/caruso\/item\/extralibris-how-to-speak-machine-computational-thinking-for-the-rest-of-us-por-john-maeda\/\"><img decoding=\"async\" src=\"https:\/\/extralibris.net\/caruso\/wp-content\/uploads\/sites\/10\/2025\/06\/howtospeakmachine.jpg\" style=\"width:80%;\" \/><\/a>          <a href=\"https:\/\/extralibris.net\/caruso\/item\/extralibris-how-to-speak-machine-computational-thinking-for-the-rest-of-us-por-john-maeda\/\" rel=\"bookmark\" style=\"display:none;\"><span>How to Speak Machine: Computational Thinking for the Rest of Us por John Maeda<\/span>          <\/a>      <\/div><\/article><article class=\"955 books type-books status-publish has-post-thumbnail book-series-artes entry genesis-author-pro-book\" itemscope=\"\" itemtype=\"https:\/\/schema.org\/CreativeWork\">      <div class=\"entry-content\" itemprop=\"text\">          <a href=\"https:\/\/extralibris.net\/caruso\/item\/extralibris-digital-stockholm-syndrome-in-the-post-ontological-age\/\"><img decoding=\"async\" src=\"https:\/\/extralibris.net\/caruso\/wp-content\/uploads\/sites\/10\/2019\/07\/Digital-Stockholm-Syndrome-in-the-Post-Ontological-Age.png\" style=\"width:80%;\" \/><\/a>          <a href=\"https:\/\/extralibris.net\/caruso\/item\/extralibris-digital-stockholm-syndrome-in-the-post-ontological-age\/\" rel=\"bookmark\" style=\"display:none;\"><span>Digital Stockholm Syndrome in the Post-Ontological Age<\/span>          <\/a>      <\/div><\/article><article class=\"937 books type-books status-publish has-post-thumbnail book-series-artes entry genesis-author-pro-book\" itemscope=\"\" itemtype=\"https:\/\/schema.org\/CreativeWork\">      <div class=\"entry-content\" itemprop=\"text\">          <a href=\"https:\/\/extralibris.net\/caruso\/item\/the-tyranny-of-metrics\/\"><img decoding=\"async\" src=\"https:\/\/extralibris.net\/caruso\/wp-content\/uploads\/sites\/10\/2019\/07\/The-Tyranny-of-Metrics-1.png\" style=\"width:80%;\" \/><\/a>          <a href=\"https:\/\/extralibris.net\/caruso\/item\/the-tyranny-of-metrics\/\" rel=\"bookmark\" style=\"display:none;\"><span>The Tyranny of Metrics<\/span>          <\/a>      <\/div><\/article><\/div><\/div>\n\n\n\n<p class=\"has-text-align-left wp-block-paragraph\"><div class=\"collections\"><h2>Publica\u00e7\u00e3o Linkedin<\/h2><div class=\"collection\"><article class=\"9980 books type-books status-publish has-post-thumbnail book-series-artes entry genesis-author-pro-book\" itemscope=\"\" itemtype=\"https:\/\/schema.org\/CreativeWork\">      <div class=\"entry-content\" itemprop=\"text\">          <a href=\"https:\/\/extralibris.net\/caruso\/item\/especializacao-em-curadorias-conectadas-e-arquiteturas-da-composicao\/\"><img decoding=\"async\" src=\"https:\/\/extralibris.net\/caruso\/wp-content\/uploads\/sites\/10\/2025\/06\/ciberneticaxtralibris-360x570-1.jpg\" style=\"width:80%;\" \/><\/a>          <a href=\"https:\/\/extralibris.net\/caruso\/item\/especializacao-em-curadorias-conectadas-e-arquiteturas-da-composicao\/\" rel=\"bookmark\" style=\"display:none;\"><span>Especializa\u00e7\u00e3o Profissional em Curadorias Conectadas e Arquiteturas da Composi\u00e7\u00e3o<\/span>          <\/a>      <\/div><\/article><article class=\"9853 books type-books status-publish has-post-thumbnail book-series-artes entry genesis-author-pro-book\" itemscope=\"\" itemtype=\"https:\/\/schema.org\/CreativeWork\">      <div class=\"entry-content\" itemprop=\"text\">          <a href=\"https:\/\/extralibris.net\/caruso\/item\/o-dilema-da-eficiencia-dos-sistemas\/\"><img decoding=\"async\" src=\"https:\/\/extralibris.net\/caruso\/wp-content\/uploads\/sites\/10\/2025\/04\/futurodasbibliotecassembiblios.png\" style=\"width:80%;\" \/><\/a>          <a href=\"https:\/\/extralibris.net\/caruso\/item\/o-dilema-da-eficiencia-dos-sistemas\/\" rel=\"bookmark\" style=\"display:none;\"><span>O Dilema da Efici\u00eancia dos Sistemas<\/span>          <\/a>      <\/div><\/article><article class=\"9852 books type-books status-publish has-post-thumbnail book-series-artes entry genesis-author-pro-book\" itemscope=\"\" itemtype=\"https:\/\/schema.org\/CreativeWork\">      <div class=\"entry-content\" itemprop=\"text\">          <a href=\"https:\/\/extralibris.net\/caruso\/item\/analise-critica-do-manifesto-da-ifla-unesco-2025-a-luz-da-metodologia-extralibris-da-biblioteca-a-figiteca\/\"><img decoding=\"async\" src=\"https:\/\/extralibris.net\/caruso\/wp-content\/uploads\/sites\/10\/2025\/05\/figitecaextralibris.jpg\" style=\"width:80%;\" \/><\/a>          <a href=\"https:\/\/extralibris.net\/caruso\/item\/analise-critica-do-manifesto-da-ifla-unesco-2025-a-luz-da-metodologia-extralibris-da-biblioteca-a-figiteca\/\" rel=\"bookmark\" style=\"display:none;\"><span>An\u00e1lise Cr\u00edtica do Manifesto da IFLA\/UNESCO 2025 \u00e0 luz da Metodologia ExtraLibris: da Biblioteca \u00e0 Figiteca<\/span>          <\/a>      <\/div><\/article><article class=\"9751 books type-books status-publish has-post-thumbnail book-series-artes entry genesis-author-pro-book\" itemscope=\"\" itemtype=\"https:\/\/schema.org\/CreativeWork\">      <div class=\"entry-content\" itemprop=\"text\">          <a href=\"https:\/\/extralibris.net\/caruso\/item\/cibernetica-de-terceira-ordem-a-tecnodiplomatica-figital-da-extralibris\/\"><img decoding=\"async\" src=\"https:\/\/extralibris.net\/caruso\/wp-content\/uploads\/sites\/10\/2025\/06\/ciberneticaxtralibris-360x570-1.jpg\" style=\"width:80%;\" \/><\/a>          <a href=\"https:\/\/extralibris.net\/caruso\/item\/cibernetica-de-terceira-ordem-a-tecnodiplomatica-figital-da-extralibris\/\" rel=\"bookmark\" style=\"display:none;\"><span>Cibern\u00e9tica de Terceira Ordem: A Tecnodiplom\u00e1tica Figital da ExtraLibris<\/span>          <\/a>      <\/div><\/article><article class=\"9716 books type-books status-publish has-post-thumbnail book-series-artes entry genesis-author-pro-book\" itemscope=\"\" itemtype=\"https:\/\/schema.org\/CreativeWork\">      <div class=\"entry-content\" itemprop=\"text\">          <a href=\"https:\/\/extralibris.net\/caruso\/item\/figiteca-toda-a-escola-e-a-biblioteca\/\"><img decoding=\"async\" src=\"https:\/\/extralibris.net\/caruso\/wp-content\/uploads\/sites\/10\/2025\/05\/figitecaextralibris.jpg\" style=\"width:80%;\" \/><\/a>          <a href=\"https:\/\/extralibris.net\/caruso\/item\/figiteca-toda-a-escola-e-a-biblioteca\/\" rel=\"bookmark\" style=\"display:none;\"><span>Figiteca: toda a escola \u00e9 a biblioteca<\/span>          <\/a>      <\/div><\/article><article class=\"4290 books type-books status-publish has-post-thumbnail book-series-artes entry genesis-author-pro-book\" itemscope=\"\" itemtype=\"https:\/\/schema.org\/CreativeWork\">      <div class=\"entry-content\" itemprop=\"text\">          <a href=\"https:\/\/extralibris.net\/caruso\/item\/extralibris-curadoria-figital-para-o-seculo-xxi\/\"><img decoding=\"async\" src=\"https:\/\/extralibris.net\/caruso\/wp-content\/uploads\/sites\/10\/2025\/05\/Gemini_Generated_Image_54wxlg54wxlg54wx.jpg\" style=\"width:80%;\" \/><\/a>          <a href=\"https:\/\/extralibris.net\/caruso\/item\/extralibris-curadoria-figital-para-o-seculo-xxi\/\" rel=\"bookmark\" style=\"display:none;\"><span>ExtraLibris: Curadoria Figital para o S\u00e9culo XXI<\/span>          <\/a>      <\/div><\/article><article class=\"4243 books type-books status-publish has-post-thumbnail book-series-artes entry genesis-author-pro-book\" itemscope=\"\" itemtype=\"https:\/\/schema.org\/CreativeWork\">      <div class=\"entry-content\" itemprop=\"text\">          <a href=\"https:\/\/extralibris.net\/caruso\/item\/o-que-e-a-curadoria-colaborativa-de-exposicoes-conectadas\/\"><img decoding=\"async\" src=\"https:\/\/extralibris.net\/caruso\/wp-content\/uploads\/sites\/10\/2025\/04\/Gemini_Generated_Image_80l4dk80l4dk80l4.jpg\" style=\"width:80%;\" \/><\/a>          <a href=\"https:\/\/extralibris.net\/caruso\/item\/o-que-e-a-curadoria-colaborativa-de-exposicoes-conectadas\/\" rel=\"bookmark\" style=\"display:none;\"><span>O que \u00e9 a Curadoria Colaborativa de Exposi\u00e7\u00f5es Conectadas<\/span>          <\/a>      <\/div><\/article><article class=\"4235 books type-books status-publish has-post-thumbnail book-series-artes entry genesis-author-pro-book\" itemscope=\"\" itemtype=\"https:\/\/schema.org\/CreativeWork\">      <div class=\"entry-content\" itemprop=\"text\">          <a href=\"https:\/\/extralibris.net\/caruso\/item\/documentariedade-e-a-curadoria-figital\/\"><img decoding=\"async\" src=\"https:\/\/extralibris.net\/caruso\/wp-content\/uploads\/sites\/10\/2025\/04\/documentariedade.png\" style=\"width:80%;\" \/><\/a>          <a href=\"https:\/\/extralibris.net\/caruso\/item\/documentariedade-e-a-curadoria-figital\/\" rel=\"bookmark\" style=\"display:none;\"><span>Documentariedade e a Curadoria Figital<\/span>          <\/a>      <\/div><\/article><article class=\"4245 books type-books status-publish has-post-thumbnail book-series-artes entry genesis-author-pro-book\" itemscope=\"\" itemtype=\"https:\/\/schema.org\/CreativeWork\">      <div class=\"entry-content\" itemprop=\"text\">          <a href=\"https:\/\/extralibris.net\/caruso\/item\/avaliacao-hibrida-das-acoes-de-curadoria-figital\/\"><img decoding=\"async\" src=\"https:\/\/extralibris.net\/caruso\/wp-content\/uploads\/sites\/10\/2025\/04\/Gemini_Generated_Image_5b446g5b446g5b44.jpg\" style=\"width:80%;\" \/><\/a>          <a href=\"https:\/\/extralibris.net\/caruso\/item\/avaliacao-hibrida-das-acoes-de-curadoria-figital\/\" rel=\"bookmark\" style=\"display:none;\"><span>Avalia\u00e7\u00e3o h\u00edbrida das a\u00e7\u00f5es de Curadoria Figital<\/span>          <\/a>      <\/div><\/article><article class=\"4269 books type-books status-publish has-post-thumbnail book-series-artes entry genesis-author-pro-book\" itemscope=\"\" itemtype=\"https:\/\/schema.org\/CreativeWork\">      <div class=\"entry-content\" itemprop=\"text\">          <a href=\"https:\/\/extralibris.net\/caruso\/item\/qual-seria-o-futuro-dos-bibliotecarios-sem-bibliotecas\/\"><img decoding=\"async\" src=\"https:\/\/extralibris.net\/caruso\/wp-content\/uploads\/sites\/10\/2025\/04\/Gemini_Generated_Image_cutdlecutdlecutd.jpg\" style=\"width:80%;\" \/><\/a>          <a href=\"https:\/\/extralibris.net\/caruso\/item\/qual-seria-o-futuro-dos-bibliotecarios-sem-bibliotecas\/\" rel=\"bookmark\" style=\"display:none;\"><span>Qual seria o futuro dos bibliotec\u00e1rios sem bibliotecas<\/span>          <\/a>      <\/div><\/article><article class=\"4273 books type-books status-publish has-post-thumbnail book-series-artes entry genesis-author-pro-book\" itemscope=\"\" itemtype=\"https:\/\/schema.org\/CreativeWork\">      <div class=\"entry-content\" itemprop=\"text\">          <a href=\"https:\/\/extralibris.net\/caruso\/item\/cosmotecnica-e-as-bibliotecas\/\"><img decoding=\"async\" src=\"https:\/\/extralibris.net\/caruso\/wp-content\/uploads\/sites\/10\/2025\/04\/Gemini_Generated_Image_9h484w9h484w9h48.jpg\" style=\"width:80%;\" \/><\/a>          <a href=\"https:\/\/extralibris.net\/caruso\/item\/cosmotecnica-e-as-bibliotecas\/\" rel=\"bookmark\" style=\"display:none;\"><span>Cosmot\u00e9cnica e as bibliotecas<\/span>          <\/a>      <\/div><\/article><\/div><\/div>\n\n\n\n<p class=\"wp-block-paragraph\"><\/p>\n","protected":false},"excerpt":{"rendered":"<p>CURADORIA FIGITAL DE COLE\u00c7\u00d5ES CONECTADAS<\/p>\n","protected":false},"author":1,"featured_media":0,"parent":0,"menu_order":15,"comment_status":"closed","ping_status":"closed","template":"","meta":{"_genesis_hide_title":false,"_genesis_hide_breadcrumbs":false,"_genesis_hide_singular_image":false,"_genesis_hide_footer_widgets":false,"_genesis_custom_body_class":"","_genesis_custom_post_class":"","_genesis_layout":"","footnotes":""},"class_list":["post-1572","page","type-page","status-publish","entry"],"yoast_head":"<!-- This site is optimized with the Yoast SEO plugin v28.3 - https:\/\/yoast.com\/product\/yoast-seo-wordpress\/ -->\n<title>Fabiano Caruso - Curadoria Figital<\/title>\n<meta name=\"description\" content=\"Curadoria Figital. Ambiente particular criado utilizando a plataforma ExtraLibris para cria\u00e7\u00e3o de ambientes de exposi\u00e7\u00e3o conectados.\" \/>\n<meta name=\"robots\" content=\"index, follow, max-snippet:-1, max-image-preview:large, max-video-preview:-1\" \/>\n<link rel=\"canonical\" href=\"https:\/\/extralibris.net\/caruso\/\" \/>\n<meta property=\"og:locale\" content=\"pt_BR\" \/>\n<meta property=\"og:type\" content=\"article\" \/>\n<meta property=\"og:title\" content=\"Fabiano Caruso - Curadoria Figital\" \/>\n<meta property=\"og:description\" content=\"Curadoria Figital. Ambiente particular criado utilizando a plataforma ExtraLibris para cria\u00e7\u00e3o de ambientes de exposi\u00e7\u00e3o conectados.\" \/>\n<meta property=\"og:url\" content=\"https:\/\/extralibris.net\/caruso\/\" \/>\n<meta property=\"og:site_name\" content=\"Fabiano Caruso\" \/>\n<meta property=\"article:modified_time\" content=\"2026-07-25T05:14:27+00:00\" \/>\n<meta name=\"twitter:card\" content=\"summary_large_image\" \/>\n<script type=\"application\/ld+json\" class=\"yoast-schema-graph\">{\"@context\":\"https:\\\/\\\/schema.org\",\"@graph\":[{\"@type\":\"WebPage\",\"@id\":\"https:\\\/\\\/extralibris.net\\\/caruso\\\/\",\"url\":\"https:\\\/\\\/extralibris.net\\\/caruso\\\/\",\"name\":\"Fabiano Caruso - Curadoria Figital\",\"isPartOf\":{\"@id\":\"https:\\\/\\\/extralibris.net\\\/caruso\\\/#website\"},\"datePublished\":\"2019-08-26T02:23:04+00:00\",\"dateModified\":\"2026-07-25T05:14:27+00:00\",\"description\":\"Curadoria Figital. Ambiente particular criado utilizando a plataforma ExtraLibris para cria\u00e7\u00e3o de ambientes de exposi\u00e7\u00e3o conectados.\",\"breadcrumb\":{\"@id\":\"https:\\\/\\\/extralibris.net\\\/caruso\\\/#breadcrumb\"},\"inLanguage\":\"pt-BR\",\"potentialAction\":[{\"@type\":\"ReadAction\",\"target\":[\"https:\\\/\\\/extralibris.net\\\/caruso\\\/\"]}]},{\"@type\":\"BreadcrumbList\",\"@id\":\"https:\\\/\\\/extralibris.net\\\/caruso\\\/#breadcrumb\",\"itemListElement\":[{\"@type\":\"ListItem\",\"position\":1,\"name\":\"In\u00edcio\",\"item\":\"https:\\\/\\\/extralibris.net\\\/caruso\\\/\"},{\"@type\":\"ListItem\",\"position\":2,\"name\":\"FABIANO CARUSO\"}]},{\"@type\":\"WebSite\",\"@id\":\"https:\\\/\\\/extralibris.net\\\/caruso\\\/#website\",\"url\":\"https:\\\/\\\/extralibris.net\\\/caruso\\\/\",\"name\":\"Fabiano Caruso\",\"description\":\"\",\"publisher\":{\"@id\":\"https:\\\/\\\/extralibris.net\\\/caruso\\\/#organization\"},\"potentialAction\":[{\"@type\":\"SearchAction\",\"target\":{\"@type\":\"EntryPoint\",\"urlTemplate\":\"https:\\\/\\\/extralibris.net\\\/caruso\\\/?s={search_term_string}\"},\"query-input\":{\"@type\":\"PropertyValueSpecification\",\"valueRequired\":true,\"valueName\":\"search_term_string\"}}],\"inLanguage\":\"pt-BR\"},{\"@type\":\"Organization\",\"@id\":\"https:\\\/\\\/extralibris.net\\\/caruso\\\/#organization\",\"name\":\"Fabiano Caruso\",\"url\":\"https:\\\/\\\/extralibris.net\\\/caruso\\\/\",\"logo\":{\"@type\":\"ImageObject\",\"inLanguage\":\"pt-BR\",\"@id\":\"https:\\\/\\\/extralibris.net\\\/caruso\\\/#\\\/schema\\\/logo\\\/image\\\/\",\"url\":\"https:\\\/\\\/extralibris.net\\\/caruso\\\/wp-content\\\/uploads\\\/sites\\\/10\\\/2021\\\/08\\\/extralibrisorgtopo.png\",\"contentUrl\":\"https:\\\/\\\/extralibris.net\\\/caruso\\\/wp-content\\\/uploads\\\/sites\\\/10\\\/2021\\\/08\\\/extralibrisorgtopo.png\",\"width\":240,\"height\":120,\"caption\":\"Fabiano Caruso\"},\"image\":{\"@id\":\"https:\\\/\\\/extralibris.net\\\/caruso\\\/#\\\/schema\\\/logo\\\/image\\\/\"}}]}<\/script>\n<!-- \/ Yoast SEO plugin. -->","yoast_head_json":{"title":"Fabiano Caruso - Curadoria Figital","description":"Curadoria Figital. Ambiente particular criado utilizando a plataforma ExtraLibris para cria\u00e7\u00e3o de ambientes de exposi\u00e7\u00e3o conectados.","robots":{"index":"index","follow":"follow","max-snippet":"max-snippet:-1","max-image-preview":"max-image-preview:large","max-video-preview":"max-video-preview:-1"},"canonical":"https:\/\/extralibris.net\/caruso\/","og_locale":"pt_BR","og_type":"article","og_title":"Fabiano Caruso - Curadoria Figital","og_description":"Curadoria Figital. Ambiente particular criado utilizando a plataforma ExtraLibris para cria\u00e7\u00e3o de ambientes de exposi\u00e7\u00e3o conectados.","og_url":"https:\/\/extralibris.net\/caruso\/","og_site_name":"Fabiano Caruso","article_modified_time":"2026-07-25T05:14:27+00:00","twitter_card":"summary_large_image","schema":{"@context":"https:\/\/schema.org","@graph":[{"@type":"WebPage","@id":"https:\/\/extralibris.net\/caruso\/","url":"https:\/\/extralibris.net\/caruso\/","name":"Fabiano Caruso - Curadoria Figital","isPartOf":{"@id":"https:\/\/extralibris.net\/caruso\/#website"},"datePublished":"2019-08-26T02:23:04+00:00","dateModified":"2026-07-25T05:14:27+00:00","description":"Curadoria Figital. Ambiente particular criado utilizando a plataforma ExtraLibris para cria\u00e7\u00e3o de ambientes de exposi\u00e7\u00e3o conectados.","breadcrumb":{"@id":"https:\/\/extralibris.net\/caruso\/#breadcrumb"},"inLanguage":"pt-BR","potentialAction":[{"@type":"ReadAction","target":["https:\/\/extralibris.net\/caruso\/"]}]},{"@type":"BreadcrumbList","@id":"https:\/\/extralibris.net\/caruso\/#breadcrumb","itemListElement":[{"@type":"ListItem","position":1,"name":"In\u00edcio","item":"https:\/\/extralibris.net\/caruso\/"},{"@type":"ListItem","position":2,"name":"FABIANO CARUSO"}]},{"@type":"WebSite","@id":"https:\/\/extralibris.net\/caruso\/#website","url":"https:\/\/extralibris.net\/caruso\/","name":"Fabiano Caruso","description":"","publisher":{"@id":"https:\/\/extralibris.net\/caruso\/#organization"},"potentialAction":[{"@type":"SearchAction","target":{"@type":"EntryPoint","urlTemplate":"https:\/\/extralibris.net\/caruso\/?s={search_term_string}"},"query-input":{"@type":"PropertyValueSpecification","valueRequired":true,"valueName":"search_term_string"}}],"inLanguage":"pt-BR"},{"@type":"Organization","@id":"https:\/\/extralibris.net\/caruso\/#organization","name":"Fabiano Caruso","url":"https:\/\/extralibris.net\/caruso\/","logo":{"@type":"ImageObject","inLanguage":"pt-BR","@id":"https:\/\/extralibris.net\/caruso\/#\/schema\/logo\/image\/","url":"https:\/\/extralibris.net\/caruso\/wp-content\/uploads\/sites\/10\/2021\/08\/extralibrisorgtopo.png","contentUrl":"https:\/\/extralibris.net\/caruso\/wp-content\/uploads\/sites\/10\/2021\/08\/extralibrisorgtopo.png","width":240,"height":120,"caption":"Fabiano Caruso"},"image":{"@id":"https:\/\/extralibris.net\/caruso\/#\/schema\/logo\/image\/"}}]}},"featured_image_src":null,"featured_image_src_square":null,"_links":{"self":[{"href":"https:\/\/extralibris.net\/caruso\/wp-json\/wp\/v2\/pages\/1572","targetHints":{"allow":["GET"]}}],"collection":[{"href":"https:\/\/extralibris.net\/caruso\/wp-json\/wp\/v2\/pages"}],"about":[{"href":"https:\/\/extralibris.net\/caruso\/wp-json\/wp\/v2\/types\/page"}],"author":[{"embeddable":true,"href":"https:\/\/extralibris.net\/caruso\/wp-json\/wp\/v2\/users\/1"}],"replies":[{"embeddable":true,"href":"https:\/\/extralibris.net\/caruso\/wp-json\/wp\/v2\/comments?post=1572"}],"version-history":[{"count":20,"href":"https:\/\/extralibris.net\/caruso\/wp-json\/wp\/v2\/pages\/1572\/revisions"}],"predecessor-version":[{"id":10120,"href":"https:\/\/extralibris.net\/caruso\/wp-json\/wp\/v2\/pages\/1572\/revisions\/10120"}],"wp:attachment":[{"href":"https:\/\/extralibris.net\/caruso\/wp-json\/wp\/v2\/media?parent=1572"}],"curies":[{"name":"wp","href":"https:\/\/api.w.org\/{rel}","templated":true}]}}