{"id":243,"date":"2021-08-26T22:07:42","date_gmt":"2021-08-27T01:07:42","guid":{"rendered":"https:\/\/personates.com\/modeloexpografia\/?page_id=15"},"modified":"2021-08-26T22:07:42","modified_gmt":"2021-08-27T01:07:42","slug":"estante","status":"publish","type":"page","link":"https:\/\/extralibris.net\/biografias\/","title":{"rendered":"BIOGRAFIAS"},"content":{"rendered":"\n<p class=\"wp-block-paragraph\"><div class=\"collections\"><div class=\"collection\"><article class=\"167 books type-books status-publish has-post-thumbnail book-series-artes entry genesis-author-pro-book\" itemscope=\"\" itemtype=\"https:\/\/schema.org\/CreativeWork\">      <div class=\"entry-content\" itemprop=\"text\">          <a href=\"https:\/\/extralibris.net\/biografias\/item\/uma-terra-prometida-por-barack-obama\/\"><img decoding=\"async\" src=\"https:\/\/extralibris.net\/biografias\/wp-content\/uploads\/sites\/6\/2021\/10\/barackobama.jpeg\" style=\"width:80%;\" \/><\/a>          <a href=\"https:\/\/extralibris.net\/biografias\/item\/uma-terra-prometida-por-barack-obama\/\" rel=\"bookmark\" style=\"display:none;\"><span>Uma terra prometida, por Barack Obama<\/span>          <\/a>      <\/div><\/article><article class=\"116 books type-books status-publish has-post-thumbnail book-series-artes entry genesis-author-pro-book\" itemscope=\"\" itemtype=\"https:\/\/schema.org\/CreativeWork\">      <div class=\"entry-content\" itemprop=\"text\">          <a href=\"https:\/\/extralibris.net\/biografias\/item\/a-autobiografia-de-martin-luther-king\/\"><img decoding=\"async\" src=\"https:\/\/extralibris.net\/biografias\/wp-content\/uploads\/sites\/6\/2021\/10\/martinlutherking.jpeg\" style=\"width:80%;\" \/><\/a>          <a href=\"https:\/\/extralibris.net\/biografias\/item\/a-autobiografia-de-martin-luther-king\/\" rel=\"bookmark\" style=\"display:none;\"><span>A autobiografia de Martin Luther King<\/span>          <\/a>      <\/div><\/article><article class=\"107 books type-books status-publish has-post-thumbnail book-series-artes entry genesis-author-pro-book\" itemscope=\"\" itemtype=\"https:\/\/schema.org\/CreativeWork\">      <div class=\"entry-content\" itemprop=\"text\">          <a href=\"https:\/\/extralibris.net\/biografias\/item\/churchill-caminhando-com-o-destino-por-andrew-roberts\/\"><img decoding=\"async\" src=\"https:\/\/extralibris.net\/biografias\/wp-content\/uploads\/sites\/6\/2021\/10\/churchill.jpeg\" style=\"width:80%;\" \/><\/a>          <a href=\"https:\/\/extralibris.net\/biografias\/item\/churchill-caminhando-com-o-destino-por-andrew-roberts\/\" rel=\"bookmark\" style=\"display:none;\"><span>Churchill: Caminhando com o destino, por Andrew Roberts<\/span>          <\/a>      <\/div><\/article><article class=\"106 books type-books status-publish has-post-thumbnail book-series-artes entry genesis-author-pro-book\" itemscope=\"\" itemtype=\"https:\/\/schema.org\/CreativeWork\">      <div class=\"entry-content\" itemprop=\"text\">          <a href=\"https:\/\/extralibris.net\/biografias\/item\/o-diario-de-anne-frank-por-anne-frank\/\"><img decoding=\"async\" src=\"https:\/\/extralibris.net\/biografias\/wp-content\/uploads\/sites\/6\/2021\/10\/annefrank.jpeg\" style=\"width:80%;\" \/><\/a>          <a href=\"https:\/\/extralibris.net\/biografias\/item\/o-diario-de-anne-frank-por-anne-frank\/\" rel=\"bookmark\" style=\"display:none;\"><span>O di\u00e1rio de Anne Frank, por Anne Frank<\/span>          <\/a>      <\/div><\/article><article class=\"54 books type-books status-publish has-post-thumbnail book-series-artes entry genesis-author-pro-book\" itemscope=\"\" itemtype=\"https:\/\/schema.org\/CreativeWork\">      <div class=\"entry-content\" itemprop=\"text\">          <a href=\"https:\/\/extralibris.net\/biografias\/item\/eu-sou-malala-por-malala-yousafzai-e-christina-lamb\/\"><img decoding=\"async\" src=\"https:\/\/extralibris.net\/biografias\/wp-content\/uploads\/sites\/6\/2021\/10\/malala.jpeg\" style=\"width:80%;\" \/><\/a>          <a href=\"https:\/\/extralibris.net\/biografias\/item\/eu-sou-malala-por-malala-yousafzai-e-christina-lamb\/\" rel=\"bookmark\" style=\"display:none;\"><span>Eu sou Malala, por Malala Yousafzai e Christina Lamb<\/span>          <\/a>      <\/div><\/article><article class=\"163 books type-books status-publish has-post-thumbnail book-series-artes entry genesis-author-pro-book\" itemscope=\"\" itemtype=\"https:\/\/schema.org\/CreativeWork\">      <div class=\"entry-content\" itemprop=\"text\">          <a href=\"https:\/\/extralibris.net\/biografias\/item\/minha-historia-por-michelle-obama\/\"><img decoding=\"async\" src=\"https:\/\/extralibris.net\/biografias\/wp-content\/uploads\/sites\/6\/2021\/10\/michelleobama1.jpeg\" style=\"width:80%;\" \/><\/a>          <a href=\"https:\/\/extralibris.net\/biografias\/item\/minha-historia-por-michelle-obama\/\" rel=\"bookmark\" style=\"display:none;\"><span>Minha hist\u00f3ria, por Michelle Obama<\/span>          <\/a>      <\/div><\/article><article class=\"162 books type-books status-publish has-post-thumbnail book-series-artes entry genesis-author-pro-book\" itemscope=\"\" itemtype=\"https:\/\/schema.org\/CreativeWork\">      <div class=\"entry-content\" itemprop=\"text\">          <a href=\"https:\/\/extralibris.net\/biografias\/item\/a-longa-caminhada-ate-a-liberdade-por-nelson-mandela\/\"><img decoding=\"async\" src=\"https:\/\/extralibris.net\/biografias\/wp-content\/uploads\/sites\/6\/2021\/10\/nelsonmandela1.jpeg\" style=\"width:80%;\" \/><\/a>          <a href=\"https:\/\/extralibris.net\/biografias\/item\/a-longa-caminhada-ate-a-liberdade-por-nelson-mandela\/\" rel=\"bookmark\" style=\"display:none;\"><span>A longa caminhada at\u00e9 a liberdade, por Nelson Mandela<\/span>          <\/a>      <\/div><\/article><\/div><\/div>\n\n\n\n<p class=\"wp-block-paragraph\"><div class=\"collections\"><div class=\"collection\"><article class=\"169 books type-books status-publish has-post-thumbnail book-series-artes entry genesis-author-pro-book\" itemscope=\"\" itemtype=\"https:\/\/schema.org\/CreativeWork\">      <div class=\"entry-content\" itemprop=\"text\">          <a href=\"https:\/\/extralibris.net\/biografias\/item\/beethoven-angustia-e-triunfo\/\"><img decoding=\"async\" src=\"https:\/\/extralibris.net\/biografias\/wp-content\/uploads\/sites\/6\/2021\/10\/beethoven1.jpg\" style=\"width:80%;\" \/><\/a>          <a href=\"https:\/\/extralibris.net\/biografias\/item\/beethoven-angustia-e-triunfo\/\" rel=\"bookmark\" style=\"display:none;\"><span>Beethoven: Ang\u00fastia e triunfo<\/span>          <\/a>      <\/div><\/article><article class=\"159 books type-books status-publish has-post-thumbnail book-series-artes entry genesis-author-pro-book\" itemscope=\"\" itemtype=\"https:\/\/schema.org\/CreativeWork\">      <div class=\"entry-content\" itemprop=\"text\">          <a href=\"https:\/\/extralibris.net\/biografias\/item\/ney-matogrosso-a-biografia-por-julio-maria\/\"><img decoding=\"async\" src=\"https:\/\/extralibris.net\/biografias\/wp-content\/uploads\/sites\/6\/2021\/10\/neymatogrosso.jpeg\" style=\"width:80%;\" \/><\/a>          <a href=\"https:\/\/extralibris.net\/biografias\/item\/ney-matogrosso-a-biografia-por-julio-maria\/\" rel=\"bookmark\" style=\"display:none;\"><span>Ney Matogrosso: A biografia, por Julio Maria<\/span>          <\/a>      <\/div><\/article><article class=\"130 books type-books status-publish has-post-thumbnail book-series-artes entry genesis-author-pro-book\" itemscope=\"\" itemtype=\"https:\/\/schema.org\/CreativeWork\">      <div class=\"entry-content\" itemprop=\"text\">          <a href=\"https:\/\/extralibris.net\/biografias\/item\/dante-a-biografia\/\"><img decoding=\"async\" src=\"https:\/\/extralibris.net\/biografias\/wp-content\/uploads\/sites\/6\/2021\/10\/dante.jpeg\" style=\"width:80%;\" \/><\/a>          <a href=\"https:\/\/extralibris.net\/biografias\/item\/dante-a-biografia\/\" rel=\"bookmark\" style=\"display:none;\"><span>Dante: A biografia<\/span>          <\/a>      <\/div><\/article><article class=\"120 books type-books status-publish has-post-thumbnail book-series-artes entry genesis-author-pro-book\" itemscope=\"\" itemtype=\"https:\/\/schema.org\/CreativeWork\">      <div class=\"entry-content\" itemprop=\"text\">          <a href=\"https:\/\/extralibris.net\/biografias\/item\/chaplin-uma-biografia-definitiva-por-david-robinson\/\"><img decoding=\"async\" src=\"https:\/\/extralibris.net\/biografias\/wp-content\/uploads\/sites\/6\/2021\/10\/chaplin.jpg\" style=\"width:80%;\" \/><\/a>          <a href=\"https:\/\/extralibris.net\/biografias\/item\/chaplin-uma-biografia-definitiva-por-david-robinson\/\" rel=\"bookmark\" style=\"display:none;\"><span>Chaplin &#8211; Uma biografia definitiva, por  David Robinson<\/span>          <\/a>      <\/div><\/article><article class=\"118 books type-books status-publish has-post-thumbnail book-series-artes entry genesis-author-pro-book\" itemscope=\"\" itemtype=\"https:\/\/schema.org\/CreativeWork\">      <div class=\"entry-content\" itemprop=\"text\">          <a href=\"https:\/\/extralibris.net\/biografias\/item\/vale-tudo-o-som-e-a-furia-de-tim-maia-por-nelson-motta\/\"><img decoding=\"async\" src=\"https:\/\/extralibris.net\/biografias\/wp-content\/uploads\/sites\/6\/2021\/10\/timmaia.jpg\" style=\"width:80%;\" \/><\/a>          <a href=\"https:\/\/extralibris.net\/biografias\/item\/vale-tudo-o-som-e-a-furia-de-tim-maia-por-nelson-motta\/\" rel=\"bookmark\" style=\"display:none;\"><span>Vale Tudo: O som e a f\u00faria de Tim Maia, por Nelson Motta<\/span>          <\/a>      <\/div><\/article><article class=\"114 books type-books status-publish has-post-thumbnail book-series-artes entry genesis-author-pro-book\" itemscope=\"\" itemtype=\"https:\/\/schema.org\/CreativeWork\">      <div class=\"entry-content\" itemprop=\"text\">          <a href=\"https:\/\/extralibris.net\/biografias\/item\/frida-a-biografia-por-hayden-herrera\/\"><img decoding=\"async\" src=\"https:\/\/extralibris.net\/biografias\/wp-content\/uploads\/sites\/6\/2021\/10\/frida.jpeg\" style=\"width:80%;\" \/><\/a>          <a href=\"https:\/\/extralibris.net\/biografias\/item\/frida-a-biografia-por-hayden-herrera\/\" rel=\"bookmark\" style=\"display:none;\"><span>Frida: A biografia, por Hayden Herrera<\/span>          <\/a>      <\/div><\/article><article class=\"111 books type-books status-publish has-post-thumbnail book-series-artes entry genesis-author-pro-book\" itemscope=\"\" itemtype=\"https:\/\/schema.org\/CreativeWork\">      <div class=\"entry-content\" itemprop=\"text\">          <a href=\"https:\/\/extralibris.net\/biografias\/item\/van-gogh-por-steven-naifeh\/\"><img decoding=\"async\" src=\"https:\/\/extralibris.net\/biografias\/wp-content\/uploads\/sites\/6\/2021\/10\/vangogh.jpeg\" style=\"width:80%;\" \/><\/a>          <a href=\"https:\/\/extralibris.net\/biografias\/item\/van-gogh-por-steven-naifeh\/\" rel=\"bookmark\" style=\"display:none;\"><span>Van Gogh, por Steven Naifeh<\/span>          <\/a>      <\/div><\/article><article class=\"102 books type-books status-publish has-post-thumbnail book-series-artes entry genesis-author-pro-book\" itemscope=\"\" itemtype=\"https:\/\/schema.org\/CreativeWork\">      <div class=\"entry-content\" itemprop=\"text\">          <a href=\"https:\/\/extralibris.net\/biografias\/item\/clarice-por-benjamin-moser\/\"><img decoding=\"async\" src=\"https:\/\/extralibris.net\/biografias\/wp-content\/uploads\/sites\/6\/2021\/10\/clarice1.jpeg\" style=\"width:80%;\" \/><\/a>          <a href=\"https:\/\/extralibris.net\/biografias\/item\/clarice-por-benjamin-moser\/\" rel=\"bookmark\" style=\"display:none;\"><span>Clarice, por Benjamin Moser<\/span>          <\/a>      <\/div><\/article><article class=\"83 books type-books status-publish has-post-thumbnail book-series-artes entry genesis-author-pro-book\" itemscope=\"\" itemtype=\"https:\/\/schema.org\/CreativeWork\">      <div class=\"entry-content\" itemprop=\"text\">          <a href=\"https:\/\/extralibris.net\/biografias\/item\/leonardo-da-vinci-por-walter-isaacson\/\"><img decoding=\"async\" src=\"https:\/\/extralibris.net\/biografias\/wp-content\/uploads\/sites\/6\/2021\/10\/leonardodavinci1.jpeg\" style=\"width:80%;\" \/><\/a>          <a href=\"https:\/\/extralibris.net\/biografias\/item\/leonardo-da-vinci-por-walter-isaacson\/\" rel=\"bookmark\" style=\"display:none;\"><span>Leonardo da Vinci, por Walter Isaacson<\/span>          <\/a>      <\/div><\/article><\/div><\/div>\n\n\n\n<p class=\"wp-block-paragraph\"><div class=\"collections\"><div class=\"collection\"><article class=\"211 books type-books status-publish has-post-thumbnail book-series-artes entry genesis-author-pro-book\" itemscope=\"\" itemtype=\"https:\/\/schema.org\/CreativeWork\">      <div class=\"entry-content\" itemprop=\"text\">          <a href=\"https:\/\/extralibris.net\/biografias\/item\/os-inovadores-por-walter-isaacson\/\"><img decoding=\"async\" src=\"https:\/\/extralibris.net\/biografias\/wp-content\/uploads\/sites\/6\/2021\/10\/osinovadores.jpeg\" style=\"width:80%;\" \/><\/a>          <a href=\"https:\/\/extralibris.net\/biografias\/item\/os-inovadores-por-walter-isaacson\/\" rel=\"bookmark\" style=\"display:none;\"><span>Os Inovadores, por Walter Isaacson<\/span>          <\/a>      <\/div><\/article><article class=\"128 books type-books status-publish has-post-thumbnail book-series-artes entry genesis-author-pro-book\" itemscope=\"\" itemtype=\"https:\/\/schema.org\/CreativeWork\">      <div class=\"entry-content\" itemprop=\"text\">          <a href=\"https:\/\/extralibris.net\/biografias\/item\/charles-darwin-autobiografia-por-charles-darwin\/\"><img decoding=\"async\" src=\"https:\/\/extralibris.net\/biografias\/wp-content\/uploads\/sites\/6\/2021\/10\/charlesdarwin.jpg\" style=\"width:80%;\" \/><\/a>          <a href=\"https:\/\/extralibris.net\/biografias\/item\/charles-darwin-autobiografia-por-charles-darwin\/\" rel=\"bookmark\" style=\"display:none;\"><span>Charles Darwin: Autobiografia, por Charles Darwin<\/span>          <\/a>      <\/div><\/article><article class=\"126 books type-books status-publish has-post-thumbnail book-series-artes entry genesis-author-pro-book\" itemscope=\"\" itemtype=\"https:\/\/schema.org\/CreativeWork\">      <div class=\"entry-content\" itemprop=\"text\">          <a href=\"https:\/\/extralibris.net\/biografias\/item\/minha-breve-historia-por-stephen-hawking\/\"><img decoding=\"async\" src=\"https:\/\/extralibris.net\/biografias\/wp-content\/uploads\/sites\/6\/2021\/10\/stephenhawking.jpg\" style=\"width:80%;\" \/><\/a>          <a href=\"https:\/\/extralibris.net\/biografias\/item\/minha-breve-historia-por-stephen-hawking\/\" rel=\"bookmark\" style=\"display:none;\"><span>Minha breve hist\u00f3ria, por Stephen Hawking<\/span>          <\/a>      <\/div><\/article><article class=\"124 books type-books status-publish has-post-thumbnail book-series-artes entry genesis-author-pro-book\" itemscope=\"\" itemtype=\"https:\/\/schema.org\/CreativeWork\">      <div class=\"entry-content\" itemprop=\"text\">          <a href=\"https:\/\/extralibris.net\/biografias\/item\/a-decodificadora-jennifer-doudna-edicao-de-genes-e-o-futuro-da-especie-humana-por-walter-isaacson\/\"><img decoding=\"async\" src=\"https:\/\/extralibris.net\/biografias\/wp-content\/uploads\/sites\/6\/2021\/10\/jenniferdoudna.jpg\" style=\"width:80%;\" \/><\/a>          <a href=\"https:\/\/extralibris.net\/biografias\/item\/a-decodificadora-jennifer-doudna-edicao-de-genes-e-o-futuro-da-especie-humana-por-walter-isaacson\/\" rel=\"bookmark\" style=\"display:none;\"><span>A Decodificadora: Jennifer Doudna, Edi\u00e7\u00e3o de Genes e o Futuro da Esp\u00e9cie Humana, por Walter Isaacson<\/span>          <\/a>      <\/div><\/article><article class=\"122 books type-books status-publish has-post-thumbnail book-series-artes entry genesis-author-pro-book\" itemscope=\"\" itemtype=\"https:\/\/schema.org\/CreativeWork\">      <div class=\"entry-content\" itemprop=\"text\">          <a href=\"https:\/\/extralibris.net\/biografias\/item\/galileu-e-os-negadores-da-ciencia-por-mario-livio\/\"><img decoding=\"async\" src=\"https:\/\/extralibris.net\/biografias\/wp-content\/uploads\/sites\/6\/2021\/10\/galileu.jpeg\" style=\"width:80%;\" \/><\/a>          <a href=\"https:\/\/extralibris.net\/biografias\/item\/galileu-e-os-negadores-da-ciencia-por-mario-livio\/\" rel=\"bookmark\" style=\"display:none;\"><span>Galileu e os negadores da ci\u00eancia, por Mario Livio<\/span>          <\/a>      <\/div><\/article><article class=\"81 books type-books status-publish has-post-thumbnail book-series-artes entry genesis-author-pro-book\" itemscope=\"\" itemtype=\"https:\/\/schema.org\/CreativeWork\">      <div class=\"entry-content\" itemprop=\"text\">          <a href=\"https:\/\/extralibris.net\/biografias\/item\/isaac-newton-por-james-gleick\/\"><img decoding=\"async\" src=\"https:\/\/extralibris.net\/biografias\/wp-content\/uploads\/sites\/6\/2021\/10\/isaacnewton1.jpeg\" style=\"width:80%;\" \/><\/a>          <a href=\"https:\/\/extralibris.net\/biografias\/item\/isaac-newton-por-james-gleick\/\" rel=\"bookmark\" style=\"display:none;\"><span>Isaac Newton, por James Gleick<\/span>          <\/a>      <\/div><\/article><article class=\"76 books type-books status-publish has-post-thumbnail book-series-artes entry genesis-author-pro-book\" itemscope=\"\" itemtype=\"https:\/\/schema.org\/CreativeWork\">      <div class=\"entry-content\" itemprop=\"text\">          <a href=\"https:\/\/extralibris.net\/biografias\/item\/einstein-por-walter-isaacson\/\"><img decoding=\"async\" src=\"https:\/\/extralibris.net\/biografias\/wp-content\/uploads\/sites\/6\/2021\/10\/einstein1.jpeg\" style=\"width:80%;\" \/><\/a>          <a href=\"https:\/\/extralibris.net\/biografias\/item\/einstein-por-walter-isaacson\/\" rel=\"bookmark\" style=\"display:none;\"><span>Einstein, por Walter Isaacson<\/span>          <\/a>      <\/div><\/article><\/div><\/div>\n\n\n\n<p class=\"has-text-align-left wp-block-paragraph\"><div class=\"collections\"><div class=\"collection\"><article class=\"165 books type-books status-publish has-post-thumbnail book-series-artes entry genesis-author-pro-book\" itemscope=\"\" itemtype=\"https:\/\/schema.org\/CreativeWork\">      <div class=\"entry-content\" itemprop=\"text\">          <a href=\"https:\/\/extralibris.net\/biografias\/item\/a-bola-de-neve-warren-buffett-e-o-negocio-da-vida-por-alice-schroeder\/\"><img decoding=\"async\" src=\"https:\/\/extralibris.net\/biografias\/wp-content\/uploads\/sites\/6\/2021\/10\/warrenbuffet.jpg\" style=\"width:80%;\" \/><\/a>          <a href=\"https:\/\/extralibris.net\/biografias\/item\/a-bola-de-neve-warren-buffett-e-o-negocio-da-vida-por-alice-schroeder\/\" rel=\"bookmark\" style=\"display:none;\"><span>A bola de neve: Warren Buffett e o neg\u00f3cio da vida, por Alice Schroeder<\/span>          <\/a>      <\/div><\/article><article class=\"156 books type-books status-publish has-post-thumbnail book-series-artes entry genesis-author-pro-book\" itemscope=\"\" itemtype=\"https:\/\/schema.org\/CreativeWork\">      <div class=\"entry-content\" itemprop=\"text\">          <a href=\"https:\/\/extralibris.net\/biografias\/item\/silvio-santos-a-biografia-por-marcia-batista\/\"><img decoding=\"async\" src=\"https:\/\/extralibris.net\/biografias\/wp-content\/uploads\/sites\/6\/2021\/10\/silviosantos.jpeg\" style=\"width:80%;\" \/><\/a>          <a href=\"https:\/\/extralibris.net\/biografias\/item\/silvio-santos-a-biografia-por-marcia-batista\/\" rel=\"bookmark\" style=\"display:none;\"><span>Silvio Santos: A biografia, por Marcia Batista<\/span>          <\/a>      <\/div><\/article><article class=\"52 books type-books status-publish has-post-thumbnail book-series-artes entry genesis-author-pro-book\" itemscope=\"\" itemtype=\"https:\/\/schema.org\/CreativeWork\">      <div class=\"entry-content\" itemprop=\"text\">          <a href=\"https:\/\/extralibris.net\/biografias\/item\/elon-musk-como-o-ceo-bilionario-da-spacex-e-da-tesla-esta-moldando-nosso-futuro-por-ashlee-vance\/\"><img decoding=\"async\" src=\"https:\/\/extralibris.net\/biografias\/wp-content\/uploads\/sites\/6\/2021\/10\/elonmusk1.jpeg\" style=\"width:80%;\" \/><\/a>          <a href=\"https:\/\/extralibris.net\/biografias\/item\/elon-musk-como-o-ceo-bilionario-da-spacex-e-da-tesla-esta-moldando-nosso-futuro-por-ashlee-vance\/\" rel=\"bookmark\" style=\"display:none;\"><span>Elon Musk: como o CEO bilion\u00e1rio da SpaceX e da Tesla est\u00e1 moldando nosso futuro, por Ashlee Vance<\/span>          <\/a>      <\/div><\/article><article class=\"50 books type-books status-publish has-post-thumbnail book-series-artes entry genesis-author-pro-book\" itemscope=\"\" itemtype=\"https:\/\/schema.org\/CreativeWork\">      <div class=\"entry-content\" itemprop=\"text\">          <a href=\"https:\/\/extralibris.net\/biografias\/item\/a-loja-de-tudo-por-brad-stone\/\"><img decoding=\"async\" src=\"https:\/\/extralibris.net\/biografias\/wp-content\/uploads\/sites\/6\/2021\/10\/amazon1.jpeg\" style=\"width:80%;\" \/><\/a>          <a href=\"https:\/\/extralibris.net\/biografias\/item\/a-loja-de-tudo-por-brad-stone\/\" rel=\"bookmark\" style=\"display:none;\"><span>A loja de tudo, por Brad Stone<\/span>          <\/a>      <\/div><\/article><article class=\"48 books type-books status-publish has-post-thumbnail book-series-artes entry genesis-author-pro-book\" itemscope=\"\" itemtype=\"https:\/\/schema.org\/CreativeWork\">      <div class=\"entry-content\" itemprop=\"text\">          <a href=\"https:\/\/extralibris.net\/biografias\/item\/oprah-por-kitty-kelley\/\"><img decoding=\"async\" src=\"https:\/\/extralibris.net\/biografias\/wp-content\/uploads\/sites\/6\/2021\/10\/oprah1.jpeg\" style=\"width:80%;\" \/><\/a>          <a href=\"https:\/\/extralibris.net\/biografias\/item\/oprah-por-kitty-kelley\/\" rel=\"bookmark\" style=\"display:none;\"><span>Oprah, por Kitty Kelley<\/span>          <\/a>      <\/div><\/article><article class=\"42 books type-books status-publish has-post-thumbnail book-series-artes entry genesis-author-pro-book\" itemscope=\"\" itemtype=\"https:\/\/schema.org\/CreativeWork\">      <div class=\"entry-content\" itemprop=\"text\">          <a href=\"https:\/\/extralibris.net\/biografias\/item\/bilionarios-por-acaso-por-ben-mezrich\/\"><img decoding=\"async\" src=\"https:\/\/extralibris.net\/biografias\/wp-content\/uploads\/sites\/6\/2021\/10\/facebook1.jpeg\" style=\"width:80%;\" \/><\/a>          <a href=\"https:\/\/extralibris.net\/biografias\/item\/bilionarios-por-acaso-por-ben-mezrich\/\" rel=\"bookmark\" style=\"display:none;\"><span>Bilion\u00e1rios por acaso, por Ben Mezrich<\/span>          <\/a>      <\/div><\/article><article class=\"161 books type-books status-publish has-post-thumbnail book-series-artes entry genesis-author-pro-book\" itemscope=\"\" itemtype=\"https:\/\/schema.org\/CreativeWork\">      <div class=\"entry-content\" itemprop=\"text\">          <a href=\"https:\/\/extralibris.net\/biografias\/item\/steve-jobs-por-walter-isaacson\/\"><img decoding=\"async\" src=\"https:\/\/extralibris.net\/biografias\/wp-content\/uploads\/sites\/6\/2021\/10\/stevejobs1.jpeg\" style=\"width:80%;\" \/><\/a>          <a href=\"https:\/\/extralibris.net\/biografias\/item\/steve-jobs-por-walter-isaacson\/\" rel=\"bookmark\" style=\"display:none;\"><span>Steve Jobs, por Walter Isaacson<\/span>          <\/a>      <\/div><\/article><\/div><\/div> <\/p>\n","protected":false},"excerpt":{"rendered":"<p>pol\u00edtica | artes | ci\u00eancias | neg\u00f3cios<\/p>\n","protected":false},"author":1,"featured_media":0,"parent":0,"menu_order":1,"comment_status":"closed","ping_status":"closed","template":"templates\/full-width.php","meta":{"_genesis_hide_title":false,"_genesis_hide_breadcrumbs":false,"_genesis_hide_singular_image":false,"_genesis_hide_footer_widgets":false,"_genesis_custom_body_class":"","_genesis_custom_post_class":"","_genesis_layout":"","footnotes":""},"class_list":["post-243","page","type-page","status-publish","entry"],"yoast_head":"<!-- This site is optimized with the Yoast SEO plugin v28.3 - https:\/\/yoast.com\/product\/yoast-seo-wordpress\/ -->\n<title>As melhores biografias em pol\u00edtica, artes, ci\u00eancia, esportes e neg\u00f3cios<\/title>\n<meta name=\"description\" content=\"Servi\u00e7o de refer\u00eancia digital em biografias. Curadoria, cataloga\u00e7\u00e3o e organiza\u00e7\u00e3o na hospedagem de exposi\u00e7\u00f5es conectadas da Personates.\" \/>\n<meta name=\"robots\" content=\"index, follow, max-snippet:-1, max-image-preview:large, max-video-preview:-1\" \/>\n<link rel=\"canonical\" href=\"https:\/\/extralibris.net\/biografias\/\" \/>\n<meta property=\"og:locale\" content=\"pt_BR\" \/>\n<meta property=\"og:type\" content=\"article\" \/>\n<meta property=\"og:title\" content=\"As melhores biografias em pol\u00edtica, artes, ci\u00eancia, esportes e neg\u00f3cios\" \/>\n<meta property=\"og:description\" content=\"Servi\u00e7o de refer\u00eancia digital em biografias. Curadoria, cataloga\u00e7\u00e3o e organiza\u00e7\u00e3o na hospedagem de exposi\u00e7\u00f5es conectadas da Personates.\" \/>\n<meta property=\"og:url\" content=\"https:\/\/extralibris.net\/biografias\/\" \/>\n<meta property=\"og:site_name\" content=\"Biografias\" \/>\n<meta name=\"twitter:card\" content=\"summary_large_image\" \/>\n<meta name=\"twitter:label1\" content=\"Est. tempo de leitura\" \/>\n\t<meta name=\"twitter:data1\" content=\"1 minuto\" \/>\n<script type=\"application\/ld+json\" class=\"yoast-schema-graph\">{\"@context\":\"https:\\\/\\\/schema.org\",\"@graph\":[{\"@type\":\"WebPage\",\"@id\":\"https:\\\/\\\/extralibris.net\\\/biografias\\\/\",\"url\":\"https:\\\/\\\/extralibris.net\\\/biografias\\\/\",\"name\":\"As melhores biografias em pol\u00edtica, artes, ci\u00eancia, esportes e neg\u00f3cios\",\"isPartOf\":{\"@id\":\"https:\\\/\\\/extralibris.net\\\/biografias\\\/#website\"},\"datePublished\":\"2021-08-27T01:07:42+00:00\",\"description\":\"Servi\u00e7o de refer\u00eancia digital em biografias. Curadoria, cataloga\u00e7\u00e3o e organiza\u00e7\u00e3o na hospedagem de exposi\u00e7\u00f5es conectadas da Personates.\",\"breadcrumb\":{\"@id\":\"https:\\\/\\\/extralibris.net\\\/biografias\\\/#breadcrumb\"},\"inLanguage\":\"pt-BR\",\"potentialAction\":[{\"@type\":\"ReadAction\",\"target\":[\"https:\\\/\\\/extralibris.net\\\/biografias\\\/\"]}]},{\"@type\":\"BreadcrumbList\",\"@id\":\"https:\\\/\\\/extralibris.net\\\/biografias\\\/#breadcrumb\",\"itemListElement\":[{\"@type\":\"ListItem\",\"position\":1,\"name\":\"In\u00edcio\",\"item\":\"https:\\\/\\\/extralibris.net\\\/biografias\\\/\"},{\"@type\":\"ListItem\",\"position\":2,\"name\":\"BIOGRAFIAS\"}]},{\"@type\":\"WebSite\",\"@id\":\"https:\\\/\\\/extralibris.net\\\/biografias\\\/#website\",\"url\":\"https:\\\/\\\/extralibris.net\\\/biografias\\\/\",\"name\":\"Biografias\",\"description\":\"\",\"publisher\":{\"@id\":\"https:\\\/\\\/extralibris.net\\\/biografias\\\/#organization\"},\"potentialAction\":[{\"@type\":\"SearchAction\",\"target\":{\"@type\":\"EntryPoint\",\"urlTemplate\":\"https:\\\/\\\/extralibris.net\\\/biografias\\\/?s={search_term_string}\"},\"query-input\":{\"@type\":\"PropertyValueSpecification\",\"valueRequired\":true,\"valueName\":\"search_term_string\"}}],\"inLanguage\":\"pt-BR\"},{\"@type\":\"Organization\",\"@id\":\"https:\\\/\\\/extralibris.net\\\/biografias\\\/#organization\",\"name\":\"Biografias\",\"url\":\"https:\\\/\\\/extralibris.net\\\/biografias\\\/\",\"logo\":{\"@type\":\"ImageObject\",\"inLanguage\":\"pt-BR\",\"@id\":\"https:\\\/\\\/extralibris.net\\\/biografias\\\/#\\\/schema\\\/logo\\\/image\\\/\",\"url\":\"https:\\\/\\\/extralibris.net\\\/biografias\\\/wp-content\\\/uploads\\\/sites\\\/6\\\/2021\\\/08\\\/cropped-extralibrisorgtopo.png\",\"contentUrl\":\"https:\\\/\\\/extralibris.net\\\/biografias\\\/wp-content\\\/uploads\\\/sites\\\/6\\\/2021\\\/08\\\/cropped-extralibrisorgtopo.png\",\"width\":240,\"height\":48,\"caption\":\"Biografias\"},\"image\":{\"@id\":\"https:\\\/\\\/extralibris.net\\\/biografias\\\/#\\\/schema\\\/logo\\\/image\\\/\"}}]}<\/script>\n<!-- \/ Yoast SEO plugin. -->","yoast_head_json":{"title":"As melhores biografias em pol\u00edtica, artes, ci\u00eancia, esportes e neg\u00f3cios","description":"Servi\u00e7o de refer\u00eancia digital em biografias. Curadoria, cataloga\u00e7\u00e3o e organiza\u00e7\u00e3o na hospedagem de exposi\u00e7\u00f5es conectadas da Personates.","robots":{"index":"index","follow":"follow","max-snippet":"max-snippet:-1","max-image-preview":"max-image-preview:large","max-video-preview":"max-video-preview:-1"},"canonical":"https:\/\/extralibris.net\/biografias\/","og_locale":"pt_BR","og_type":"article","og_title":"As melhores biografias em pol\u00edtica, artes, ci\u00eancia, esportes e neg\u00f3cios","og_description":"Servi\u00e7o de refer\u00eancia digital em biografias. Curadoria, cataloga\u00e7\u00e3o e organiza\u00e7\u00e3o na hospedagem de exposi\u00e7\u00f5es conectadas da Personates.","og_url":"https:\/\/extralibris.net\/biografias\/","og_site_name":"Biografias","twitter_card":"summary_large_image","twitter_misc":{"Est. tempo de leitura":"1 minuto"},"schema":{"@context":"https:\/\/schema.org","@graph":[{"@type":"WebPage","@id":"https:\/\/extralibris.net\/biografias\/","url":"https:\/\/extralibris.net\/biografias\/","name":"As melhores biografias em pol\u00edtica, artes, ci\u00eancia, esportes e neg\u00f3cios","isPartOf":{"@id":"https:\/\/extralibris.net\/biografias\/#website"},"datePublished":"2021-08-27T01:07:42+00:00","description":"Servi\u00e7o de refer\u00eancia digital em biografias. Curadoria, cataloga\u00e7\u00e3o e organiza\u00e7\u00e3o na hospedagem de exposi\u00e7\u00f5es conectadas da Personates.","breadcrumb":{"@id":"https:\/\/extralibris.net\/biografias\/#breadcrumb"},"inLanguage":"pt-BR","potentialAction":[{"@type":"ReadAction","target":["https:\/\/extralibris.net\/biografias\/"]}]},{"@type":"BreadcrumbList","@id":"https:\/\/extralibris.net\/biografias\/#breadcrumb","itemListElement":[{"@type":"ListItem","position":1,"name":"In\u00edcio","item":"https:\/\/extralibris.net\/biografias\/"},{"@type":"ListItem","position":2,"name":"BIOGRAFIAS"}]},{"@type":"WebSite","@id":"https:\/\/extralibris.net\/biografias\/#website","url":"https:\/\/extralibris.net\/biografias\/","name":"Biografias","description":"","publisher":{"@id":"https:\/\/extralibris.net\/biografias\/#organization"},"potentialAction":[{"@type":"SearchAction","target":{"@type":"EntryPoint","urlTemplate":"https:\/\/extralibris.net\/biografias\/?s={search_term_string}"},"query-input":{"@type":"PropertyValueSpecification","valueRequired":true,"valueName":"search_term_string"}}],"inLanguage":"pt-BR"},{"@type":"Organization","@id":"https:\/\/extralibris.net\/biografias\/#organization","name":"Biografias","url":"https:\/\/extralibris.net\/biografias\/","logo":{"@type":"ImageObject","inLanguage":"pt-BR","@id":"https:\/\/extralibris.net\/biografias\/#\/schema\/logo\/image\/","url":"https:\/\/extralibris.net\/biografias\/wp-content\/uploads\/sites\/6\/2021\/08\/cropped-extralibrisorgtopo.png","contentUrl":"https:\/\/extralibris.net\/biografias\/wp-content\/uploads\/sites\/6\/2021\/08\/cropped-extralibrisorgtopo.png","width":240,"height":48,"caption":"Biografias"},"image":{"@id":"https:\/\/extralibris.net\/biografias\/#\/schema\/logo\/image\/"}}]}},"featured_image_src":null,"featured_image_src_square":null,"_links":{"self":[{"href":"https:\/\/extralibris.net\/biografias\/wp-json\/wp\/v2\/pages\/243","targetHints":{"allow":["GET"]}}],"collection":[{"href":"https:\/\/extralibris.net\/biografias\/wp-json\/wp\/v2\/pages"}],"about":[{"href":"https:\/\/extralibris.net\/biografias\/wp-json\/wp\/v2\/types\/page"}],"author":[{"embeddable":true,"href":"https:\/\/extralibris.net\/biografias\/wp-json\/wp\/v2\/users\/1"}],"replies":[{"embeddable":true,"href":"https:\/\/extralibris.net\/biografias\/wp-json\/wp\/v2\/comments?post=243"}],"version-history":[{"count":0,"href":"https:\/\/extralibris.net\/biografias\/wp-json\/wp\/v2\/pages\/243\/revisions"}],"wp:attachment":[{"href":"https:\/\/extralibris.net\/biografias\/wp-json\/wp\/v2\/media?parent=243"}],"curies":[{"name":"wp","href":"https:\/\/api.w.org\/{rel}","templated":true}]}}